{"id":42821,"date":"2026-01-27T01:52:59","date_gmt":"2026-01-26T22:52:59","guid":{"rendered":"https:\/\/kilosorunum.com\/habercim\/wp-content\/uploads\/2026\/01\/1-314.jpg"},"modified":"2026-01-27T01:54:18","modified_gmt":"2026-01-26T22:54:18","slug":"1-5109","status":"inherit","type":"attachment","link":"https:\/\/kilosorunum.com\/habercim\/foto-galeri\/guncel-hava-durumu\/attachment\/1-5109\/","title":{"rendered":"G\u00fcncel Hava Durumu"},"author":2,"comment_status":"open","ping_status":"closed","template":"","meta":[],"description":{"rendered":"<p class=\"attachment\"><a href='https:\/\/kilosorunum.com\/habercim\/wp-content\/uploads\/2026\/01\/1-314.jpg'><img width=\"300\" height=\"169\" src=\"https:\/\/kilosorunum.com\/habercim\/wp-content\/uploads\/2026\/01\/1-314-300x169.jpg\" class=\"attachment-medium size-medium\" alt=\"\" loading=\"lazy\" srcset=\"https:\/\/kilosorunum.com\/habercim\/wp-content\/uploads\/2026\/01\/1-314-300x169.jpg 300w, https:\/\/kilosorunum.com\/habercim\/wp-content\/uploads\/2026\/01\/1-314-1024x576.jpg 1024w, https:\/\/kilosorunum.com\/habercim\/wp-content\/uploads\/2026\/01\/1-314-768x432.jpg 768w, https:\/\/kilosorunum.com\/habercim\/wp-content\/uploads\/2026\/01\/1-314.jpg 1200w\" sizes=\"(max-width: 300px) 100vw, 300px\" \/><\/a><\/p>\n"},"caption":{"rendered":"<p>Hava durumu tahminleri il il Meteoroloji&#8217;nin son dakika raporu ile yay\u0131nland\u0131. S\u0131cakl\u0131klar mevsim normallerinin \u00fczerinde seyrederken, sal\u0131 g\u00fcn\u00fc i\u00e7in sa\u011fanak ya\u011f\u0131\u015f ve f\u0131rt\u0131na uyar\u0131s\u0131 geldi. Meteoroloji Genel M\u00fcd\u00fcrl\u00fc\u011f\u00fc&#8217;n\u00fcn son hava durumu de\u011ferlendirmelerine g\u00f6re yar\u0131n K\u0131y\u0131 Ege ile Bat\u0131 Akdeniz&#8217;de kuvvetli sa\u011fanak ya\u011f\u0131\u015f g\u00f6r\u00fclecek. \u00d6te yandan Samsun \u00e7evreleri, Sinop ve Kastamonu&#8217;nun kuzeyi, Tokat&#8217;\u0131n kuzey ve do\u011fusu ile Ordu, Giresun ve Trabzon&#8217;un i\u00e7 kesimlerinde g\u00fcney y\u00f6nlerden kuvvetli r\u00fczgar g\u00f6r\u00fclecek. Hava s\u0131cakl\u0131\u011f\u0131n\u0131n, kuzey ve i\u00e7 kesimlerde mevsim normallerinin \u00fczerinde, di\u011fer yerlerde mevsim normalleri civar\u0131nda seyredece\u011fi tahmin ediliyor. Peki, yar\u0131n hava nas\u0131l olacak? \u0130stanbul&#8217;da ya\u011fmur ve kar var m\u0131? \u0130\u015fte, \u0130stanbul, Ankara, \u0130zmir ve il il 27 Ocak 2026 hava durumu de\u011ferlendirmeleri.<br \/>\nMeteoroloji Genel M\u00fcd\u00fcrl\u00fc\u011f\u00fc olarak yap\u0131lan de\u011ferlendirmelere g\u00f6re, \u00fclkemiz genelinin par\u00e7al\u0131 ve \u00e7ok bulutlu, Marmara, Ege, Akdeniz (Kahramanmara\u015f hari\u00e7), \u0130\u00e7 Anadolu\u2019nun bat\u0131s\u0131 ile Bat\u0131 Karadeniz&#8217;in (Sinop hari\u00e7) ya\u011fmur ve sa\u011fanak, K\u0131y\u0131 Ege ile Akdeniz k\u0131y\u0131lar\u0131nda yer yer g\u00f6k g\u00fcr\u00fclt\u00fcl\u00fc sa\u011fanak ya\u011f\u0131\u015fl\u0131 ge\u00e7ece\u011fi tahmin ediliyor. Ya\u011f\u0131\u015flar\u0131n, K\u0131y\u0131 Ege ile Bat\u0131 Akdeniz&#8217;de yer yer kuvvetli olmas\u0131 bekleniyor. Gece ve sabah saatlerinde i\u00e7 ve do\u011fu b\u00f6lgelerde buzlanma ve don ile birlikte pus ve yer yer sis hadisesinin g\u00f6r\u00fclece\u011fi tahmin ediliyor. Do\u011fu Karadeniz\u2019in i\u00e7 kesimlerinin y\u00fcksekleri ile Do\u011fu Anadolu\u2019nun do\u011fusunda y\u00fcksek kar \u00f6rt\u00fcs\u00fcne sahip e\u011fimli kesimlerinde \u00e7\u0131\u011f tehlikesi bulunmaktad\u0131r.<\/p>\n<p>Kaynak : hurriyet.com.tr<\/p>\n"},"alt_text":"","media_type":"image","mime_type":"image\/jpeg","media_details":{"width":1200,"height":675,"file":"2026\/01\/1-314.jpg","sizes":{"medium":{"file":"1-314-300x169.jpg","width":300,"height":169,"mime_type":"image\/jpeg","source_url":"https:\/\/kilosorunum.com\/habercim\/wp-content\/uploads\/2026\/01\/1-314-300x169.jpg"},"large":{"file":"1-314-1024x576.jpg","width":1024,"height":576,"mime_type":"image\/jpeg","source_url":"https:\/\/kilosorunum.com\/habercim\/wp-content\/uploads\/2026\/01\/1-314-1024x576.jpg"},"thumbnail":{"file":"1-314-150x150.jpg","width":150,"height":150,"mime_type":"image\/jpeg","source_url":"https:\/\/kilosorunum.com\/habercim\/wp-content\/uploads\/2026\/01\/1-314-150x150.jpg"},"medium_large":{"file":"1-314-768x432.jpg","width":768,"height":432,"mime_type":"image\/jpeg","source_url":"https:\/\/kilosorunum.com\/habercim\/wp-content\/uploads\/2026\/01\/1-314-768x432.jpg"},"kucukResim":{"file":"1-314-80x50.jpg","width":80,"height":50,"mime_type":"image\/jpeg","source_url":"https:\/\/kilosorunum.com\/habercim\/wp-content\/uploads\/2026\/01\/1-314-80x50.jpg"},"sliderResim":{"file":"1-314-670x330.jpg","width":670,"height":330,"mime_type":"image\/jpeg","source_url":"https:\/\/kilosorunum.com\/habercim\/wp-content\/uploads\/2026\/01\/1-314-670x330.jpg"},"resim1":{"file":"1-314-184x140.jpg","width":184,"height":140,"mime_type":"image\/jpeg","source_url":"https:\/\/kilosorunum.com\/habercim\/wp-content\/uploads\/2026\/01\/1-314-184x140.jpg"},"resim2":{"file":"1-314-216x103.jpg","width":216,"height":103,"mime_type":"image\/jpeg","source_url":"https:\/\/kilosorunum.com\/habercim\/wp-content\/uploads\/2026\/01\/1-314-216x103.jpg"},"resim3":{"file":"1-314-145x70.jpg","width":145,"height":70,"mime_type":"image\/jpeg","source_url":"https:\/\/kilosorunum.com\/habercim\/wp-content\/uploads\/2026\/01\/1-314-145x70.jpg"},"sagSlider":{"file":"1-314-300x150.jpg","width":300,"height":150,"mime_type":"image\/jpeg","source_url":"https:\/\/kilosorunum.com\/habercim\/wp-content\/uploads\/2026\/01\/1-314-300x150.jpg"},"yeniSlider":{"file":"1-314-500x290.jpg","width":500,"height":290,"mime_type":"image\/jpeg","source_url":"https:\/\/kilosorunum.com\/habercim\/wp-content\/uploads\/2026\/01\/1-314-500x290.jpg"},"full":{"file":"1-314.jpg","width":1200,"height":675,"mime_type":"image\/jpeg","source_url":"https:\/\/kilosorunum.com\/habercim\/wp-content\/uploads\/2026\/01\/1-314.jpg"}},"image_meta":{"aperture":"0","credit":"","camera":"","caption":"","created_timestamp":"0","copyright":"","focal_length":"0","iso":"0","shutter_speed":"0","title":"","orientation":"0","keywords":[]}},"post":42819,"source_url":"https:\/\/kilosorunum.com\/habercim\/wp-content\/uploads\/2026\/01\/1-314.jpg","_links":{"self":[{"href":"https:\/\/kilosorunum.com\/habercim\/wp-json\/wp\/v2\/media\/42821"}],"collection":[{"href":"https:\/\/kilosorunum.com\/habercim\/wp-json\/wp\/v2\/media"}],"about":[{"href":"https:\/\/kilosorunum.com\/habercim\/wp-json\/wp\/v2\/types\/attachment"}],"author":[{"embeddable":true,"href":"https:\/\/kilosorunum.com\/habercim\/wp-json\/wp\/v2\/users\/2"}],"replies":[{"embeddable":true,"href":"https:\/\/kilosorunum.com\/habercim\/wp-json\/wp\/v2\/comments?post=42821"}]}}