{"id":42867,"date":"2026-01-28T16:32:46","date_gmt":"2026-01-28T13:32:46","guid":{"rendered":"https:\/\/kilosorunum.com\/habercim\/wp-content\/uploads\/2026\/01\/1-327.jpg"},"modified":"2026-01-28T16:34:45","modified_gmt":"2026-01-28T13:34:45","slug":"1-5122","status":"inherit","type":"attachment","link":"https:\/\/kilosorunum.com\/habercim\/foto-galeri\/yeni-ikramiyeler-geliyor\/attachment\/1-5122\/","title":{"rendered":"Yeni ikramiyeler geliyor"},"author":2,"comment_status":"open","ping_status":"closed","template":"","meta":[],"description":{"rendered":"<p class=\"attachment\"><a href='https:\/\/kilosorunum.com\/habercim\/wp-content\/uploads\/2026\/01\/1-327.jpg'><img width=\"300\" height=\"169\" src=\"https:\/\/kilosorunum.com\/habercim\/wp-content\/uploads\/2026\/01\/1-327-300x169.jpg\" class=\"attachment-medium size-medium\" alt=\"\" loading=\"lazy\" srcset=\"https:\/\/kilosorunum.com\/habercim\/wp-content\/uploads\/2026\/01\/1-327-300x169.jpg 300w, https:\/\/kilosorunum.com\/habercim\/wp-content\/uploads\/2026\/01\/1-327-1024x576.jpg 1024w, https:\/\/kilosorunum.com\/habercim\/wp-content\/uploads\/2026\/01\/1-327-768x432.jpg 768w, https:\/\/kilosorunum.com\/habercim\/wp-content\/uploads\/2026\/01\/1-327.jpg 1200w\" sizes=\"(max-width: 300px) 100vw, 300px\" \/><\/a><\/p>\n"},"caption":{"rendered":"<p>&#8220;EMEKL\u0130YE 1 MAA\u015e BAYRAMN \u0130KRAM\u0130YES\u0130&#8221;<br \/>\n&#8220;Emekliye 1 maa\u015f ikramiye se\u00e7enekler aras\u0131nda.&#8221; diyen Bayram, &#8220;Say\u0131n Cumhurba\u015fkan\u0131m\u0131z ve Say\u0131n Devlet Bah\u00e7eli bahsetti: Bizim sorunumuz en d\u00fc\u015f\u00fck emekli maa\u015f\u0131. Devletimiz hayat pahal\u0131l\u0131\u011f\u0131n\u0131n fark\u0131nda.&#8221; ifadelerini kulland\u0131.<\/p>\n<p>&#8220;Y\u00dcKSEK MAA\u015e VE D\u00dc\u015e\u00dcK MAA\u015e ALAN AYNI \u0130KRAM\u0130YEY\u0130 ALIYOR&#8221;<br \/>\nBayram, &#8220;\u00d6n\u00fcm\u00fczde Ramazan ve Kurban Bayram\u0131 var. Bayram \u00f6ncesi emekli ikramiyelerinin en az 5&#8217;er bin liradan iki bayram i\u00e7in 10 bin liraya \u00e7\u0131kar\u0131lmas\u0131 s\u00f6z konusu. Ancak burada \u015f\u00f6yle bir sorun var. Y\u00fcksek maa\u015f alan da d\u00fc\u015f\u00fck maa\u015f alan da ayn\u0131 ikramiyeyi al\u0131yor. Ayr\u0131ca y\u00fcksek maa\u015f alanlar diyor ki, en d\u00fc\u015f\u00fck maa\u015f\u0131 art\u0131r\u0131yorsunuz ama bizim maa\u015f\u0131m\u0131z o kadar artm\u0131yor. Bunlar\u0131n hepsi sorun. Devletimiz bunlarla ilgili \u00e7al\u0131\u015f\u0131yor. Sosyal yard\u0131mlar\u0131n tek bir \u015femsiye alt\u0131na toplanmas\u0131&#8230; E\u011fer hanemize en d\u00fc\u015f\u00fck emekli maa\u015f\u0131 20 bin TL giriyorsa, devletimiz burada asgari \u00fccrete tamamlayacak. Yani 20 bin TL geliri olan emeklinin 30 bin liraya yakla\u015facak. Bu gelir seviyesi en d\u00fc\u015f\u00fck olanlara y\u00f6nelik bir uygulama.&#8221; dedi.<br \/>\n&#8220;GEL\u0130R D\u00dc\u015e\u00dcK OLANLARA Y\u00d6NEL\u0130K OLACAK&#8221;<br \/>\n1 maa\u015f ikramiyenin geliri d\u00fc\u015f\u00fck olanlara y\u00f6nelik oldu\u011funu belirten Bayram, &#8220;Burada bayram ikramiyelerini herkese y\u00fcksek vermek yerine; geliri d\u00fc\u015f\u00fck, serveti olmayan ki\u015filere 1 maa\u015f bayram ikramiye verilmesi se\u00e7enekler aras\u0131nda. Bu hen\u00fcz kesin de\u011fil. Devlet yetkililerimiz buna karar verecek. Biz kulis bilgisi olarak payla\u015ft\u0131k sizinle bunu.&#8221; \u015feklinde konu\u015ftu.<\/p>\n<p>&#8220;BAYRAM BA\u015eI 10, TOPLAMDA 20 B\u0130N L\u0130RA&#8221;<br \/>\nUygulaman\u0131n en d\u00fc\u015f\u00fck maa\u015f alanlara y\u00f6nelik oldu\u011funu belirten Bayram, &#8220;Normalde 4 bin lira bayram ikramiyesi. Bu art\u0131\u015fla birlikte en az 5 bin liraya gelmesi gerekiyor. Bu toplamda y\u0131ll\u0131k 10 bin liraya tekab\u00fcl ediyor. Bunun yerine toplamda 20 bin olacak \u015fekilde&#8230; En d\u00fc\u015f\u00fck emekli maa\u015f\u0131 alalara 2 bayramda y\u0131lda 1 maa\u015f ikramiye verilsin. En az\u0131ndan bu ikramiye ile Kurban Bayram\u0131&#8217;nda bir k\u00fc\u00e7\u00fckba\u015f al\u0131nabilsin, ramazan al\u0131\u015fveri\u015fi yap\u0131labilsin. Ama\u00e7 bu oldu\u011fu i\u00e7in bayram ba\u015f\u0131 10 bin lira, toplamda 20 bin lira verilmesi g\u00fcndemde. Ancak herkese de\u011fil, en d\u00fc\u015f\u00fck maa\u015f alanlara&#8230;&#8221; dedi.<br \/>\nY\u00dcKSEK MAA\u015e ALANLAR NE KADAR \u0130KRAM\u0130YE ALACAK?<br \/>\n&#8220;Y\u00fcksek maa\u015f alanlar ne kadar alacak?&#8221; sorusuna da cevap veren Bayram, &#8220;S\u0131rf dul ve yetim maa\u015f\u0131 alabilmek i\u00e7in bo\u015fanan insanlar var. Serveti olan ama en d\u00fc\u015f\u00fck emekli maa\u015f\u0131 alanlar var. Bunlar bayram ikramiyesi als\u0131n ama daha az als\u0131n. Asl\u0131na buna \u00e7al\u0131\u015f\u0131l\u0131yor. Hane i\u00e7i gelir tespit edilecek. Bir eve ne kadar para giriyor? Devletimiz bir haneye asgari \u00fccretten daha az para geliyorsa bunu asgari \u00fccrete tamamlayacak. Bunlar en d\u00fc\u015f\u00fck gelir grubuna y\u00f6nelik \u00e7al\u0131\u015fmalar. O y\u00fczden y\u00fcksek maa\u015f alan daha az emekli ikramiyesi alacak. D\u00fc\u015f\u00fck maa\u015f alan\u0131n daha fazla almas\u0131 i\u00e7in \u00e7al\u0131\u015fmalar mevcut.&#8221; ifadelerini kulland\u0131. <\/p>\n<p>Kaynak : finans.mynet.com<\/p>\n"},"alt_text":"","media_type":"image","mime_type":"image\/jpeg","media_details":{"width":1200,"height":675,"file":"2026\/01\/1-327.jpg","sizes":{"medium":{"file":"1-327-300x169.jpg","width":300,"height":169,"mime_type":"image\/jpeg","source_url":"https:\/\/kilosorunum.com\/habercim\/wp-content\/uploads\/2026\/01\/1-327-300x169.jpg"},"large":{"file":"1-327-1024x576.jpg","width":1024,"height":576,"mime_type":"image\/jpeg","source_url":"https:\/\/kilosorunum.com\/habercim\/wp-content\/uploads\/2026\/01\/1-327-1024x576.jpg"},"thumbnail":{"file":"1-327-150x150.jpg","width":150,"height":150,"mime_type":"image\/jpeg","source_url":"https:\/\/kilosorunum.com\/habercim\/wp-content\/uploads\/2026\/01\/1-327-150x150.jpg"},"medium_large":{"file":"1-327-768x432.jpg","width":768,"height":432,"mime_type":"image\/jpeg","source_url":"https:\/\/kilosorunum.com\/habercim\/wp-content\/uploads\/2026\/01\/1-327-768x432.jpg"},"kucukResim":{"file":"1-327-80x50.jpg","width":80,"height":50,"mime_type":"image\/jpeg","source_url":"https:\/\/kilosorunum.com\/habercim\/wp-content\/uploads\/2026\/01\/1-327-80x50.jpg"},"sliderResim":{"file":"1-327-670x330.jpg","width":670,"height":330,"mime_type":"image\/jpeg","source_url":"https:\/\/kilosorunum.com\/habercim\/wp-content\/uploads\/2026\/01\/1-327-670x330.jpg"},"resim1":{"file":"1-327-184x140.jpg","width":184,"height":140,"mime_type":"image\/jpeg","source_url":"https:\/\/kilosorunum.com\/habercim\/wp-content\/uploads\/2026\/01\/1-327-184x140.jpg"},"resim2":{"file":"1-327-216x103.jpg","width":216,"height":103,"mime_type":"image\/jpeg","source_url":"https:\/\/kilosorunum.com\/habercim\/wp-content\/uploads\/2026\/01\/1-327-216x103.jpg"},"resim3":{"file":"1-327-145x70.jpg","width":145,"height":70,"mime_type":"image\/jpeg","source_url":"https:\/\/kilosorunum.com\/habercim\/wp-content\/uploads\/2026\/01\/1-327-145x70.jpg"},"sagSlider":{"file":"1-327-300x150.jpg","width":300,"height":150,"mime_type":"image\/jpeg","source_url":"https:\/\/kilosorunum.com\/habercim\/wp-content\/uploads\/2026\/01\/1-327-300x150.jpg"},"yeniSlider":{"file":"1-327-500x290.jpg","width":500,"height":290,"mime_type":"image\/jpeg","source_url":"https:\/\/kilosorunum.com\/habercim\/wp-content\/uploads\/2026\/01\/1-327-500x290.jpg"},"full":{"file":"1-327.jpg","width":1200,"height":675,"mime_type":"image\/jpeg","source_url":"https:\/\/kilosorunum.com\/habercim\/wp-content\/uploads\/2026\/01\/1-327.jpg"}},"image_meta":{"aperture":"0","credit":"","camera":"","caption":"","created_timestamp":"0","copyright":"","focal_length":"0","iso":"0","shutter_speed":"0","title":"","orientation":"0","keywords":[]}},"post":42865,"source_url":"https:\/\/kilosorunum.com\/habercim\/wp-content\/uploads\/2026\/01\/1-327.jpg","_links":{"self":[{"href":"https:\/\/kilosorunum.com\/habercim\/wp-json\/wp\/v2\/media\/42867"}],"collection":[{"href":"https:\/\/kilosorunum.com\/habercim\/wp-json\/wp\/v2\/media"}],"about":[{"href":"https:\/\/kilosorunum.com\/habercim\/wp-json\/wp\/v2\/types\/attachment"}],"author":[{"embeddable":true,"href":"https:\/\/kilosorunum.com\/habercim\/wp-json\/wp\/v2\/users\/2"}],"replies":[{"embeddable":true,"href":"https:\/\/kilosorunum.com\/habercim\/wp-json\/wp\/v2\/comments?post=42867"}]}}