{"id":42928,"date":"2026-01-29T22:31:19","date_gmt":"2026-01-29T19:31:19","guid":{"rendered":"https:\/\/kilosorunum.com\/habercim\/wp-content\/uploads\/2026\/01\/1-15-768x201-62.jpg"},"modified":"2026-01-29T22:33:09","modified_gmt":"2026-01-29T19:33:09","slug":"1-15-768x201-1897","status":"inherit","type":"attachment","link":"https:\/\/kilosorunum.com\/habercim\/foto-galeri\/30-ocak\/attachment\/1-15-768x201-1897\/","title":{"rendered":"30 Ocak"},"author":2,"comment_status":"open","ping_status":"closed","template":"","meta":[],"description":{"rendered":"<p class=\"attachment\"><a href='https:\/\/kilosorunum.com\/habercim\/wp-content\/uploads\/2026\/01\/1-15-768x201-62.jpg'><img width=\"300\" height=\"79\" src=\"https:\/\/kilosorunum.com\/habercim\/wp-content\/uploads\/2026\/01\/1-15-768x201-62-300x79.jpg\" class=\"attachment-medium size-medium\" alt=\"\" loading=\"lazy\" srcset=\"https:\/\/kilosorunum.com\/habercim\/wp-content\/uploads\/2026\/01\/1-15-768x201-62-300x79.jpg 300w, https:\/\/kilosorunum.com\/habercim\/wp-content\/uploads\/2026\/01\/1-15-768x201-62.jpg 768w\" sizes=\"(max-width: 300px) 100vw, 300px\" \/><\/a><\/p>\n"},"caption":{"rendered":"<p>Meteoroloji Genel M\u00fcd\u00fcrl\u00fc\u011f\u00fc olarak yap\u0131lan de\u011ferlendirmelere g\u00f6re, \u00fclkemiz genelinin par\u00e7al\u0131 ve \u00e7ok bulutlu, Trabzon, Rize, Artvin, Kars, Ardahan, I\u011fd\u0131r ve Van hari\u00e7 di\u011fer b\u00f6lgelerimizin aral\u0131kl\u0131 ya\u011f\u0131\u015fl\u0131 ge\u00e7ece\u011fi tahmin ediliyor. Ya\u011f\u0131\u015flar\u0131n, genellikle ya\u011fmur ve sa\u011fanak, K\u0131y\u0131 Ege ile Akdeniz k\u0131y\u0131lar\u0131nda yer yer g\u00f6k g\u00fcr\u00fclt\u00fcl\u00fc sa\u011fanak, Do\u011fu Anadolu\u2019nun bat\u0131s\u0131, G\u00fcneydo\u011fu Anadolu\u2019nun kuzeydo\u011fusu ile Sivas, G\u00fcm\u00fc\u015fhane, Bayburt, Erzurum, Mu\u015f, A\u011fr\u0131, Bing\u00f6l, Bitlis, \u015e\u0131rnak ve Hakkari \u00e7evrelerinde karla kar\u0131\u015f\u0131k ya\u011fmur ve kar \u015feklinde olmas\u0131 bekleniyor. Ya\u011f\u0131\u015flar\u0131n, K\u0131y\u0131 Ege, Akdeniz (Burdur hari\u00e7) ile \u00c7anakkale, Manisa, Denizli, U\u015fak, Tunceli, Gaziantep ve Kilis \u00e7evreleri, Bal\u0131kesir&#8217;in bat\u0131 il\u00e7eleri, Erzincan\u2019\u0131n g\u00fcneyinde kuvvetli, Adana, Osmaniye, Kahramanmara\u015f ve Ad\u0131yaman \u00e7evreleri ile Antalya&#8217;n\u0131n do\u011fusunda \u00e7ok kuvvetli olaca\u011f\u0131 tahmin ediliyor. Gece ve sabah saatlerinde do\u011fu b\u00f6lgelerde buzlanma ve don olay\u0131 bekleniyor. Do\u011fu Karadeniz\u2019in i\u00e7 kesimlerinin y\u00fcksekleri ile Do\u011fu Anadolu\u2019nun do\u011fusunda y\u00fcksek kar \u00f6rt\u00fcs\u00fcne sahip e\u011fimli kesimlerinde \u00e7\u0131\u011f tehlikesi bulunmaktad\u0131r.<br \/>\nKUVVETL\u0130 YA\u011eI\u015e UYARISI: Ya\u011f\u0131\u015flar\u0131n, K\u0131y\u0131 Ege, Akdeniz (Burdur hari\u00e7) ile \u00c7anakkale, Manisa, Denizli, U\u015fak, Tunceli, Gaziantep ve Kilis \u00e7evreleri, Bal\u0131kesir&#8217;in bat\u0131 il\u00e7eleri, Erzincan\u2019\u0131n g\u00fcneyinde kuvvetli, Adana, Osmaniye, Kahramanmara\u015f ve Ad\u0131yaman \u00e7evreleri ile Antalya&#8217;n\u0131n do\u011fusunda yer yer \u00e7ok kuvvetli olmas\u0131 beklendi\u011finden (Ula\u015f\u0131mda aksamalar, buzlanma ve don olay\u0131, kar \u00f6rt\u00fcs\u00fcne sahip d\u00fc\u015f\u00fck rak\u0131ml\u0131 yerlerde ya\u011f\u0131\u015fla birlikte kar erimesi, \u00e7\u0131\u011f riski ile ya\u011fmur ya\u011fan yerlerde sel, su bask\u0131n\u0131 vb.)ya\u015fanabilecek olumsuzluklara kar\u015f\u0131 dikkatli ve tedbirli olunmas\u0131 gerekmektedir.<\/p>\n<p>Kaynak : hurriyet.com.tr<\/p>\n"},"alt_text":"","media_type":"image","mime_type":"image\/jpeg","media_details":{"width":768,"height":201,"file":"2026\/01\/1-15-768x201-62.jpg","sizes":{"medium":{"file":"1-15-768x201-62-300x79.jpg","width":300,"height":79,"mime_type":"image\/jpeg","source_url":"https:\/\/kilosorunum.com\/habercim\/wp-content\/uploads\/2026\/01\/1-15-768x201-62-300x79.jpg"},"thumbnail":{"file":"1-15-768x201-62-150x150.jpg","width":150,"height":150,"mime_type":"image\/jpeg","source_url":"https:\/\/kilosorunum.com\/habercim\/wp-content\/uploads\/2026\/01\/1-15-768x201-62-150x150.jpg"},"kucukResim":{"file":"1-15-768x201-62-80x50.jpg","width":80,"height":50,"mime_type":"image\/jpeg","source_url":"https:\/\/kilosorunum.com\/habercim\/wp-content\/uploads\/2026\/01\/1-15-768x201-62-80x50.jpg"},"sliderResim":{"file":"1-15-768x201-62-670x201.jpg","width":670,"height":201,"mime_type":"image\/jpeg","source_url":"https:\/\/kilosorunum.com\/habercim\/wp-content\/uploads\/2026\/01\/1-15-768x201-62-670x201.jpg"},"resim1":{"file":"1-15-768x201-62-184x140.jpg","width":184,"height":140,"mime_type":"image\/jpeg","source_url":"https:\/\/kilosorunum.com\/habercim\/wp-content\/uploads\/2026\/01\/1-15-768x201-62-184x140.jpg"},"resim2":{"file":"1-15-768x201-62-216x103.jpg","width":216,"height":103,"mime_type":"image\/jpeg","source_url":"https:\/\/kilosorunum.com\/habercim\/wp-content\/uploads\/2026\/01\/1-15-768x201-62-216x103.jpg"},"resim3":{"file":"1-15-768x201-62-145x70.jpg","width":145,"height":70,"mime_type":"image\/jpeg","source_url":"https:\/\/kilosorunum.com\/habercim\/wp-content\/uploads\/2026\/01\/1-15-768x201-62-145x70.jpg"},"sagSlider":{"file":"1-15-768x201-62-300x150.jpg","width":300,"height":150,"mime_type":"image\/jpeg","source_url":"https:\/\/kilosorunum.com\/habercim\/wp-content\/uploads\/2026\/01\/1-15-768x201-62-300x150.jpg"},"yeniSlider":{"file":"1-15-768x201-62-500x201.jpg","width":500,"height":201,"mime_type":"image\/jpeg","source_url":"https:\/\/kilosorunum.com\/habercim\/wp-content\/uploads\/2026\/01\/1-15-768x201-62-500x201.jpg"},"full":{"file":"1-15-768x201-62.jpg","width":768,"height":201,"mime_type":"image\/jpeg","source_url":"https:\/\/kilosorunum.com\/habercim\/wp-content\/uploads\/2026\/01\/1-15-768x201-62.jpg"}},"image_meta":{"aperture":"0","credit":"","camera":"","caption":"","created_timestamp":"0","copyright":"","focal_length":"0","iso":"0","shutter_speed":"0","title":"","orientation":"0","keywords":[]}},"post":42926,"source_url":"https:\/\/kilosorunum.com\/habercim\/wp-content\/uploads\/2026\/01\/1-15-768x201-62.jpg","_links":{"self":[{"href":"https:\/\/kilosorunum.com\/habercim\/wp-json\/wp\/v2\/media\/42928"}],"collection":[{"href":"https:\/\/kilosorunum.com\/habercim\/wp-json\/wp\/v2\/media"}],"about":[{"href":"https:\/\/kilosorunum.com\/habercim\/wp-json\/wp\/v2\/types\/attachment"}],"author":[{"embeddable":true,"href":"https:\/\/kilosorunum.com\/habercim\/wp-json\/wp\/v2\/users\/2"}],"replies":[{"embeddable":true,"href":"https:\/\/kilosorunum.com\/habercim\/wp-json\/wp\/v2\/comments?post=42928"}]}}