{"id":43008,"date":"2026-02-01T00:39:29","date_gmt":"2026-01-31T21:39:29","guid":{"rendered":"https:\/\/kilosorunum.com\/habercim\/wp-content\/uploads\/2026\/02\/1.jpg"},"modified":"2026-02-01T00:42:44","modified_gmt":"2026-01-31T21:42:44","slug":"1-5168","status":"inherit","type":"attachment","link":"https:\/\/kilosorunum.com\/habercim\/foto-galeri\/fatih-urek-gercekleri\/attachment\/1-5168\/","title":{"rendered":"Fatih \u00dcrek Ger\u00e7ekleri"},"author":2,"comment_status":"open","ping_status":"closed","template":"","meta":[],"description":{"rendered":"<p class=\"attachment\"><a href='https:\/\/kilosorunum.com\/habercim\/wp-content\/uploads\/2026\/02\/1.jpg'><img width=\"300\" height=\"169\" src=\"https:\/\/kilosorunum.com\/habercim\/wp-content\/uploads\/2026\/02\/1-300x169.jpg\" class=\"attachment-medium size-medium\" alt=\"\" loading=\"lazy\" srcset=\"https:\/\/kilosorunum.com\/habercim\/wp-content\/uploads\/2026\/02\/1-300x169.jpg 300w, https:\/\/kilosorunum.com\/habercim\/wp-content\/uploads\/2026\/02\/1-1024x576.jpg 1024w, https:\/\/kilosorunum.com\/habercim\/wp-content\/uploads\/2026\/02\/1-768x432.jpg 768w, https:\/\/kilosorunum.com\/habercim\/wp-content\/uploads\/2026\/02\/1.jpg 1200w\" sizes=\"(max-width: 300px) 100vw, 300px\" \/><\/a><\/p>\n"},"caption":{"rendered":"<p>Fatih \u00dcrek&#8217;in do\u011fumu ailede b\u00fcy\u00fck sevin\u00e7 yaratm\u0131\u015f, annesi hamileyken r\u00fcyas\u0131nda Fatih Sultan Mehmet&#8217;i g\u00f6rd\u00fc\u011f\u00fc i\u00e7in o\u011fluna Osmanl\u0131&#8217;n\u0131n en b\u00fcy\u00fck padi\u015fahlar\u0131ndan birinin ad\u0131n\u0131 vermi\u015f; bu nedenle g\u00f6bek ad\u0131 da &#8220;Sultan Mehmet&#8221; olmu\u015ftu.<\/p>\n<p>Fatih \u00dcrek&#8217;\u0130n ailesi o daha 1 ya\u015f\u0131ndayken Bursa&#8217;ya ta\u015f\u0131nd\u0131. Ne yaz\u0131k ki babas\u0131n\u0131n i\u015fleri k\u00f6t\u00fc gitmeye ba\u015flad\u0131 ve en sonunda iflas ederek d\u00fckkan\u0131n\u0131 kapatmak zorunda kald\u0131. Fatih \u00dcrek, evin tek erkek \u00e7ocu\u011fu olarak daha 6 ya\u015f\u0131nda \u00e7al\u0131\u015fmaya ba\u015flam\u0131\u015f, sanat hayat\u0131 ba\u015flamadan \u00f6nce b\u00fcy\u00fck s\u0131k\u0131nt\u0131lar \u00e7ekerek kuma\u015f\u00e7\u0131larda, ku\u015f\u00e7ularda, mobilyac\u0131larda, z\u00fcccaciyecilerde \u00e7al\u0131\u015fmak zorunda kalm\u0131\u015ft\u0131. \u0130flas edip zor duruma d\u00fc\u015fen babas\u0131 alkol bata\u011f\u0131na d\u00fc\u015f\u00fcp annesine \u015fiddet uygulamaya ba\u015flam\u0131\u015ft\u0131. Fatih \u00dcrek \u00e7ocukken bir g\u00fcn babas\u0131 annesini d\u00f6verken korkudan fel\u00e7 ge\u00e7irdi\u011fini anlatm\u0131\u015ft\u0131. \u00c7ocuk ya\u015flardan itibaren tiyatroya ilgi duyan \u00dcrek 15 ya\u015f\u0131nda Bursa Devlet Tiyatrosu&#8217;nun fig\u00fcran kadrosuna girmi\u015f ve 20 ya\u015f\u0131na kadar bu tiyatroda \u00e7al\u0131\u015fm\u0131\u015ft\u0131. \u00dcnl\u00fc \u015fark\u0131c\u0131 Mahir Canova&#8217;dan dersler ald\u0131 ve bu y\u0131llarda bir ba\u015fka \u00fcnl\u00fc oyuncu Erkan Can da ona destek \u00e7\u0131karak oyunculuk kariyeri konusunda ak\u0131l hocal\u0131\u011f\u0131 yapt\u0131. Tiyatroda \u00e7al\u0131\u015f\u0131rken \u00e7ok mutlu olan ancak ge\u00e7imini s\u00fcrd\u00fcrmekte zorlanan Fatih \u00dcrek \u015fans\u0131n\u0131 m\u00fczik sahnesinde denemeye karar verdi ve Bursa&#8217;da \u00e7e\u015fitli mekanlarda sahneye \u00e7\u0131kmaya ba\u015flad\u0131.<br \/>\nM\u00dcZ\u0130K HAYATINA DOKUNDU, HER \u015eEY DE\u011e\u0130\u015eT\u0130<\/p>\n<p>\u0130lk alb\u00fcm\u00fc &#8220;Yakt\u0131 Yakt\u0131&#8221; 1993 y\u0131l\u0131nda piyasaya \u00e7\u0131kt\u0131. Fantezi ve pop m\u00fczik tarz\u0131ndaki \u015fark\u0131lar\u0131 ve sahne \u015fovlar\u0131yla geni\u015f bir kitleye ula\u015ft\u0131. &#8220;Hadi Hadi&#8221;, &#8220;Sus&#8221;, &#8220;Hala Hala&#8221;, &#8220;Hayde&#8221; gibi \u015fark\u0131lar\u0131yla tan\u0131nd\u0131.<\/p>\n<p>Sahne kadar ekranda da isim yapan Fatih \u00dcrek bir\u00e7ok dizi ve filmde rol ald\u0131. \u00d6zellikle 2018-2020 y\u0131llar\u0131 aras\u0131nda &#8220;Gelinim Mutfakta&#8221; adl\u0131 yemek yar\u0131\u015fmas\u0131n\u0131n sunuculu\u011fu ve sonraki d\u00f6nemlerde farkl\u0131 yar\u0131\u015fma programlar\u0131ndaki j\u00fcri\/sunuculuk rolleriyle televizyon d\u00fcnyas\u0131nda da pop\u00fcler oldu.<br \/>\nM\u0130DE AMEL\u0130YATI Y\u00dcZ\u00dcNDEN \u00d6L\u00dcMDEN D\u00d6NM\u00dc\u015eT\u00dc<\/p>\n<p>Fazla kilolar\u0131 nedeniyle 2015 y\u0131l\u0131nda ge\u00e7irdi\u011fi mide ameliyat\u0131 sonras\u0131 septik \u015fok ge\u00e7iren ve hayati bir tehlike atlatan Fatih \u00dcrek h\u0131zla kilo verse de sa\u011fl\u0131\u011f\u0131 ilk olarak o d\u00f6nemde bozulmaya ba\u015flam\u0131\u015ft\u0131.<br \/>\nSahne enerjisi, kendine has tarz\u0131 ve televizyon programlar\u0131yla milyonlar\u0131n sevgisini kazanan Fatih \u00dcrek&#8217;in vefat\u0131, sanat camias\u0131n\u0131 ve sevenlerini yasa bo\u011fdu. Sanat d\u00fcnyas\u0131n\u0131 yasa bo\u011fan ac\u0131 kayb\u0131n ard\u0131ndan, Fatih \u00dcrek&#8217;e veda edilece\u011fi g\u00fcn ve yer de netle\u015fti. Fatih \u00dcrek&#8217;in menajeri Mert Siliv, bas\u0131n mensuplar\u0131na cenaze t\u00f6reniyle ilgili a\u00e7\u0131klamalarda bulundu.<br \/>\n\u00dcrek, 1 \u015eubat Pazar g\u00fcn\u00fc Levent&#8217;te bulunan Barbaros Hayrettin Pa\u015fa Camii&#8217;nde ikindi namaz\u0131na m\u00fcteakip k\u0131l\u0131nacak cenaze namaz\u0131n\u0131n ard\u0131ndan topra\u011fa verilecek.<br \/>\n\u00d6l\u00fcm\u00fcyle sevenlerini yasa bo\u011fan \u00fcnl\u00fc sanat\u00e7\u0131n\u0131n, \u00f6lmeden \u00f6nce kat\u0131ld\u0131\u011f\u0131 bir programdaki konu\u015fmas\u0131 da sosyal medyada g\u00fcndem oldu.<br \/>\n&#8220;HER \u015eEYDEN \u00c7OK SIKILDIM&#8221;<br \/>\n\u00dcrek, konuk oldu\u011fu yay\u0131nda \u015funlar\u0131 s\u00f6ylemi\u015fti: &#8220;Her \u015feyden \u00e7ok s\u0131k\u0131ld\u0131m. \u0130nan\u0131n s\u0131k\u0131ld\u0131m, \u00e7ok s\u0131k\u0131ld\u0131m. Trafikten s\u0131k\u0131ld\u0131m, insanlardan s\u0131k\u0131ld\u0131m. \u0130nsanlar k\u00f6t\u00fcler. Kimseyi g\u00f6rmek istemiyorum, kimseyle g\u00f6r\u00fc\u015fmek istemiyorum. Ben diyorum \u015fimdi \u00e7ok mutluyum. Hepsi sahte geliyor bana ger\u00e7ekten kusura bakmay\u0131n. Ben bir \u015fey itiraf edebilir miyim<\/p>\n<p>&#8220;DER\u0130N \u00d6MR\u00dcM\u00dcN SON T\u00dcKEN\u0130\u015eLER\u0130&#8221;<br \/>\nGer\u00e7ekten e\u011fer ben sahneye devam edemezsem, bir \u015fekilde bu hayatta olamazsam herhalde derim \u00f6mr\u00fcm\u00fcn son t\u00fckeni\u015fleri olur. Biterim gibi geliyor bana. \u00c7\u00fcnk\u00fc ba\u015fka bir ama\u00e7 kalm\u0131yor. D\u0131\u015far\u0131daki gibi de\u011filim. S\u00fcsl\u00fc p\u00fcsl\u00fcy\u00fcm ama evde y\u0131rt\u0131k ti\u015f\u00f6rtle bile oturuyorum. Ben \u00e7ok yaln\u0131z bir adam\u0131m.&#8221;<br \/>\n\u00dcrek&#8217;in kat\u0131ld\u0131\u011f\u0131 ba\u015fka bir s\u00f6yle\u015fi program\u0131nda ise s\u00f6yledi\u011fi &#8216;Ya\u015famak istemiyorum&#8217; s\u00f6zleri \u00f6l\u00fcm\u00fcm ard\u0131ndan sosyal medya da g\u00fcndem oldu.<\/p>\n<p>Kaynak : sabah.com.tr<\/p>\n"},"alt_text":"","media_type":"image","mime_type":"image\/jpeg","media_details":{"width":1200,"height":675,"file":"2026\/02\/1.jpg","sizes":{"medium":{"file":"1-300x169.jpg","width":300,"height":169,"mime_type":"image\/jpeg","source_url":"https:\/\/kilosorunum.com\/habercim\/wp-content\/uploads\/2026\/02\/1-300x169.jpg"},"large":{"file":"1-1024x576.jpg","width":1024,"height":576,"mime_type":"image\/jpeg","source_url":"https:\/\/kilosorunum.com\/habercim\/wp-content\/uploads\/2026\/02\/1-1024x576.jpg"},"thumbnail":{"file":"1-150x150.jpg","width":150,"height":150,"mime_type":"image\/jpeg","source_url":"https:\/\/kilosorunum.com\/habercim\/wp-content\/uploads\/2026\/02\/1-150x150.jpg"},"medium_large":{"file":"1-768x432.jpg","width":768,"height":432,"mime_type":"image\/jpeg","source_url":"https:\/\/kilosorunum.com\/habercim\/wp-content\/uploads\/2026\/02\/1-768x432.jpg"},"kucukResim":{"file":"1-80x50.jpg","width":80,"height":50,"mime_type":"image\/jpeg","source_url":"https:\/\/kilosorunum.com\/habercim\/wp-content\/uploads\/2026\/02\/1-80x50.jpg"},"sliderResim":{"file":"1-670x330.jpg","width":670,"height":330,"mime_type":"image\/jpeg","source_url":"https:\/\/kilosorunum.com\/habercim\/wp-content\/uploads\/2026\/02\/1-670x330.jpg"},"resim1":{"file":"1-184x140.jpg","width":184,"height":140,"mime_type":"image\/jpeg","source_url":"https:\/\/kilosorunum.com\/habercim\/wp-content\/uploads\/2026\/02\/1-184x140.jpg"},"resim2":{"file":"1-216x103.jpg","width":216,"height":103,"mime_type":"image\/jpeg","source_url":"https:\/\/kilosorunum.com\/habercim\/wp-content\/uploads\/2026\/02\/1-216x103.jpg"},"resim3":{"file":"1-145x70.jpg","width":145,"height":70,"mime_type":"image\/jpeg","source_url":"https:\/\/kilosorunum.com\/habercim\/wp-content\/uploads\/2026\/02\/1-145x70.jpg"},"sagSlider":{"file":"1-300x150.jpg","width":300,"height":150,"mime_type":"image\/jpeg","source_url":"https:\/\/kilosorunum.com\/habercim\/wp-content\/uploads\/2026\/02\/1-300x150.jpg"},"yeniSlider":{"file":"1-500x290.jpg","width":500,"height":290,"mime_type":"image\/jpeg","source_url":"https:\/\/kilosorunum.com\/habercim\/wp-content\/uploads\/2026\/02\/1-500x290.jpg"},"full":{"file":"1.jpg","width":1200,"height":675,"mime_type":"image\/jpeg","source_url":"https:\/\/kilosorunum.com\/habercim\/wp-content\/uploads\/2026\/02\/1.jpg"}},"image_meta":{"aperture":"0","credit":"","camera":"","caption":"","created_timestamp":"0","copyright":"","focal_length":"0","iso":"0","shutter_speed":"0","title":"","orientation":"0","keywords":[]}},"post":43006,"source_url":"https:\/\/kilosorunum.com\/habercim\/wp-content\/uploads\/2026\/02\/1.jpg","_links":{"self":[{"href":"https:\/\/kilosorunum.com\/habercim\/wp-json\/wp\/v2\/media\/43008"}],"collection":[{"href":"https:\/\/kilosorunum.com\/habercim\/wp-json\/wp\/v2\/media"}],"about":[{"href":"https:\/\/kilosorunum.com\/habercim\/wp-json\/wp\/v2\/types\/attachment"}],"author":[{"embeddable":true,"href":"https:\/\/kilosorunum.com\/habercim\/wp-json\/wp\/v2\/users\/2"}],"replies":[{"embeddable":true,"href":"https:\/\/kilosorunum.com\/habercim\/wp-json\/wp\/v2\/comments?post=43008"}]}}