{"id":43147,"date":"2026-02-04T00:03:16","date_gmt":"2026-02-03T21:03:16","guid":{"rendered":"https:\/\/kilosorunum.com\/habercim\/wp-content\/uploads\/2026\/02\/1-15-768x201-10.jpg"},"modified":"2026-02-04T00:04:50","modified_gmt":"2026-02-03T21:04:50","slug":"1-15-768x201-1910","status":"inherit","type":"attachment","link":"https:\/\/kilosorunum.com\/habercim\/foto-galeri\/13-il-11-gun\/attachment\/1-15-768x201-1910\/","title":{"rendered":"13 il 11 g\u00fcn"},"author":2,"comment_status":"open","ping_status":"closed","template":"","meta":[],"description":{"rendered":"<p class=\"attachment\"><a href='https:\/\/kilosorunum.com\/habercim\/wp-content\/uploads\/2026\/02\/1-15-768x201-10.jpg'><img width=\"300\" height=\"79\" src=\"https:\/\/kilosorunum.com\/habercim\/wp-content\/uploads\/2026\/02\/1-15-768x201-10-300x79.jpg\" class=\"attachment-medium size-medium\" alt=\"\" loading=\"lazy\" srcset=\"https:\/\/kilosorunum.com\/habercim\/wp-content\/uploads\/2026\/02\/1-15-768x201-10-300x79.jpg 300w, https:\/\/kilosorunum.com\/habercim\/wp-content\/uploads\/2026\/02\/1-15-768x201-10.jpg 768w\" sizes=\"(max-width: 300px) 100vw, 300px\" \/><\/a><\/p>\n"},"caption":{"rendered":"<p>Meteoroloji Genel M\u00fcd\u00fcrl\u00fc\u011f\u00fc olarak yap\u0131lan de\u011ferlendirmelere g\u00f6re, \u00fclkemiz kuzey ve do\u011fu kesimlerinin par\u00e7al\u0131 ve \u00e7ok bulutlu, Orta ve Do\u011fu Karadeniz k\u0131y\u0131lar\u0131, G\u00fcneydo\u011fu Anadolu&#8217;nun do\u011fusu ile Kastamonu&#8217;nun kuzeyi, Bart\u0131n, Sinop, ile I\u011fd\u0131r \u00e7evrelerinin ya\u011fmur ve sa\u011fanak ya\u011f\u0131\u015fl\u0131, Orta ve Do\u011fu Karadeniz&#8217;in i\u00e7 kesimleri, Do\u011fu Anadolu kuzey ve do\u011fusu ile Artvin \u00e7evrelerinin karla kar\u0131\u015f\u0131k ya\u011fmur ve kar ya\u011f\u0131\u015fl\u0131, di\u011fer yerlerin az bulutlu ge\u00e7ece\u011fi tahmin ediliyor. Gece ve sabah saatlerinde do\u011fu b\u00f6lgelerde buzlanma ve don olay\u0131 bekleniyor. Do\u011fu Karadeniz\u2019in i\u00e7 kesimlerinin y\u00fcksekleri ile Do\u011fu Anadolu\u2019nun do\u011fusunda y\u00fcksek kar \u00f6rt\u00fcs\u00fcne sahip e\u011fimli kesimlerinde \u00e7\u0131\u011f tehlikesi bulunmaktad\u0131r.<\/p>\n<p>Kaynak : hurriyet.com.tr<\/p>\n"},"alt_text":"","media_type":"image","mime_type":"image\/jpeg","media_details":{"width":768,"height":201,"file":"2026\/02\/1-15-768x201-10.jpg","sizes":{"medium":{"file":"1-15-768x201-10-300x79.jpg","width":300,"height":79,"mime_type":"image\/jpeg","source_url":"https:\/\/kilosorunum.com\/habercim\/wp-content\/uploads\/2026\/02\/1-15-768x201-10-300x79.jpg"},"thumbnail":{"file":"1-15-768x201-10-150x150.jpg","width":150,"height":150,"mime_type":"image\/jpeg","source_url":"https:\/\/kilosorunum.com\/habercim\/wp-content\/uploads\/2026\/02\/1-15-768x201-10-150x150.jpg"},"kucukResim":{"file":"1-15-768x201-10-80x50.jpg","width":80,"height":50,"mime_type":"image\/jpeg","source_url":"https:\/\/kilosorunum.com\/habercim\/wp-content\/uploads\/2026\/02\/1-15-768x201-10-80x50.jpg"},"sliderResim":{"file":"1-15-768x201-10-670x201.jpg","width":670,"height":201,"mime_type":"image\/jpeg","source_url":"https:\/\/kilosorunum.com\/habercim\/wp-content\/uploads\/2026\/02\/1-15-768x201-10-670x201.jpg"},"resim1":{"file":"1-15-768x201-10-184x140.jpg","width":184,"height":140,"mime_type":"image\/jpeg","source_url":"https:\/\/kilosorunum.com\/habercim\/wp-content\/uploads\/2026\/02\/1-15-768x201-10-184x140.jpg"},"resim2":{"file":"1-15-768x201-10-216x103.jpg","width":216,"height":103,"mime_type":"image\/jpeg","source_url":"https:\/\/kilosorunum.com\/habercim\/wp-content\/uploads\/2026\/02\/1-15-768x201-10-216x103.jpg"},"resim3":{"file":"1-15-768x201-10-145x70.jpg","width":145,"height":70,"mime_type":"image\/jpeg","source_url":"https:\/\/kilosorunum.com\/habercim\/wp-content\/uploads\/2026\/02\/1-15-768x201-10-145x70.jpg"},"sagSlider":{"file":"1-15-768x201-10-300x150.jpg","width":300,"height":150,"mime_type":"image\/jpeg","source_url":"https:\/\/kilosorunum.com\/habercim\/wp-content\/uploads\/2026\/02\/1-15-768x201-10-300x150.jpg"},"yeniSlider":{"file":"1-15-768x201-10-500x201.jpg","width":500,"height":201,"mime_type":"image\/jpeg","source_url":"https:\/\/kilosorunum.com\/habercim\/wp-content\/uploads\/2026\/02\/1-15-768x201-10-500x201.jpg"},"full":{"file":"1-15-768x201-10.jpg","width":768,"height":201,"mime_type":"image\/jpeg","source_url":"https:\/\/kilosorunum.com\/habercim\/wp-content\/uploads\/2026\/02\/1-15-768x201-10.jpg"}},"image_meta":{"aperture":"0","credit":"","camera":"","caption":"","created_timestamp":"0","copyright":"","focal_length":"0","iso":"0","shutter_speed":"0","title":"","orientation":"0","keywords":[]}},"post":43145,"source_url":"https:\/\/kilosorunum.com\/habercim\/wp-content\/uploads\/2026\/02\/1-15-768x201-10.jpg","_links":{"self":[{"href":"https:\/\/kilosorunum.com\/habercim\/wp-json\/wp\/v2\/media\/43147"}],"collection":[{"href":"https:\/\/kilosorunum.com\/habercim\/wp-json\/wp\/v2\/media"}],"about":[{"href":"https:\/\/kilosorunum.com\/habercim\/wp-json\/wp\/v2\/types\/attachment"}],"author":[{"embeddable":true,"href":"https:\/\/kilosorunum.com\/habercim\/wp-json\/wp\/v2\/users\/2"}],"replies":[{"embeddable":true,"href":"https:\/\/kilosorunum.com\/habercim\/wp-json\/wp\/v2\/comments?post=43147"}]}}