{"id":43155,"date":"2026-02-04T15:44:49","date_gmt":"2026-02-04T12:44:49","guid":{"rendered":"https:\/\/kilosorunum.com\/habercim\/wp-content\/uploads\/2026\/02\/1-15-768x201-12.jpg"},"modified":"2026-02-04T15:46:43","modified_gmt":"2026-02-04T12:46:43","slug":"1-15-768x201-1912","status":"inherit","type":"attachment","link":"https:\/\/kilosorunum.com\/habercim\/foto-galeri\/rojin\/attachment\/1-15-768x201-1912\/","title":{"rendered":"ROJ\u0130N"},"author":2,"comment_status":"open","ping_status":"closed","template":"","meta":[],"description":{"rendered":"<p class=\"attachment\"><a href='https:\/\/kilosorunum.com\/habercim\/wp-content\/uploads\/2026\/02\/1-15-768x201-12.jpg'><img width=\"300\" height=\"79\" src=\"https:\/\/kilosorunum.com\/habercim\/wp-content\/uploads\/2026\/02\/1-15-768x201-12-300x79.jpg\" class=\"attachment-medium size-medium\" alt=\"\" loading=\"lazy\" srcset=\"https:\/\/kilosorunum.com\/habercim\/wp-content\/uploads\/2026\/02\/1-15-768x201-12-300x79.jpg 300w, https:\/\/kilosorunum.com\/habercim\/wp-content\/uploads\/2026\/02\/1-15-768x201-12.jpg 768w\" sizes=\"(max-width: 300px) 100vw, 300px\" \/><\/a><\/p>\n"},"caption":{"rendered":"<p>Y\u0131lmaz Tun\u00e7, payla\u015f\u0131mda \u015funlar\u0131 kaydetti:<\/p>\n<p>&#8220;Ailemizin ya\u015fad\u0131\u011f\u0131 ac\u0131y\u0131 bir kez daha payla\u015ft\u0131k, y\u00fcr\u00fct\u00fclen soru\u015fturman\u0131n t\u00fcm a\u015famalar\u0131na ili\u015fkin kendilerini kapsaml\u0131 \u015fekilde bilgilendirdik. Rojin evlad\u0131m\u0131z\u0131n \u00f6l\u00fcm\u00fcyle ilgili Van Cumhuriyet Ba\u015fsavc\u0131l\u0131\u011f\u0131 taraf\u0131ndan ba\u015flat\u0131lan soru\u015fturma, ilk andan itibaren titizlikle ve \u00e7ok y\u00f6nl\u00fc \u015fekilde s\u00fcrd\u00fcr\u00fclmektedir. Uzmanl\u0131k gerektiren her inceleme gecikmeksizin yap\u0131lmakta, ilgili t\u00fcm kurumlarla koordinasyon i\u00e7inde, s\u00fcrecin her a\u015famas\u0131 hassasiyetle y\u00fcr\u00fct\u00fclmektedir. Ac\u0131l\u0131 ailemizin her zaman yan\u0131nda olaca\u011f\u0131z. Ger\u00e7e\u011fin ortaya \u00e7\u0131kar\u0131lmas\u0131 ve adaletin tecellisi i\u00e7in gereken her ad\u0131m\u0131 eksiksiz \u015fekilde atmaya devam edece\u011fiz.&#8221; Adalet Bakan\u0131 Y\u0131lmaz Tun\u00e7, Van\u2019da kaybolduktan 18 g\u00fcn sonra cans\u0131z bedeni bulunan \u00fcniversite \u00f6\u011frencisi Rojin Kabai\u015f\u2019in soru\u015fturmas\u0131 s\u00fcrd\u00fc\u011f\u00fcn\u00fc belirtti. Tun\u00e7, Kabai\u015f&#8217;in \u0130spanya&#8217;ya g\u00f6nderilen telefonunun incelemesinin devam etti\u011fini dile getirdi.<br \/>\nAdalet Bakan\u0131 Y\u0131lmaz Tun\u00e7, Bart\u0131n \u00dcniversitesi konferans salonunda &#8220;Y\u00fczy\u0131l\u0131n Konut Projesi&#8221; kapsam\u0131nda Bart\u0131n&#8217;da in\u015fa edilecek bin 620 sosyal konutun hak sahipleri i\u00e7in d\u00fczenlenen &#8220;Ev Sahibi T\u00fcrkiye Kura \u00c7ekili\u015f T\u00f6reni&#8221;ne kat\u0131ld\u0131.<\/p>\n<p>T\u00f6ren sonras\u0131 gazetecilerin g\u00fcndeme ili\u015fkin sorular\u0131n\u0131 yan\u0131tlayan Tun\u00e7, Rojin Kabai\u015f soru\u015fturmas\u0131na y\u00f6nelik konu\u015ftu. \u00d6l\u00fcm sebebinin hen\u00fcz belirlenemedi\u011fini aktaran Tun\u00e7, &#8220;Yani suda bo\u011fulma olarak belirlendi ama bu suda bo\u011fulma \u00f6ncesinde herhangi \u015fiddete maruz kald\u0131 m\u0131 kalmad\u0131 m\u0131 bunlar ara\u015ft\u0131r\u0131l\u0131yor. Bu konuda dijital materyaller incelendi, ifadeler al\u0131nd\u0131, \u015f\u00fcpheli g\u00f6r\u00fclen ki\u015filerden DNA testleri yap\u0131ld\u0131. T\u00fcm bunlar adli t\u0131p s\u00fcre\u00e7lerinde incelendi. Telefonun incelenmesiyle ilgili olarak da \u0130spanya Adalet Bakan\u0131&#8217;yla bizzat g\u00f6r\u00fc\u015fmem oldu ve telefonun incelemesi devam ediyor, 10 haneli \u015fifre oldu\u011fu i\u00e7in s\u00fcrekli deneme yaparak dijital materyale yani cep telefonundaki bilgilere ula\u015f\u0131lmaya \u00e7al\u0131\u015f\u0131l\u0131yor.&#8221; \u015feklinde konu\u015ftu.<\/p>\n<p>BAKAN TUN\u00c7, KABA\u0130\u015e A\u0130LES\u0130YLE G\u00d6R\u00dc\u015eT\u00dc<\/p>\n<p>Tun\u00e7, Rojin Kabai\u015f&#8217;in babas\u0131 ve karde\u015fleriyle g\u00f6r\u00fc\u015ft\u00fcklerini, &#8220;Bu konuda kararl\u0131y\u0131z, sorumlular, hayat\u0131n\u0131 kaybetmesine neden olanlar, katiller varsa bu konuda devlet hi\u00e7bir \u015feyi gizlemez&#8221; dediklerini aktararak, baz\u0131 \u00e7evrelerin, devletin, yarg\u0131 kurumlar\u0131n\u0131n birilerini gizliyormu\u015f gibi payla\u015f\u0131mlar yapt\u0131\u011f\u0131na i\u015faret etti.<\/p>\n<p>&#8220;Yarg\u0131, devlet \u00fcniversiteye yeni ba\u015flam\u0131\u015f bir k\u0131zca\u011f\u0131z\u0131n hakk\u0131n\u0131 korur. Onun hakk\u0131n\u0131, hukukunu korumak devletin g\u00f6revidir.&#8221; diyen Tun\u00e7, kim olursa olsun, s\u0131fat\u0131 ne olursa olsun bu t\u00fcr dosyalarda bilgi gizleme yap\u0131lamayaca\u011f\u0131n\u0131 ancak bu konular \u00fczerinden dezenformasyon yapanlar\u0131n bulundu\u011funu da kaydetti.<\/p>\n"},"alt_text":"","media_type":"image","mime_type":"image\/jpeg","media_details":{"width":768,"height":201,"file":"2026\/02\/1-15-768x201-12.jpg","sizes":{"medium":{"file":"1-15-768x201-12-300x79.jpg","width":300,"height":79,"mime_type":"image\/jpeg","source_url":"https:\/\/kilosorunum.com\/habercim\/wp-content\/uploads\/2026\/02\/1-15-768x201-12-300x79.jpg"},"thumbnail":{"file":"1-15-768x201-12-150x150.jpg","width":150,"height":150,"mime_type":"image\/jpeg","source_url":"https:\/\/kilosorunum.com\/habercim\/wp-content\/uploads\/2026\/02\/1-15-768x201-12-150x150.jpg"},"kucukResim":{"file":"1-15-768x201-12-80x50.jpg","width":80,"height":50,"mime_type":"image\/jpeg","source_url":"https:\/\/kilosorunum.com\/habercim\/wp-content\/uploads\/2026\/02\/1-15-768x201-12-80x50.jpg"},"sliderResim":{"file":"1-15-768x201-12-670x201.jpg","width":670,"height":201,"mime_type":"image\/jpeg","source_url":"https:\/\/kilosorunum.com\/habercim\/wp-content\/uploads\/2026\/02\/1-15-768x201-12-670x201.jpg"},"resim1":{"file":"1-15-768x201-12-184x140.jpg","width":184,"height":140,"mime_type":"image\/jpeg","source_url":"https:\/\/kilosorunum.com\/habercim\/wp-content\/uploads\/2026\/02\/1-15-768x201-12-184x140.jpg"},"resim2":{"file":"1-15-768x201-12-216x103.jpg","width":216,"height":103,"mime_type":"image\/jpeg","source_url":"https:\/\/kilosorunum.com\/habercim\/wp-content\/uploads\/2026\/02\/1-15-768x201-12-216x103.jpg"},"resim3":{"file":"1-15-768x201-12-145x70.jpg","width":145,"height":70,"mime_type":"image\/jpeg","source_url":"https:\/\/kilosorunum.com\/habercim\/wp-content\/uploads\/2026\/02\/1-15-768x201-12-145x70.jpg"},"sagSlider":{"file":"1-15-768x201-12-300x150.jpg","width":300,"height":150,"mime_type":"image\/jpeg","source_url":"https:\/\/kilosorunum.com\/habercim\/wp-content\/uploads\/2026\/02\/1-15-768x201-12-300x150.jpg"},"yeniSlider":{"file":"1-15-768x201-12-500x201.jpg","width":500,"height":201,"mime_type":"image\/jpeg","source_url":"https:\/\/kilosorunum.com\/habercim\/wp-content\/uploads\/2026\/02\/1-15-768x201-12-500x201.jpg"},"full":{"file":"1-15-768x201-12.jpg","width":768,"height":201,"mime_type":"image\/jpeg","source_url":"https:\/\/kilosorunum.com\/habercim\/wp-content\/uploads\/2026\/02\/1-15-768x201-12.jpg"}},"image_meta":{"aperture":"0","credit":"","camera":"","caption":"","created_timestamp":"0","copyright":"","focal_length":"0","iso":"0","shutter_speed":"0","title":"","orientation":"0","keywords":[]}},"post":43153,"source_url":"https:\/\/kilosorunum.com\/habercim\/wp-content\/uploads\/2026\/02\/1-15-768x201-12.jpg","_links":{"self":[{"href":"https:\/\/kilosorunum.com\/habercim\/wp-json\/wp\/v2\/media\/43155"}],"collection":[{"href":"https:\/\/kilosorunum.com\/habercim\/wp-json\/wp\/v2\/media"}],"about":[{"href":"https:\/\/kilosorunum.com\/habercim\/wp-json\/wp\/v2\/types\/attachment"}],"author":[{"embeddable":true,"href":"https:\/\/kilosorunum.com\/habercim\/wp-json\/wp\/v2\/users\/2"}],"replies":[{"embeddable":true,"href":"https:\/\/kilosorunum.com\/habercim\/wp-json\/wp\/v2\/comments?post=43155"}]}}