{"id":43221,"date":"2026-02-06T01:12:46","date_gmt":"2026-02-05T22:12:46","guid":{"rendered":"https:\/\/kilosorunum.com\/habercim\/wp-content\/uploads\/2026\/02\/1-15-768x201-21.jpg"},"modified":"2026-02-06T01:15:45","modified_gmt":"2026-02-05T22:15:45","slug":"1-15-768x201-1921","status":"inherit","type":"attachment","link":"https:\/\/kilosorunum.com\/habercim\/foto-galeri\/bu-illerde\/attachment\/1-15-768x201-1921\/","title":{"rendered":"Bu illerde"},"author":2,"comment_status":"open","ping_status":"closed","template":"","meta":[],"description":{"rendered":"<p class=\"attachment\"><a href='https:\/\/kilosorunum.com\/habercim\/wp-content\/uploads\/2026\/02\/1-15-768x201-21.jpg'><img width=\"300\" height=\"79\" src=\"https:\/\/kilosorunum.com\/habercim\/wp-content\/uploads\/2026\/02\/1-15-768x201-21-300x79.jpg\" class=\"attachment-medium size-medium\" alt=\"\" loading=\"lazy\" srcset=\"https:\/\/kilosorunum.com\/habercim\/wp-content\/uploads\/2026\/02\/1-15-768x201-21-300x79.jpg 300w, https:\/\/kilosorunum.com\/habercim\/wp-content\/uploads\/2026\/02\/1-15-768x201-21.jpg 768w\" sizes=\"(max-width: 300px) 100vw, 300px\" \/><\/a><\/p>\n"},"caption":{"rendered":"<p>Meteoroloji Genel M\u00fcd\u00fcrl\u00fc\u011f\u00fc olarak yap\u0131lan de\u011ferlendirmelere g\u00f6re \u00f6n\u00fcm\u00fczdeki 24 saat, \u00fclkemiz genelinin par\u00e7al\u0131 ve \u00e7ok bulutlu, Marmara, Ege, Akdeniz, \u0130\u00e7 Anadolu ve Bat\u0131 Karadeniz ile Orta Karadeniz&#8217;in i\u00e7, Do\u011fu ve G\u00fcneydo\u011fu Anadolu&#8217;nun bat\u0131 kesimlerinin ya\u011f\u0131\u015fl\u0131 ge\u00e7ece\u011fi, genellikle ya\u011fmur ve sa\u011fanak, Ege ve Akdeniz k\u0131y\u0131lar\u0131nda yer yer g\u00f6k g\u00fcr\u00fclt\u00fcl\u00fc sa\u011fanak, i\u00e7 kesimlerin y\u00fckseklerinde ise karla kar\u0131\u015f\u0131k ya\u011fmur ve yer yer kar \u015feklinde g\u00f6r\u00fclecek ya\u011f\u0131\u015flar\u0131n, Bat\u0131 Akdeniz ile Ege ve Marmara&#8217;n\u0131n bat\u0131 kesimlerinde yer yer kuvvetli olaca\u011f\u0131 tahmin ediliyor. Yurdun g\u00fcney kesimlerinde toz ta\u015f\u0131n\u0131m\u0131 bekleniyor. Do\u011fu Karadeniz\u2019in i\u00e7 kesimlerinin y\u00fcksekleri ile Do\u011fu Anadolu\u2019nun do\u011fusunda y\u00fcksek kar \u00f6rt\u00fcs\u00fcne sahip e\u011fimli kesimlerinde \u00e7\u0131\u011f tehlikesi bulunmaktad\u0131r.<br \/>\nYa\u011f\u0131\u015flar\u0131n, K\u0131y\u0131 Ege, Bat\u0131 Akdeniz ile Edirne, \u00c7anakkale, Bal\u0131kesir, Manisa ve Denizli \u00e7evrelerinde kuvvetli, K\u0131y\u0131 Ege ile \u00c7anakkale \u00e7evrelerinde yer yer \u00e7ok kuvvetli olmas\u0131 beklendi\u011finden (ani sel, su bask\u0131n\u0131, y\u0131ld\u0131r\u0131m, yerel dolu ya\u011f\u0131\u015f\u0131, k\u0131y\u0131larda hortum, kuvvetli r\u00fczgar ve f\u0131rt\u0131na ile ula\u015f\u0131mda aksamalar gibi) olumsuzluklara kar\u015f\u0131 dikkatli ve tedbirli olunmas\u0131 gerekmektedir.<br \/>\n\u0130zmir, Manisa, Ayd\u0131n, \u00c7anakkale, Bal\u0131kesir, Edirne ve Mu\u011fla i\u00e7in sar\u0131 kodlu g\u00f6k g\u00fcr\u00fclt\u00fcl\u00fc sa\u011fanak uyar\u0131s\u0131nda bulunuldu. Meteoroloji Genel M\u00fcd\u00fcrl\u00fc\u011f\u00fcnden yap\u0131lan a\u00e7\u0131klamaya g\u00f6re, \u00f6\u011fle saatlerinden itibaren \u0130zmir, Manisa, Ayd\u0131n ve \u00c7anakkale \u00e7evreleri ile Bal\u0131kesir&#8217;in bat\u0131, Edirne&#8217;nin g\u00fcney kesimlerinde kuvvetli, k\u0131y\u0131 il\u00e7elerde yer yer \u00e7ok kuvvetli sa\u011fanak ve g\u00f6k g\u00fcr\u00fclt\u00fcl\u00fc sa\u011fanak bekleniyor.<\/p>\n"},"alt_text":"","media_type":"image","mime_type":"image\/jpeg","media_details":{"width":768,"height":201,"file":"2026\/02\/1-15-768x201-21.jpg","sizes":{"medium":{"file":"1-15-768x201-21-300x79.jpg","width":300,"height":79,"mime_type":"image\/jpeg","source_url":"https:\/\/kilosorunum.com\/habercim\/wp-content\/uploads\/2026\/02\/1-15-768x201-21-300x79.jpg"},"thumbnail":{"file":"1-15-768x201-21-150x150.jpg","width":150,"height":150,"mime_type":"image\/jpeg","source_url":"https:\/\/kilosorunum.com\/habercim\/wp-content\/uploads\/2026\/02\/1-15-768x201-21-150x150.jpg"},"kucukResim":{"file":"1-15-768x201-21-80x50.jpg","width":80,"height":50,"mime_type":"image\/jpeg","source_url":"https:\/\/kilosorunum.com\/habercim\/wp-content\/uploads\/2026\/02\/1-15-768x201-21-80x50.jpg"},"sliderResim":{"file":"1-15-768x201-21-670x201.jpg","width":670,"height":201,"mime_type":"image\/jpeg","source_url":"https:\/\/kilosorunum.com\/habercim\/wp-content\/uploads\/2026\/02\/1-15-768x201-21-670x201.jpg"},"resim1":{"file":"1-15-768x201-21-184x140.jpg","width":184,"height":140,"mime_type":"image\/jpeg","source_url":"https:\/\/kilosorunum.com\/habercim\/wp-content\/uploads\/2026\/02\/1-15-768x201-21-184x140.jpg"},"resim2":{"file":"1-15-768x201-21-216x103.jpg","width":216,"height":103,"mime_type":"image\/jpeg","source_url":"https:\/\/kilosorunum.com\/habercim\/wp-content\/uploads\/2026\/02\/1-15-768x201-21-216x103.jpg"},"resim3":{"file":"1-15-768x201-21-145x70.jpg","width":145,"height":70,"mime_type":"image\/jpeg","source_url":"https:\/\/kilosorunum.com\/habercim\/wp-content\/uploads\/2026\/02\/1-15-768x201-21-145x70.jpg"},"sagSlider":{"file":"1-15-768x201-21-300x150.jpg","width":300,"height":150,"mime_type":"image\/jpeg","source_url":"https:\/\/kilosorunum.com\/habercim\/wp-content\/uploads\/2026\/02\/1-15-768x201-21-300x150.jpg"},"yeniSlider":{"file":"1-15-768x201-21-500x201.jpg","width":500,"height":201,"mime_type":"image\/jpeg","source_url":"https:\/\/kilosorunum.com\/habercim\/wp-content\/uploads\/2026\/02\/1-15-768x201-21-500x201.jpg"},"full":{"file":"1-15-768x201-21.jpg","width":768,"height":201,"mime_type":"image\/jpeg","source_url":"https:\/\/kilosorunum.com\/habercim\/wp-content\/uploads\/2026\/02\/1-15-768x201-21.jpg"}},"image_meta":{"aperture":"0","credit":"","camera":"","caption":"","created_timestamp":"0","copyright":"","focal_length":"0","iso":"0","shutter_speed":"0","title":"","orientation":"0","keywords":[]}},"post":43219,"source_url":"https:\/\/kilosorunum.com\/habercim\/wp-content\/uploads\/2026\/02\/1-15-768x201-21.jpg","_links":{"self":[{"href":"https:\/\/kilosorunum.com\/habercim\/wp-json\/wp\/v2\/media\/43221"}],"collection":[{"href":"https:\/\/kilosorunum.com\/habercim\/wp-json\/wp\/v2\/media"}],"about":[{"href":"https:\/\/kilosorunum.com\/habercim\/wp-json\/wp\/v2\/types\/attachment"}],"author":[{"embeddable":true,"href":"https:\/\/kilosorunum.com\/habercim\/wp-json\/wp\/v2\/users\/2"}],"replies":[{"embeddable":true,"href":"https:\/\/kilosorunum.com\/habercim\/wp-json\/wp\/v2\/comments?post=43221"}]}}