{"id":43315,"date":"2026-02-08T20:51:37","date_gmt":"2026-02-08T17:51:37","guid":{"rendered":"https:\/\/kilosorunum.com\/habercim\/wp-content\/uploads\/2026\/02\/1-86.jpg"},"modified":"2026-02-08T20:52:55","modified_gmt":"2026-02-08T17:52:55","slug":"1-5254","status":"inherit","type":"attachment","link":"https:\/\/kilosorunum.com\/habercim\/foto-galeri\/baskan-erdogan-acikliyor\/attachment\/1-5254\/","title":{"rendered":"Ba\u015fkan Erdo\u011fan A\u00e7\u0131kl\u0131yor"},"author":2,"comment_status":"open","ping_status":"closed","template":"","meta":[],"description":{"rendered":"<p class=\"attachment\"><a href='https:\/\/kilosorunum.com\/habercim\/wp-content\/uploads\/2026\/02\/1-86.jpg'><img width=\"300\" height=\"169\" src=\"https:\/\/kilosorunum.com\/habercim\/wp-content\/uploads\/2026\/02\/1-86-300x169.jpg\" class=\"attachment-medium size-medium\" alt=\"\" loading=\"lazy\" srcset=\"https:\/\/kilosorunum.com\/habercim\/wp-content\/uploads\/2026\/02\/1-86-300x169.jpg 300w, https:\/\/kilosorunum.com\/habercim\/wp-content\/uploads\/2026\/02\/1-86-1024x576.jpg 1024w, https:\/\/kilosorunum.com\/habercim\/wp-content\/uploads\/2026\/02\/1-86-768x432.jpg 768w, https:\/\/kilosorunum.com\/habercim\/wp-content\/uploads\/2026\/02\/1-86.jpg 1200w\" sizes=\"(max-width: 300px) 100vw, 300px\" \/><\/a><\/p>\n"},"caption":{"rendered":"<p>SSK ve Ba\u011f-Kur emeklileri, 2026 y\u0131l\u0131n\u0131n ilk yar\u0131s\u0131 i\u00e7in y\u00fczde 12,19 oran\u0131nda zam al\u0131rken, en d\u00fc\u015f\u00fck emekli ayl\u0131\u011f\u0131 yap\u0131lan yasal d\u00fczenlemeyle y\u00fczde 18,4 art\u0131\u015fla 20 bin liraya y\u00fckseltilmi\u015fti. Emekli maa\u015f zamlar\u0131n\u0131n ard\u0131ndan g\u00f6zler \u015fimdi Ramazan Bayram\u0131 \u00f6ncesinde \u00f6denecek bayram ikramiyelerine \u00e7evrildi. H\u00e2lihaz\u0131rda 4 bin lira olarak \u00f6denen emekli bayram ikramiyelerine art\u0131\u015f yap\u0131l\u0131p yap\u0131lmayaca\u011f\u0131 merak konusu olurken, Ankara kulislerinde farkl\u0131 oranlar konu\u015fulmaya ba\u015fland\u0131. Konuya ili\u015fkin de\u011ferlendirmelerde bulunan \u0130sa Karaka\u015f, TGRT Haber canl\u0131 yay\u0131n\u0131nda emekli ikramiyeleriyle ilgili beklentileri payla\u015ft\u0131. Karaka\u015f, hen\u00fcz netle\u015fmi\u015f bir \u00e7al\u0131\u015fman\u0131n olmad\u0131\u011f\u0131n\u0131 belirterek, s\u00fcrecin ekonomi y\u00f6netiminin alaca\u011f\u0131 kararlara ba\u011fl\u0131 oldu\u011funu ifade etti. Devlet b\u00fct\u00e7esinden yap\u0131lacak bir destek oldu\u011funa dikkat \u00e7eken Karaka\u015f, Ankara\u2019da y\u00fczde 25 ile y\u00fczde 50 aras\u0131nda art\u0131\u015f ihtimalinin konu\u015fuldu\u011funu s\u00f6yledi. Yakla\u015f\u0131k 17 milyon emekli ve hak sahibini ilgilendiren ikramiyelerde, y\u00fczde 25\u2019lik bir art\u0131\u015f yap\u0131lmas\u0131 halinde rakam\u0131n 5 bin liraya \u00e7\u0131kabilece\u011fini belirten Karaka\u015f, Cumhurba\u015fkan\u0131 Recep Tayyip Erdo\u011fan\u2019\u0131n inisiyatif kullanmas\u0131 durumunda bu tutar\u0131n 5 bin 500 liraya hatta 6 bin liraya kadar y\u00fckseltilebilece\u011fini dile getirdi. Bir di\u011fer senaryoya g\u00f6re ise Ramazan Bayram\u0131\u2019nda 5 bin, Kurban Bayram\u0131\u2019nda ise 6 bin lira ikramiye \u00f6denmesi ihtimali bulunuyor. \u201c1 maa\u015f tutar\u0131nda ikramiye\u201d iddialar\u0131n\u0131n ger\u00e7e\u011fi yans\u0131tmad\u0131\u011f\u0131n\u0131 vurgulayan Karaka\u015f, beklentinin 5 bin ile 6 bin lira aral\u0131\u011f\u0131nda \u015fekillendi\u011fini ifade etti. Karaka\u015f, kamuoyunda ger\u00e7ek\u00e7i olmayan beklentiler olu\u015fturulmamas\u0131 gerekti\u011finin de alt\u0131n\u0131 \u00e7izdi.<\/p>\n<p>Kaynak : haberzamani.com<\/p>\n"},"alt_text":"","media_type":"image","mime_type":"image\/jpeg","media_details":{"width":1200,"height":675,"file":"2026\/02\/1-86.jpg","sizes":{"medium":{"file":"1-86-300x169.jpg","width":300,"height":169,"mime_type":"image\/jpeg","source_url":"https:\/\/kilosorunum.com\/habercim\/wp-content\/uploads\/2026\/02\/1-86-300x169.jpg"},"large":{"file":"1-86-1024x576.jpg","width":1024,"height":576,"mime_type":"image\/jpeg","source_url":"https:\/\/kilosorunum.com\/habercim\/wp-content\/uploads\/2026\/02\/1-86-1024x576.jpg"},"thumbnail":{"file":"1-86-150x150.jpg","width":150,"height":150,"mime_type":"image\/jpeg","source_url":"https:\/\/kilosorunum.com\/habercim\/wp-content\/uploads\/2026\/02\/1-86-150x150.jpg"},"medium_large":{"file":"1-86-768x432.jpg","width":768,"height":432,"mime_type":"image\/jpeg","source_url":"https:\/\/kilosorunum.com\/habercim\/wp-content\/uploads\/2026\/02\/1-86-768x432.jpg"},"kucukResim":{"file":"1-86-80x50.jpg","width":80,"height":50,"mime_type":"image\/jpeg","source_url":"https:\/\/kilosorunum.com\/habercim\/wp-content\/uploads\/2026\/02\/1-86-80x50.jpg"},"sliderResim":{"file":"1-86-670x330.jpg","width":670,"height":330,"mime_type":"image\/jpeg","source_url":"https:\/\/kilosorunum.com\/habercim\/wp-content\/uploads\/2026\/02\/1-86-670x330.jpg"},"resim1":{"file":"1-86-184x140.jpg","width":184,"height":140,"mime_type":"image\/jpeg","source_url":"https:\/\/kilosorunum.com\/habercim\/wp-content\/uploads\/2026\/02\/1-86-184x140.jpg"},"resim2":{"file":"1-86-216x103.jpg","width":216,"height":103,"mime_type":"image\/jpeg","source_url":"https:\/\/kilosorunum.com\/habercim\/wp-content\/uploads\/2026\/02\/1-86-216x103.jpg"},"resim3":{"file":"1-86-145x70.jpg","width":145,"height":70,"mime_type":"image\/jpeg","source_url":"https:\/\/kilosorunum.com\/habercim\/wp-content\/uploads\/2026\/02\/1-86-145x70.jpg"},"sagSlider":{"file":"1-86-300x150.jpg","width":300,"height":150,"mime_type":"image\/jpeg","source_url":"https:\/\/kilosorunum.com\/habercim\/wp-content\/uploads\/2026\/02\/1-86-300x150.jpg"},"yeniSlider":{"file":"1-86-500x290.jpg","width":500,"height":290,"mime_type":"image\/jpeg","source_url":"https:\/\/kilosorunum.com\/habercim\/wp-content\/uploads\/2026\/02\/1-86-500x290.jpg"},"full":{"file":"1-86.jpg","width":1200,"height":675,"mime_type":"image\/jpeg","source_url":"https:\/\/kilosorunum.com\/habercim\/wp-content\/uploads\/2026\/02\/1-86.jpg"}},"image_meta":{"aperture":"0","credit":"","camera":"","caption":"","created_timestamp":"0","copyright":"","focal_length":"0","iso":"0","shutter_speed":"0","title":"","orientation":"0","keywords":[]}},"post":43313,"source_url":"https:\/\/kilosorunum.com\/habercim\/wp-content\/uploads\/2026\/02\/1-86.jpg","_links":{"self":[{"href":"https:\/\/kilosorunum.com\/habercim\/wp-json\/wp\/v2\/media\/43315"}],"collection":[{"href":"https:\/\/kilosorunum.com\/habercim\/wp-json\/wp\/v2\/media"}],"about":[{"href":"https:\/\/kilosorunum.com\/habercim\/wp-json\/wp\/v2\/types\/attachment"}],"author":[{"embeddable":true,"href":"https:\/\/kilosorunum.com\/habercim\/wp-json\/wp\/v2\/users\/2"}],"replies":[{"embeddable":true,"href":"https:\/\/kilosorunum.com\/habercim\/wp-json\/wp\/v2\/comments?post=43315"}]}}