{"id":43355,"date":"2026-02-09T19:41:59","date_gmt":"2026-02-09T16:41:59","guid":{"rendered":"https:\/\/kilosorunum.com\/habercim\/wp-content\/uploads\/2026\/02\/1-101.jpg"},"modified":"2026-02-09T19:43:37","modified_gmt":"2026-02-09T16:43:37","slug":"1-5269","status":"inherit","type":"attachment","link":"https:\/\/kilosorunum.com\/habercim\/foto-galeri\/yarin-sabah\/attachment\/1-5269\/","title":{"rendered":"Yar\u0131n Sabah"},"author":2,"comment_status":"open","ping_status":"closed","template":"","meta":[],"description":{"rendered":"<p class=\"attachment\"><a href='https:\/\/kilosorunum.com\/habercim\/wp-content\/uploads\/2026\/02\/1-101.jpg'><img width=\"300\" height=\"169\" src=\"https:\/\/kilosorunum.com\/habercim\/wp-content\/uploads\/2026\/02\/1-101-300x169.jpg\" class=\"attachment-medium size-medium\" alt=\"\" loading=\"lazy\" srcset=\"https:\/\/kilosorunum.com\/habercim\/wp-content\/uploads\/2026\/02\/1-101-300x169.jpg 300w, https:\/\/kilosorunum.com\/habercim\/wp-content\/uploads\/2026\/02\/1-101-1024x576.jpg 1024w, https:\/\/kilosorunum.com\/habercim\/wp-content\/uploads\/2026\/02\/1-101-768x432.jpg 768w, https:\/\/kilosorunum.com\/habercim\/wp-content\/uploads\/2026\/02\/1-101.jpg 1200w\" sizes=\"(max-width: 300px) 100vw, 300px\" \/><\/a><\/p>\n"},"caption":{"rendered":"<p>Ya\u011f\u0131\u015flar\u0131n \u00e7o\u011funlukla ya\u011fmur ve sa\u011fanak \u015feklinde olmas\u0131 beklenirken, Do\u011fu Anadolu\u2019nun kuzey ve do\u011fusu, \u0130\u00e7 Anadolu\u2019nun do\u011fusunun y\u00fcksek kesimleri ile Do\u011fu Karadeniz\u2019in y\u00fckseklerinde karla kar\u0131\u015f\u0131k ya\u011fmur ve kar etkili olacak.<br \/>\nDo\u011fu Karadeniz, G\u00fcneydo\u011fu Anadolu\u2019nun do\u011fusu ve Do\u011fu Anadolu\u2019nun g\u00fcneydo\u011fusunda ya\u011f\u0131\u015flar\u0131n yer yer kuvvetli olaca\u011f\u0131 tahmin ediliyor. Uzmanlar, \u00f6zellikle bu b\u00f6lgelerde ya\u015fanabilecek olumsuzluklara kar\u015f\u0131 vatanda\u015flar\u0131n dikkatli olmas\u0131 gerekti\u011fini belirtiyor. Sabah ve gece saatlerinde do\u011fu b\u00f6lgelerde buzlanma ve don olay\u0131 bekleniyor. Do\u011fu Karadeniz\u2019in i\u00e7 kesimlerinin y\u00fcksekleri ile Do\u011fu Anadolu\u2019nun do\u011fusunda, y\u00fcksek kar \u00f6rt\u00fcs\u00fcne sahip e\u011fimli alanlarda ise \u00e7\u0131\u011f riski bulunuyor. Meteoroloji verilerine g\u00f6re hava s\u0131cakl\u0131klar\u0131 yurt genelinde mevsim normallerinin \u00fczerinde seyretmeye devam edecek.<br \/>\nMeteoroloji verilerine g\u00f6re hava s\u0131cakl\u0131klar\u0131 yurt genelinde mevsim normallerinin \u00fczerinde seyretmeye devam edecek. R\u00fczgar\u0131n genellikle g\u00fcney ve bat\u0131 y\u00f6nlerden, Marmara ve Bat\u0131 Karadeniz\u2019de ise kuzey y\u00f6nlerden hafif ve zaman zaman orta kuvvette esmesi bekleniyor. Kuvvetli ya\u011f\u0131\u015f beklenen b\u00f6lgelerde sel, su bask\u0131n\u0131, heyelan ve kar ya\u011f\u0131\u015f\u0131na ba\u011fl\u0131 ula\u015f\u0131mda aksamalar gibi risklere kar\u015f\u0131 yetkililer uyar\u0131da bulundu. \u00d6zellikle \u00e7\u0131\u011f tehlikesi bulunan y\u00fcksek ve e\u011fimli alanlarda tedbirli olunmas\u0131 istendi.<\/p>\n<p>Kaynak : cnnturk.com<\/p>\n"},"alt_text":"","media_type":"image","mime_type":"image\/jpeg","media_details":{"width":1200,"height":675,"file":"2026\/02\/1-101.jpg","sizes":{"medium":{"file":"1-101-300x169.jpg","width":300,"height":169,"mime_type":"image\/jpeg","source_url":"https:\/\/kilosorunum.com\/habercim\/wp-content\/uploads\/2026\/02\/1-101-300x169.jpg"},"large":{"file":"1-101-1024x576.jpg","width":1024,"height":576,"mime_type":"image\/jpeg","source_url":"https:\/\/kilosorunum.com\/habercim\/wp-content\/uploads\/2026\/02\/1-101-1024x576.jpg"},"thumbnail":{"file":"1-101-150x150.jpg","width":150,"height":150,"mime_type":"image\/jpeg","source_url":"https:\/\/kilosorunum.com\/habercim\/wp-content\/uploads\/2026\/02\/1-101-150x150.jpg"},"medium_large":{"file":"1-101-768x432.jpg","width":768,"height":432,"mime_type":"image\/jpeg","source_url":"https:\/\/kilosorunum.com\/habercim\/wp-content\/uploads\/2026\/02\/1-101-768x432.jpg"},"kucukResim":{"file":"1-101-80x50.jpg","width":80,"height":50,"mime_type":"image\/jpeg","source_url":"https:\/\/kilosorunum.com\/habercim\/wp-content\/uploads\/2026\/02\/1-101-80x50.jpg"},"sliderResim":{"file":"1-101-670x330.jpg","width":670,"height":330,"mime_type":"image\/jpeg","source_url":"https:\/\/kilosorunum.com\/habercim\/wp-content\/uploads\/2026\/02\/1-101-670x330.jpg"},"resim1":{"file":"1-101-184x140.jpg","width":184,"height":140,"mime_type":"image\/jpeg","source_url":"https:\/\/kilosorunum.com\/habercim\/wp-content\/uploads\/2026\/02\/1-101-184x140.jpg"},"resim2":{"file":"1-101-216x103.jpg","width":216,"height":103,"mime_type":"image\/jpeg","source_url":"https:\/\/kilosorunum.com\/habercim\/wp-content\/uploads\/2026\/02\/1-101-216x103.jpg"},"resim3":{"file":"1-101-145x70.jpg","width":145,"height":70,"mime_type":"image\/jpeg","source_url":"https:\/\/kilosorunum.com\/habercim\/wp-content\/uploads\/2026\/02\/1-101-145x70.jpg"},"sagSlider":{"file":"1-101-300x150.jpg","width":300,"height":150,"mime_type":"image\/jpeg","source_url":"https:\/\/kilosorunum.com\/habercim\/wp-content\/uploads\/2026\/02\/1-101-300x150.jpg"},"yeniSlider":{"file":"1-101-500x290.jpg","width":500,"height":290,"mime_type":"image\/jpeg","source_url":"https:\/\/kilosorunum.com\/habercim\/wp-content\/uploads\/2026\/02\/1-101-500x290.jpg"},"full":{"file":"1-101.jpg","width":1200,"height":675,"mime_type":"image\/jpeg","source_url":"https:\/\/kilosorunum.com\/habercim\/wp-content\/uploads\/2026\/02\/1-101.jpg"}},"image_meta":{"aperture":"0","credit":"","camera":"","caption":"","created_timestamp":"0","copyright":"","focal_length":"0","iso":"0","shutter_speed":"0","title":"","orientation":"0","keywords":[]}},"post":43353,"source_url":"https:\/\/kilosorunum.com\/habercim\/wp-content\/uploads\/2026\/02\/1-101.jpg","_links":{"self":[{"href":"https:\/\/kilosorunum.com\/habercim\/wp-json\/wp\/v2\/media\/43355"}],"collection":[{"href":"https:\/\/kilosorunum.com\/habercim\/wp-json\/wp\/v2\/media"}],"about":[{"href":"https:\/\/kilosorunum.com\/habercim\/wp-json\/wp\/v2\/types\/attachment"}],"author":[{"embeddable":true,"href":"https:\/\/kilosorunum.com\/habercim\/wp-json\/wp\/v2\/users\/2"}],"replies":[{"embeddable":true,"href":"https:\/\/kilosorunum.com\/habercim\/wp-json\/wp\/v2\/comments?post=43355"}]}}