{"id":43386,"date":"2026-02-10T16:51:55","date_gmt":"2026-02-10T13:51:55","guid":{"rendered":"https:\/\/kilosorunum.com\/habercim\/wp-content\/uploads\/2026\/02\/1-113.jpg"},"modified":"2026-02-10T16:53:23","modified_gmt":"2026-02-10T13:53:23","slug":"1-5281","status":"inherit","type":"attachment","link":"https:\/\/kilosorunum.com\/habercim\/foto-galeri\/azerbaycan-lideri-ilham-aliyev\/attachment\/1-5281\/","title":{"rendered":"Azerbaycan lideri \u0130lham Aliyev"},"author":2,"comment_status":"open","ping_status":"closed","template":"","meta":[],"description":{"rendered":"<p class=\"attachment\"><a href='https:\/\/kilosorunum.com\/habercim\/wp-content\/uploads\/2026\/02\/1-113.jpg'><img width=\"300\" height=\"169\" src=\"https:\/\/kilosorunum.com\/habercim\/wp-content\/uploads\/2026\/02\/1-113-300x169.jpg\" class=\"attachment-medium size-medium\" alt=\"\" loading=\"lazy\" srcset=\"https:\/\/kilosorunum.com\/habercim\/wp-content\/uploads\/2026\/02\/1-113-300x169.jpg 300w, https:\/\/kilosorunum.com\/habercim\/wp-content\/uploads\/2026\/02\/1-113-1024x576.jpg 1024w, https:\/\/kilosorunum.com\/habercim\/wp-content\/uploads\/2026\/02\/1-113-768x432.jpg 768w, https:\/\/kilosorunum.com\/habercim\/wp-content\/uploads\/2026\/02\/1-113.jpg 1200w\" sizes=\"(max-width: 300px) 100vw, 300px\" \/><\/a><\/p>\n"},"caption":{"rendered":"<p>M\u00fcttefikimiz T\u00fcrkiye ile dostumuz \u0130srail\u2019in anla\u015fmazl\u0131klar\u0131ndan rahats\u0131z\u0131z; arabuluculuk i\u00e7in elimizden geleni yap\u0131yoruz! Azerbaycan Cumhurba\u015fkan\u0131 \u0130lham Aliyev, T\u00fcrkiye ve \u0130srail ili\u015fkileri ile ilgili konu\u015furken, T\u00fcrkiye&#8217;yi karde\u015f ve m\u00fcttefik \u00fclke olarak, \u0130srail&#8217;i de dost \u00fclke olarak nitelendirdi. Aliyev, &#8220;Bu iki \u00fclke aras\u0131ndaki anla\u015fmazl\u0131klardan rahats\u0131z\u0131z. Azerbaycan, T\u00fcrkiye ile \u0130srail aras\u0131nda ilk uzla\u015fmaya arabuluculuk yapt\u0131. \u0130lk kriz d\u00f6neminde iki \u00fclkenin tutumlar\u0131n\u0131n birbirine yak\u0131nla\u015ft\u0131r\u0131lmas\u0131nda aktif rol oynad\u0131k. Bunlar kapal\u0131 kap\u0131lar arkas\u0131nda yap\u0131l\u0131yordu ve bunu duyurmad\u0131k&#8221; dedi.<\/p>\n<p>Hakan Fidan: Suriye\u2019de \u0130srail dahil ba\u015fka bir \u00fclke ile \u00e7at\u0131\u015fmaya girme niyetimiz yok ama i\u00e7 kar\u0131\u015f\u0131kl\u0131k, provokasyon olursa izlemeyiz<\/p>\n<p>Aliyev, Bak\u00fc&#8217;deki ADA \u00dcniversitesi&#8217;nde d\u00fczenlenen ve 44 \u00fclkeden 80&#8217;den fazla uzman\u0131n kat\u0131ld\u0131\u011f\u0131 &#8220;Yeni D\u00fcnya D\u00fczenine Do\u011fru&#8221; ba\u015fl\u0131kl\u0131 uluslararas\u0131 forumda konu\u015fma yapt\u0131 ve kat\u0131l\u0131mc\u0131lar\u0131n sorular\u0131n\u0131 yan\u0131tlad\u0131. Aliyev, T\u00fcrkiye ile \u0130srail ili\u015fkileri hususundaki soruyu yan\u0131tlayarak, her iki \u00fclkenin Azerbaycan&#8217;\u0131n yak\u0131n dostu oldu\u011funu s\u00f6yledi.<\/p>\n<p>T\u00fcrkiye ile Azerbaycan&#8217;\u0131n 2021&#8217;de \u015eu\u015fa Beyannamesi&#8217;ni imzalayarak ili\u015fkilerini resmen m\u00fcttefiklik d\u00fczeyine \u00e7\u0131kard\u0131\u011f\u0131n\u0131 hat\u0131rlatan Aliyev, \u015f\u00f6yle devam etti:<\/p>\n<p>&#8220;\u0130srail de Azerbaycan i\u00e7in dost \u00fclkedir ve bu dostluk uzun y\u0131llar boyunca \u00e7e\u015fitli zor durumlarda kendini g\u00f6stermi\u015ftir. Dolay\u0131s\u0131yla bu iki \u00fclke aras\u0131ndaki anla\u015fmazl\u0131klardan rahats\u0131z\u0131z. Azerbaycan, T\u00fcrkiye ile \u0130srail aras\u0131nda ilk uzla\u015fmaya arabuluculuk yapt\u0131. \u0130lk kriz d\u00f6neminde iki \u00fclkenin tutumlar\u0131n\u0131n birbirine yak\u0131nla\u015ft\u0131r\u0131lmas\u0131nda aktif rol oynad\u0131k. Bunlar kapal\u0131 kap\u0131lar arkas\u0131nda yap\u0131l\u0131yordu ve bunu duyurmad\u0131k. O zaman karde\u015fimiz ve m\u00fcttefikimiz T\u00fcrkiye ile dost \u00fclkemiz \u0130srail aras\u0131ndaki ili\u015fkiler yeniden kurulmal\u0131yd\u0131&#8221;<\/p>\n<p>Aliyev, \u015fimdi yeni dejavu ile kar\u015f\u0131 kar\u015f\u0131ya olduklar\u0131n\u0131 s\u00f6yleyerek, s\u00f6zlerini \u015f\u00f6yle tamamlad\u0131:<\/p>\n<p>&#8220;Yard\u0131mc\u0131 olmam\u0131z i\u00e7in elimizden geleni yapaca\u011f\u0131z. \u015eimdiki a\u015famada bundan fazlas\u0131n\u0131 s\u00f6ylemem do\u011fru olmaz. T\u00fcrkiye ile \u0130srail aras\u0131ndaki ilk arabuluculu\u011fumuzda a\u00e7\u0131klama yapmad\u0131k. Bug\u00fcn de benzer s\u00fcre\u00e7ler devam ediyor. S\u00fcrecin normalle\u015fmesini \u00fcmit ediyoruz. (T\u00fcrkiye ile \u0130srail) \u0130li\u015fkilerinin k\u00f6t\u00fc olmas\u0131 sadece kendileri i\u00e7in de\u011fil, bizim i\u00e7in de d\u00fcnya i\u00e7in de k\u00f6t\u00fcd\u00fcr. Bu s\u00fcre\u00e7 (T\u00fcrkiye-\u0130srail ili\u015fkilerinin normalle\u015fmesi) durmamal\u0131d\u0131r ve Azerbaycan, burada arabuluculuk yapmak i\u00e7in elinden geleni yap\u0131yor&#8221; Ermenistan&#8217;la y\u00fcr\u00fct\u00fclen bar\u0131\u015f s\u00fcrecine de\u011finen Aliyev, Ermenistan&#8217;\u0131n bug\u00fcne kadar y\u00fcr\u00fctt\u00fc\u011f\u00fc politikalar\u0131n G\u00fcney Kafkasya&#8217;n\u0131n geli\u015fimine engel olu\u015fturdu\u011funu ifade etti.<\/p>\n<p>Aliyev, G\u00fcrcistan ile Azerbaycan&#8217;\u0131n enerji, ula\u015f\u0131m, yat\u0131r\u0131m ve di\u011fer alanlarda her iki \u00fclkeye avantajlar sa\u011flayan i\u015fbirli\u011fi geli\u015ftirdi\u011fini, Ermenistan&#8217;\u0131n ise i\u015fgal ve sald\u0131r\u0131lar sonucu kendisini t\u00fcm bunlardan mahrum b\u0131rakt\u0131\u011f\u0131n\u0131 ve transit \u00fclkeye d\u00f6n\u00fc\u015femedi\u011fini kaydetti.<\/p>\n<p>Rusya ile Ukrayna aras\u0131nda devam eden sava\u015fa da i\u015faret eden Aliyev, Ukrayna&#8217;n\u0131n toprak b\u00fct\u00fcnl\u00fc\u011f\u00fcn\u00fc ve egemenli\u011fini desteklediklerini ve destekleyeceklerini bildirdi.<\/p>\n<p>Aliyev, Azerbaycan&#8217;\u0131n da bir zamanlar i\u015fgal ma\u011fduru oldu\u011funu ve durumu tam anlad\u0131klar\u0131n\u0131 s\u00f6yleyerek, \u015f\u00f6yle konu\u015ftu:<\/p>\n<p>&#8220;Kime sorsan\u0131z, &#8216;sava\u015f bitsin&#8217; der. Fakat as\u0131l soru, &#8216;bu nas\u0131l olmal\u0131d\u0131r&#8217; \u015feklinde olmal\u0131d\u0131r. Ate\u015fkesler hi\u00e7bir zaman sava\u015flar\u0131 bitirmiyor. Bu ge\u00e7ici bir \u015feydir. Ukrayna, uluslararas\u0131 tan\u0131nm\u0131\u015f topraklar\u0131n\u0131 bar\u0131\u015f anla\u015fmas\u0131 sayesinde kaybedecekse bu ger\u00e7ek\u00e7i olmaz. &#8216;Sava\u015f\u0131 bitirelim&#8217; demek kula\u011fa ho\u015f geliyor. Fakat sonra ne olacak, bunu iyi d\u00fc\u015f\u00fcnmek gerekiyor. Rusya ile Ukrayna aras\u0131nda yak\u0131n gelecekte bar\u0131\u015f sa\u011flanmas\u0131 ger\u00e7ek\u00e7i g\u00f6z\u00fckm\u00fcyor. Rusya i\u015fgal etti\u011fi topraklar\u0131 ilhak etti. Onlar bundan nas\u0131l vazge\u00e7ecek? Ukrayna, d\u00fcnya taraf\u0131ndan tan\u0131nm\u0131\u015f topraklar\u0131ndan nas\u0131l vazge\u00e7ecek? Maalesef, sava\u015flar taraflardan birinin kapit\u00fclasyon imzalad\u0131\u011f\u0131nda bitiyor&#8221;<\/p>\n<p>\u00dclkesinin ABD ile ili\u015fkilerine de\u011finen Aliyev, eski ABD Ba\u015fkan\u0131 Joe Biden y\u00f6netiminin a\u00e7\u0131k \u015fekilde Ermenistan&#8217;dan yana tav\u0131r ald\u0131\u011f\u0131n\u0131, bu d\u00f6nemde iki \u00fclke ili\u015fkilerinin kriz ili\u015fkileri olarak nitelendirilebilece\u011fini s\u00f6yledi.<\/p>\n<p>TDT&#8217;nin \u00f6nemli k\u00fcresel akt\u00f6re d\u00f6n\u00fc\u015fmesi i\u00e7in \u00e7al\u0131\u015fmal\u0131y\u0131z<br \/>\nAzerbaycan&#8217;\u0131n T\u00fcrk devletleriyle ili\u015fkilerinden de bahseden Aliyev, \u015funlar\u0131 aktard\u0131:<\/p>\n<p>&#8220;T\u00fcrk Devletleri Te\u015fkilat\u0131 (TDT) kapsam\u0131ndaki i\u015fbirli\u011fi, \u00fclkemizin d\u0131\u015f politikas\u0131n\u0131n ba\u015fl\u0131ca \u00f6nceli\u011fidir. Bizi tarih, etnik k\u00f6kler, dillerimizin, k\u00fclt\u00fcrlerimizin benzerli\u011fi birle\u015ftiriyor. TDT&#8217;nin daha g\u00fc\u00e7l\u00fc olmas\u0131n\u0131 ve sonu\u00e7 odakl\u0131 faaliyet g\u00f6stermesini arzu ediyoruz. Azerbaycan bunun i\u00e7in her zaman elinden geleni yapm\u0131\u015ft\u0131r. TDT&#8217;nin \u00f6nemli k\u00fcresel akt\u00f6re d\u00f6n\u00fc\u015fmesi i\u00e7in \u00e7al\u0131\u015fmal\u0131y\u0131z. Bunun i\u00e7in b\u00fcy\u00fck potansiyel mevcuttur. Sesimizin daha g\u00fc\u00e7l\u00fc \u00e7\u0131kmas\u0131n\u0131 ve (TDT\u2019nin) daha aktif olmas\u0131n\u0131 istiyoruz&#8221;<\/p>\n<p>Aliyev, TDT \u00fclkelerinin askeri potansiyeline de dikkati \u00e7ekerek, &#8220;T\u00fcrk ordusu, Avrupa&#8217;n\u0131n en g\u00fc\u00e7l\u00fc ordusudur. Azerbaycan ordusu da kendi yeteneklerini ortaya koydu. Biz, k\u00fcresel merkeze d\u00f6n\u00fc\u015fmeliyiz. Baz\u0131 \u00f6rg\u00fctlerde i\u00e7 \u00e7eki\u015fmeler ve g\u00fcvensizlik var. Avrupa Birli\u011fi (AB) ve NATO&#8217;yu buna \u00f6rnek g\u00f6sterebiliriz. (TDT) Biz en az\u0131ndan Avrasya&#8217;da kabul edilen kararlarda s\u00f6z sahibi olmal\u0131y\u0131z&#8221; ifadelerini kulland\u0131.<\/p>\n<p>AB&#8217;nin G\u00fcrcistan&#8217;a bask\u0131 yapt\u0131\u011f\u0131n\u0131 dile getiren Aliyev, &#8220;G\u00fcrcistan&#8217;\u0131n i\u00e7 i\u015fleri G\u00fcrcistanl\u0131lar\u0131n konusudur, Br\u00fcksel&#8217;de oturan AB diplomatlar\u0131n\u0131n de\u011fil&#8221; dedi.<\/p>\n<p>Aliyev, G\u00fcney Kafkasya&#8217;daki sorunlar\u0131n b\u00f6lge \u00fclkeleri taraf\u0131ndan \u00e7\u00f6z\u00fclmesi gerekti\u011fini vurgulayarak, hi\u00e7bir arabulucuya gerek duymad\u0131klar\u0131n\u0131 kaydetti.<\/p>\n<p>Azerbaycan&#8217;\u0131n \u0130ran&#8217;la ili\u015fkilerinden bahseden Aliyev, &#8220;Cumhurba\u015fkan\u0131 Mesud Peze\u015fkiyan bu ay Azerbaycan&#8217;\u0131 ziyaret edecek. Bu, ikili ili\u015fkiler a\u00e7\u0131s\u0131ndan \u00f6nemli ziyaret olacak. T\u00fcm kom\u015fular\u0131m\u0131zla, ayn\u0131 zamanda \u0130ran&#8217;la iyi ili\u015fkiler i\u00e7erisinde bulunmak istiyoruz&#8221; diye konu\u015ftu. (AA)<\/p>\n<p>Kaynak : t24.com.tr<\/p>\n"},"alt_text":"","media_type":"image","mime_type":"image\/jpeg","media_details":{"width":1200,"height":675,"file":"2026\/02\/1-113.jpg","sizes":{"medium":{"file":"1-113-300x169.jpg","width":300,"height":169,"mime_type":"image\/jpeg","source_url":"https:\/\/kilosorunum.com\/habercim\/wp-content\/uploads\/2026\/02\/1-113-300x169.jpg"},"large":{"file":"1-113-1024x576.jpg","width":1024,"height":576,"mime_type":"image\/jpeg","source_url":"https:\/\/kilosorunum.com\/habercim\/wp-content\/uploads\/2026\/02\/1-113-1024x576.jpg"},"thumbnail":{"file":"1-113-150x150.jpg","width":150,"height":150,"mime_type":"image\/jpeg","source_url":"https:\/\/kilosorunum.com\/habercim\/wp-content\/uploads\/2026\/02\/1-113-150x150.jpg"},"medium_large":{"file":"1-113-768x432.jpg","width":768,"height":432,"mime_type":"image\/jpeg","source_url":"https:\/\/kilosorunum.com\/habercim\/wp-content\/uploads\/2026\/02\/1-113-768x432.jpg"},"kucukResim":{"file":"1-113-80x50.jpg","width":80,"height":50,"mime_type":"image\/jpeg","source_url":"https:\/\/kilosorunum.com\/habercim\/wp-content\/uploads\/2026\/02\/1-113-80x50.jpg"},"sliderResim":{"file":"1-113-670x330.jpg","width":670,"height":330,"mime_type":"image\/jpeg","source_url":"https:\/\/kilosorunum.com\/habercim\/wp-content\/uploads\/2026\/02\/1-113-670x330.jpg"},"resim1":{"file":"1-113-184x140.jpg","width":184,"height":140,"mime_type":"image\/jpeg","source_url":"https:\/\/kilosorunum.com\/habercim\/wp-content\/uploads\/2026\/02\/1-113-184x140.jpg"},"resim2":{"file":"1-113-216x103.jpg","width":216,"height":103,"mime_type":"image\/jpeg","source_url":"https:\/\/kilosorunum.com\/habercim\/wp-content\/uploads\/2026\/02\/1-113-216x103.jpg"},"resim3":{"file":"1-113-145x70.jpg","width":145,"height":70,"mime_type":"image\/jpeg","source_url":"https:\/\/kilosorunum.com\/habercim\/wp-content\/uploads\/2026\/02\/1-113-145x70.jpg"},"sagSlider":{"file":"1-113-300x150.jpg","width":300,"height":150,"mime_type":"image\/jpeg","source_url":"https:\/\/kilosorunum.com\/habercim\/wp-content\/uploads\/2026\/02\/1-113-300x150.jpg"},"yeniSlider":{"file":"1-113-500x290.jpg","width":500,"height":290,"mime_type":"image\/jpeg","source_url":"https:\/\/kilosorunum.com\/habercim\/wp-content\/uploads\/2026\/02\/1-113-500x290.jpg"},"full":{"file":"1-113.jpg","width":1200,"height":675,"mime_type":"image\/jpeg","source_url":"https:\/\/kilosorunum.com\/habercim\/wp-content\/uploads\/2026\/02\/1-113.jpg"}},"image_meta":{"aperture":"0","credit":"","camera":"","caption":"","created_timestamp":"0","copyright":"","focal_length":"0","iso":"0","shutter_speed":"0","title":"","orientation":"0","keywords":[]}},"post":43384,"source_url":"https:\/\/kilosorunum.com\/habercim\/wp-content\/uploads\/2026\/02\/1-113.jpg","_links":{"self":[{"href":"https:\/\/kilosorunum.com\/habercim\/wp-json\/wp\/v2\/media\/43386"}],"collection":[{"href":"https:\/\/kilosorunum.com\/habercim\/wp-json\/wp\/v2\/media"}],"about":[{"href":"https:\/\/kilosorunum.com\/habercim\/wp-json\/wp\/v2\/types\/attachment"}],"author":[{"embeddable":true,"href":"https:\/\/kilosorunum.com\/habercim\/wp-json\/wp\/v2\/users\/2"}],"replies":[{"embeddable":true,"href":"https:\/\/kilosorunum.com\/habercim\/wp-json\/wp\/v2\/comments?post=43386"}]}}