{"id":43508,"date":"2026-02-13T20:56:01","date_gmt":"2026-02-13T17:56:01","guid":{"rendered":"https:\/\/kilosorunum.com\/habercim\/wp-content\/uploads\/2026\/02\/1-152.jpg"},"modified":"2026-02-13T20:57:06","modified_gmt":"2026-02-13T17:57:06","slug":"1-5320","status":"inherit","type":"attachment","link":"https:\/\/kilosorunum.com\/habercim\/foto-galeri\/yeniden-karar-aciklandi\/attachment\/1-5320\/","title":{"rendered":"Yeniden karar a\u00e7\u0131kland\u0131"},"author":2,"comment_status":"open","ping_status":"closed","template":"","meta":[],"description":{"rendered":"<p class=\"attachment\"><a href='https:\/\/kilosorunum.com\/habercim\/wp-content\/uploads\/2026\/02\/1-152.jpg'><img width=\"300\" height=\"169\" src=\"https:\/\/kilosorunum.com\/habercim\/wp-content\/uploads\/2026\/02\/1-152-300x169.jpg\" class=\"attachment-medium size-medium\" alt=\"\" loading=\"lazy\" srcset=\"https:\/\/kilosorunum.com\/habercim\/wp-content\/uploads\/2026\/02\/1-152-300x169.jpg 300w, https:\/\/kilosorunum.com\/habercim\/wp-content\/uploads\/2026\/02\/1-152-1024x576.jpg 1024w, https:\/\/kilosorunum.com\/habercim\/wp-content\/uploads\/2026\/02\/1-152-768x432.jpg 768w, https:\/\/kilosorunum.com\/habercim\/wp-content\/uploads\/2026\/02\/1-152.jpg 1200w\" sizes=\"(max-width: 300px) 100vw, 300px\" \/><\/a><\/p>\n"},"caption":{"rendered":"<p>Ramazan Bayram\u0131\u2019na k\u0131sa bir zaman kala emekliler, bayram ikramiyelerine odakland\u0131. SSK, Ba\u011f-Kur emeklilerine gelen zam oran\u0131 12,48 olurken memur emeklileri ise 18.6 oran\u0131nda zam ald\u0131. En d\u00fc\u015f\u00fck emekli ayl\u0131\u011f\u0131 ise yap\u0131lan d\u00fczenlemeyle beraber 20 bin lira seviyesine y\u00fckseltildi. \u00dc\u00e7 g\u00fcnl\u00fck bayram tatili bu y\u0131l 20 Mart\u2019ta ba\u015flayacak. Bayram \u00f6ncesinde emekliler ise \u00e7e\u015fitli ihtiya\u00e7lar\u0131n\u0131 kar\u015f\u0131lamak i\u00e7in bayram ikramiyelerinden yararlanacak. Emeklilerin yan\u0131 s\u0131ra dul ve yetim ayl\u0131\u011f\u0131 alanlar hisse oranlar\u0131na g\u00f6re %25, 50 ve 75 oran\u0131nda ikramiye \u00f6demelerinden faydalanacak. \u015eehit yak\u0131nlar\u0131 ve gaziler, i\u015f g\u00f6remezlik geliri alanlar, ya\u015fl\u0131l\u0131k maa\u015f\u0131 \u00f6demelerinden faydalananlar da benzer \u015fekilde ikramiye \u00f6demesi alabilecek. Bayram ikramiyesi ge\u00e7ti\u011fimiz y\u0131l %33 seviyesinde zamlanarak 4 bin liraya y\u00fckselmi\u015fti. \u0130kramiye \u00f6demeleri i\u00e7in masadaki zam hesaplamalar\u0131 yap\u0131ld\u0131. Peki 4A, 4B, 4C emekli bayram ikramiyesi ne kadar olacak? \u0130\u015fte, emekli bayram ikramiyesi i\u00e7in yap\u0131lan yeni hesaplama\u2026 EMEKL\u0130 BAYRAM \u0130KRAM\u0130YES\u0130 \u0130\u00c7\u0130N YASAL D\u00dcZENLEME YAPILACAK Bayram ikramiyeleri, y\u0131lda iki kez SSK, Ba\u011f-Kur ve Emekli Sand\u0131\u011f\u0131 emeklilerine \u00f6deniyor. Ge\u00e7ti\u011fimiz y\u0131l y\u00fczde 33 seviyesinde zamlanan ikramiyeleri, di\u011fer sosyal \u00f6demelerde oldu\u011fu gibi zamlanacak. Emekli bayram ikramiyesi belirlenirken enflasyon vb. di\u011fer ekonomik kriterler dikkate al\u0131n\u0131yor. Emekli bayram ikramiyeleriyle ilgili Hazine ve Maliye Bakanl\u0131\u011f\u0131 ile \u00c7al\u0131\u015fma ve Sosyal G\u00fcvenlik Bakanl\u0131\u011f\u0131 \u00e7al\u0131\u015fmalara ba\u015flad\u0131. \u00c7al\u0131\u015fmalar tamamland\u0131ktan sonra konuya ili\u015fkin kanun teklifi TBMM Genel Kurulu\u2019nda g\u00f6r\u00fc\u015f\u00fclecek ve milletvekillerinin onaylamas\u0131 durumunda yasala\u015farak y\u00fcr\u00fcrl\u00fc\u011fe girecek.<br \/>\n4A, 4B, 4C EMEKL\u0130 \u0130KRAM\u0130YELER\u0130 NE KADAR OLACAK? Emekli bayram ikramiyesi zamm\u0131 i\u00e7in kulislerde farkl\u0131 rakamlar g\u00fcndeme geldi. Emeklilerin zam oran\u0131 bu y\u0131l beklentilerin alt\u0131nda kal\u0131rken h\u00fck\u00fcmetin emeklileri rahatlatabilmek i\u00e7in \u00e7al\u0131\u015fma yapt\u0131\u011f\u0131 biliniyor. Y\u0131lda iki kez \u00f6denen bayram ikramiyesinin 5 bin lira ila 5 bin 500 lira aras\u0131nda olabilece\u011fi konu\u015fulurken hen\u00fcz resmi bir a\u00e7\u0131klama gelmedi. Bayram ikramiyelerinin ge\u00e7ti\u011fimiz y\u0131la benzer olarak y\u00fczde 30 seviyesinde zamlanmas\u0131 durumunda bin 200 lira artacak ve 5 bin 200 lira olacak. Bayram ikramiyelerine gelecek zam oran\u0131n\u0131n %35 olmas\u0131 durumunda ise bin 400 lira artacak ve 5 bin 400 liraya ula\u015facak. Bayram ikramiyesi zamm\u0131n\u0131n %40 olmas\u0131 halinde ise bin 600 lira zamlanacak ve 5 bin 600 lira seviyesine ula\u015facak. BAYRAMDAN \u00d6NCE HESAPLARA YATIRILACAK Emekli bayram ikramiyeleri hem Ramazan hem de Kurban Bayram\u0131 \u00f6ncesinde hesaplara yat\u0131r\u0131l\u0131yor. Ramazan Bayram\u0131 \u00f6ncesinde belirlenecek zam oran\u0131 Kurban Bayram\u0131 i\u00e7inde ge\u00e7erli olacak. Bayram ikramiyeleri, SSK, Ba\u011f-Kur ve Emekli Sand\u0131\u011f\u0131 emeklilerinin ihtiya\u00e7lar\u0131n\u0131 kar\u015f\u0131layabilmesi i\u00e7in bayramdan bir hafta \u00f6nce genellikle hesaplara yat\u0131r\u0131l\u0131yor. Hen\u00fcz resmi olarak yat\u0131r\u0131lma tarihi a\u00e7\u0131klanmazken Ramazan Bayram\u0131 ikramiyelerinin 9-13 Mart tarihleri aras\u0131nda Kurban Bayram\u0131 ikramiyelerinin ise 18-22 May\u0131s tarihleri aras\u0131nda yat\u0131r\u0131lmas\u0131 bekleniyor.<\/p>\n<p>Kaynak : haberzamani.com<\/p>\n"},"alt_text":"","media_type":"image","mime_type":"image\/jpeg","media_details":{"width":1200,"height":675,"file":"2026\/02\/1-152.jpg","sizes":{"medium":{"file":"1-152-300x169.jpg","width":300,"height":169,"mime_type":"image\/jpeg","source_url":"https:\/\/kilosorunum.com\/habercim\/wp-content\/uploads\/2026\/02\/1-152-300x169.jpg"},"large":{"file":"1-152-1024x576.jpg","width":1024,"height":576,"mime_type":"image\/jpeg","source_url":"https:\/\/kilosorunum.com\/habercim\/wp-content\/uploads\/2026\/02\/1-152-1024x576.jpg"},"thumbnail":{"file":"1-152-150x150.jpg","width":150,"height":150,"mime_type":"image\/jpeg","source_url":"https:\/\/kilosorunum.com\/habercim\/wp-content\/uploads\/2026\/02\/1-152-150x150.jpg"},"medium_large":{"file":"1-152-768x432.jpg","width":768,"height":432,"mime_type":"image\/jpeg","source_url":"https:\/\/kilosorunum.com\/habercim\/wp-content\/uploads\/2026\/02\/1-152-768x432.jpg"},"kucukResim":{"file":"1-152-80x50.jpg","width":80,"height":50,"mime_type":"image\/jpeg","source_url":"https:\/\/kilosorunum.com\/habercim\/wp-content\/uploads\/2026\/02\/1-152-80x50.jpg"},"sliderResim":{"file":"1-152-670x330.jpg","width":670,"height":330,"mime_type":"image\/jpeg","source_url":"https:\/\/kilosorunum.com\/habercim\/wp-content\/uploads\/2026\/02\/1-152-670x330.jpg"},"resim1":{"file":"1-152-184x140.jpg","width":184,"height":140,"mime_type":"image\/jpeg","source_url":"https:\/\/kilosorunum.com\/habercim\/wp-content\/uploads\/2026\/02\/1-152-184x140.jpg"},"resim2":{"file":"1-152-216x103.jpg","width":216,"height":103,"mime_type":"image\/jpeg","source_url":"https:\/\/kilosorunum.com\/habercim\/wp-content\/uploads\/2026\/02\/1-152-216x103.jpg"},"resim3":{"file":"1-152-145x70.jpg","width":145,"height":70,"mime_type":"image\/jpeg","source_url":"https:\/\/kilosorunum.com\/habercim\/wp-content\/uploads\/2026\/02\/1-152-145x70.jpg"},"sagSlider":{"file":"1-152-300x150.jpg","width":300,"height":150,"mime_type":"image\/jpeg","source_url":"https:\/\/kilosorunum.com\/habercim\/wp-content\/uploads\/2026\/02\/1-152-300x150.jpg"},"yeniSlider":{"file":"1-152-500x290.jpg","width":500,"height":290,"mime_type":"image\/jpeg","source_url":"https:\/\/kilosorunum.com\/habercim\/wp-content\/uploads\/2026\/02\/1-152-500x290.jpg"},"full":{"file":"1-152.jpg","width":1200,"height":675,"mime_type":"image\/jpeg","source_url":"https:\/\/kilosorunum.com\/habercim\/wp-content\/uploads\/2026\/02\/1-152.jpg"}},"image_meta":{"aperture":"0","credit":"","camera":"","caption":"","created_timestamp":"0","copyright":"","focal_length":"0","iso":"0","shutter_speed":"0","title":"","orientation":"0","keywords":[]}},"post":43506,"source_url":"https:\/\/kilosorunum.com\/habercim\/wp-content\/uploads\/2026\/02\/1-152.jpg","_links":{"self":[{"href":"https:\/\/kilosorunum.com\/habercim\/wp-json\/wp\/v2\/media\/43508"}],"collection":[{"href":"https:\/\/kilosorunum.com\/habercim\/wp-json\/wp\/v2\/media"}],"about":[{"href":"https:\/\/kilosorunum.com\/habercim\/wp-json\/wp\/v2\/types\/attachment"}],"author":[{"embeddable":true,"href":"https:\/\/kilosorunum.com\/habercim\/wp-json\/wp\/v2\/users\/2"}],"replies":[{"embeddable":true,"href":"https:\/\/kilosorunum.com\/habercim\/wp-json\/wp\/v2\/comments?post=43508"}]}}