{"id":43545,"date":"2026-02-14T16:01:02","date_gmt":"2026-02-14T13:01:02","guid":{"rendered":"https:\/\/kilosorunum.com\/habercim\/wp-content\/uploads\/2026\/02\/1-15-768x201-43.jpg"},"modified":"2026-02-14T16:02:44","modified_gmt":"2026-02-14T13:02:44","slug":"1-15-768x201-1943","status":"inherit","type":"attachment","link":"https:\/\/kilosorunum.com\/habercim\/foto-galeri\/bu-belirtisini-uzman-acikladi\/attachment\/1-15-768x201-1943\/","title":{"rendered":"Bu belirtisini uzman a\u00e7\u0131klad\u0131"},"author":2,"comment_status":"open","ping_status":"closed","template":"","meta":[],"description":{"rendered":"<p class=\"attachment\"><a href='https:\/\/kilosorunum.com\/habercim\/wp-content\/uploads\/2026\/02\/1-15-768x201-43.jpg'><img width=\"300\" height=\"79\" src=\"https:\/\/kilosorunum.com\/habercim\/wp-content\/uploads\/2026\/02\/1-15-768x201-43-300x79.jpg\" class=\"attachment-medium size-medium\" alt=\"\" loading=\"lazy\" srcset=\"https:\/\/kilosorunum.com\/habercim\/wp-content\/uploads\/2026\/02\/1-15-768x201-43-300x79.jpg 300w, https:\/\/kilosorunum.com\/habercim\/wp-content\/uploads\/2026\/02\/1-15-768x201-43.jpg 768w\" sizes=\"(max-width: 300px) 100vw, 300px\" \/><\/a><\/p>\n"},"caption":{"rendered":"<p>Son y\u0131llarda d\u00fcnya genelinde en s\u0131k g\u00f6r\u00fclen ve en fazla can kayb\u0131na yol a\u00e7an hastal\u0131klardan biri olarak g\u00f6sterilen akci\u011fer kanseri, \u00e7o\u011fu zaman sessiz ilerlemesi nedeniyle ge\u00e7 fark ediliyor ve bu durum tedavi s\u00fcrecini zorla\u015ft\u0131r\u0131yor; uzmanlar \u00f6zellikle uzun s\u00fcreli sigara kullan\u0131m\u0131 olan bireyleri ve risk grubundaki ki\u015fileri erken belirtiler konusunda dikkatli olmalar\u0131 i\u00e7in uyar\u0131yor. Hastal\u0131\u011f\u0131n en yayg\u0131n ve en kritik belirtisi inat\u00e7\u0131 \u00f6ks\u00fcr\u00fck olarak \u00f6ne \u00e7\u0131k\u0131yor. Haftalarca ge\u00e7meyen, giderek \u015fiddetlenen ya da karakteri de\u011fi\u015fen \u00f6ks\u00fcr\u00fck basit bir so\u011fuk alg\u0131nl\u0131\u011f\u0131 gibi de\u011ferlendirilmemeli. \u00d6zellikle sabahlar\u0131 yo\u011funla\u015fan, balgamla birlikte gelen ya da zaman zaman kan i\u00e7eren \u00f6ks\u00fcr\u00fck ciddi bir alarm i\u015fareti olabilir. Bir di\u011fer \u00f6nemli belirti nefes darl\u0131\u011f\u0131d\u0131r. Ki\u015fi daha \u00f6nce rahatl\u0131kla \u00e7\u0131kt\u0131\u011f\u0131 merdivenlerde zorlanmaya ba\u015fl\u0131yorsa, g\u00fcnl\u00fck aktivitelerde \u00e7abuk yoruluyorsa ya da g\u00f6\u011fs\u00fcnde bask\u0131 hissediyorsa bu durum akci\u011fer kapasitesinde azalmaya i\u015faret edebilir. G\u00f6\u011f\u00fcs a\u011fr\u0131s\u0131 da s\u0131k g\u00f6r\u00fclen belirtiler aras\u0131nda yer al\u0131r;<br \/>\n\u00f6zellikle derin nefes al\u0131rken, g\u00fclerken ya da \u00f6ks\u00fcr\u00fcrken artan keskin a\u011fr\u0131lar dikkate al\u0131nmal\u0131d\u0131r. Baz\u0131 hastalarda ses k\u0131s\u0131kl\u0131\u011f\u0131 erken d\u00f6nemde ortaya \u00e7\u0131kabilir \u00e7\u00fcnk\u00fc t\u00fcm\u00f6r ses tellerine giden sinirleri etkileyebilir. Ses tonunda kal\u0131c\u0131 de\u011fi\u015fiklik, haftalarca s\u00fcren k\u0131s\u0131kl\u0131k ya da bo\u011fazda tak\u0131lma hissi basit bir enfeksiyonla kar\u0131\u015ft\u0131r\u0131lmamal\u0131d\u0131r. Kanl\u0131 balgam ise en \u00e7arp\u0131c\u0131 belirtilerden biridir; az miktarda bile olsa balgamda kan g\u00f6r\u00fclmesi derhal t\u0131bbi de\u011ferlendirme gerektirir. A\u00e7\u0131klanamayan kilo kayb\u0131 ve i\u015ftahs\u0131zl\u0131k da akci\u011fer kanserinin sistemik etkileri aras\u0131nda say\u0131l\u0131r. Ki\u015fi diyet yapmad\u0131\u011f\u0131 halde h\u0131zla kilo veriyorsa, s\u00fcrekli halsizlik hissediyorsa ve genel bir g\u00fc\u00e7s\u00fczl\u00fck ya\u015f\u0131yorsa altta yatan ciddi bir durum s\u00f6z konusu olabilir. Hastal\u0131k ilerledi\u011finde omuz ve s\u0131rt a\u011fr\u0131lar\u0131 da g\u00f6r\u00fclebilir;<br \/>\n\u00f6zellikle t\u00fcm\u00f6r\u00fcn akci\u011ferin \u00fcst k\u0131sm\u0131nda yer ald\u0131\u011f\u0131 durumlarda kol ve omuza yay\u0131lan a\u011fr\u0131lar ortaya \u00e7\u0131kabilir. \u0130leri evrelerde y\u00fczde ve boyunda \u015fi\u015flik, yutma g\u00fc\u00e7l\u00fc\u011f\u00fc ve s\u00fcrekli ba\u015f a\u011fr\u0131s\u0131 gibi belirtiler de tabloya eklenebilir. Uzmanlar risk fakt\u00f6rlerine de dikkat \u00e7ekiyor; sigara kullan\u0131m\u0131 en \u00f6nemli neden olarak g\u00f6sterilse de pasif i\u00e7icilik, hava kirlili\u011fi, asbest gibi maddelere maruz kalma ve aile \u00f6yk\u00fcs\u00fc de riski art\u0131r\u0131yor. Erken evrede belirti vermeyebilece\u011fi i\u00e7in \u00f6zellikle risk grubundaki ki\u015filerin d\u00fczenli kontroller yapt\u0131rmas\u0131 b\u00fcy\u00fck \u00f6nem ta\u015f\u0131yor. D\u00fc\u015f\u00fck doz akci\u011fer tomografisi gibi tarama y\u00f6ntemleri erken te\u015fhiste hayat kurtar\u0131c\u0131 olabiliyor. Uzmanlar\u0131n ortak mesaj\u0131 net: Uzun s\u00fcren \u00f6ks\u00fcr\u00fck, nefes darl\u0131\u011f\u0131 ya da g\u00f6\u011f\u00fcs a\u011fr\u0131s\u0131 gibi belirtileri hafife almay\u0131n. Erken te\u015fhis, tedavi ba\u015far\u0131s\u0131n\u0131 belirleyen en kritik fakt\u00f6rlerden biri ve zaman\u0131nda at\u0131lan bir ad\u0131m hayat kurtarabiliyor.<\/p>\n<p>Kaynak : siyahgazete.com<br \/>\nNot : L\u00fctfen \u00f6nce doktorunuza dan\u0131\u015f\u0131n\u0131z<\/p>\n"},"alt_text":"","media_type":"image","mime_type":"image\/jpeg","media_details":{"width":768,"height":201,"file":"2026\/02\/1-15-768x201-43.jpg","sizes":{"medium":{"file":"1-15-768x201-43-300x79.jpg","width":300,"height":79,"mime_type":"image\/jpeg","source_url":"https:\/\/kilosorunum.com\/habercim\/wp-content\/uploads\/2026\/02\/1-15-768x201-43-300x79.jpg"},"thumbnail":{"file":"1-15-768x201-43-150x150.jpg","width":150,"height":150,"mime_type":"image\/jpeg","source_url":"https:\/\/kilosorunum.com\/habercim\/wp-content\/uploads\/2026\/02\/1-15-768x201-43-150x150.jpg"},"kucukResim":{"file":"1-15-768x201-43-80x50.jpg","width":80,"height":50,"mime_type":"image\/jpeg","source_url":"https:\/\/kilosorunum.com\/habercim\/wp-content\/uploads\/2026\/02\/1-15-768x201-43-80x50.jpg"},"sliderResim":{"file":"1-15-768x201-43-670x201.jpg","width":670,"height":201,"mime_type":"image\/jpeg","source_url":"https:\/\/kilosorunum.com\/habercim\/wp-content\/uploads\/2026\/02\/1-15-768x201-43-670x201.jpg"},"resim1":{"file":"1-15-768x201-43-184x140.jpg","width":184,"height":140,"mime_type":"image\/jpeg","source_url":"https:\/\/kilosorunum.com\/habercim\/wp-content\/uploads\/2026\/02\/1-15-768x201-43-184x140.jpg"},"resim2":{"file":"1-15-768x201-43-216x103.jpg","width":216,"height":103,"mime_type":"image\/jpeg","source_url":"https:\/\/kilosorunum.com\/habercim\/wp-content\/uploads\/2026\/02\/1-15-768x201-43-216x103.jpg"},"resim3":{"file":"1-15-768x201-43-145x70.jpg","width":145,"height":70,"mime_type":"image\/jpeg","source_url":"https:\/\/kilosorunum.com\/habercim\/wp-content\/uploads\/2026\/02\/1-15-768x201-43-145x70.jpg"},"sagSlider":{"file":"1-15-768x201-43-300x150.jpg","width":300,"height":150,"mime_type":"image\/jpeg","source_url":"https:\/\/kilosorunum.com\/habercim\/wp-content\/uploads\/2026\/02\/1-15-768x201-43-300x150.jpg"},"yeniSlider":{"file":"1-15-768x201-43-500x201.jpg","width":500,"height":201,"mime_type":"image\/jpeg","source_url":"https:\/\/kilosorunum.com\/habercim\/wp-content\/uploads\/2026\/02\/1-15-768x201-43-500x201.jpg"},"full":{"file":"1-15-768x201-43.jpg","width":768,"height":201,"mime_type":"image\/jpeg","source_url":"https:\/\/kilosorunum.com\/habercim\/wp-content\/uploads\/2026\/02\/1-15-768x201-43.jpg"}},"image_meta":{"aperture":"0","credit":"","camera":"","caption":"","created_timestamp":"0","copyright":"","focal_length":"0","iso":"0","shutter_speed":"0","title":"","orientation":"0","keywords":[]}},"post":43543,"source_url":"https:\/\/kilosorunum.com\/habercim\/wp-content\/uploads\/2026\/02\/1-15-768x201-43.jpg","_links":{"self":[{"href":"https:\/\/kilosorunum.com\/habercim\/wp-json\/wp\/v2\/media\/43545"}],"collection":[{"href":"https:\/\/kilosorunum.com\/habercim\/wp-json\/wp\/v2\/media"}],"about":[{"href":"https:\/\/kilosorunum.com\/habercim\/wp-json\/wp\/v2\/types\/attachment"}],"author":[{"embeddable":true,"href":"https:\/\/kilosorunum.com\/habercim\/wp-json\/wp\/v2\/users\/2"}],"replies":[{"embeddable":true,"href":"https:\/\/kilosorunum.com\/habercim\/wp-json\/wp\/v2\/comments?post=43545"}]}}