{"id":43555,"date":"2026-02-14T20:13:55","date_gmt":"2026-02-14T17:13:55","guid":{"rendered":"https:\/\/kilosorunum.com\/habercim\/wp-content\/uploads\/2026\/02\/1-15-768x201-44.jpg"},"modified":"2026-02-14T20:15:15","modified_gmt":"2026-02-14T17:15:15","slug":"1-15-768x201-1944","status":"inherit","type":"attachment","link":"https:\/\/kilosorunum.com\/habercim\/foto-galeri\/meteoroloji-pes-pese-uyardi\/attachment\/1-15-768x201-1944\/","title":{"rendered":"Meteoroloji pe\u015f pe\u015fe uyard\u0131"},"author":2,"comment_status":"open","ping_status":"closed","template":"","meta":[],"description":{"rendered":"<p class=\"attachment\"><a href='https:\/\/kilosorunum.com\/habercim\/wp-content\/uploads\/2026\/02\/1-15-768x201-44.jpg'><img width=\"300\" height=\"79\" src=\"https:\/\/kilosorunum.com\/habercim\/wp-content\/uploads\/2026\/02\/1-15-768x201-44-300x79.jpg\" class=\"attachment-medium size-medium\" alt=\"\" loading=\"lazy\" srcset=\"https:\/\/kilosorunum.com\/habercim\/wp-content\/uploads\/2026\/02\/1-15-768x201-44-300x79.jpg 300w, https:\/\/kilosorunum.com\/habercim\/wp-content\/uploads\/2026\/02\/1-15-768x201-44.jpg 768w\" sizes=\"(max-width: 300px) 100vw, 300px\" \/><\/a><\/p>\n"},"caption":{"rendered":"<p>Meteoroloji Genel M\u00fcd\u00fcrl\u00fc\u011f\u00fc&#8217;n\u00fcn payla\u015ft\u0131\u011f\u0131 son tahminlere g\u00f6re 14 \u015eubat 2026 Cumartesi g\u00fcn\u00fc yurt genelinde par\u00e7al\u0131 ve \u00e7ok bulutlu hava hakim olacak. Marmara&#8217;n\u0131n do\u011fusu, \u0130\u00e7 Anadolu&#8217;nun kuzey ve do\u011fusu, Karadeniz, Do\u011fu ve G\u00fcneydo\u011fu Anadolu ile Do\u011fu Akdeniz&#8217;de aral\u0131kl\u0131 ya\u011fmur ve sa\u011fanak bekleniyor. Do\u011fu Anadolu&#8217;nun y\u00fcksek kesimlerinde kar ve karla kar\u0131\u015f\u0131k ya\u011fmur g\u00f6r\u00fclecek. \u00d6zellikle Hakkari, Bitlis, Van, Hatay ve Osmaniye \u00e7evrelerinde kuvvetli ya\u011f\u0131\u015f nedeniyle sel, su bask\u0131n\u0131, heyelan ve ula\u015f\u0131mda aksamalar ya\u015fanabilece\u011fi bildirildi. YURTTA BUG\u00dcN HAVA NASIL OLACAK? Meteoroloji Genel M\u00fcd\u00fcrl\u00fc\u011f\u00fc olarak yap\u0131lan de\u011ferlendirmelere g\u00f6re: \u00dclkemiz genelinin par\u00e7al\u0131 ve \u00e7ok bulutlu, Marmara&#8217;n\u0131n do\u011fusu, Do\u011fu Akdeniz, \u0130\u00e7 Anadolu&#8217;nun kuzey ve do\u011fusu, Karadeniz, Do\u011fu ve G\u00fcneydo\u011fu Anadolu ile K\u00fctahya, Afyon, U\u015fak, Antalya&#8217;n\u0131n do\u011fusu, Isparta ile ak\u015fam saatlerinde Edirne ve K\u0131rklareli \u00e7evrelerinin aral\u0131kl\u0131 ya\u011f\u0131\u015fl\u0131 ge\u00e7ece\u011fi tahmin ediliyor. Ya\u011f\u0131\u015flar\u0131n, genellikle ya\u011fmur ve sa\u011fanak, Do\u011fu Anadolu&#8217;nun do\u011fusunda (I\u011fd\u0131r ve \u015e\u0131rnak hari\u00e7) karla kar\u0131\u015f\u0131k ya\u011fmur ve kar \u015feklinde olmas\u0131 bekleniyor. Ya\u011f\u0131\u015flar\u0131n, Bitlis, Hakkari ve Van ile \u00f6\u011fle saatlerinden sonra Osmaniye ve Hatay \u00e7evrelerinde yer yer kuvvetli olmas\u0131 bekleniyor. Bu sabah ve gece saatlerinde Do\u011fu Anadolu&#8217;nun kuzey ve do\u011fusunda buzlanma ve don olay\u0131 g\u00f6r\u00fclece\u011fi tahmin ediliyor. G\u00fcneydo\u011fu Anadolu ile Do\u011fu Anadolu&#8217;nun g\u00fcneydo\u011fusunda toz ta\u015f\u0131n\u0131m\u0131 bekleniyor. Do\u011fu Karadeniz&#8217;in i\u00e7 kesimlerinin y\u00fcksekleri ile Do\u011fu Anadolu&#8217;nun do\u011fusunda y\u00fcksek kar \u00f6rt\u00fcs\u00fcne sahip e\u011fimli kesimlerinde \u00e7\u0131\u011f ve kar erimesi tehlikesi bulunmaktad\u0131r.<br \/>\nG\u00dcNEYDO\u011eU KES\u0130MLER\u0130NDE ALARM 14.02.2026 Cumartesi g\u00fcn\u00fc gece ilk saatlerden itibaren g\u00fcneydo\u011fu kesimlerde beklenen kuvvetli ya\u011f\u0131\u015flar\u0131n; Hakkari, Bitlis ve Mu\u015f \u00e7evreleri ile Van&#8217;\u0131n g\u00fcney kesimlerinde ya\u011fmur ve sa\u011fanak, \u015e\u0131rnak ve Siirt&#8217;in do\u011fu kesimlerinde sa\u011fanak ve yer yer g\u00f6k g\u00fcr\u00fclt\u00fcl\u00fc sa\u011fanak \u015feklinde olaca\u011f\u0131 tahmin ediliyor. Ya\u011f\u0131\u015flar\u0131n 1700 metre ve \u00fczeri rak\u0131ml\u0131 kesimlerde kuvvetli karla kar\u0131\u015f\u0131k ya\u011fmur ve kar \u015feklinde olmas\u0131 bekleniyor. Kuvvetli ya\u011f\u0131\u015flar ve yer yer kar erimeleriyle birlikte sel, su bask\u0131n\u0131, yerel dolu, y\u0131ld\u0131r\u0131m, kuvvetli r\u00fczgar, ula\u015f\u0131mda aksamalar, heyelan ile \u00e7\u0131\u011f riski gibi olumsuzluklara kar\u015f\u0131 dikkatli ve tedbirli olunmal\u0131d\u0131r. KUVVETL\u0130 YA\u011eI\u015e BEKLEN\u0130YOR Yap\u0131lan son de\u011ferlendirmelere g\u00f6re; Hatay ve Osmaniye \u00e7evrelerinde devam eden kuvvetli sa\u011fanak ve g\u00f6k g\u00fcr\u00fclt\u00fcl\u00fc sa\u011fanak ya\u011f\u0131\u015flar\u0131n 14.02.2026 Cumartesi g\u00fcn\u00fc \u00f6\u011fle saatlerine kadar etkili olaca\u011f\u0131 tahmin ediliyor. Kuvvetli ya\u011f\u0131\u015flarla birlikte sel, su bask\u0131n\u0131, y\u0131ld\u0131r\u0131m, heyelan, ula\u015f\u0131mda aksamalar, yerel dolu ya\u011f\u0131\u015f\u0131, ya\u011f\u0131\u015f an\u0131nda kuvvetli r\u00fczgar ve f\u0131rt\u0131na ile k\u0131y\u0131larda hortum gibi olumsuzluklara kar\u015f\u0131 dikkatli ve tedbirli olunmal\u0131d\u0131r. \u00c7I\u011e TEHL\u0130KES\u0130 VAR Do\u011fu Karadeniz&#8217;in i\u00e7 kesimleri ile Do\u011fu Anadolu&#8217;da y\u00fcksek kar \u00f6rt\u00fcs\u00fcne sahip e\u011fimli alanlarda \u00e7\u0131\u011f ve kar erimesi tehlikesi bulundu\u011fundan olu\u015fabilecek olumsuzluklara kar\u015f\u0131 dikkatli ve tedbirli olunmas\u0131 gerekmektedir. TOZ TA\u015eINIMI UYARISI G\u00fcneydo\u011fu Anadolu ile Do\u011fu Anadolu&#8217;nun g\u00fcneydo\u011fusunda toz ta\u015f\u0131n\u0131m\u0131 beklendi\u011finden ula\u015f\u0131mda aksamalar, hava kalitesinde d\u00fc\u015fme \u00e7amur ya\u011f\u0131\u015f\u0131 gibi olumsuzluklara kar\u015f\u0131 dikkatli ve tedbirli olunmas\u0131 gerekmektedir. B\u00d6LGELER\u0130M\u0130ZDE HAVA MARMARA Par\u00e7al\u0131 ve \u00e7ok bulutlu, b\u00f6lgenin do\u011fusu ile ak\u015fam saatlerinden sonra Edirne ve K\u0131rklareli \u00e7evrelerinin yerel olmak \u00fczere ya\u011fmur ve sa\u011fanak ya\u011f\u0131\u015fl\u0131 ge\u00e7ece\u011fi tahmin ediliyor. ED\u0130RNE \u00b0C, 17\u00b0C Par\u00e7al\u0131 ve \u00e7ok bulutlu, ak\u015fam saatlerinde yerel olmak \u00fczere ya\u011fmur ve sa\u011fanak ya\u011f\u0131\u015fl\u0131 \u0130STANBUL \u00b0C, 14\u00b0C Par\u00e7al\u0131 ve \u00e7ok bulutlu, sabah saatlerinde ya\u011fmur ve sa\u011fanak ya\u011f\u0131\u015fl\u0131 KIRKLAREL\u0130 \u00b0C, 15\u00b0C Par\u00e7al\u0131 ve \u00e7ok bulutlu, gece saatlerinde ya\u011fmurlu KOCAEL\u0130 \u00b0C, 16\u00b0C Par\u00e7al\u0131 ve \u00e7ok bulutlu, ya\u011fmur ve sa\u011fanak ya\u011f\u0131\u015fl\u0131 EGE Par\u00e7al\u0131 ve \u00e7ok bulutlu, sabah saatlerinde K\u00fctahya, U\u015fak ve Afyon \u00e7evrelerinin yerel olmak \u00fczere ya\u011fmur ve sa\u011fanak ya\u011f\u0131\u015fl\u0131 ge\u00e7ece\u011fi tahmin ediliyor. R\u00fczgar\u0131n gece saatlerinde k\u0131y\u0131 kesimlerinde g\u00fcneyli y\u00f6nlerden kuvvetli (40-60 km\/sa) olarak esmesi bekleniyor. AFYONKARAH\u0130SAR \u00b0C, 12\u00b0C Par\u00e7al\u0131 ve \u00e7ok bulutlu, sabah saatlerinde ya\u011fmur ve sa\u011fanak ya\u011f\u0131\u015fl\u0131 AYDIN \u00b0C, 19\u00b0C Par\u00e7al\u0131 ve \u00e7ok bulutlu \u0130ZM\u0130R \u00b0C, 19\u00b0C Par\u00e7al\u0131 ve \u00e7ok bulutlu MU\u011eLA \u00b0C, 15\u00b0C Par\u00e7al\u0131 ve \u00e7ok bulutlu AKDEN\u0130Z Par\u00e7al\u0131 ve \u00e7ok bulutlu, Do\u011fu Akdeniz ile Antalya&#8217;n\u0131n do\u011fusu ve Isparta \u00e7evrelerinin aral\u0131kl\u0131 ya\u011fmur ve sa\u011fanak ya\u011f\u0131\u015fl\u0131 ge\u00e7ece\u011fi tahmin ediliyor. Ya\u011f\u0131\u015flar\u0131n, \u00f6\u011fle saatlerinden sonra Osmaniye ve Hatay \u00e7evrelerinde yer yer kuvvetli olmas\u0131 bekleniyor. ADANA \u00b0C, 18\u00b0C Par\u00e7al\u0131 ve \u00e7ok bulutlu, aral\u0131kl\u0131 sa\u011fanak ya\u011f\u0131\u015fl\u0131 ANTALYA \u00b0C, 19\u00b0C Par\u00e7al\u0131 ve \u00e7ok bulutlu, sabah saatlerinde Do\u011fu kesimleri yerel olmak \u00fczere sa\u011fanak ya\u011f\u0131\u015fl\u0131 HATAY \u00b0C, 16\u00b0C Par\u00e7al\u0131 ve \u00e7ok bulutlu, aral\u0131kl\u0131 sa\u011fanak ya\u011f\u0131\u015fl\u0131 ge\u00e7ece\u011fi tahmin ediliyor. Ya\u011f\u0131\u015flar\u0131n, \u00f6\u011fle saatlerinden sonra yer yer kuvvetli olmas\u0131 bekleniyor. ISPARTA \u00b0C, 14\u00b0C Par\u00e7al\u0131 ve \u00e7ok bulutlu, sabah saatlerinde ya\u011fmur ve sa\u011fanak ya\u011f\u0131\u015fl\u0131 \u0130\u00c7 ANADOLU \u00c7ok bulutlu, kuzey ve do\u011fu kesimlerinin aral\u0131kl\u0131 ya\u011fmur ve sa\u011fanak ya\u011f\u0131\u015fl\u0131 ge\u00e7ece\u011fi tahmin ediliyor. ANKARA \u00b0C, 11\u00b0C \u00c7ok bulutlu, aral\u0131kl\u0131 ya\u011fmur ve sa\u011fanak ya\u011f\u0131\u015fl\u0131 ESK\u0130\u015eEH\u0130R \u00b0C, 13\u00b0C \u00c7ok bulutlu, aral\u0131kl\u0131 ya\u011fmur ve sa\u011fanak ya\u011f\u0131\u015fl\u0131 KONYA \u00b0C, 14\u00b0C Par\u00e7al\u0131 ve \u00e7ok bulutlu S\u0130VAS \u00b0C, 8\u00b0C \u00c7ok bulutlu, aral\u0131kl\u0131 ya\u011fmurlu BATI KARADEN\u0130Z \u00c7ok bulutlu, aral\u0131kl\u0131 ya\u011fmur ve sa\u011fanak ya\u011f\u0131\u015fl\u0131 ge\u00e7ece\u011fi tahmin ediliyor. BOLU \u00b0C, 10\u00b0C \u00c7ok bulutlu, aral\u0131kl\u0131 ya\u011fmur ve sa\u011fanak ya\u011f\u0131\u015fl\u0131 D\u00dcZCE \u00b0C, 14\u00b0C \u00c7ok bulutlu, aral\u0131kl\u0131 ya\u011fmur ve sa\u011fanak ya\u011f\u0131\u015fl\u0131 S\u0130NOP \u00b0C, 13\u00b0C \u00c7ok bulutlu, aral\u0131kl\u0131 ya\u011fmur ve sa\u011fanak ya\u011f\u0131\u015fl\u0131 ZONGULDAK \u00b0C, 12\u00b0C \u00c7ok bulutlu, aral\u0131kl\u0131 ya\u011fmur ve sa\u011fanak ya\u011f\u0131\u015fl\u0131 ORTA ve DO\u011eU KARADEN\u0130Z \u00c7ok bulutlu, b\u00f6lge genelinin aral\u0131kl\u0131 ya\u011fmur ve sa\u011fanak ya\u011f\u0131\u015fl\u0131 ge\u00e7ece\u011fi tahmin ediliyor. R\u00fczgar\u0131n,sabah saatlerinde Do\u011fu karadeniz&#8217;in i\u00e7 kesimlerinde g\u00fcneyli y\u00f6nlerden \u00e7ok kuvvetli (40-80 km\/sa) olarak esmesi bekleniyor. Do\u011fu Karadeniz&#8217;in i\u00e7 kesimlerinde y\u00fcksek kar \u00f6rt\u00fcs\u00fcne sahip e\u011fimli alanlarda \u00e7\u0131\u011f tehlikesi bulunmaktad\u0131r. AMASYA \u00b0C, 16\u00b0C \u00c7ok bulutlu, aral\u0131kl\u0131 ya\u011fmur ve sa\u011fanak ya\u011f\u0131\u015fl\u0131 ARTV\u0130N \u00b0C, 17\u00b0C \u00c7ok bulutlu, aral\u0131kl\u0131 ya\u011fmur ve sa\u011fanak ya\u011f\u0131\u015fl\u0131 SAMSUN \u00b0C, 16\u00b0C \u00c7ok bulutlu, \u00f6\u011fle saatlerinden itibaren sa\u011fanak ya\u011f\u0131\u015fl\u0131 TRABZON \u00b0C, 19\u00b0C \u00c7ok bulutlu, \u00f6\u011fle saatlerinden itibaren sa\u011fanak ya\u011f\u0131\u015fl\u0131 DO\u011eU ANADOLU \u00c7ok bulutlu, b\u00f6lge genelinin aral\u0131kl\u0131 ya\u011f\u0131\u015fl\u0131 ge\u00e7ece\u011fi tahmin ediliyor. Genellikle ya\u011fmur ve sa\u011fanak, b\u00f6lgenin do\u011fusunda (I\u011fd\u0131r ve \u015e\u0131rnak hari\u00e7) karla kar\u0131\u015f\u0131k ya\u011fmur ve kar \u015feklinde olmas\u0131 beklenen ya\u011f\u0131\u015flar\u0131n Bitlis, Van ve Hakkari \u00e7evrelerinde yer yer kuvvetli olaca\u011f\u0131 tahmin ediliyor. B\u00f6lgenin g\u00fcneydo\u011fu kesimlerinde toz ta\u015f\u0131n\u0131m\u0131, do\u011fusunun y\u00fcksek kar \u00f6rt\u00fcs\u00fcne sahip e\u011fimli kesimlerinde buzlanma ve don ile birlikte \u00e7\u0131\u011f tehlikesi bulunmaktad\u0131r. ERZURUM \u00b0C, 5\u00b0C \u00c7ok bulutlu, sabah saatlerinde karla kar\u0131\u015f\u0131k ya\u011fmur ve kar ya\u011f\u0131\u015fl\u0131 KARS \u00b0C, 4\u00b0C \u00c7ok bulutlu ve sabah saatlerinde kar ya\u011f\u0131\u015fl\u0131 MALATYA \u00b0C, 14\u00b0C \u00c7ok bulutlu, aral\u0131kl\u0131 ya\u011fmur ve sa\u011fanak ya\u011f\u0131\u015fl\u0131 VAN \u00b0C, 8\u00b0C \u00c7ok bulutlu, aral\u0131kl\u0131 ya\u011fmur ve karla kar\u0131\u015f\u0131k ya\u011fmurlu, y\u00fcksekleri kar ya\u011f\u0131\u015fl\u0131 ge\u00e7ece\u011fi tahmin ediliyor. Ya\u011f\u0131\u015flar\u0131n, sabah saatlerinde yer yer kuvvetli olmas\u0131 bekleniyor.<\/p>\n<p>Kaynak : haberzamani.com<\/p>\n"},"alt_text":"","media_type":"image","mime_type":"image\/jpeg","media_details":{"width":768,"height":201,"file":"2026\/02\/1-15-768x201-44.jpg","sizes":{"medium":{"file":"1-15-768x201-44-300x79.jpg","width":300,"height":79,"mime_type":"image\/jpeg","source_url":"https:\/\/kilosorunum.com\/habercim\/wp-content\/uploads\/2026\/02\/1-15-768x201-44-300x79.jpg"},"thumbnail":{"file":"1-15-768x201-44-150x150.jpg","width":150,"height":150,"mime_type":"image\/jpeg","source_url":"https:\/\/kilosorunum.com\/habercim\/wp-content\/uploads\/2026\/02\/1-15-768x201-44-150x150.jpg"},"kucukResim":{"file":"1-15-768x201-44-80x50.jpg","width":80,"height":50,"mime_type":"image\/jpeg","source_url":"https:\/\/kilosorunum.com\/habercim\/wp-content\/uploads\/2026\/02\/1-15-768x201-44-80x50.jpg"},"sliderResim":{"file":"1-15-768x201-44-670x201.jpg","width":670,"height":201,"mime_type":"image\/jpeg","source_url":"https:\/\/kilosorunum.com\/habercim\/wp-content\/uploads\/2026\/02\/1-15-768x201-44-670x201.jpg"},"resim1":{"file":"1-15-768x201-44-184x140.jpg","width":184,"height":140,"mime_type":"image\/jpeg","source_url":"https:\/\/kilosorunum.com\/habercim\/wp-content\/uploads\/2026\/02\/1-15-768x201-44-184x140.jpg"},"resim2":{"file":"1-15-768x201-44-216x103.jpg","width":216,"height":103,"mime_type":"image\/jpeg","source_url":"https:\/\/kilosorunum.com\/habercim\/wp-content\/uploads\/2026\/02\/1-15-768x201-44-216x103.jpg"},"resim3":{"file":"1-15-768x201-44-145x70.jpg","width":145,"height":70,"mime_type":"image\/jpeg","source_url":"https:\/\/kilosorunum.com\/habercim\/wp-content\/uploads\/2026\/02\/1-15-768x201-44-145x70.jpg"},"sagSlider":{"file":"1-15-768x201-44-300x150.jpg","width":300,"height":150,"mime_type":"image\/jpeg","source_url":"https:\/\/kilosorunum.com\/habercim\/wp-content\/uploads\/2026\/02\/1-15-768x201-44-300x150.jpg"},"yeniSlider":{"file":"1-15-768x201-44-500x201.jpg","width":500,"height":201,"mime_type":"image\/jpeg","source_url":"https:\/\/kilosorunum.com\/habercim\/wp-content\/uploads\/2026\/02\/1-15-768x201-44-500x201.jpg"},"full":{"file":"1-15-768x201-44.jpg","width":768,"height":201,"mime_type":"image\/jpeg","source_url":"https:\/\/kilosorunum.com\/habercim\/wp-content\/uploads\/2026\/02\/1-15-768x201-44.jpg"}},"image_meta":{"aperture":"0","credit":"","camera":"","caption":"","created_timestamp":"0","copyright":"","focal_length":"0","iso":"0","shutter_speed":"0","title":"","orientation":"0","keywords":[]}},"post":43553,"source_url":"https:\/\/kilosorunum.com\/habercim\/wp-content\/uploads\/2026\/02\/1-15-768x201-44.jpg","_links":{"self":[{"href":"https:\/\/kilosorunum.com\/habercim\/wp-json\/wp\/v2\/media\/43555"}],"collection":[{"href":"https:\/\/kilosorunum.com\/habercim\/wp-json\/wp\/v2\/media"}],"about":[{"href":"https:\/\/kilosorunum.com\/habercim\/wp-json\/wp\/v2\/types\/attachment"}],"author":[{"embeddable":true,"href":"https:\/\/kilosorunum.com\/habercim\/wp-json\/wp\/v2\/users\/2"}],"replies":[{"embeddable":true,"href":"https:\/\/kilosorunum.com\/habercim\/wp-json\/wp\/v2\/comments?post=43555"}]}}