{"id":43624,"date":"2026-02-16T17:57:47","date_gmt":"2026-02-16T14:57:47","guid":{"rendered":"https:\/\/kilosorunum.com\/habercim\/wp-content\/uploads\/2026\/02\/1-183.jpg"},"modified":"2026-02-16T18:04:07","modified_gmt":"2026-02-16T15:04:07","slug":"1-5351","status":"inherit","type":"attachment","link":"https:\/\/kilosorunum.com\/habercim\/foto-galeri\/dul-ve-yetim\/attachment\/1-5351\/","title":{"rendered":"Dul ve yetim"},"author":2,"comment_status":"open","ping_status":"closed","template":"","meta":[],"description":{"rendered":"<p class=\"attachment\"><a href='https:\/\/kilosorunum.com\/habercim\/wp-content\/uploads\/2026\/02\/1-183.jpg'><img width=\"300\" height=\"169\" src=\"https:\/\/kilosorunum.com\/habercim\/wp-content\/uploads\/2026\/02\/1-183-300x169.jpg\" class=\"attachment-medium size-medium\" alt=\"\" loading=\"lazy\" srcset=\"https:\/\/kilosorunum.com\/habercim\/wp-content\/uploads\/2026\/02\/1-183-300x169.jpg 300w, https:\/\/kilosorunum.com\/habercim\/wp-content\/uploads\/2026\/02\/1-183-1024x576.jpg 1024w, https:\/\/kilosorunum.com\/habercim\/wp-content\/uploads\/2026\/02\/1-183-768x432.jpg 768w, https:\/\/kilosorunum.com\/habercim\/wp-content\/uploads\/2026\/02\/1-183.jpg 1200w\" sizes=\"(max-width: 300px) 100vw, 300px\" \/><\/a><\/p>\n"},"caption":{"rendered":"<p>Yakla\u015f\u0131k 17 milyon emekli, bayram ikramiyelerini bekliyor. Emekliler, Ramazan ve Kurban bayramlar\u0131nda ikramiye al\u0131yor. Uygulanmas\u0131na 2018 y\u0131l\u0131nda ba\u015flanan bayram ikramiyeleri her sene belirli d\u00fczeyde art\u0131r\u0131ld\u0131. 2025 y\u0131l\u0131nda bayram ikramiyesi 4 bin TL olarak \u00f6dendi. B\u00f6ylece emekliler toplamda 8 bin TL ikramiye alm\u0131\u015f oldu. Peki 2026 y\u0131l\u0131 i\u00e7in bayram ikramiyesi ne kadar olacak?<\/p>\n<p>Emekli bayram ikramiyesinde konu\u015fulan rakam<br \/>\nKulislerde konu\u015fulanlara g\u00f6re 2026 i\u00e7in bayram ikramiyesi 1000&#8217;er TL art\u0131r\u0131lacak. Bir di\u011fer ifadeyle emekliler 5 bin TL; iki bayram i\u00e7in toplamda 10 bin lira ikramiye alacak. <\/p>\n<p>Emekli bayram ikramiyesi ne zaman belli olacak?<br \/>\nEmekli bayram ikramiyesini i\u00e7eren d\u00fczenlemenin \u00f6n\u00fcm\u00fczdeki hafta Meclis&#8217;e sunulmas\u0131 bekleniyor. D\u00fczenleme, TBMM Plan ve B\u00fct\u00e7e Komisyonu\u2019nda g\u00f6r\u00fc\u015f\u00fclecek. Teklifin yasala\u015ft\u0131r\u0131lmas\u0131n\u0131n ard\u0131ndan Cumhurba\u015fkan\u0131 Erdo\u011fan\u2019\u0131n onay\u0131na sunulacak. Cumhurba\u015fkan\u0131 onay verdi\u011fi takdirde Resmi Gazete\u2019de yay\u0131mlanarak y\u00fcr\u00fcrl\u00fc\u011fe girecek. <\/p>\n<p>Cumhurba\u015fkan\u0131 Erdo\u011fan\u2019\u0131n bayram ikramiyesini y\u00fckseltip y\u00fckseltmeyece\u011fi ise belirsizli\u011fini koruyor. Kimi uzman\u0131n iddias\u0131na g\u00f6re Erdo\u011fan, bayram ikramiyelerine son dokunu\u015fu yapacak. Bayram ikramiyesinde art\u0131\u015f yap\u0131lmas\u0131 halinde bunun yasal d\u00fczenlemeyle hayata ge\u00e7irilmesi gerekecek. \u0130lgili bakanl\u0131klar\u0131n \u00e7al\u0131\u015fmalar\u0131n\u0131 tamamlamas\u0131n\u0131n ard\u0131ndan d\u00fczenlemenin Cumhurba\u015fkan\u0131 Recep Tayyip Erdo\u011fan&#8217;a sunulmas\u0131 bekleniyor.<\/p>\n<p>Kabine toplant\u0131s\u0131nda ele al\u0131nacak teklifin, Ramazan ay\u0131 i\u00e7inde T\u00fcrkiye B\u00fcy\u00fck Millet Meclisi&#8217;ne (TBMM) g\u00f6nderilmesi planlan\u0131yor. D\u00fczenleme \u00f6nce Plan ve B\u00fct\u00e7e Komisyonu&#8217;nda g\u00f6r\u00fc\u015f\u00fclecek, ard\u0131ndan Genel Kurul&#8217;da oylanacak. Kabul edilmesi halinde Cumhurba\u015fkan\u0131 onay\u0131 sonras\u0131 Resmi Gazete&#8217;de yay\u0131mlanarak y\u00fcr\u00fcrl\u00fc\u011fe girecek.<\/p>\n"},"alt_text":"","media_type":"image","mime_type":"image\/jpeg","media_details":{"width":1200,"height":675,"file":"2026\/02\/1-183.jpg","sizes":{"medium":{"file":"1-183-300x169.jpg","width":300,"height":169,"mime_type":"image\/jpeg","source_url":"https:\/\/kilosorunum.com\/habercim\/wp-content\/uploads\/2026\/02\/1-183-300x169.jpg"},"large":{"file":"1-183-1024x576.jpg","width":1024,"height":576,"mime_type":"image\/jpeg","source_url":"https:\/\/kilosorunum.com\/habercim\/wp-content\/uploads\/2026\/02\/1-183-1024x576.jpg"},"thumbnail":{"file":"1-183-150x150.jpg","width":150,"height":150,"mime_type":"image\/jpeg","source_url":"https:\/\/kilosorunum.com\/habercim\/wp-content\/uploads\/2026\/02\/1-183-150x150.jpg"},"medium_large":{"file":"1-183-768x432.jpg","width":768,"height":432,"mime_type":"image\/jpeg","source_url":"https:\/\/kilosorunum.com\/habercim\/wp-content\/uploads\/2026\/02\/1-183-768x432.jpg"},"kucukResim":{"file":"1-183-80x50.jpg","width":80,"height":50,"mime_type":"image\/jpeg","source_url":"https:\/\/kilosorunum.com\/habercim\/wp-content\/uploads\/2026\/02\/1-183-80x50.jpg"},"sliderResim":{"file":"1-183-670x330.jpg","width":670,"height":330,"mime_type":"image\/jpeg","source_url":"https:\/\/kilosorunum.com\/habercim\/wp-content\/uploads\/2026\/02\/1-183-670x330.jpg"},"resim1":{"file":"1-183-184x140.jpg","width":184,"height":140,"mime_type":"image\/jpeg","source_url":"https:\/\/kilosorunum.com\/habercim\/wp-content\/uploads\/2026\/02\/1-183-184x140.jpg"},"resim2":{"file":"1-183-216x103.jpg","width":216,"height":103,"mime_type":"image\/jpeg","source_url":"https:\/\/kilosorunum.com\/habercim\/wp-content\/uploads\/2026\/02\/1-183-216x103.jpg"},"resim3":{"file":"1-183-145x70.jpg","width":145,"height":70,"mime_type":"image\/jpeg","source_url":"https:\/\/kilosorunum.com\/habercim\/wp-content\/uploads\/2026\/02\/1-183-145x70.jpg"},"sagSlider":{"file":"1-183-300x150.jpg","width":300,"height":150,"mime_type":"image\/jpeg","source_url":"https:\/\/kilosorunum.com\/habercim\/wp-content\/uploads\/2026\/02\/1-183-300x150.jpg"},"yeniSlider":{"file":"1-183-500x290.jpg","width":500,"height":290,"mime_type":"image\/jpeg","source_url":"https:\/\/kilosorunum.com\/habercim\/wp-content\/uploads\/2026\/02\/1-183-500x290.jpg"},"full":{"file":"1-183.jpg","width":1200,"height":675,"mime_type":"image\/jpeg","source_url":"https:\/\/kilosorunum.com\/habercim\/wp-content\/uploads\/2026\/02\/1-183.jpg"}},"image_meta":{"aperture":"0","credit":"","camera":"","caption":"","created_timestamp":"0","copyright":"","focal_length":"0","iso":"0","shutter_speed":"0","title":"","orientation":"0","keywords":[]}},"post":43622,"source_url":"https:\/\/kilosorunum.com\/habercim\/wp-content\/uploads\/2026\/02\/1-183.jpg","_links":{"self":[{"href":"https:\/\/kilosorunum.com\/habercim\/wp-json\/wp\/v2\/media\/43624"}],"collection":[{"href":"https:\/\/kilosorunum.com\/habercim\/wp-json\/wp\/v2\/media"}],"about":[{"href":"https:\/\/kilosorunum.com\/habercim\/wp-json\/wp\/v2\/types\/attachment"}],"author":[{"embeddable":true,"href":"https:\/\/kilosorunum.com\/habercim\/wp-json\/wp\/v2\/users\/2"}],"replies":[{"embeddable":true,"href":"https:\/\/kilosorunum.com\/habercim\/wp-json\/wp\/v2\/comments?post=43624"}]}}