{"id":43639,"date":"2026-02-16T22:16:48","date_gmt":"2026-02-16T19:16:48","guid":{"rendered":"https:\/\/kilosorunum.com\/habercim\/wp-content\/uploads\/2026\/02\/1-15-768x201-57.jpg"},"modified":"2026-02-16T22:17:48","modified_gmt":"2026-02-16T19:17:48","slug":"1-15-768x201-1957","status":"inherit","type":"attachment","link":"https:\/\/kilosorunum.com\/habercim\/foto-galeri\/yeni-konutlar\/attachment\/1-15-768x201-1957\/","title":{"rendered":"Yeni Konutlar"},"author":2,"comment_status":"open","ping_status":"closed","template":"","meta":[],"description":{"rendered":"<p class=\"attachment\"><a href='https:\/\/kilosorunum.com\/habercim\/wp-content\/uploads\/2026\/02\/1-15-768x201-57.jpg'><img width=\"300\" height=\"79\" src=\"https:\/\/kilosorunum.com\/habercim\/wp-content\/uploads\/2026\/02\/1-15-768x201-57-300x79.jpg\" class=\"attachment-medium size-medium\" alt=\"\" loading=\"lazy\" srcset=\"https:\/\/kilosorunum.com\/habercim\/wp-content\/uploads\/2026\/02\/1-15-768x201-57-300x79.jpg 300w, https:\/\/kilosorunum.com\/habercim\/wp-content\/uploads\/2026\/02\/1-15-768x201-57.jpg 768w\" sizes=\"(max-width: 300px) 100vw, 300px\" \/><\/a><\/p>\n"},"caption":{"rendered":"<p>Cumhurba\u015fkan\u0131 Recep Tayyip Erdo\u011fan, milyonlar\u0131n merakla bekledi\u011fi 500 bin sosyal konut projesinin detaylar\u0131n\u0131 a\u00e7\u0131klad\u0131. Buna g\u00f6re, ayl\u0131k 6.750 TL\u2019den ba\u015flayan taksitlerle ev sahibi olunabilecek ve fahi\u015f kiraya kar\u015f\u0131 ilk kez \u201ckiral\u0131k konut\u201d modeli hayata ge\u00e7irilecek. \u0130n\u015fallah bu projemiz yeni bir d\u00f6nemi farkl\u0131 bir \u015fekilde ba\u015flatacakt\u0131r. Konut projemizin \u015fimdiden hay\u0131rl\u0131 olmas\u0131n\u0131 diliyorum. Projeye destek veren t\u00fcm kurumlar\u0131m\u0131za te\u015fekk\u00fcr ediyorum. Tam 23 y\u0131ld\u0131r ihtiya\u00e7 duydu\u011fu her an milletimizin yan\u0131nda olduk. Kimseyi ay\u0131rmadan kimseyi d\u0131\u015flamadan 86 milyon vatanda\u015f\u0131m\u0131z\u0131n tamam\u0131na hizmet g\u00f6t\u00fcrd\u00fck. Bug\u00fcn de ayn\u0131 kararl\u0131l\u0131kla \u00e7al\u0131\u015f\u0131yoruz. Rehavete kap\u0131lm\u0131yoruz. \u0130vme kaybetmiyoruz. Vitesi asla d\u00fc\u015f\u00fcrm\u00fcyoruz. H\u0131z kesmeden yolumuza tam gaz devam ediyoruz. 500 bin konutun 100 binini \u0130stanbul\u2019a ay\u0131rd\u0131k.<\/p>\n<p>Ankara\u2019ya 30 bin \u0130zmir\u2019e 21 bin Bursa, Gaziantep ve Konya\u2019ya 13 bin Hatay ve Diyarbak\u0131r\u2019a 12 bin yeni yuva kazand\u0131raca\u011f\u0131z<\/p>\n<p>3 ve daha fazla \u00e7ocu\u011fu olan ailelere y\u00fczde 10\u2019luk kontenjan tahsis ettik. Emeklilerimizi unutmad\u0131k. Emekli vatanda\u015flar\u0131m\u0131za da proje kapsam\u0131nda y\u00fczde 20 kontenjan ay\u0131rd\u0131k.<\/p>\n<p>Y\u00fczde 20, 18-20 ya\u015f\u0131ndaki gen\u00e7lerimize tahsis ediyoruz. Gen\u00e7lerimizi desteklemeye devam edece\u011fiz. 2+1 ve 1+1 dairelerden olu\u015facak.<\/p>\n<p>\u00d6nceli\u011fimiz hen\u00fcz evi olmayan vatanda\u015flar\u0131m\u0131zad\u0131r. Tapuda e\u015fi ve \u00e7ocuklar\u0131n\u0131n \u00fczerine kay\u0131tl\u0131 evi olanlar ba\u015fvuru yapamayacak<\/p>\n<p>Y\u00fczde 10 pe\u015finat 240 ay vadeyle sat\u0131\u015fa sunulacak. Vatanda\u015flar\u0131m\u0131z g\u00fcvenli \u015fekilde ev sahibi olacak. Projeye ba\u015fvuru yapmak isteyen deprem b\u00f6lgesindeki vatanda\u015flar\u0131m\u0131z i\u00e7in n\u00fcfus kay\u0131t \u00f6rne\u011fi veya 1 y\u0131l ikamet \u015fart\u0131 yeterli olacak. Konutlar\u0131m\u0131z b\u00f6lgedeki rayicin yar\u0131 fiyat\u0131na kiralanacak ve kira s\u00f6zle\u015fmeleri 3 y\u0131l\u0131 kapsayacak. Vatanda\u015flar\u0131m\u0131z uzun vadeli, d\u00fc\u015f\u00fck taksitli ve g\u00fcvenli bir \u015fekilde ev sahibi olacak. Ola\u011fan d\u0131\u015f\u0131 artan kira fiyatlar\u0131na kar\u015f\u0131 g\u00fc\u00e7l\u00fc bir kalkan olu\u015fturaca\u011f\u0131z. \u0130n\u015fallah b\u00f6ylece \u0130stanbul\u2019daki fahi\u015f kira sorununa ilk ne\u015fteri biz vurmu\u015f olaca\u011f\u0131z.<br \/>\n81 ilde dar gelirli vatanda\u015flar i\u00e7in uygun ko\u015fullarda 500 bin sosyal konutun sat\u0131\u015fa sunulaca\u011f\u0131 bu proje i\u00e7in ba\u015fvurular 10 Kas\u0131m 2025 \u2013 19 Aral\u0131k 2025 aras\u0131nda toplanacak. \u0130n\u015fa ve ihale s\u00fcreci 2025 Kas\u0131m itibar\u0131yla ba\u015flayacak. Hak Sahibi Belirleme Kuralar\u0131, 29 Aral\u0131k 2025 \u2013 27 \u015eubat 2026 tarihleri aras\u0131nda ger\u00e7ekle\u015ftirilecek. Teslimatlar\u0131n ise 2027 Mart itibar\u0131yla ba\u015flamas\u0131 planlan\u0131yor.<br \/>\nCumhurba\u015fkan\u0131 Erdopan; \u201c\u0130stanbullumuzun her iki yakas\u0131nda toplam 100 bin konut in\u015fa edece\u011fiz. Ankara\u2019ya 30 bin \u0130zmir\u2019e 21 bin Bursa, Gaziantep ve Konya\u2019ya 13 bin Hatay ve Diyarbak\u0131r\u2019a ise 12 bin yeni yuva kazand\u0131raca\u011f\u0131z. \u015eehitlerimizin k\u0131ymetli ailelerine kahraman gazilerimize ve engelli karde\u015flerimize y\u00fczde 5 oran\u0131nda ayr\u0131 bir kontenjan ay\u0131rd\u0131k.\u201d<\/p>\n<p>Kaynak : bigpara.hurriyet.com.tr<\/p>\n"},"alt_text":"","media_type":"image","mime_type":"image\/jpeg","media_details":{"width":768,"height":201,"file":"2026\/02\/1-15-768x201-57.jpg","sizes":{"medium":{"file":"1-15-768x201-57-300x79.jpg","width":300,"height":79,"mime_type":"image\/jpeg","source_url":"https:\/\/kilosorunum.com\/habercim\/wp-content\/uploads\/2026\/02\/1-15-768x201-57-300x79.jpg"},"thumbnail":{"file":"1-15-768x201-57-150x150.jpg","width":150,"height":150,"mime_type":"image\/jpeg","source_url":"https:\/\/kilosorunum.com\/habercim\/wp-content\/uploads\/2026\/02\/1-15-768x201-57-150x150.jpg"},"kucukResim":{"file":"1-15-768x201-57-80x50.jpg","width":80,"height":50,"mime_type":"image\/jpeg","source_url":"https:\/\/kilosorunum.com\/habercim\/wp-content\/uploads\/2026\/02\/1-15-768x201-57-80x50.jpg"},"sliderResim":{"file":"1-15-768x201-57-670x201.jpg","width":670,"height":201,"mime_type":"image\/jpeg","source_url":"https:\/\/kilosorunum.com\/habercim\/wp-content\/uploads\/2026\/02\/1-15-768x201-57-670x201.jpg"},"resim1":{"file":"1-15-768x201-57-184x140.jpg","width":184,"height":140,"mime_type":"image\/jpeg","source_url":"https:\/\/kilosorunum.com\/habercim\/wp-content\/uploads\/2026\/02\/1-15-768x201-57-184x140.jpg"},"resim2":{"file":"1-15-768x201-57-216x103.jpg","width":216,"height":103,"mime_type":"image\/jpeg","source_url":"https:\/\/kilosorunum.com\/habercim\/wp-content\/uploads\/2026\/02\/1-15-768x201-57-216x103.jpg"},"resim3":{"file":"1-15-768x201-57-145x70.jpg","width":145,"height":70,"mime_type":"image\/jpeg","source_url":"https:\/\/kilosorunum.com\/habercim\/wp-content\/uploads\/2026\/02\/1-15-768x201-57-145x70.jpg"},"sagSlider":{"file":"1-15-768x201-57-300x150.jpg","width":300,"height":150,"mime_type":"image\/jpeg","source_url":"https:\/\/kilosorunum.com\/habercim\/wp-content\/uploads\/2026\/02\/1-15-768x201-57-300x150.jpg"},"yeniSlider":{"file":"1-15-768x201-57-500x201.jpg","width":500,"height":201,"mime_type":"image\/jpeg","source_url":"https:\/\/kilosorunum.com\/habercim\/wp-content\/uploads\/2026\/02\/1-15-768x201-57-500x201.jpg"},"full":{"file":"1-15-768x201-57.jpg","width":768,"height":201,"mime_type":"image\/jpeg","source_url":"https:\/\/kilosorunum.com\/habercim\/wp-content\/uploads\/2026\/02\/1-15-768x201-57.jpg"}},"image_meta":{"aperture":"0","credit":"","camera":"","caption":"","created_timestamp":"0","copyright":"","focal_length":"0","iso":"0","shutter_speed":"0","title":"","orientation":"0","keywords":[]}},"post":43637,"source_url":"https:\/\/kilosorunum.com\/habercim\/wp-content\/uploads\/2026\/02\/1-15-768x201-57.jpg","_links":{"self":[{"href":"https:\/\/kilosorunum.com\/habercim\/wp-json\/wp\/v2\/media\/43639"}],"collection":[{"href":"https:\/\/kilosorunum.com\/habercim\/wp-json\/wp\/v2\/media"}],"about":[{"href":"https:\/\/kilosorunum.com\/habercim\/wp-json\/wp\/v2\/types\/attachment"}],"author":[{"embeddable":true,"href":"https:\/\/kilosorunum.com\/habercim\/wp-json\/wp\/v2\/users\/2"}],"replies":[{"embeddable":true,"href":"https:\/\/kilosorunum.com\/habercim\/wp-json\/wp\/v2\/comments?post=43639"}]}}