{"id":43670,"date":"2026-02-17T15:53:47","date_gmt":"2026-02-17T12:53:47","guid":{"rendered":"https:\/\/kilosorunum.com\/habercim\/wp-content\/uploads\/2026\/02\/1-197.jpg"},"modified":"2026-02-17T15:56:12","modified_gmt":"2026-02-17T12:56:12","slug":"1-5365","status":"inherit","type":"attachment","link":"https:\/\/kilosorunum.com\/habercim\/foto-galeri\/ssk-ve-bagkur-emekli\/attachment\/1-5365\/","title":{"rendered":"SSK ve BA\u011eKUR Emekli"},"author":2,"comment_status":"open","ping_status":"closed","template":"","meta":[],"description":{"rendered":"<p class=\"attachment\"><a href='https:\/\/kilosorunum.com\/habercim\/wp-content\/uploads\/2026\/02\/1-197.jpg'><img width=\"300\" height=\"169\" src=\"https:\/\/kilosorunum.com\/habercim\/wp-content\/uploads\/2026\/02\/1-197-300x169.jpg\" class=\"attachment-medium size-medium\" alt=\"\" loading=\"lazy\" srcset=\"https:\/\/kilosorunum.com\/habercim\/wp-content\/uploads\/2026\/02\/1-197-300x169.jpg 300w, https:\/\/kilosorunum.com\/habercim\/wp-content\/uploads\/2026\/02\/1-197-1024x576.jpg 1024w, https:\/\/kilosorunum.com\/habercim\/wp-content\/uploads\/2026\/02\/1-197-768x432.jpg 768w, https:\/\/kilosorunum.com\/habercim\/wp-content\/uploads\/2026\/02\/1-197.jpg 1200w\" sizes=\"(max-width: 300px) 100vw, 300px\" \/><\/a><\/p>\n"},"caption":{"rendered":"<p>Emekli bayram ikramiyesi, olas\u0131 art\u0131\u015f tutarlar\u0131yla birlikte emeklilere ek gelir sa\u011flamas\u0131 a\u00e7\u0131s\u0131ndan \u00f6nemini koruyor. Kulis bilgilerinde 5 bin ile 5 bin 500 TL aral\u0131\u011f\u0131ndaki rakamlar\u0131n g\u00fcndemde oldu\u011fu, h\u00fck\u00fcmet kanad\u0131nda ise daha dengeli g\u00f6r\u00fclen se\u00e7eneklere a\u011f\u0131rl\u0131k verildi\u011fi aktar\u0131l\u0131yor. Yeni tutara ili\u015fkin nihai karar\u0131n, ekonomi y\u00f6netiminin haz\u0131rlad\u0131\u011f\u0131 etki analizleri do\u011frultusunda netle\u015fmesi bekleniyor. Emekliler, resm\u00ee a\u00e7\u0131klama yap\u0131lana kadar geli\u015fmeleri yak\u0131ndan takip etmeyi s\u00fcrd\u00fcr\u00fcyor.<br \/>\n2026 y\u0131l\u0131na girilirken SSK ve BA\u011e-KUR emeklilerinin maa\u015flar\u0131na y\u00fczde 12,09, memur ve memur emeklilerinin maa\u015flar\u0131na ise y\u00fczde 18,6 oran\u0131nda zam yap\u0131ld\u0131\u011f\u0131 a\u00e7\u0131klan\u0131rken; h\u00fck\u00fcmet, en d\u00fc\u015f\u00fck emekli maa\u015f\u0131nda da y\u00fczde 18,48\u2019lik bir art\u0131\u015fa giderek yeni y\u0131l d\u00fczenlemelerini netle\u015ftirdi.<br \/>\nEmekli bayram ikramiyelerinde yap\u0131lmas\u0131 beklenen d\u00fczenlemeye dair kulislerde iki farkl\u0131 art\u0131\u015f ihtimali konu\u015fuluyor. Ramazan ve Kurban Bayram\u0131 \u00f6ncesinde sa\u011flanacak \u00f6demenin 5 bin TL ile 5 bin 500 TL aral\u0131\u011f\u0131nda yeniden belirlenebilece\u011fi ifade edilirken, bu se\u00e7eneklerin b\u00fct\u00e7e dengeleri, ekonomik g\u00f6stergeler ve emeklilerin beklentileri do\u011frultusunda de\u011ferlendirildi\u011fi belirtiliyor. Bu kapsamda, hem maliyet hesab\u0131 hem de sosyal etki a\u00e7\u0131s\u0131ndan en uygun form\u00fcl\u00fcn netle\u015fmesi i\u00e7in \u00e7al\u0131\u015fmalar\u0131n s\u00fcrd\u00fc\u011f\u00fc aktar\u0131l\u0131yor.<br \/>\n2026 y\u0131l\u0131nda Ramazan ay\u0131n\u0131n 19 \u015eubat\u2019ta ba\u015flayacak olmas\u0131 ve Ramazan Bayram\u0131\u2019n\u0131n 20 Mart Cuma g\u00fcn\u00fc idrak edilecek olmas\u0131 nedeniyle, ikramiye \u00f6demelerinin de ge\u00e7mi\u015f y\u0131llardaki uygulamalara paralel \u015fekilde 9\u201314 Mart tarihleri aras\u0131nda emeklilerin banka hesaplar\u0131na yat\u0131r\u0131lmas\u0131 bekleniyor.<br \/>\nT\u00fcrkiye&#8217;de emekli bayram ikramiyesi uygulamas\u0131, sadece emeklileri de\u011fil dul ve yetim maa\u015f\u0131 alan hak sahiplerini de kaps\u0131yor. Dul ve yetimler bu kapsamda hisse oran\u0131na g\u00f6re bayram ikramiyesi al\u0131yor.<br \/>\nVefat eden sigortal\u0131n\u0131n e\u015fi, \u00e7ocuk yoksa %75 oran\u0131 ile ikramiye al\u0131r.<br \/>\nE\u015f ve \u00e7ocuklar birlikte hak sahibiyse, e\u015f %50 oran\u0131 ile al\u0131r.<br \/>\n\u00d6l\u00fcm ayl\u0131\u011f\u0131 alan yetimler %25 oran\u0131 ile ikramiye al\u0131r.<br \/>\n %75 hisse:3.000 TL<br \/>\n %50 hisse: 2.000 TL<br \/>\n %25 hisse alanlara: 1.000 TL<br \/>\nBayram ikramiyesi 5.000 TL&#8217;ye \u00e7\u0131kar\u0131l\u0131rsa, dul ve yetim ayl\u0131\u011f\u0131 alanlar i\u00e7in hisse oran\u0131na g\u00f6re \u00f6denecek tutarlar\u0131n \u015fu \u015fekilde olmas\u0131 bekleniyor:<\/p>\n<p>%75 hisse (e\u015f \u2013 \u00e7ocuk yoksa): 3.750 TL<br \/>\n%50 hisse (e\u015f \u2013 \u00e7ocuklarla birlikte): 2.500 TL<br \/>\n%25 hisse (yetim \u00e7ocuk): 1.250 TL<br \/>\nRamazan Bayram\u0131&#8217;n\u0131n 20\u201324 Mart tarihleri aras\u0131nda kutlanacak olmas\u0131 nedeniyle, ilk ikramiye \u00f6demelerinin 9\u201314 Mart aras\u0131nda yap\u0131lmas\u0131 bekleniyor. \u00d6demeler, SSK, Ba\u011f-Kur ve Emekli Sand\u0131\u011f\u0131 kapsam\u0131ndaki emeklilerin, dul ve yetimlerin maa\u015f \u00f6deme g\u00fcnlerine g\u00f6re kademeli olarak ger\u00e7ekle\u015ftirilecek.<\/p>\n"},"alt_text":"","media_type":"image","mime_type":"image\/jpeg","media_details":{"width":1200,"height":675,"file":"2026\/02\/1-197.jpg","sizes":{"medium":{"file":"1-197-300x169.jpg","width":300,"height":169,"mime_type":"image\/jpeg","source_url":"https:\/\/kilosorunum.com\/habercim\/wp-content\/uploads\/2026\/02\/1-197-300x169.jpg"},"large":{"file":"1-197-1024x576.jpg","width":1024,"height":576,"mime_type":"image\/jpeg","source_url":"https:\/\/kilosorunum.com\/habercim\/wp-content\/uploads\/2026\/02\/1-197-1024x576.jpg"},"thumbnail":{"file":"1-197-150x150.jpg","width":150,"height":150,"mime_type":"image\/jpeg","source_url":"https:\/\/kilosorunum.com\/habercim\/wp-content\/uploads\/2026\/02\/1-197-150x150.jpg"},"medium_large":{"file":"1-197-768x432.jpg","width":768,"height":432,"mime_type":"image\/jpeg","source_url":"https:\/\/kilosorunum.com\/habercim\/wp-content\/uploads\/2026\/02\/1-197-768x432.jpg"},"kucukResim":{"file":"1-197-80x50.jpg","width":80,"height":50,"mime_type":"image\/jpeg","source_url":"https:\/\/kilosorunum.com\/habercim\/wp-content\/uploads\/2026\/02\/1-197-80x50.jpg"},"sliderResim":{"file":"1-197-670x330.jpg","width":670,"height":330,"mime_type":"image\/jpeg","source_url":"https:\/\/kilosorunum.com\/habercim\/wp-content\/uploads\/2026\/02\/1-197-670x330.jpg"},"resim1":{"file":"1-197-184x140.jpg","width":184,"height":140,"mime_type":"image\/jpeg","source_url":"https:\/\/kilosorunum.com\/habercim\/wp-content\/uploads\/2026\/02\/1-197-184x140.jpg"},"resim2":{"file":"1-197-216x103.jpg","width":216,"height":103,"mime_type":"image\/jpeg","source_url":"https:\/\/kilosorunum.com\/habercim\/wp-content\/uploads\/2026\/02\/1-197-216x103.jpg"},"resim3":{"file":"1-197-145x70.jpg","width":145,"height":70,"mime_type":"image\/jpeg","source_url":"https:\/\/kilosorunum.com\/habercim\/wp-content\/uploads\/2026\/02\/1-197-145x70.jpg"},"sagSlider":{"file":"1-197-300x150.jpg","width":300,"height":150,"mime_type":"image\/jpeg","source_url":"https:\/\/kilosorunum.com\/habercim\/wp-content\/uploads\/2026\/02\/1-197-300x150.jpg"},"yeniSlider":{"file":"1-197-500x290.jpg","width":500,"height":290,"mime_type":"image\/jpeg","source_url":"https:\/\/kilosorunum.com\/habercim\/wp-content\/uploads\/2026\/02\/1-197-500x290.jpg"},"full":{"file":"1-197.jpg","width":1200,"height":675,"mime_type":"image\/jpeg","source_url":"https:\/\/kilosorunum.com\/habercim\/wp-content\/uploads\/2026\/02\/1-197.jpg"}},"image_meta":{"aperture":"0","credit":"","camera":"","caption":"","created_timestamp":"0","copyright":"","focal_length":"0","iso":"0","shutter_speed":"0","title":"","orientation":"0","keywords":[]}},"post":43668,"source_url":"https:\/\/kilosorunum.com\/habercim\/wp-content\/uploads\/2026\/02\/1-197.jpg","_links":{"self":[{"href":"https:\/\/kilosorunum.com\/habercim\/wp-json\/wp\/v2\/media\/43670"}],"collection":[{"href":"https:\/\/kilosorunum.com\/habercim\/wp-json\/wp\/v2\/media"}],"about":[{"href":"https:\/\/kilosorunum.com\/habercim\/wp-json\/wp\/v2\/types\/attachment"}],"author":[{"embeddable":true,"href":"https:\/\/kilosorunum.com\/habercim\/wp-json\/wp\/v2\/users\/2"}],"replies":[{"embeddable":true,"href":"https:\/\/kilosorunum.com\/habercim\/wp-json\/wp\/v2\/comments?post=43670"}]}}