{"id":43737,"date":"2026-02-19T00:35:14","date_gmt":"2026-02-18T21:35:14","guid":{"rendered":"https:\/\/kilosorunum.com\/habercim\/wp-content\/uploads\/2026\/02\/1-215.jpg"},"modified":"2026-02-19T00:38:51","modified_gmt":"2026-02-18T21:38:51","slug":"1-5383","status":"inherit","type":"attachment","link":"https:\/\/kilosorunum.com\/habercim\/foto-galeri\/persembe-ve-cuma\/attachment\/1-5383\/","title":{"rendered":"Per\u015fembe Ve Cuma"},"author":2,"comment_status":"open","ping_status":"closed","template":"","meta":[],"description":{"rendered":"<p class=\"attachment\"><a href='https:\/\/kilosorunum.com\/habercim\/wp-content\/uploads\/2026\/02\/1-215.jpg'><img width=\"300\" height=\"169\" src=\"https:\/\/kilosorunum.com\/habercim\/wp-content\/uploads\/2026\/02\/1-215-300x169.jpg\" class=\"attachment-medium size-medium\" alt=\"\" loading=\"lazy\" srcset=\"https:\/\/kilosorunum.com\/habercim\/wp-content\/uploads\/2026\/02\/1-215-300x169.jpg 300w, https:\/\/kilosorunum.com\/habercim\/wp-content\/uploads\/2026\/02\/1-215-1024x576.jpg 1024w, https:\/\/kilosorunum.com\/habercim\/wp-content\/uploads\/2026\/02\/1-215-768x432.jpg 768w, https:\/\/kilosorunum.com\/habercim\/wp-content\/uploads\/2026\/02\/1-215.jpg 1200w\" sizes=\"(max-width: 300px) 100vw, 300px\" \/><\/a><\/p>\n"},"caption":{"rendered":"<p>Haftan\u0131n ilk g\u00fcnlerinde T\u00fcrkiye&#8217;nin neredeyse tamam\u0131 ya\u011f\u0131\u015fl\u0131 bir sistemin pen\u00e7esinde. Marmara, Ege ve \u0130\u00e7 Anadolu genelinde sa\u011fanak ya\u011fmur etkili olurken; Akdeniz k\u0131y\u0131 \u015feridinde (Antalya, Mersin, Adana) g\u00f6k g\u00fcr\u00fclt\u00fcl\u00fc \u015fiddetli ya\u011f\u0131\u015flar g\u00f6r\u00fcl\u00fcyor.<br \/>\nYa\u011f\u0131\u015fl\u0131 sistemin do\u011fuya kaymas\u0131yla birlikte bat\u0131 illerinde k\u0131sa s\u00fcreli bir nefes alma d\u00f6nemi ya\u015fanacak. \u00d6zellikle Cuma g\u00fcn\u00fc Marmara ve Ege&#8217;de termometreler 16-17\u00b0C seviyelerini g\u00f6rerek adeta bahar havas\u0131 ya\u015fatacak. Ancak uzmanlar bu durumu &#8220;f\u0131rt\u0131na \u00f6ncesi sessizlik&#8221; olarak adland\u0131r\u0131yor. Bu durgun ve g\u00fcne\u015fli hava, hafta sonu kap\u0131y\u0131 \u00e7alacak olan sert so\u011fuk dalgas\u0131n\u0131n habercisi niteli\u011finde.<br \/>\nHafta sonunun ba\u015flamas\u0131yla birlikte bat\u0131dan yeni bir al\u00e7ak bas\u0131n\u00e7 sistemi yurda giri\u015f yap\u0131yor. Cumartesi g\u00fcn\u00fc Marmara ve Ege yeniden sa\u011fanak ya\u011f\u0131\u015f\u0131n etkisi alt\u0131na girerken, i\u00e7 kesimlerde hava h\u0131zla so\u011fumaya ba\u015fl\u0131yor. G\u00fcneydo\u011fu Anadolu&#8217;da s\u0131cakl\u0131klar hala mevsim normallerinin \u00fczerinde seyretse de, ak\u015fam saatlerinden itibaren serinleme ve ya\u011f\u0131\u015f t\u00fcm i\u00e7 b\u00f6lgelere yay\u0131lmaya ba\u015flayacak.<br \/>\nHaftan\u0131n en sert hava olay\u0131 Pazar g\u00fcn\u00fc ger\u00e7ekle\u015fecek. S\u0131cakl\u0131klar\u0131n aniden d\u00fc\u015fmesiyle birlikte ya\u011f\u0131\u015flar kara d\u00f6n\u00fc\u015f\u00fcyor. Ankara, Eski\u015fehir ve Sivas ba\u015fta olmak \u00fczere \u0130\u00e7 Anadolu&#8217;nun tamam\u0131 ile Karadeniz&#8217;in i\u00e7 kesimlerinde yo\u011fun kar ya\u011f\u0131\u015f\u0131 bekleniyor. \u0130stanbul&#8217;da termometreler 6\u00b0C&#8217;ye kadar gerilerken, ya\u011f\u0131\u015flar\u0131n karla kar\u0131\u015f\u0131k ya\u011fmur \u015feklinde g\u00f6r\u00fclmesi tahmin ediliyor. G\u00fcneydo\u011fu&#8217;da ise kuvvetli sa\u011fanaklar hayat\u0131 olumsuz etkileyebilir.<br \/>\nT\u00fcrkiye genelinde bahar havas\u0131 yerini sert bir k\u0131\u015fa b\u0131rak\u0131yor. MGM verilerine g\u00f6re, 18 \u015eubat \u00c7ar\u015famba g\u00fcn\u00fcnden itibaren s\u0131cakl\u0131klar hissedilir derecede azalarak mevsim normallerinin alt\u0131na inecek. \u0130stanbul&#8217;da g\u00fcn boyu etkili olacak sa\u011fanak ya\u011f\u0131\u015f\u0131n, ak\u015fam saatlerinde kentin y\u00fcksek kesimlerinde yerini sulu kar ya\u011f\u0131\u015f\u0131na b\u0131rakmas\u0131 bekleniyor.<br \/>\n\u0130stanbul&#8217;da beklenen kar ya\u011f\u0131\u015f\u0131, \u015fehrin mikroklima etkisi ve rak\u0131m farklar\u0131 nedeniyle her il\u00e7ede ayn\u0131 yo\u011funlukta hissedilmeyecek. Meteoroloji Genel M\u00fcd\u00fcrl\u00fc\u011f\u00fc&#8217;n\u00fcn verilerine g\u00f6re, \u00f6zellikle Avrupa Yakas\u0131&#8217;n\u0131n kuzey ve bat\u0131 \u015feridinde yer alan Arnavutk\u00f6y, Ba\u015fak\u015fehir, \u00c7atalca ve Silivri gibi rak\u0131m\u0131 y\u00fcksek il\u00e7eler kar ya\u011f\u0131\u015f\u0131n\u0131 ilk ve en net g\u00f6recek b\u00f6lgeler aras\u0131nda. \u015eehrin i\u00e7 kesimlerinde ise Sultangazi, Esenyurt ve Beylikd\u00fcz\u00fc hatt\u0131nda s\u0131cakl\u0131\u011f\u0131n d\u00fc\u015fmesiyle birlikte sa\u011fanak ya\u011fmurun ak\u015fam saatlerinden itibaren yer yer sulu kar ve k\u0131sa s\u00fcreli kar ya\u011f\u0131\u015f\u0131na d\u00f6nmesi bekleniyor.<br \/>\n\u0130stanbul&#8217;da beklenen kar ya\u011f\u0131\u015f\u0131, \u015fehrin mikroklima etkisi ve rak\u0131m farklar\u0131 nedeniyle her il\u00e7ede ayn\u0131 yo\u011funlukta hissedilmeyecek. Meteoroloji Genel M\u00fcd\u00fcrl\u00fc\u011f\u00fc&#8217;n\u00fcn verilerine g\u00f6re, \u00f6zellikle Avrupa Yakas\u0131&#8217;n\u0131n kuzey ve bat\u0131 \u015feridinde yer alan Arnavutk\u00f6y, Ba\u015fak\u015fehir, \u00c7atalca ve Silivri gibi rak\u0131m\u0131 y\u00fcksek il\u00e7eler kar ya\u011f\u0131\u015f\u0131n\u0131 ilk ve en net g\u00f6recek b\u00f6lgeler aras\u0131nda. \u015eehrin i\u00e7 kesimlerinde ise Sultangazi, Esenyurt ve Beylikd\u00fcz\u00fc hatt\u0131nda s\u0131cakl\u0131\u011f\u0131n d\u00fc\u015fmesiyle birlikte sa\u011fanak ya\u011fmurun ak\u015fam saatlerinden itibaren yer yer sulu kar ve k\u0131sa s\u00fcreli kar ya\u011f\u0131\u015f\u0131na d\u00f6nmesi bekleniyor.<br \/>\nAnadolu Yakas\u0131&#8217;nda ise kar ya\u011f\u0131\u015f\u0131n\u0131n adresi yine y\u00fcksekler olacak. \u00d6zellikle Beykoz&#8217;un k\u00f6yleri, \u00c7ekmek\u00f6y, Sancaktepe ve \u015eile&#8217;nin i\u00e7 kesimleri so\u011fuyan havadan en \u00e7ok etkilenecek noktalar. \u015eehrin en y\u00fcksek noktas\u0131 olan Aydos Tepesi (Kartal\/Pendik) ve \u00c7aml\u0131ca Tepesi (\u00dcsk\u00fcdar) \u00e7evresinde g\u00f6rseli kuvvetli bir kar ya\u011f\u0131\u015f\u0131 beklenirken; Be\u015fikta\u015f, Kad\u0131k\u00f6y ve Bak\u0131rk\u00f6y gibi sahil \u015feridinde kalan il\u00e7elerde ya\u011f\u0131\u015f\u0131n daha \u00e7ok &#8220;karla kar\u0131\u015f\u0131k ya\u011fmur&#8221; yani sulu kar \u015feklinde kalaca\u011f\u0131 tahmin ediliyor.<br \/>\nAnadolu Yakas\u0131&#8217;nda ise kar ya\u011f\u0131\u015f\u0131n\u0131n adresi yine y\u00fcksekler olacak. \u00d6zellikle Beykoz&#8217;un k\u00f6yleri, \u00c7ekmek\u00f6y, Sancaktepe ve \u015eile&#8217;nin i\u00e7 kesimleri so\u011fuyan havadan en \u00e7ok etkilenecek noktalar. \u015eehrin en y\u00fcksek noktas\u0131 olan Aydos Tepesi (Kartal\/Pendik) ve \u00c7aml\u0131ca Tepesi (\u00dcsk\u00fcdar) \u00e7evresinde g\u00f6rseli kuvvetli bir kar ya\u011f\u0131\u015f\u0131 beklenirken; Be\u015fikta\u015f, Kad\u0131k\u00f6y ve Bak\u0131rk\u00f6y gibi sahil \u015feridinde kalan il\u00e7elerde ya\u011f\u0131\u015f\u0131n daha \u00e7ok &#8220;karla kar\u0131\u015f\u0131k ya\u011fmur&#8221; yani sulu kar \u015feklinde kalaca\u011f\u0131 tahmin ediliyor.<br \/>\n\u0130stanbul&#8217;da etkili olan olumsuz hava ko\u015fullar\u0131 nedeniyle \u015eehir Hatlar\u0131 \u0130\u015fletmesine ba\u011fl\u0131 baz\u0131 vapur seferleri iptal edildi. \u015eehir Hatlar\u0131 \u0130\u015fletmesi taraf\u0131ndan yap\u0131lan a\u00e7\u0131klamaya g\u00f6re olumsuz hava ko\u015fullar\u0131 nedeniyle baz\u0131 seferlerin iptal edildi\u011fi duyuruldu. \u015eehir Hatlar\u0131&#8217;ndan yap\u0131lan duyuruda; &#8220;Elveri\u015fsiz hava ko\u015fullar\u0131 sebebiyle a\u015fa\u011f\u0131da belirtilen hatlardaki seferlerimiz ikinci bir duyuruya kadar yap\u0131lamayacakt\u0131r&#8221; denildi.<\/p>\n<p>Kaynak : sabah.com.tr<\/p>\n"},"alt_text":"","media_type":"image","mime_type":"image\/jpeg","media_details":{"width":1200,"height":675,"file":"2026\/02\/1-215.jpg","sizes":{"medium":{"file":"1-215-300x169.jpg","width":300,"height":169,"mime_type":"image\/jpeg","source_url":"https:\/\/kilosorunum.com\/habercim\/wp-content\/uploads\/2026\/02\/1-215-300x169.jpg"},"large":{"file":"1-215-1024x576.jpg","width":1024,"height":576,"mime_type":"image\/jpeg","source_url":"https:\/\/kilosorunum.com\/habercim\/wp-content\/uploads\/2026\/02\/1-215-1024x576.jpg"},"thumbnail":{"file":"1-215-150x150.jpg","width":150,"height":150,"mime_type":"image\/jpeg","source_url":"https:\/\/kilosorunum.com\/habercim\/wp-content\/uploads\/2026\/02\/1-215-150x150.jpg"},"medium_large":{"file":"1-215-768x432.jpg","width":768,"height":432,"mime_type":"image\/jpeg","source_url":"https:\/\/kilosorunum.com\/habercim\/wp-content\/uploads\/2026\/02\/1-215-768x432.jpg"},"kucukResim":{"file":"1-215-80x50.jpg","width":80,"height":50,"mime_type":"image\/jpeg","source_url":"https:\/\/kilosorunum.com\/habercim\/wp-content\/uploads\/2026\/02\/1-215-80x50.jpg"},"sliderResim":{"file":"1-215-670x330.jpg","width":670,"height":330,"mime_type":"image\/jpeg","source_url":"https:\/\/kilosorunum.com\/habercim\/wp-content\/uploads\/2026\/02\/1-215-670x330.jpg"},"resim1":{"file":"1-215-184x140.jpg","width":184,"height":140,"mime_type":"image\/jpeg","source_url":"https:\/\/kilosorunum.com\/habercim\/wp-content\/uploads\/2026\/02\/1-215-184x140.jpg"},"resim2":{"file":"1-215-216x103.jpg","width":216,"height":103,"mime_type":"image\/jpeg","source_url":"https:\/\/kilosorunum.com\/habercim\/wp-content\/uploads\/2026\/02\/1-215-216x103.jpg"},"resim3":{"file":"1-215-145x70.jpg","width":145,"height":70,"mime_type":"image\/jpeg","source_url":"https:\/\/kilosorunum.com\/habercim\/wp-content\/uploads\/2026\/02\/1-215-145x70.jpg"},"sagSlider":{"file":"1-215-300x150.jpg","width":300,"height":150,"mime_type":"image\/jpeg","source_url":"https:\/\/kilosorunum.com\/habercim\/wp-content\/uploads\/2026\/02\/1-215-300x150.jpg"},"yeniSlider":{"file":"1-215-500x290.jpg","width":500,"height":290,"mime_type":"image\/jpeg","source_url":"https:\/\/kilosorunum.com\/habercim\/wp-content\/uploads\/2026\/02\/1-215-500x290.jpg"},"full":{"file":"1-215.jpg","width":1200,"height":675,"mime_type":"image\/jpeg","source_url":"https:\/\/kilosorunum.com\/habercim\/wp-content\/uploads\/2026\/02\/1-215.jpg"}},"image_meta":{"aperture":"0","credit":"","camera":"","caption":"","created_timestamp":"0","copyright":"","focal_length":"0","iso":"0","shutter_speed":"0","title":"","orientation":"0","keywords":[]}},"post":43735,"source_url":"https:\/\/kilosorunum.com\/habercim\/wp-content\/uploads\/2026\/02\/1-215.jpg","_links":{"self":[{"href":"https:\/\/kilosorunum.com\/habercim\/wp-json\/wp\/v2\/media\/43737"}],"collection":[{"href":"https:\/\/kilosorunum.com\/habercim\/wp-json\/wp\/v2\/media"}],"about":[{"href":"https:\/\/kilosorunum.com\/habercim\/wp-json\/wp\/v2\/types\/attachment"}],"author":[{"embeddable":true,"href":"https:\/\/kilosorunum.com\/habercim\/wp-json\/wp\/v2\/users\/2"}],"replies":[{"embeddable":true,"href":"https:\/\/kilosorunum.com\/habercim\/wp-json\/wp\/v2\/comments?post=43737"}]}}