{"id":43793,"date":"2026-02-20T00:25:58","date_gmt":"2026-02-19T21:25:58","guid":{"rendered":"https:\/\/kilosorunum.com\/habercim\/wp-content\/uploads\/2026\/02\/1-232.jpg"},"modified":"2026-02-20T00:28:17","modified_gmt":"2026-02-19T21:28:17","slug":"1-5400","status":"inherit","type":"attachment","link":"https:\/\/kilosorunum.com\/habercim\/foto-galeri\/adanada-simdi-aciklandi\/attachment\/1-5400\/","title":{"rendered":"Adana&#8217;da \u015fimdi a\u00e7\u0131kland\u0131"},"author":2,"comment_status":"open","ping_status":"closed","template":"","meta":[],"description":{"rendered":"<p class=\"attachment\"><a href='https:\/\/kilosorunum.com\/habercim\/wp-content\/uploads\/2026\/02\/1-232.jpg'><img width=\"300\" height=\"169\" src=\"https:\/\/kilosorunum.com\/habercim\/wp-content\/uploads\/2026\/02\/1-232-300x169.jpg\" class=\"attachment-medium size-medium\" alt=\"\" loading=\"lazy\" srcset=\"https:\/\/kilosorunum.com\/habercim\/wp-content\/uploads\/2026\/02\/1-232-300x169.jpg 300w, https:\/\/kilosorunum.com\/habercim\/wp-content\/uploads\/2026\/02\/1-232-1024x576.jpg 1024w, https:\/\/kilosorunum.com\/habercim\/wp-content\/uploads\/2026\/02\/1-232-768x432.jpg 768w, https:\/\/kilosorunum.com\/habercim\/wp-content\/uploads\/2026\/02\/1-232.jpg 1200w\" sizes=\"(max-width: 300px) 100vw, 300px\" \/><\/a><\/p>\n"},"caption":{"rendered":"<p>Adana\u2019da kontrolden \u00e7\u0131karak dere yata\u011f\u0131na devrilen kamyonet s\u00fcr\u00fcc\u00fc hayat\u0131n\u0131 kaybetti. Kaza, Y\u00fcre\u011fir il\u00e7esine ba\u011fl\u0131 \u00c7otlu Mahallesi\u2019nde meydana geldi. \u0130smi \u00f6\u011frenilemeyen s\u00fcr\u00fcc\u00fcn\u00fcn idaresindeki kamyonet kontrolden \u00e7\u0131karak dere yata\u011f\u0131na devrildi. \u0130hbar \u00fczerine b\u00f6lgeye sa\u011fl\u0131k, jandarma ve itfaiye ekipleri sevk edildi. \u0130tfaiye ekipleri ara\u00e7ta s\u0131k\u0131\u015fan s\u00fcr\u00fcc\u00fcy\u00fc \u00e7\u0131kararak sa\u011fl\u0131k ekiplerine teslim etti. Yap\u0131lan kontrollerde hayat\u0131n\u0131 kaybetti\u011fi belirlenen s\u00fcr\u00fcc\u00fcn\u00fcn cesedi otopsisi i\u00e7in Adana Adli T\u0131p Kurumu morguna kald\u0131r\u0131ld\u0131.<br \/>\nAdana&#8217;da 22 ya\u015f\u0131ndaki i\u015f\u00e7inin kahreden \u00f6l\u00fcm\u00fc! Do\u011frama makinesine d\u00fc\u015ft\u00fc. Adana&#8217;da Sar\u0131\u00e7am il\u00e7esinde 22 ya\u015f\u0131ndaki i\u015f\u00e7i Sami Can, \u00e7al\u0131\u015ft\u0131\u011f\u0131 \u015falgam suyu fabrikas\u0131nda havu\u00e7 y\u0131kama ve do\u011frama makinesine d\u00fc\u015ferek hayat\u0131n\u0131 kaybetti. Olay, 15 \u015eubat&#8217;ta Sar\u0131\u00e7am il\u00e7esinde \u015falgam suyu \u00fcretimi yap\u0131lan bir fabrikada meydana geldi. Fabrikada \u00e7al\u0131\u015fan Sami Can, dengesini kaybederek kolunu kapt\u0131rd\u0131\u011f\u0131 havu\u00e7 y\u0131kama ve do\u011frama makinesine d\u00fc\u015ft\u00fc. Olay\u0131 fark eden arkada\u015flar\u0131 makineyi durdurup, 112 Acil \u00c7a\u011fr\u0131 Merkezi&#8217;nden yard\u0131m istedi.<br \/>\n\u0130hbarla adrese sa\u011fl\u0131k ve polis ekipleri sevk edildi. Hastaneye kald\u0131r\u0131lan Can, kurtar\u0131lamad\u0131. Sami Can&#8217;\u0131n cenazesi, yap\u0131lan otopsinin ard\u0131ndan topra\u011fa verildi. Olayla ilgili inceleme ba\u015flat\u0131ld\u0131. <\/p>\n"},"alt_text":"","media_type":"image","mime_type":"image\/jpeg","media_details":{"width":1200,"height":675,"file":"2026\/02\/1-232.jpg","sizes":{"medium":{"file":"1-232-300x169.jpg","width":300,"height":169,"mime_type":"image\/jpeg","source_url":"https:\/\/kilosorunum.com\/habercim\/wp-content\/uploads\/2026\/02\/1-232-300x169.jpg"},"large":{"file":"1-232-1024x576.jpg","width":1024,"height":576,"mime_type":"image\/jpeg","source_url":"https:\/\/kilosorunum.com\/habercim\/wp-content\/uploads\/2026\/02\/1-232-1024x576.jpg"},"thumbnail":{"file":"1-232-150x150.jpg","width":150,"height":150,"mime_type":"image\/jpeg","source_url":"https:\/\/kilosorunum.com\/habercim\/wp-content\/uploads\/2026\/02\/1-232-150x150.jpg"},"medium_large":{"file":"1-232-768x432.jpg","width":768,"height":432,"mime_type":"image\/jpeg","source_url":"https:\/\/kilosorunum.com\/habercim\/wp-content\/uploads\/2026\/02\/1-232-768x432.jpg"},"kucukResim":{"file":"1-232-80x50.jpg","width":80,"height":50,"mime_type":"image\/jpeg","source_url":"https:\/\/kilosorunum.com\/habercim\/wp-content\/uploads\/2026\/02\/1-232-80x50.jpg"},"sliderResim":{"file":"1-232-670x330.jpg","width":670,"height":330,"mime_type":"image\/jpeg","source_url":"https:\/\/kilosorunum.com\/habercim\/wp-content\/uploads\/2026\/02\/1-232-670x330.jpg"},"resim1":{"file":"1-232-184x140.jpg","width":184,"height":140,"mime_type":"image\/jpeg","source_url":"https:\/\/kilosorunum.com\/habercim\/wp-content\/uploads\/2026\/02\/1-232-184x140.jpg"},"resim2":{"file":"1-232-216x103.jpg","width":216,"height":103,"mime_type":"image\/jpeg","source_url":"https:\/\/kilosorunum.com\/habercim\/wp-content\/uploads\/2026\/02\/1-232-216x103.jpg"},"resim3":{"file":"1-232-145x70.jpg","width":145,"height":70,"mime_type":"image\/jpeg","source_url":"https:\/\/kilosorunum.com\/habercim\/wp-content\/uploads\/2026\/02\/1-232-145x70.jpg"},"sagSlider":{"file":"1-232-300x150.jpg","width":300,"height":150,"mime_type":"image\/jpeg","source_url":"https:\/\/kilosorunum.com\/habercim\/wp-content\/uploads\/2026\/02\/1-232-300x150.jpg"},"yeniSlider":{"file":"1-232-500x290.jpg","width":500,"height":290,"mime_type":"image\/jpeg","source_url":"https:\/\/kilosorunum.com\/habercim\/wp-content\/uploads\/2026\/02\/1-232-500x290.jpg"},"full":{"file":"1-232.jpg","width":1200,"height":675,"mime_type":"image\/jpeg","source_url":"https:\/\/kilosorunum.com\/habercim\/wp-content\/uploads\/2026\/02\/1-232.jpg"}},"image_meta":{"aperture":"0","credit":"","camera":"","caption":"","created_timestamp":"0","copyright":"","focal_length":"0","iso":"0","shutter_speed":"0","title":"","orientation":"0","keywords":[]}},"post":43791,"source_url":"https:\/\/kilosorunum.com\/habercim\/wp-content\/uploads\/2026\/02\/1-232.jpg","_links":{"self":[{"href":"https:\/\/kilosorunum.com\/habercim\/wp-json\/wp\/v2\/media\/43793"}],"collection":[{"href":"https:\/\/kilosorunum.com\/habercim\/wp-json\/wp\/v2\/media"}],"about":[{"href":"https:\/\/kilosorunum.com\/habercim\/wp-json\/wp\/v2\/types\/attachment"}],"author":[{"embeddable":true,"href":"https:\/\/kilosorunum.com\/habercim\/wp-json\/wp\/v2\/users\/2"}],"replies":[{"embeddable":true,"href":"https:\/\/kilosorunum.com\/habercim\/wp-json\/wp\/v2\/comments?post=43793"}]}}