{"id":43960,"date":"2026-02-23T15:00:18","date_gmt":"2026-02-23T12:00:18","guid":{"rendered":"https:\/\/kilosorunum.com\/habercim\/wp-content\/uploads\/2026\/02\/1-15-768x201-92.jpg"},"modified":"2026-02-23T15:01:54","modified_gmt":"2026-02-23T12:01:54","slug":"1-15-768x201-1992","status":"inherit","type":"attachment","link":"https:\/\/kilosorunum.com\/habercim\/foto-galeri\/dul-yetim-ikramiye\/attachment\/1-15-768x201-1992\/","title":{"rendered":"Dul Yetim \u0130kramiye"},"author":2,"comment_status":"open","ping_status":"closed","template":"","meta":[],"description":{"rendered":"<p class=\"attachment\"><a href='https:\/\/kilosorunum.com\/habercim\/wp-content\/uploads\/2026\/02\/1-15-768x201-92.jpg'><img width=\"300\" height=\"79\" src=\"https:\/\/kilosorunum.com\/habercim\/wp-content\/uploads\/2026\/02\/1-15-768x201-92-300x79.jpg\" class=\"attachment-medium size-medium\" alt=\"\" loading=\"lazy\" srcset=\"https:\/\/kilosorunum.com\/habercim\/wp-content\/uploads\/2026\/02\/1-15-768x201-92-300x79.jpg 300w, https:\/\/kilosorunum.com\/habercim\/wp-content\/uploads\/2026\/02\/1-15-768x201-92.jpg 768w\" sizes=\"(max-width: 300px) 100vw, 300px\" \/><\/a><\/p>\n"},"caption":{"rendered":"<p>Emekli maa\u015flar\u0131na yap\u0131lan y\u0131l ba\u015f\u0131 art\u0131\u015flar\u0131n\u0131n ard\u0131ndan, ikramiyeler i\u00e7in de &#8220;g\u00fcncelleme&#8221; beklentisi zirveye ula\u015ft\u0131. Ekonomi kulislerinden s\u0131zan bilgilere g\u00f6re, 2026 y\u0131l\u0131nda \u00f6deme tutarlar\u0131 i\u00e7in iki ana form\u00fcl \u00fczerinde \u00e7al\u0131\u015f\u0131l\u0131yor:<\/p>\n<p>B\u00fct\u00e7e disiplini ve enflasyon hedefleri g\u00f6z \u00f6n\u00fcnde bulunduruldu\u011funda, ge\u00e7en y\u0131l 4.000 TL olan tutar\u0131n 5.000 TL\u2019ye \u00e7\u0131kar\u0131lmas\u0131 en g\u00fc\u00e7l\u00fc se\u00e7enek olarak duruyor. Bu senaryonun ger\u00e7ekle\u015fmesi durumunda bir emekli, iki bayram toplam\u0131nda 10.000 TL ikramiye alm\u0131\u015f olacak.<\/p>\n<p>Emekli derneklerinin talepleri ve al\u0131m g\u00fcc\u00fcn\u00fcn korunmas\u0131 amac\u0131yla masada tutulan ikinci se\u00e7enek ise tutar\u0131n 5.500 TL\u2019ye y\u00fckseltilmesi. Bu durumda y\u0131ll\u0131k toplam \u00f6deme 11.000 TL\u2019ye ula\u015farak emekliye \u00f6nemli bir ek katk\u0131 sa\u011flayacak. Y\u0131lba\u015f\u0131nda ger\u00e7ekle\u015fen d\u00fczenlemelerle birlikte SSK ve BA\u011e-KUR emeklilerine y\u00fczde 12,09, memur ve memur emeklilerine y\u00fczde 18,6 oran\u0131nda zam yap\u0131ld\u0131. En d\u00fc\u015f\u00fck emekli maa\u015f\u0131na getirilen y\u00fczde 18,48\u2019lik art\u0131\u015fla taban maa\u015f\u0131n belirlenmesi s\u00fcrecinde, g\u00f6zler \u015fimdi de ikramiye tutarlar\u0131na \u00e7evrildi. \u00d6zellikle Mart ay\u0131na denk gelen Ramazan Bayram\u0131 \u00f6ncesinde netle\u015fmesi beklenen bu d\u00fczenlemede, b\u00fct\u00e7e disiplini ve enflasyonla m\u00fccadele program\u0131 aras\u0131ndaki hassas denge belirleyici rol oynayacak.<br \/>\nHazine ve Maliye Bakanl\u0131\u011f\u0131 ile \u00c7al\u0131\u015fma ve Sosyal G\u00fcvenlik Bakanl\u0131klar\u0131nda haz\u0131rl\u0131klar ba\u015flad\u0131. Etki analizinden sonra belirlenen ikramiye tutar\u0131 Cumhurba\u015fkan\u0131 Erdo\u011fan&#8217;a sunulacak. Ard\u0131ndan ikramiyeye ili\u015fkin kanuni d\u00fczenlemenin ramazan ay\u0131 i\u00e7inde Meclis g\u00fcndemine gelmesi bekleniyor.<\/p>\n<p>Bu y\u0131l ramazan bayram\u0131 20-24 Mart tarihleri aras\u0131nda ger\u00e7ekle\u015fecek. Ge\u00e7mi\u015f y\u0131llar g\u00f6z \u00f6n\u00fcne al\u0131nd\u0131\u011f\u0131nda ilk bayram ikramiyesinin 9-14 Mart tarihleri aras\u0131nda \u00f6denmesi bekleniyor. <\/p>\n<p>Kaynak : bigpara.hurriyet.com.tr<\/p>\n"},"alt_text":"","media_type":"image","mime_type":"image\/jpeg","media_details":{"width":768,"height":201,"file":"2026\/02\/1-15-768x201-92.jpg","sizes":{"medium":{"file":"1-15-768x201-92-300x79.jpg","width":300,"height":79,"mime_type":"image\/jpeg","source_url":"https:\/\/kilosorunum.com\/habercim\/wp-content\/uploads\/2026\/02\/1-15-768x201-92-300x79.jpg"},"thumbnail":{"file":"1-15-768x201-92-150x150.jpg","width":150,"height":150,"mime_type":"image\/jpeg","source_url":"https:\/\/kilosorunum.com\/habercim\/wp-content\/uploads\/2026\/02\/1-15-768x201-92-150x150.jpg"},"kucukResim":{"file":"1-15-768x201-92-80x50.jpg","width":80,"height":50,"mime_type":"image\/jpeg","source_url":"https:\/\/kilosorunum.com\/habercim\/wp-content\/uploads\/2026\/02\/1-15-768x201-92-80x50.jpg"},"sliderResim":{"file":"1-15-768x201-92-670x201.jpg","width":670,"height":201,"mime_type":"image\/jpeg","source_url":"https:\/\/kilosorunum.com\/habercim\/wp-content\/uploads\/2026\/02\/1-15-768x201-92-670x201.jpg"},"resim1":{"file":"1-15-768x201-92-184x140.jpg","width":184,"height":140,"mime_type":"image\/jpeg","source_url":"https:\/\/kilosorunum.com\/habercim\/wp-content\/uploads\/2026\/02\/1-15-768x201-92-184x140.jpg"},"resim2":{"file":"1-15-768x201-92-216x103.jpg","width":216,"height":103,"mime_type":"image\/jpeg","source_url":"https:\/\/kilosorunum.com\/habercim\/wp-content\/uploads\/2026\/02\/1-15-768x201-92-216x103.jpg"},"resim3":{"file":"1-15-768x201-92-145x70.jpg","width":145,"height":70,"mime_type":"image\/jpeg","source_url":"https:\/\/kilosorunum.com\/habercim\/wp-content\/uploads\/2026\/02\/1-15-768x201-92-145x70.jpg"},"sagSlider":{"file":"1-15-768x201-92-300x150.jpg","width":300,"height":150,"mime_type":"image\/jpeg","source_url":"https:\/\/kilosorunum.com\/habercim\/wp-content\/uploads\/2026\/02\/1-15-768x201-92-300x150.jpg"},"yeniSlider":{"file":"1-15-768x201-92-500x201.jpg","width":500,"height":201,"mime_type":"image\/jpeg","source_url":"https:\/\/kilosorunum.com\/habercim\/wp-content\/uploads\/2026\/02\/1-15-768x201-92-500x201.jpg"},"full":{"file":"1-15-768x201-92.jpg","width":768,"height":201,"mime_type":"image\/jpeg","source_url":"https:\/\/kilosorunum.com\/habercim\/wp-content\/uploads\/2026\/02\/1-15-768x201-92.jpg"}},"image_meta":{"aperture":"0","credit":"","camera":"","caption":"","created_timestamp":"0","copyright":"","focal_length":"0","iso":"0","shutter_speed":"0","title":"","orientation":"0","keywords":[]}},"post":43958,"source_url":"https:\/\/kilosorunum.com\/habercim\/wp-content\/uploads\/2026\/02\/1-15-768x201-92.jpg","_links":{"self":[{"href":"https:\/\/kilosorunum.com\/habercim\/wp-json\/wp\/v2\/media\/43960"}],"collection":[{"href":"https:\/\/kilosorunum.com\/habercim\/wp-json\/wp\/v2\/media"}],"about":[{"href":"https:\/\/kilosorunum.com\/habercim\/wp-json\/wp\/v2\/types\/attachment"}],"author":[{"embeddable":true,"href":"https:\/\/kilosorunum.com\/habercim\/wp-json\/wp\/v2\/users\/2"}],"replies":[{"embeddable":true,"href":"https:\/\/kilosorunum.com\/habercim\/wp-json\/wp\/v2\/comments?post=43960"}]}}