{"id":43965,"date":"2026-02-23T16:02:35","date_gmt":"2026-02-23T13:02:35","guid":{"rendered":"https:\/\/kilosorunum.com\/habercim\/wp-content\/uploads\/2026\/02\/1-277.jpg"},"modified":"2026-02-23T16:05:21","modified_gmt":"2026-02-23T13:05:21","slug":"1-5445","status":"inherit","type":"attachment","link":"https:\/\/kilosorunum.com\/habercim\/foto-galeri\/kiraci-ve-ev-sahipleri\/attachment\/1-5445\/","title":{"rendered":"Kirac\u0131 ve Ev Sahipleri"},"author":2,"comment_status":"open","ping_status":"closed","template":"","meta":[],"description":{"rendered":"<p class=\"attachment\"><a href='https:\/\/kilosorunum.com\/habercim\/wp-content\/uploads\/2026\/02\/1-277.jpg'><img width=\"300\" height=\"169\" src=\"https:\/\/kilosorunum.com\/habercim\/wp-content\/uploads\/2026\/02\/1-277-300x169.jpg\" class=\"attachment-medium size-medium\" alt=\"\" loading=\"lazy\" srcset=\"https:\/\/kilosorunum.com\/habercim\/wp-content\/uploads\/2026\/02\/1-277-300x169.jpg 300w, https:\/\/kilosorunum.com\/habercim\/wp-content\/uploads\/2026\/02\/1-277-1024x576.jpg 1024w, https:\/\/kilosorunum.com\/habercim\/wp-content\/uploads\/2026\/02\/1-277-768x432.jpg 768w, https:\/\/kilosorunum.com\/habercim\/wp-content\/uploads\/2026\/02\/1-277.jpg 1200w\" sizes=\"(max-width: 300px) 100vw, 300px\" \/><\/a><\/p>\n"},"caption":{"rendered":"<p>K\u0130RA ARTI\u015e ORANI NE ZAMAN BELL\u0130 OLACAK?<\/p>\n<p>Kira art\u0131\u015f oran\u0131 T\u00dc\u0130K taraf\u0131ndan 3 Mart 2026 tarihinde a\u00e7\u0131klanacak.<\/p>\n<p>GE\u00c7T\u0130\u011e\u0130M\u0130Z AY (\u015eUBAT) K\u0130RA ARTI\u015e ORANI NE KADARDI?<\/p>\n<p>\u015eubat ay\u0131 kira art\u0131\u015f oran\u0131 belli oldu. T\u00fcketici fiyat endeksi (T\u00dcFE) y\u0131ll\u0131k %30,65 artt\u0131, ayl\u0131k %4,84 artt\u0131. T\u00dcFE&#8217;deki (2025=100) de\u011fi\u015fim 2026 y\u0131l\u0131 Ocak ay\u0131nda bir \u00f6nceki aya g\u00f6re %4,84 art\u0131\u015f, bir \u00f6nceki y\u0131l\u0131n Aral\u0131k ay\u0131na g\u00f6re %4,84 art\u0131\u015f, bir \u00f6nceki y\u0131l\u0131n ayn\u0131 ay\u0131na g\u00f6re %30,65 art\u0131\u015f ve on iki ayl\u0131k ortalamalara g\u00f6re %33,98 art\u0131\u015f olarak ger\u00e7ekle\u015fti.<\/p>\n<p>Buna g\u00f6re kiraya y\u00fczde 33,98 oran\u0131nda zam yap\u0131ld\u0131.<\/p>\n<p>K\u0130RA ZAMMI HESAPLAMA \u00d6RNE\u011e\u0130<\/p>\n<p>Mevcut kira bedeli: 20.000 TL<\/p>\n<p>Kira zam oran\u0131: %33,98<\/p>\n<p>Zaml\u0131 bedeli: 6.796<\/p>\n<p>Yeni kira bedeli: 26.796 TL<\/p>\n<p>Kentsel d\u00f6n\u00fc\u015f\u00fcm s\u00fcrecine giren vatanda\u015flar i\u00e7in kira yard\u0131m\u0131, 2026&#8217;da da en \u00e7ok merak edilen konular aras\u0131nda yer al\u0131yor. Kentsel D\u00f6n\u00fc\u015f\u00fcm Ba\u015fkanl\u0131\u011f\u0131 taraf\u0131ndan y\u00fcr\u00fct\u00fclen uygulamalar, g\u00fcncel kentsel d\u00f6n\u00fc\u015f\u00fcm y\u00f6netmeli\u011fi, kentsel d\u00f6n\u00fc\u015f\u00fcm kanunu ve Resm\u00ee Gazete&#8217;de yay\u0131mlanan kararlar do\u011frultusunda \u015fekilleniyor.<br \/>\n2026 KENTSEL D\u00d6N\u00dc\u015e\u00dcM K\u0130RA YARDIMI NE KADAR?<br \/>\n2026 y\u0131l\u0131nda kira yard\u0131m\u0131, illerin ya\u015fam maliyeti ve n\u00fcfus yo\u011funlu\u011funa g\u00f6re g\u00fcncellendi. B\u00fcy\u00fck\u015fehirlerde rakamlar daha y\u00fcksek seviyelerde uygulan\u0131yor. \u0130stanbul&#8217;da ayl\u0131k kira yard\u0131m\u0131 9.000 \u2013 10.500 TL, di\u011fer b\u00fcy\u00fck\u015fehirlerde 7.500 \u2013 8.500 TL aras\u0131nda de\u011fi\u015fiyor. Daha k\u00fc\u00e7\u00fck \u015fehirlerde ise destek 5.500 \u2013 6.000 TL seviyesinde veriliyor. Kirac\u0131lara ise d\u00fczenli ayl\u0131k \u00f6deme yerine tek seferlik ta\u015f\u0131nma deste\u011fi sa\u011flan\u0131yor ve bu tutar \u015fehir gruplar\u0131na g\u00f6re 11.000 \u2013 21.000 TL aras\u0131nda de\u011fi\u015fiyor. Bu g\u00fcncellemeler, \u00c7evre, \u015eehircilik ve \u0130klim De\u011fi\u015fikli\u011fi Bakanl\u0131\u011f\u0131 taraf\u0131ndan 2026 y\u0131l\u0131 i\u00e7in resmen ilan edildi.<\/p>\n"},"alt_text":"","media_type":"image","mime_type":"image\/jpeg","media_details":{"width":1200,"height":675,"file":"2026\/02\/1-277.jpg","sizes":{"medium":{"file":"1-277-300x169.jpg","width":300,"height":169,"mime_type":"image\/jpeg","source_url":"https:\/\/kilosorunum.com\/habercim\/wp-content\/uploads\/2026\/02\/1-277-300x169.jpg"},"large":{"file":"1-277-1024x576.jpg","width":1024,"height":576,"mime_type":"image\/jpeg","source_url":"https:\/\/kilosorunum.com\/habercim\/wp-content\/uploads\/2026\/02\/1-277-1024x576.jpg"},"thumbnail":{"file":"1-277-150x150.jpg","width":150,"height":150,"mime_type":"image\/jpeg","source_url":"https:\/\/kilosorunum.com\/habercim\/wp-content\/uploads\/2026\/02\/1-277-150x150.jpg"},"medium_large":{"file":"1-277-768x432.jpg","width":768,"height":432,"mime_type":"image\/jpeg","source_url":"https:\/\/kilosorunum.com\/habercim\/wp-content\/uploads\/2026\/02\/1-277-768x432.jpg"},"kucukResim":{"file":"1-277-80x50.jpg","width":80,"height":50,"mime_type":"image\/jpeg","source_url":"https:\/\/kilosorunum.com\/habercim\/wp-content\/uploads\/2026\/02\/1-277-80x50.jpg"},"sliderResim":{"file":"1-277-670x330.jpg","width":670,"height":330,"mime_type":"image\/jpeg","source_url":"https:\/\/kilosorunum.com\/habercim\/wp-content\/uploads\/2026\/02\/1-277-670x330.jpg"},"resim1":{"file":"1-277-184x140.jpg","width":184,"height":140,"mime_type":"image\/jpeg","source_url":"https:\/\/kilosorunum.com\/habercim\/wp-content\/uploads\/2026\/02\/1-277-184x140.jpg"},"resim2":{"file":"1-277-216x103.jpg","width":216,"height":103,"mime_type":"image\/jpeg","source_url":"https:\/\/kilosorunum.com\/habercim\/wp-content\/uploads\/2026\/02\/1-277-216x103.jpg"},"resim3":{"file":"1-277-145x70.jpg","width":145,"height":70,"mime_type":"image\/jpeg","source_url":"https:\/\/kilosorunum.com\/habercim\/wp-content\/uploads\/2026\/02\/1-277-145x70.jpg"},"sagSlider":{"file":"1-277-300x150.jpg","width":300,"height":150,"mime_type":"image\/jpeg","source_url":"https:\/\/kilosorunum.com\/habercim\/wp-content\/uploads\/2026\/02\/1-277-300x150.jpg"},"yeniSlider":{"file":"1-277-500x290.jpg","width":500,"height":290,"mime_type":"image\/jpeg","source_url":"https:\/\/kilosorunum.com\/habercim\/wp-content\/uploads\/2026\/02\/1-277-500x290.jpg"},"full":{"file":"1-277.jpg","width":1200,"height":675,"mime_type":"image\/jpeg","source_url":"https:\/\/kilosorunum.com\/habercim\/wp-content\/uploads\/2026\/02\/1-277.jpg"}},"image_meta":{"aperture":"0","credit":"","camera":"","caption":"","created_timestamp":"0","copyright":"","focal_length":"0","iso":"0","shutter_speed":"0","title":"","orientation":"0","keywords":[]}},"post":43963,"source_url":"https:\/\/kilosorunum.com\/habercim\/wp-content\/uploads\/2026\/02\/1-277.jpg","_links":{"self":[{"href":"https:\/\/kilosorunum.com\/habercim\/wp-json\/wp\/v2\/media\/43965"}],"collection":[{"href":"https:\/\/kilosorunum.com\/habercim\/wp-json\/wp\/v2\/media"}],"about":[{"href":"https:\/\/kilosorunum.com\/habercim\/wp-json\/wp\/v2\/types\/attachment"}],"author":[{"embeddable":true,"href":"https:\/\/kilosorunum.com\/habercim\/wp-json\/wp\/v2\/users\/2"}],"replies":[{"embeddable":true,"href":"https:\/\/kilosorunum.com\/habercim\/wp-json\/wp\/v2\/comments?post=43965"}]}}