{"id":44005,"date":"2026-02-24T01:36:35","date_gmt":"2026-02-23T22:36:35","guid":{"rendered":"https:\/\/kilosorunum.com\/habercim\/wp-content\/uploads\/2026\/02\/1-15-768x201-98.jpg"},"modified":"2026-02-24T01:37:06","modified_gmt":"2026-02-23T22:37:06","slug":"1-15-768x201-1998","status":"inherit","type":"attachment","link":"https:\/\/kilosorunum.com\/habercim\/foto-galeri\/100-yil-kirilmaz-dedi\/attachment\/1-15-768x201-1998\/","title":{"rendered":"100 y\u0131l k\u0131r\u0131lmaz dedi"},"author":2,"comment_status":"open","ping_status":"closed","template":"","meta":[],"description":{"rendered":"<p class=\"attachment\"><a href='https:\/\/kilosorunum.com\/habercim\/wp-content\/uploads\/2026\/02\/1-15-768x201-98.jpg'><img width=\"300\" height=\"79\" src=\"https:\/\/kilosorunum.com\/habercim\/wp-content\/uploads\/2026\/02\/1-15-768x201-98-300x79.jpg\" class=\"attachment-medium size-medium\" alt=\"\" loading=\"lazy\" srcset=\"https:\/\/kilosorunum.com\/habercim\/wp-content\/uploads\/2026\/02\/1-15-768x201-98-300x79.jpg 300w, https:\/\/kilosorunum.com\/habercim\/wp-content\/uploads\/2026\/02\/1-15-768x201-98.jpg 768w\" sizes=\"(max-width: 300px) 100vw, 300px\" \/><\/a><\/p>\n"},"caption":{"rendered":"<p>Daha \u00f6nceki deme\u00e7lerinde 23 Nisan \u0130stanbul depremini \u00f6ng\u00f6ren ve Bal\u0131kesir b\u00f6lgesine dikkati \u00e7ekerek saptamalar\u0131 tutan Jeoloji Uzman\u0131 Prof. Dr. \u015eener \u00dc\u015f\u00fcmezsoy, T\u00fcrkiye\u2019de deprem korkusu olmadan en rahat uyuyabilece\u011fi \u015fehrin \u0130stanbul oldu\u011funu s\u00f6yledi. \u00dc\u015f\u00fcmezsoy halk aras\u0131nda s\u0131k s\u0131k dile getirilen olas\u0131 b\u00fcy\u00fck \u0130stanbul depremi i\u00e7in ise, \u201c100 y\u0131l k\u0131r\u0131lmaz g\u00f6r\u00fcn\u00fcyor\u201d dedi.<br \/>\nBal\u0131kesir S\u0131nd\u0131rg\u0131 merkezli meydana gelen 6.1\u2019lik deprem hem b\u00f6lgede hem yurtta yeniden depreme y\u00f6nelik pani\u011fi art\u0131rd\u0131. Bir ki\u015finin hayat\u0131n\u0131 kaybetti\u011fi deprem sonras\u0131 Prof. Dr. \u015eener \u00dc\u015f\u00fcmezsoy ve onun a\u00e7\u0131klamalar\u0131 yeniden g\u00fcndeme geldi.<\/p>\n<p>23 Nisan\u2019da meydana gelen 6.2 b\u00fcy\u00fckl\u00fc\u011f\u00fcndeki \u0130stanbul depreminin ard\u0131ndan en \u00e7ok konu\u015fulan isimler aras\u0131nda yer alan Prof. Dr. \u015eener \u00dc\u015f\u00fcmezsoy\u2019un pazar g\u00fcn\u00fc Bal\u0131kesir\u2019in S\u0131nd\u0131rg\u0131 il\u00e7esinde meydana gelen 6.1 b\u00fcy\u00fckl\u00fc\u011f\u00fcndeki depremi de daha \u00f6nceden bildi\u011fi ortaya \u00e7\u0131kt\u0131.<\/p>\n<p>Tarih belirtti<br \/>\n\u00d6te yandan Prof. Dr. \u00dc\u015f\u00fcmezsoy, tarih belirterek T\u00fcrkiye\u2019de deprem korkusu olmadan en rahat uyuyaca\u011f\u0131 \u015fehri de a\u00e7\u0131klad\u0131. Depreme dair Show Haber muhabiri \u0130lknur Y\u0131lmaz\u2019\u0131n sorular\u0131n\u0131 yan\u0131tlayan \u00dc\u015f\u00fcmezsoy \u00f6nemli de\u011ferlendirmelerde bulundu.<\/p>\n<p>\u201cS\u0131nd\u0131rg\u0131 b\u00f6lgesinde fay tehlikesini yitirmi\u015f gibi duruyor\u201d<br \/>\nProf. Dr.\u00dc\u015f\u00fcmezsoy, \u201cK\u0131r\u0131lmayan kesim S\u0131nd\u0131rg\u0131\u2019yd\u0131. Orada olan deprem s\u00f6z konusu oldu. O b\u00f6lgede o fay tehlikesini yitirmi\u015f gibi duruyor. Zaten ba\u015f\u0131ndan beri s\u00f6yledi\u011fim nokta. Ben burada Simav\u2019daki depremlerden dolay\u0131 olu\u015fan bir hikayeyi ortaya koymu\u015ftum\u201d dedi.<\/p>\n<p>Manisa\u2019ya dikkat<br \/>\n\u201cKorkulacak fay var m\u0131?\u201d sorusu \u00fczerine \u00dc\u015f\u00fcmezsoy Manisa\u2019y\u0131 i\u015faret ederek, \u201cManisa \u00fczerinde Sipil Da\u011f\u0131\u2019n\u0131n kuzey kenar\u0131nda olan bir fay var ama tehlikeli mi de\u011fil mi bilemem\u201d ifadelerini kulland\u0131.<\/p>\n<p>\u201cDeprem korkusu olmadan en rahat uyuyabilece\u011fi \u015fehir \u0130stanbul\u201d<br \/>\nProf. Dr. \u00dc\u015f\u00fcmezsoy, beklenen \u0130stanbul depremi i\u00e7in, \u201cBunu belki bin defa s\u00f6yledim art\u0131k yoruldum o konuda. \u0130stanbul\u2019da k\u0131r\u0131lacak fay yok\u201d dedi be hatta T\u00fcrkiye\u2019de deprem korkusu olmadan en rahat uyuyabilece\u011fi \u015fehrin de \u0130stanbul oldu\u011funu s\u00f6yledi.<\/p>\n<p>\u201c100 y\u0131l k\u0131r\u0131lmaz\u201d<br \/>\n\u00dc\u015f\u00fcmezsoy \u0130stanbul\u2019da olas\u0131 b\u00fcy\u00fck bir depremine ili\u015fkin ise, \u201cBunlar\u0131 piyano k\u0131r\u0131lma hikayeleri var. O y\u00fczden 100 y\u0131l k\u0131r\u0131lmaz g\u00f6r\u00fcn\u00fcyor\u201d dedi.<\/p>\n<p>Kaynak : gzt.com<\/p>\n"},"alt_text":"","media_type":"image","mime_type":"image\/jpeg","media_details":{"width":768,"height":201,"file":"2026\/02\/1-15-768x201-98.jpg","sizes":{"medium":{"file":"1-15-768x201-98-300x79.jpg","width":300,"height":79,"mime_type":"image\/jpeg","source_url":"https:\/\/kilosorunum.com\/habercim\/wp-content\/uploads\/2026\/02\/1-15-768x201-98-300x79.jpg"},"thumbnail":{"file":"1-15-768x201-98-150x150.jpg","width":150,"height":150,"mime_type":"image\/jpeg","source_url":"https:\/\/kilosorunum.com\/habercim\/wp-content\/uploads\/2026\/02\/1-15-768x201-98-150x150.jpg"},"kucukResim":{"file":"1-15-768x201-98-80x50.jpg","width":80,"height":50,"mime_type":"image\/jpeg","source_url":"https:\/\/kilosorunum.com\/habercim\/wp-content\/uploads\/2026\/02\/1-15-768x201-98-80x50.jpg"},"sliderResim":{"file":"1-15-768x201-98-670x201.jpg","width":670,"height":201,"mime_type":"image\/jpeg","source_url":"https:\/\/kilosorunum.com\/habercim\/wp-content\/uploads\/2026\/02\/1-15-768x201-98-670x201.jpg"},"resim1":{"file":"1-15-768x201-98-184x140.jpg","width":184,"height":140,"mime_type":"image\/jpeg","source_url":"https:\/\/kilosorunum.com\/habercim\/wp-content\/uploads\/2026\/02\/1-15-768x201-98-184x140.jpg"},"resim2":{"file":"1-15-768x201-98-216x103.jpg","width":216,"height":103,"mime_type":"image\/jpeg","source_url":"https:\/\/kilosorunum.com\/habercim\/wp-content\/uploads\/2026\/02\/1-15-768x201-98-216x103.jpg"},"resim3":{"file":"1-15-768x201-98-145x70.jpg","width":145,"height":70,"mime_type":"image\/jpeg","source_url":"https:\/\/kilosorunum.com\/habercim\/wp-content\/uploads\/2026\/02\/1-15-768x201-98-145x70.jpg"},"sagSlider":{"file":"1-15-768x201-98-300x150.jpg","width":300,"height":150,"mime_type":"image\/jpeg","source_url":"https:\/\/kilosorunum.com\/habercim\/wp-content\/uploads\/2026\/02\/1-15-768x201-98-300x150.jpg"},"yeniSlider":{"file":"1-15-768x201-98-500x201.jpg","width":500,"height":201,"mime_type":"image\/jpeg","source_url":"https:\/\/kilosorunum.com\/habercim\/wp-content\/uploads\/2026\/02\/1-15-768x201-98-500x201.jpg"},"full":{"file":"1-15-768x201-98.jpg","width":768,"height":201,"mime_type":"image\/jpeg","source_url":"https:\/\/kilosorunum.com\/habercim\/wp-content\/uploads\/2026\/02\/1-15-768x201-98.jpg"}},"image_meta":{"aperture":"0","credit":"","camera":"","caption":"","created_timestamp":"0","copyright":"","focal_length":"0","iso":"0","shutter_speed":"0","title":"","orientation":"0","keywords":[]}},"post":44003,"source_url":"https:\/\/kilosorunum.com\/habercim\/wp-content\/uploads\/2026\/02\/1-15-768x201-98.jpg","_links":{"self":[{"href":"https:\/\/kilosorunum.com\/habercim\/wp-json\/wp\/v2\/media\/44005"}],"collection":[{"href":"https:\/\/kilosorunum.com\/habercim\/wp-json\/wp\/v2\/media"}],"about":[{"href":"https:\/\/kilosorunum.com\/habercim\/wp-json\/wp\/v2\/types\/attachment"}],"author":[{"embeddable":true,"href":"https:\/\/kilosorunum.com\/habercim\/wp-json\/wp\/v2\/users\/2"}],"replies":[{"embeddable":true,"href":"https:\/\/kilosorunum.com\/habercim\/wp-json\/wp\/v2\/comments?post=44005"}]}}