{"id":44015,"date":"2026-02-25T01:34:28","date_gmt":"2026-02-24T22:34:28","guid":{"rendered":"https:\/\/kilosorunum.com\/habercim\/wp-content\/uploads\/2026\/02\/1-290.jpg"},"modified":"2026-02-25T01:35:21","modified_gmt":"2026-02-24T22:35:21","slug":"1-5458","status":"inherit","type":"attachment","link":"https:\/\/kilosorunum.com\/habercim\/foto-galeri\/kabede-hacilar\/attachment\/1-5458\/","title":{"rendered":"Kabe\u2019de Hac\u0131lar"},"author":2,"comment_status":"open","ping_status":"closed","template":"","meta":[],"description":{"rendered":"<p class=\"attachment\"><a href='https:\/\/kilosorunum.com\/habercim\/wp-content\/uploads\/2026\/02\/1-290.jpg'><img width=\"300\" height=\"169\" src=\"https:\/\/kilosorunum.com\/habercim\/wp-content\/uploads\/2026\/02\/1-290-300x169.jpg\" class=\"attachment-medium size-medium\" alt=\"\" loading=\"lazy\" srcset=\"https:\/\/kilosorunum.com\/habercim\/wp-content\/uploads\/2026\/02\/1-290-300x169.jpg 300w, https:\/\/kilosorunum.com\/habercim\/wp-content\/uploads\/2026\/02\/1-290-1024x576.jpg 1024w, https:\/\/kilosorunum.com\/habercim\/wp-content\/uploads\/2026\/02\/1-290-768x432.jpg 768w, https:\/\/kilosorunum.com\/habercim\/wp-content\/uploads\/2026\/02\/1-290.jpg 1200w\" sizes=\"(max-width: 300px) 100vw, 300px\" \/><\/a><\/p>\n"},"caption":{"rendered":"<p>Celal Karat\u00fcre, \u00f6zellikle \u201cKabe\u2019de Hac\u0131lar Hu der Allah\u201d ilahisini seslendirdi\u011fi videolarla tan\u0131nan bir sosyal medya fenomenidir. Samsunlu olan Karat\u00fcre\u2019nin k\u00f6keninin Roman oldu\u011fu bilinmektedir. Geleneksel ilahi formunu samimi ve do\u011fa\u00e7lama yorumuyla sosyal medyaya ta\u015f\u0131yan Karat\u00fcre, k\u0131sa s\u00fcrede geni\u015f bir takip\u00e7i kitlesine ula\u015ft\u0131. \u00d6zellikle TikTok ve Instagram\u2019da payla\u015f\u0131lan videolar\u0131 milyonlarca izlenmeye ula\u015ft\u0131. GEN\u00c7LER\u0130N YEN\u0130 G\u00d6ZDES\u0130 VE \u00d6RNEK K\u0130\u015e\u0130L\u0130K Celal Karat\u00fcre\u2019nin en b\u00fcy\u00fck ba\u015far\u0131s\u0131, ilahiyi sadece belirli bir ya\u015f grubuna de\u011fil, \u00f6zellikle Z ku\u015fa\u011f\u0131na ve gen\u00e7lere sevdirmesi oldu. Gen\u00e7ler aras\u0131nda adeta bir ak\u0131m ba\u015flatan Karat\u00fcre, m\u00fctevaz\u0131 ya\u015fam\u0131 ve d\u00fczg\u00fcn karakteriyle k\u0131sa s\u00fcrede gen\u00e7lerin \u00f6rnek ald\u0131\u011f\u0131 bir fig\u00fcr haline geldi. Sosyal medyada &#8220;ilahilerin dinlenme oranlar\u0131n\u0131 patlatan isim&#8221; olarak an\u0131lan Karat\u00fcre\u2019ye, gen\u00e7lerden \u00e7ok b\u00fcy\u00fck bir tevecc\u00fch var. Onun videolar\u0131n\u0131n alt\u0131na gelen binlerce yorumda, gen\u00e7lerin bu samimi \u00fcslup sayesinde manevi de\u011ferlere daha \u00e7ok ilgi duymaya ba\u015flad\u0131\u011f\u0131 g\u00f6r\u00fcl\u00fcyor. Karat\u00fcre, do\u011fall\u0131\u011f\u0131n ve i\u00e7tenli\u011fin en b\u00fcy\u00fck g\u00fc\u00e7 oldu\u011funu t\u00fcm T\u00fcrkiye\u2019ye bir kez daha kan\u0131tlad\u0131. &#8220;HU DER ALLAH&#8221; AKIMI VE D\u0130KKAT \u00c7EKEN REKORLAR Celal Karat\u00fcre\u2019nin me\u015fhur oldu\u011fu &#8220;Kabe\u2019de Hac\u0131lar Hu Der Allah&#8221; performans\u0131, dijital platformlarda izlenme rekorlar\u0131 k\u0131rmaya devam ediyor. Hi\u00e7bir kurgu ve yapayl\u0131k i\u00e7ermeyen bu video, Karat\u00fcre\u2019nin ilahiyi adeta ya\u015fayarak s\u00f6ylemesiyle birle\u015fince k\u0131sa s\u00fcrede bir &#8220;sayg\u0131 duru\u015fu&#8221; niteli\u011fi kazand\u0131. \u00d6zellikle Ramazan ay\u0131n\u0131n ruhuna uygun bu i\u00e7erikler, Karat\u00fcre&#8217;nin sadece bir sosyal medya fig\u00fcr\u00fc de\u011fil, halk\u0131n sanat\u00e7\u0131s\u0131 oldu\u011funu tescilledi. Celal Karat\u00fcre ka\u00e7 ya\u015f\u0131nda Celal Karat\u00fcre\u2019nin do\u011fum tarihi ve ya\u015f\u0131yla ilgili net bir resmi bilgi bulunmuyor. Ancak sosyal medyada artan pop\u00fclaritesiyle birlikte ya\u015f\u0131 ve \u00f6zel hayat\u0131 da en \u00e7ok ara\u015ft\u0131r\u0131lan konular aras\u0131nda yer al\u0131yor. Celal Karat\u00fcre nereli Celal Karat\u00fcre aslen Samsunludur. Karadeniz k\u00fclt\u00fcr\u00fcn\u00fcn yan\u0131 s\u0131ra Roman m\u00fczik gelene\u011finden de izler ta\u015f\u0131yan yorumu, ilahilerine farkl\u0131 bir renk kat\u0131yor. Celal Karat\u00fcre ne i\u015f yap\u0131yor Celal Karat\u00fcre, sosyal medya \u00fczerinden ilahi ve dini i\u00e7erikli m\u00fczik payla\u015f\u0131mlar\u0131 yapan bir i\u00e7erik \u00fcreticisidir. Profesyonel st\u00fcdyo kay\u0131tlar\u0131 yerine \u00e7o\u011funlukla mahalle ortam\u0131nda, evde ya da do\u011fal mek\u00e2nlarda \u00e7ekilen videolar\u0131yla dikkat \u00e7ekiyor. Onu farkl\u0131 k\u0131lan en \u00f6nemli unsur ise do\u011fall\u0131\u011f\u0131 ve i\u00e7ten yorumu. Dinleyiciler taraf\u0131ndan \u201csamimi\u201d ve \u201ckalpten\u201d bulundu\u011fu i\u00e7in videolar\u0131 k\u0131sa s\u00fcrede viral hale geliyor. Neden \u00fcnl\u00fc oldu? Celal Karat\u00fcre\u2019nin as\u0131l \u00e7\u0131k\u0131\u015f\u0131 \u201cKabe\u2019de Hac\u0131lar Hu der Allah\u201d ilahisiyle oldu. Bu eserle sosyal medyada b\u00fcy\u00fck bir etkile\u015fim yakalad\u0131. Ard\u0131ndan Abdurrahman \u00d6n\u00fcl ile yapt\u0131\u011f\u0131 s\u00fcrpriz d\u00fcet, bir g\u00fcn i\u00e7inde milyonlarca izlenme ald\u0131. Ayr\u0131ca \u201cAl eline kalemi yaz Allah\u2019\u0131n ad\u0131n\u0131\u201d ilahisi de sosyal medya platformlar\u0131nda s\u0131k\u00e7a payla\u015f\u0131ld\u0131. Son d\u00f6nemde \u00e7e\u015fitli etkinliklere kat\u0131lan Karat\u00fcre, Esenler\u2019de d\u00fczenlenen Ramazan program\u0131nda sahne alarak ilgi oda\u011f\u0131 oldu. Kabede Hac\u0131lar ilahisi neden bu kadar dinlendi \u201cKabe\u2019de Hac\u0131lar Hu der Allah\u201d ilahisi, sade s\u00f6zleri ve tekrar eden nakarat yap\u0131s\u0131yla geni\u015f kitlelere ula\u015ft\u0131. Geleneksel ilahi tarz\u0131n\u0131n modern sosyal medya diliyle bulu\u015fmas\u0131, eserin gen\u00e7ler aras\u0131nda da yay\u0131lmas\u0131n\u0131 sa\u011flad\u0131. Celal Karat\u00fcre\u2019nin herhangi bir yap\u0131m \u015firketi deste\u011fi olmadan, tamamen do\u011fal ortamda \u00e7ekti\u011fi videolarla milyonlara ula\u015fmas\u0131 ise onu sosyal medyan\u0131n son d\u00f6nemde en \u00e7ok konu\u015fulan isimlerinden biri haline getirdi. En \u00e7ok sorulan soru \u015fu Arkas\u0131nda kim avr. Arkas\u0131nda inanm\u0131\u015f, \u0130slam&#8217;\u0131n g\u00fcr sesle hayk\u0131r\u0131lmas\u0131n\u0131 isteyen milyonlar oldu\u011fu belirtildi ve samimiyetin bu ilahiyi b\u00fcy\u00fck bir ak\u0131ma d\u00f6n\u00fc\u015ft\u00fcrd\u00fc\u011f\u00fc belirtildi Neden bu kadar sevildi? \u2022 \u201cK\u00e2be\u2019de Hac\u0131lar\u201d ilahisi, \u00f6zellikle: o Hac ve umre d\u00f6nemlerinde o Ramazan aylar\u0131nda o Dini sohbetler ve manevi programlarda s\u0131kl\u0131kla dinlenmi\u015f ve bir\u00e7ok ki\u015finin duygusal ba\u011f kurdu\u011fu eserlerden biri olmu\u015ftur. Medyada g\u00f6r\u00fcn\u00fcrl\u00fc\u011f\u00fc Celal Karat\u00fcre, bilin\u00e7li olarak medyadan uzak, daha \u00e7ok eserleriyle \u00f6n planda olmay\u0131 tercih eden sanat\u00e7\u0131lardand\u0131r. Bu nedenle \u00f6zel hayat\u0131 ve biyografik detaylar\u0131 s\u0131n\u0131rl\u0131 \u015fekilde payla\u015f\u0131lm\u0131\u015ft\u0131r.<\/p>\n<p>Kaynak : haberzamani.com<\/p>\n"},"alt_text":"","media_type":"image","mime_type":"image\/jpeg","media_details":{"width":1200,"height":675,"file":"2026\/02\/1-290.jpg","sizes":{"medium":{"file":"1-290-300x169.jpg","width":300,"height":169,"mime_type":"image\/jpeg","source_url":"https:\/\/kilosorunum.com\/habercim\/wp-content\/uploads\/2026\/02\/1-290-300x169.jpg"},"large":{"file":"1-290-1024x576.jpg","width":1024,"height":576,"mime_type":"image\/jpeg","source_url":"https:\/\/kilosorunum.com\/habercim\/wp-content\/uploads\/2026\/02\/1-290-1024x576.jpg"},"thumbnail":{"file":"1-290-150x150.jpg","width":150,"height":150,"mime_type":"image\/jpeg","source_url":"https:\/\/kilosorunum.com\/habercim\/wp-content\/uploads\/2026\/02\/1-290-150x150.jpg"},"medium_large":{"file":"1-290-768x432.jpg","width":768,"height":432,"mime_type":"image\/jpeg","source_url":"https:\/\/kilosorunum.com\/habercim\/wp-content\/uploads\/2026\/02\/1-290-768x432.jpg"},"kucukResim":{"file":"1-290-80x50.jpg","width":80,"height":50,"mime_type":"image\/jpeg","source_url":"https:\/\/kilosorunum.com\/habercim\/wp-content\/uploads\/2026\/02\/1-290-80x50.jpg"},"sliderResim":{"file":"1-290-670x330.jpg","width":670,"height":330,"mime_type":"image\/jpeg","source_url":"https:\/\/kilosorunum.com\/habercim\/wp-content\/uploads\/2026\/02\/1-290-670x330.jpg"},"resim1":{"file":"1-290-184x140.jpg","width":184,"height":140,"mime_type":"image\/jpeg","source_url":"https:\/\/kilosorunum.com\/habercim\/wp-content\/uploads\/2026\/02\/1-290-184x140.jpg"},"resim2":{"file":"1-290-216x103.jpg","width":216,"height":103,"mime_type":"image\/jpeg","source_url":"https:\/\/kilosorunum.com\/habercim\/wp-content\/uploads\/2026\/02\/1-290-216x103.jpg"},"resim3":{"file":"1-290-145x70.jpg","width":145,"height":70,"mime_type":"image\/jpeg","source_url":"https:\/\/kilosorunum.com\/habercim\/wp-content\/uploads\/2026\/02\/1-290-145x70.jpg"},"sagSlider":{"file":"1-290-300x150.jpg","width":300,"height":150,"mime_type":"image\/jpeg","source_url":"https:\/\/kilosorunum.com\/habercim\/wp-content\/uploads\/2026\/02\/1-290-300x150.jpg"},"yeniSlider":{"file":"1-290-500x290.jpg","width":500,"height":290,"mime_type":"image\/jpeg","source_url":"https:\/\/kilosorunum.com\/habercim\/wp-content\/uploads\/2026\/02\/1-290-500x290.jpg"},"full":{"file":"1-290.jpg","width":1200,"height":675,"mime_type":"image\/jpeg","source_url":"https:\/\/kilosorunum.com\/habercim\/wp-content\/uploads\/2026\/02\/1-290.jpg"}},"image_meta":{"aperture":"0","credit":"","camera":"","caption":"","created_timestamp":"0","copyright":"","focal_length":"0","iso":"0","shutter_speed":"0","title":"","orientation":"0","keywords":[]}},"post":44013,"source_url":"https:\/\/kilosorunum.com\/habercim\/wp-content\/uploads\/2026\/02\/1-290.jpg","_links":{"self":[{"href":"https:\/\/kilosorunum.com\/habercim\/wp-json\/wp\/v2\/media\/44015"}],"collection":[{"href":"https:\/\/kilosorunum.com\/habercim\/wp-json\/wp\/v2\/media"}],"about":[{"href":"https:\/\/kilosorunum.com\/habercim\/wp-json\/wp\/v2\/types\/attachment"}],"author":[{"embeddable":true,"href":"https:\/\/kilosorunum.com\/habercim\/wp-json\/wp\/v2\/users\/2"}],"replies":[{"embeddable":true,"href":"https:\/\/kilosorunum.com\/habercim\/wp-json\/wp\/v2\/comments?post=44015"}]}}