{"id":44095,"date":"2026-02-26T17:58:53","date_gmt":"2026-02-26T14:58:53","guid":{"rendered":"https:\/\/kilosorunum.com\/habercim\/wp-content\/uploads\/2026\/02\/1-308.jpg"},"modified":"2026-02-26T18:02:54","modified_gmt":"2026-02-26T15:02:54","slug":"1-5476","status":"inherit","type":"attachment","link":"https:\/\/kilosorunum.com\/habercim\/genel\/dul-ve-yetimler-icinde-ayni\/attachment\/1-5476\/","title":{"rendered":"Dul ve Yetimler i\u00e7inde ayn\u0131"},"author":2,"comment_status":"open","ping_status":"closed","template":"","meta":[],"description":{"rendered":"<p class=\"attachment\"><a href='https:\/\/kilosorunum.com\/habercim\/wp-content\/uploads\/2026\/02\/1-308.jpg'><img width=\"300\" height=\"169\" src=\"https:\/\/kilosorunum.com\/habercim\/wp-content\/uploads\/2026\/02\/1-308-300x169.jpg\" class=\"attachment-medium size-medium\" alt=\"\" loading=\"lazy\" srcset=\"https:\/\/kilosorunum.com\/habercim\/wp-content\/uploads\/2026\/02\/1-308-300x169.jpg 300w, https:\/\/kilosorunum.com\/habercim\/wp-content\/uploads\/2026\/02\/1-308-1024x576.jpg 1024w, https:\/\/kilosorunum.com\/habercim\/wp-content\/uploads\/2026\/02\/1-308-768x432.jpg 768w, https:\/\/kilosorunum.com\/habercim\/wp-content\/uploads\/2026\/02\/1-308.jpg 1200w\" sizes=\"(max-width: 300px) 100vw, 300px\" \/><\/a><\/p>\n"},"caption":{"rendered":"<p>Bu y\u0131l Ramazan Bayram\u0131 20-22 Mart tarihlerine denk geliyor. 19 Mart Per\u015fembe de arefe g\u00fcn\u00fc. Buna g\u00f6re Ramazan Bayram\u0131 ikramiyesinin 9-19 Mart tarihleri aras\u0131nda \u00f6denmesi bekleniyor. Ama \u00f6zellikle 15-19 Mart tarihleri aras\u0131 \u00f6ne \u00e7\u0131k\u0131yor. Kesin tarihi \u00c7al\u0131\u015fma ve Sosyal G\u00fcvenlik Bakanl\u0131\u011f\u0131 duyuracak. Art\u0131\u015fa ili\u015fkin yasa yeti\u015firse hak sahipleri bu tarihte zaml\u0131 olarak ikramiyelerini alacak. Yeti\u015fmeme halinde ise sonradan fark \u00f6demesi yap\u0131lacak. Evet H\u00fck\u00fcmet ikramiye rakam\u0131n\u0131 art\u0131rmak i\u00e7in haz\u0131rl\u0131klar\u0131 s\u00fcrd\u00fcr\u00fcyor. Yeni rakam\u0131n bu hafta yasal d\u00fczenleme olarak TBMM&#8217;ye gelmesi bekleniyor. Yeti\u015fmez ise \u00f6n\u00fcm\u00fczdeki hafta yasa \u00e7\u0131kacak. Art\u0131\u015f i\u00e7in de\u011fi\u015fik form\u00fcller \u00f6ne \u00e7\u0131k\u0131yor. Dosya ba\u015f\u0131na ikramiye 2023&#8217;te 2 bin lirayken, 2024&#8217;te 3 bin, 2025&#8217;te ise 4 bin liraya y\u00fckseltildi. Bu y\u0131l da en g\u00fc\u00e7l\u00fc form\u00fcl, yine bin lira art\u0131\u015f yap\u0131larak 5 bin liraya y\u00fckseltilmesi. Bu durumda emeklilerin ikramiyesi y\u00fczde 25 zamlanacak, iki bayramda toplam 10 bin lira \u00f6denecek. \u0130kinci form\u00fcl olarak ise ikramiyenin 5 bin 500 liraya y\u00fckseltilmesi \u00fczerinde duruluyor. Bu durumda emeklilerin eline ge\u00e7ecek para y\u00fczde 37.5 artacak, bu y\u0131l 11 bin lira al\u0131nm\u0131\u015f olacak. \u00dc\u00e7\u00fcnc\u00fc form\u00fcl de ikramiyenin 6 bin liraya y\u00fckseltilmesini i\u00e7eriyor. Bu durumda ikramiyede y\u00fczde 50 art\u0131\u015f yap\u0131lm\u0131\u015f, emeklilere de bu y\u0131l toplam 12 bin lira \u00f6denmi\u015f olacak. \u0130kramiye almak i\u00e7in bayram\u0131n i\u00e7inde bulundu\u011fu ayda ayl\u0131k ba\u011flanmas\u0131 gerekiyor. Ayl\u0131klar da ba\u015fvuruyu takip eden ay\u0131n ba\u015f\u0131ndan itibaren ba\u011flan\u0131yor. Buna g\u00f6re, \u015fubat sonuna kadar ayl\u0131k ba\u015fvurusu yapanlar bu y\u0131lki Ramazan Bayram\u0131 ikramiyesini alabilecek. Bu ki\u015filer i\u015flemleri yeti\u015firse, di\u011fer emeklilerle birlikte \u00f6demelerini alacak. Yeti\u015fmezse de i\u015flemler tamamlan\u0131nca \u00f6demeleri yap\u0131lacak. Yani 28 \u015eubat&#8217;a kadar dilek\u00e7elerini verenler bu y\u0131lki iki ikramiyeden de yararlanabilecek. Bu y\u0131l Kurban Bayram\u0131 da 27-30 May\u0131s tarihlerine denk geliyor. May\u0131s ay\u0131 i\u00e7erisinde \u00f6denecek bu bayram ikramiyesini alabilmek i\u00e7in de nisan ay\u0131 sonuna kadar emeklilik ba\u015fvurunun yap\u0131lm\u0131\u015f olmas\u0131 \u015fart. Nisan ay\u0131 i\u00e7inde ba\u015fvuranlar\u0131n ayl\u0131klar\u0131 1 May\u0131s itibar\u0131yla ba\u011flanacak. Bu ki\u015filer bu y\u0131lki Kurban Bayram\u0131 ikramiyesini alabilecek. May\u0131s ay\u0131ndan itibaren ba\u015fvurusu yapanlar ise \u00f6n\u00fcm\u00fczdeki y\u0131l ikramiye almaya ba\u015flayacak. E\u015finden ve babas\u0131ndan maa\u015f alanlar i\u00e7in maa\u015f oranlar\u0131 bulunuyor. \u00d6rne\u011fin herhangi bir geliri olmadan e\u015ften maa\u015f alanlar\u0131n oran\u0131 y\u00fczde 75. Emekli ya da \u00e7al\u0131\u015fan olarak e\u015ften alanlar ise y\u00fczde 50 oran\u0131nda maa\u015f al\u0131yor. Yetimler ise babalar\u0131ndan y\u00fczde 25 oran\u0131nda maa\u015f al\u0131yorlar. \u0130kramiyeler de bu oranlarda \u00f6deniyor.<\/p>\n<p>Kaynak : sabah.com.tr<\/p>\n"},"alt_text":"","media_type":"image","mime_type":"image\/jpeg","media_details":{"width":1200,"height":675,"file":"2026\/02\/1-308.jpg","sizes":{"medium":{"file":"1-308-300x169.jpg","width":300,"height":169,"mime_type":"image\/jpeg","source_url":"https:\/\/kilosorunum.com\/habercim\/wp-content\/uploads\/2026\/02\/1-308-300x169.jpg"},"large":{"file":"1-308-1024x576.jpg","width":1024,"height":576,"mime_type":"image\/jpeg","source_url":"https:\/\/kilosorunum.com\/habercim\/wp-content\/uploads\/2026\/02\/1-308-1024x576.jpg"},"thumbnail":{"file":"1-308-150x150.jpg","width":150,"height":150,"mime_type":"image\/jpeg","source_url":"https:\/\/kilosorunum.com\/habercim\/wp-content\/uploads\/2026\/02\/1-308-150x150.jpg"},"medium_large":{"file":"1-308-768x432.jpg","width":768,"height":432,"mime_type":"image\/jpeg","source_url":"https:\/\/kilosorunum.com\/habercim\/wp-content\/uploads\/2026\/02\/1-308-768x432.jpg"},"kucukResim":{"file":"1-308-80x50.jpg","width":80,"height":50,"mime_type":"image\/jpeg","source_url":"https:\/\/kilosorunum.com\/habercim\/wp-content\/uploads\/2026\/02\/1-308-80x50.jpg"},"sliderResim":{"file":"1-308-670x330.jpg","width":670,"height":330,"mime_type":"image\/jpeg","source_url":"https:\/\/kilosorunum.com\/habercim\/wp-content\/uploads\/2026\/02\/1-308-670x330.jpg"},"resim1":{"file":"1-308-184x140.jpg","width":184,"height":140,"mime_type":"image\/jpeg","source_url":"https:\/\/kilosorunum.com\/habercim\/wp-content\/uploads\/2026\/02\/1-308-184x140.jpg"},"resim2":{"file":"1-308-216x103.jpg","width":216,"height":103,"mime_type":"image\/jpeg","source_url":"https:\/\/kilosorunum.com\/habercim\/wp-content\/uploads\/2026\/02\/1-308-216x103.jpg"},"resim3":{"file":"1-308-145x70.jpg","width":145,"height":70,"mime_type":"image\/jpeg","source_url":"https:\/\/kilosorunum.com\/habercim\/wp-content\/uploads\/2026\/02\/1-308-145x70.jpg"},"sagSlider":{"file":"1-308-300x150.jpg","width":300,"height":150,"mime_type":"image\/jpeg","source_url":"https:\/\/kilosorunum.com\/habercim\/wp-content\/uploads\/2026\/02\/1-308-300x150.jpg"},"yeniSlider":{"file":"1-308-500x290.jpg","width":500,"height":290,"mime_type":"image\/jpeg","source_url":"https:\/\/kilosorunum.com\/habercim\/wp-content\/uploads\/2026\/02\/1-308-500x290.jpg"},"full":{"file":"1-308.jpg","width":1200,"height":675,"mime_type":"image\/jpeg","source_url":"https:\/\/kilosorunum.com\/habercim\/wp-content\/uploads\/2026\/02\/1-308.jpg"}},"image_meta":{"aperture":"0","credit":"","camera":"","caption":"","created_timestamp":"0","copyright":"","focal_length":"0","iso":"0","shutter_speed":"0","title":"","orientation":"0","keywords":[]}},"post":44093,"source_url":"https:\/\/kilosorunum.com\/habercim\/wp-content\/uploads\/2026\/02\/1-308.jpg","_links":{"self":[{"href":"https:\/\/kilosorunum.com\/habercim\/wp-json\/wp\/v2\/media\/44095"}],"collection":[{"href":"https:\/\/kilosorunum.com\/habercim\/wp-json\/wp\/v2\/media"}],"about":[{"href":"https:\/\/kilosorunum.com\/habercim\/wp-json\/wp\/v2\/types\/attachment"}],"author":[{"embeddable":true,"href":"https:\/\/kilosorunum.com\/habercim\/wp-json\/wp\/v2\/users\/2"}],"replies":[{"embeddable":true,"href":"https:\/\/kilosorunum.com\/habercim\/wp-json\/wp\/v2\/comments?post=44095"}]}}