{"id":44227,"date":"2026-03-01T18:22:58","date_gmt":"2026-03-01T15:22:58","guid":{"rendered":"https:\/\/kilosorunum.com\/habercim\/wp-content\/uploads\/2026\/03\/1-15-768x201-12.jpg"},"modified":"2026-03-01T18:25:48","modified_gmt":"2026-03-01T15:25:48","slug":"1-15-768x201-2055","status":"inherit","type":"attachment","link":"https:\/\/kilosorunum.com\/habercim\/foto-galeri\/survivordan-diskalifiye\/attachment\/1-15-768x201-2055\/","title":{"rendered":"Survivor&#8217;dan diskalifiye"},"author":2,"comment_status":"open","ping_status":"closed","template":"","meta":[],"description":{"rendered":"<p class=\"attachment\"><a href='https:\/\/kilosorunum.com\/habercim\/wp-content\/uploads\/2026\/03\/1-15-768x201-12.jpg'><img width=\"300\" height=\"79\" src=\"https:\/\/kilosorunum.com\/habercim\/wp-content\/uploads\/2026\/03\/1-15-768x201-12-300x79.jpg\" class=\"attachment-medium size-medium\" alt=\"\" loading=\"lazy\" srcset=\"https:\/\/kilosorunum.com\/habercim\/wp-content\/uploads\/2026\/03\/1-15-768x201-12-300x79.jpg 300w, https:\/\/kilosorunum.com\/habercim\/wp-content\/uploads\/2026\/03\/1-15-768x201-12.jpg 768w\" sizes=\"(max-width: 300px) 100vw, 300px\" \/><\/a><\/p>\n"},"caption":{"rendered":"<p>\u201cSurvivor\u2019da bunu ya\u015fayaca\u011f\u0131m akl\u0131ma gelmezdi\u201d diyerek konu\u015fmas\u0131na ba\u015flayan Acun Il\u0131cal\u0131, &#8220;Dikkatli konu\u015fmam laz\u0131m. Yani bir ulusal kanalda yay\u0131n yap\u0131yoruz. \u015eu anda beni serbest b\u0131raks\u0131n\u0131z a\u00e7\u0131k\u00e7as\u0131 konu\u015fmamdan sonra bence bizim program\u0131 bir 3 4 g\u00fcn yay\u0131nlayamay\u0131z&#8221; dedi.<br \/>\nAcun Il\u0131cal\u0131 ya\u015fananlar\u0131 anlatarak &#8220;Oyunu mavi tak\u0131m kaybediyor. Olabilir. Aran\u0131zdan biriniz beddua okumaya ba\u015fl\u0131yor bize. Dikkatli konu\u015fmam laz\u0131m. S\u00f6ylediklerini de s\u00f6yleyece\u011fim \u015fimdi ama dudaktan bile okunmas\u0131n\u0131 istemiyorum. Osman Can. Osman Can kendi gelmek istedi\u011fi, olaylar istedi\u011fi gibi geli\u015fmeyince de&#8230;&#8221; dedi.<br \/>\nAcun Il\u0131cal\u0131 konu\u015furken s\u00fcrekli biplendi. Acun Il\u0131cal\u0131 konu\u015fmas\u0131nda Osman Can&#8217;\u0131n s\u00f6yledi\u011fi laflar\u0131 s\u0131ralad\u0131 ve \u201cHayat\u0131mda b\u00f6yle rezil, \u00e7irkin, i\u011fren\u00e7 bir konu\u015fma duymad\u0131m. Kelime bulam\u0131yorum. Yani kelime bulam\u0131yorum \u00e7\u00fcnk\u00fc bir yandan da RT\u00dcK dahilinde kalmam laz\u0131m\u201d diye konu\u015ftu.<br \/>\nOsman Can konu\u015fmas\u0131nda; &#8221;Abi babam\u0131n senesine geldi. Sabah \u00e7ok k\u00f6t\u00fc bir ba\u015flang\u0131\u00e7 yapt\u0131m. S\u00f6yledi\u011fim \u015feylerin hi\u00e7birini hat\u0131rlam\u0131yorum. Oyunun hengamesinde a\u011fz\u0131mdan b\u00f6yle bir \u015feyler \u00e7\u0131km\u0131\u015f. S\u00f6zlerim asla kimseye de\u011fildi. Sinir harbinden a\u011fz\u0131mdan \u00e7\u0131kan s\u00f6zler. Yanl\u0131\u015f anlad\u0131ysan\u0131z abi, ekibinizden, herkesten, T\u00fcrk halk\u0131ndan \u00f6z\u00fcr dilerim. \u015eah\u0131slara, ki\u015filere asla b\u00f6yle bir s\u00f6ylemim olamaz&#8221; dedi.<br \/>\nAcun Il\u0131cal\u0131 yar\u0131\u015fmac\u0131n\u0131n k\u00f6t\u00fc s\u00f6zlerini affetmedi ve Osman Can&#8217;a 10 \u00f6d\u00fclden yararlanamama cezas\u0131 verdi. Ayr\u0131ca &#8220;Ayr\u0131l\u0131yorum dersen de sayg\u0131 duyar\u0131z&#8221; ifadelerini kulland\u0131.<\/p>\n<p>Kaynak : mynet.com<\/p>\n"},"alt_text":"","media_type":"image","mime_type":"image\/jpeg","media_details":{"width":768,"height":201,"file":"2026\/03\/1-15-768x201-12.jpg","sizes":{"medium":{"file":"1-15-768x201-12-300x79.jpg","width":300,"height":79,"mime_type":"image\/jpeg","source_url":"https:\/\/kilosorunum.com\/habercim\/wp-content\/uploads\/2026\/03\/1-15-768x201-12-300x79.jpg"},"thumbnail":{"file":"1-15-768x201-12-150x150.jpg","width":150,"height":150,"mime_type":"image\/jpeg","source_url":"https:\/\/kilosorunum.com\/habercim\/wp-content\/uploads\/2026\/03\/1-15-768x201-12-150x150.jpg"},"kucukResim":{"file":"1-15-768x201-12-80x50.jpg","width":80,"height":50,"mime_type":"image\/jpeg","source_url":"https:\/\/kilosorunum.com\/habercim\/wp-content\/uploads\/2026\/03\/1-15-768x201-12-80x50.jpg"},"sliderResim":{"file":"1-15-768x201-12-670x201.jpg","width":670,"height":201,"mime_type":"image\/jpeg","source_url":"https:\/\/kilosorunum.com\/habercim\/wp-content\/uploads\/2026\/03\/1-15-768x201-12-670x201.jpg"},"resim1":{"file":"1-15-768x201-12-184x140.jpg","width":184,"height":140,"mime_type":"image\/jpeg","source_url":"https:\/\/kilosorunum.com\/habercim\/wp-content\/uploads\/2026\/03\/1-15-768x201-12-184x140.jpg"},"resim2":{"file":"1-15-768x201-12-216x103.jpg","width":216,"height":103,"mime_type":"image\/jpeg","source_url":"https:\/\/kilosorunum.com\/habercim\/wp-content\/uploads\/2026\/03\/1-15-768x201-12-216x103.jpg"},"resim3":{"file":"1-15-768x201-12-145x70.jpg","width":145,"height":70,"mime_type":"image\/jpeg","source_url":"https:\/\/kilosorunum.com\/habercim\/wp-content\/uploads\/2026\/03\/1-15-768x201-12-145x70.jpg"},"sagSlider":{"file":"1-15-768x201-12-300x150.jpg","width":300,"height":150,"mime_type":"image\/jpeg","source_url":"https:\/\/kilosorunum.com\/habercim\/wp-content\/uploads\/2026\/03\/1-15-768x201-12-300x150.jpg"},"yeniSlider":{"file":"1-15-768x201-12-500x201.jpg","width":500,"height":201,"mime_type":"image\/jpeg","source_url":"https:\/\/kilosorunum.com\/habercim\/wp-content\/uploads\/2026\/03\/1-15-768x201-12-500x201.jpg"},"full":{"file":"1-15-768x201-12.jpg","width":768,"height":201,"mime_type":"image\/jpeg","source_url":"https:\/\/kilosorunum.com\/habercim\/wp-content\/uploads\/2026\/03\/1-15-768x201-12.jpg"}},"image_meta":{"aperture":"0","credit":"","camera":"","caption":"","created_timestamp":"0","copyright":"","focal_length":"0","iso":"0","shutter_speed":"0","title":"","orientation":"0","keywords":[]}},"post":44225,"source_url":"https:\/\/kilosorunum.com\/habercim\/wp-content\/uploads\/2026\/03\/1-15-768x201-12.jpg","_links":{"self":[{"href":"https:\/\/kilosorunum.com\/habercim\/wp-json\/wp\/v2\/media\/44227"}],"collection":[{"href":"https:\/\/kilosorunum.com\/habercim\/wp-json\/wp\/v2\/media"}],"about":[{"href":"https:\/\/kilosorunum.com\/habercim\/wp-json\/wp\/v2\/types\/attachment"}],"author":[{"embeddable":true,"href":"https:\/\/kilosorunum.com\/habercim\/wp-json\/wp\/v2\/users\/2"}],"replies":[{"embeddable":true,"href":"https:\/\/kilosorunum.com\/habercim\/wp-json\/wp\/v2\/comments?post=44227"}]}}