{"id":44414,"date":"2026-03-05T22:52:30","date_gmt":"2026-03-05T19:52:30","guid":{"rendered":"https:\/\/kilosorunum.com\/habercim\/wp-content\/uploads\/2026\/03\/1-7.jpg"},"modified":"2026-03-05T22:53:26","modified_gmt":"2026-03-05T19:53:26","slug":"1-5492","status":"inherit","type":"attachment","link":"https:\/\/kilosorunum.com\/habercim\/foto-galeri\/programda-yasandi\/attachment\/1-5492\/","title":{"rendered":"Programda Ya\u015fand\u0131"},"author":2,"comment_status":"open","ping_status":"closed","template":"","meta":[],"description":{"rendered":"<p class=\"attachment\"><a href='https:\/\/kilosorunum.com\/habercim\/wp-content\/uploads\/2026\/03\/1-7.jpg'><img width=\"300\" height=\"169\" src=\"https:\/\/kilosorunum.com\/habercim\/wp-content\/uploads\/2026\/03\/1-7-300x169.jpg\" class=\"attachment-medium size-medium\" alt=\"\" loading=\"lazy\" srcset=\"https:\/\/kilosorunum.com\/habercim\/wp-content\/uploads\/2026\/03\/1-7-300x169.jpg 300w, https:\/\/kilosorunum.com\/habercim\/wp-content\/uploads\/2026\/03\/1-7-1024x576.jpg 1024w, https:\/\/kilosorunum.com\/habercim\/wp-content\/uploads\/2026\/03\/1-7-768x432.jpg 768w, https:\/\/kilosorunum.com\/habercim\/wp-content\/uploads\/2026\/03\/1-7.jpg 1200w\" sizes=\"(max-width: 300px) 100vw, 300px\" \/><\/a><\/p>\n"},"caption":{"rendered":"<p>\u00dcnl\u00fc televizyon sunucusu Esra Erol, son g\u00fcnlerde ya\u015fanan olaylarla ilgili sessizli\u011fini bozdu ve kendisine y\u00f6nelik tehditler hakk\u0131nda \u00e7arp\u0131c\u0131 a\u00e7\u0131klamalarda bulundu. Erol, kat\u0131ld\u0131\u011f\u0131 bir canl\u0131 yay\u0131nda, \u201cU\u011fra\u015f\u0131yorum da u\u011fra\u015fmaya devam edece\u011fim\u201d diyerek, hem kendi g\u00fcvenli\u011fi hem de toplumun g\u00fcvenli\u011fi i\u00e7in m\u00fccadele edece\u011fini vurgulad\u0131. Olaylar\u0131n Arka Plan\u0131 Ge\u00e7ti\u011fimiz aylarda Esra Erol\u2019un program\u0131na kat\u0131lan Fatma Han\u0131m, k\u0131z\u0131 Mevl\u00fcde\u2019nin kendisini \u201cmehdi\u201d olarak tan\u0131tan Mustafa \u00c7abuk ile birlikte ka\u00e7t\u0131\u011f\u0131n\u0131 a\u00e7\u0131klad\u0131. Bu a\u00e7\u0131klama, izleyiciler ve kamuoyu \u00fczerinde b\u00fcy\u00fck bir etki yaratt\u0131. Fatma Han\u0131m, \u00c7abuk\u2019un bir otelde harem kurdu\u011funu ve bu durumun kendisi ve ailesi i\u00e7in son derece endi\u015fe verici oldu\u011funu belirtti. Fatma Han\u0131m\u2019\u0131n a\u00e7\u0131klamalar\u0131, Erol\u2019un program\u0131n\u0131n izleyicileri taraf\u0131ndan b\u00fcy\u00fck bir infial ile kar\u015f\u0131land\u0131 ve olay\u0131n detaylar\u0131 ara\u015ft\u0131r\u0131lmaya ba\u015fland\u0131. Mustafa \u00c7abuk\u2019un Su\u00e7lamalar\u0131 Fatma Han\u0131m\u2019\u0131n a\u00e7\u0131klamalar\u0131na g\u00f6re, Mustafa \u00c7abuk\u2019un \u00c7anakkale\u2019deki bir otelde 300 ki\u015fiyi zorla tuttu\u011fu iddialar\u0131 g\u00fcndeme geldi. Bu olay, halk aras\u0131nda ciddi bir rahats\u0131zl\u0131k yaratt\u0131 ve \u00c7abuk\u2019un faaliyetleri mercek alt\u0131na al\u0131nd\u0131. Erol\u2019un program\u0131ndaki bu olay, toplumsal bir sorun haline geldi ve kamuoyunun dikkatini \u00e7ekti. Daha sonra yap\u0131lan ara\u015ft\u0131rmalar, Mustafa \u00c7abuk\u2019un daha \u00f6nce tarihi eser ka\u00e7ak\u00e7\u0131l\u0131\u011f\u0131ndan tutukland\u0131\u011f\u0131n\u0131 ve ruh sa\u011fl\u0131\u011f\u0131 sorunlar\u0131 nedeniyle Ruh ve Sinir Hastal\u0131klar\u0131 Hastanesi\u2019ne sevk edildi\u011fini ortaya koydu. \u00c7abuk, \u00e7\u0131kar ama\u00e7l\u0131 su\u00e7 \u00f6rg\u00fct\u00fc kurma ve nitelikli doland\u0131r\u0131c\u0131l\u0131k gibi ciddi su\u00e7lardan dolay\u0131 g\u00f6zalt\u0131na al\u0131n\u0131p tutukland\u0131. Bu durum, Erol\u2019un program\u0131n\u0131n toplum \u00fczerindeki etkisini bir kez daha g\u00f6zler \u00f6n\u00fcne serdi. Tehditler ve Esra Erol\u2019un Yan\u0131t\u0131 S\u00fcrecin ilerleyen g\u00fcnlerinde, sahte mehdi Mustafa \u00c7abuk\u2019un m\u00fcridi olan Hasan, Esra Erol\u2019a tehdit i\u00e7eren ses kay\u0131tlar\u0131 g\u00f6nderdi. Bu ses kayd\u0131nda, \u201cEy Esra Erol, sen benim can\u0131m\u0131 ald\u0131n, ben de senin can\u0131n\u0131 alaca\u011f\u0131m\u201d ifadeleri yer ald\u0131. Bu tehditler, Erol\u2019un g\u00fcvenli\u011fini tehdit eden ciddi bir durum olarak kayda ge\u00e7ti. Bu tehditler, medya d\u00fcnyas\u0131nda geni\u015f yank\u0131 buldu ve Erol\u2019un toplumda nas\u0131l bir etkisi oldu\u011funa dair sorgulamalar\u0131 art\u0131rd\u0131. Erol, kendisine y\u00f6nelik bu tehditlere kar\u015f\u0131l\u0131k olarak yapt\u0131\u011f\u0131 a\u00e7\u0131klamada, \u201cGe\u00e7ti\u011fimiz hafta s\u00f6zde \u2018Hilafeti Muhammedi\u2019 \u00fcyelerinden bir tehdit ald\u0131m. U\u011fra\u015fmaya devam edece\u011fim. Su\u00e7 i\u015fleyen ki\u015filer hakk\u0131nda gerekli cezalar\u0131n verilmesi i\u00e7in m\u00fccadele eden emniyet g\u00fc\u00e7lerimize te\u015fekk\u00fcr ediyorum\u201d dedi. Erol, bu t\u00fcr tehditlerin kendisini korkutmayaca\u011f\u0131n\u0131 ve i\u015fini s\u00fcrd\u00fcrece\u011fini vurgulad\u0131. Toplum \u00dczerindeki Etkisi Esra Erol\u2019un program\u0131, y\u0131llard\u0131r T\u00fcrkiye\u2019de ailevi ve sosyal sorunlara dikkat \u00e7ekmek amac\u0131yla yay\u0131n yap\u0131yor. Bu t\u00fcr olaylar, Erol\u2019un program\u0131n\u0131n etkisini ve izleyicileri \u00fczerindeki g\u00fcc\u00fcn\u00fc bir kez daha g\u00f6zler \u00f6n\u00fcne seriyor. Erol, ya\u015fanan geli\u015fmeler kar\u015f\u0131s\u0131nda yaln\u0131zca kendi g\u00fcvenli\u011fini de\u011fil, toplumun genel g\u00fcvenli\u011fini de savunma g\u00f6revini \u00fcstlenmi\u015f durumda. Bu olaylar, toplumda bir g\u00fcvenlik kayg\u0131s\u0131n\u0131n ortaya \u00e7\u0131kmas\u0131na neden olurken, Erol\u2019un bu tehditlerle kar\u015f\u0131 kar\u015f\u0131ya kalmas\u0131, bir\u00e7ok izleyici ve hayran\u0131 taraf\u0131ndan endi\u015feyle kar\u015f\u0131land\u0131. Tehditlerin ard\u0131ndan Erol\u2019un g\u00f6sterdi\u011fi duru\u015f, onu destekleyenler taraf\u0131ndan takdirle kar\u015f\u0131land\u0131. Esra Erol\u2019un ya\u015fad\u0131\u011f\u0131 bu s\u00fcre\u00e7, hem kendi hayat\u0131nda hem de medya d\u00fcnyas\u0131nda \u00f6nemli bir d\u00f6n\u00fcm noktas\u0131 olarak de\u011ferlendiriliyor. Kendisine y\u00f6neltilen tehditlere kar\u015f\u0131 sergiledi\u011fi cesur tav\u0131r, toplumda daha geni\u015f bir kesim taraf\u0131ndan yank\u0131 bulmu\u015f durumda. Erol, program\u0131na ve i\u015fine olan ba\u011fl\u0131l\u0131\u011f\u0131n\u0131 s\u00fcrd\u00fcrerek, izleyicileri ve hayranlar\u0131 i\u00e7in bir \u00f6rnek te\u015fkil ediyor. Sonu\u00e7 olarak, Esra Erol\u2019un ya\u015fad\u0131\u011f\u0131 bu olaylar, hem ki\u015fisel hem de toplumsal a\u00e7\u0131dan \u00f6nemli dersler i\u00e7eriyor. Tehditler kar\u015f\u0131s\u0131nda g\u00f6sterilen kararl\u0131l\u0131k, medya d\u00fcnyas\u0131nda ve toplumsal hayatta g\u00fcvenlik ve \u00f6zg\u00fcrl\u00fck m\u00fccadelesinin \u00f6nemini bir kez daha ortaya koyuyor. Erol\u2019un duru\u015fu, yaln\u0131zca kendisi i\u00e7in de\u011fil, ayn\u0131 zamanda toplumun her kesimi i\u00e7in bir umut \u0131\u015f\u0131\u011f\u0131 olmay\u0131 s\u00fcrd\u00fcr\u00fcyor.<\/p>\n<p>Kaynak : haberzamani.com<\/p>\n"},"alt_text":"","media_type":"image","mime_type":"image\/jpeg","media_details":{"width":1200,"height":675,"file":"2026\/03\/1-7.jpg","sizes":{"medium":{"file":"1-7-300x169.jpg","width":300,"height":169,"mime_type":"image\/jpeg","source_url":"https:\/\/kilosorunum.com\/habercim\/wp-content\/uploads\/2026\/03\/1-7-300x169.jpg"},"large":{"file":"1-7-1024x576.jpg","width":1024,"height":576,"mime_type":"image\/jpeg","source_url":"https:\/\/kilosorunum.com\/habercim\/wp-content\/uploads\/2026\/03\/1-7-1024x576.jpg"},"thumbnail":{"file":"1-7-150x150.jpg","width":150,"height":150,"mime_type":"image\/jpeg","source_url":"https:\/\/kilosorunum.com\/habercim\/wp-content\/uploads\/2026\/03\/1-7-150x150.jpg"},"medium_large":{"file":"1-7-768x432.jpg","width":768,"height":432,"mime_type":"image\/jpeg","source_url":"https:\/\/kilosorunum.com\/habercim\/wp-content\/uploads\/2026\/03\/1-7-768x432.jpg"},"kucukResim":{"file":"1-7-80x50.jpg","width":80,"height":50,"mime_type":"image\/jpeg","source_url":"https:\/\/kilosorunum.com\/habercim\/wp-content\/uploads\/2026\/03\/1-7-80x50.jpg"},"sliderResim":{"file":"1-7-670x330.jpg","width":670,"height":330,"mime_type":"image\/jpeg","source_url":"https:\/\/kilosorunum.com\/habercim\/wp-content\/uploads\/2026\/03\/1-7-670x330.jpg"},"resim1":{"file":"1-7-184x140.jpg","width":184,"height":140,"mime_type":"image\/jpeg","source_url":"https:\/\/kilosorunum.com\/habercim\/wp-content\/uploads\/2026\/03\/1-7-184x140.jpg"},"resim2":{"file":"1-7-216x103.jpg","width":216,"height":103,"mime_type":"image\/jpeg","source_url":"https:\/\/kilosorunum.com\/habercim\/wp-content\/uploads\/2026\/03\/1-7-216x103.jpg"},"resim3":{"file":"1-7-145x70.jpg","width":145,"height":70,"mime_type":"image\/jpeg","source_url":"https:\/\/kilosorunum.com\/habercim\/wp-content\/uploads\/2026\/03\/1-7-145x70.jpg"},"sagSlider":{"file":"1-7-300x150.jpg","width":300,"height":150,"mime_type":"image\/jpeg","source_url":"https:\/\/kilosorunum.com\/habercim\/wp-content\/uploads\/2026\/03\/1-7-300x150.jpg"},"yeniSlider":{"file":"1-7-500x290.jpg","width":500,"height":290,"mime_type":"image\/jpeg","source_url":"https:\/\/kilosorunum.com\/habercim\/wp-content\/uploads\/2026\/03\/1-7-500x290.jpg"},"full":{"file":"1-7.jpg","width":1200,"height":675,"mime_type":"image\/jpeg","source_url":"https:\/\/kilosorunum.com\/habercim\/wp-content\/uploads\/2026\/03\/1-7.jpg"}},"image_meta":{"aperture":"0","credit":"","camera":"","caption":"","created_timestamp":"0","copyright":"","focal_length":"0","iso":"0","shutter_speed":"0","title":"","orientation":"0","keywords":[]}},"post":44412,"source_url":"https:\/\/kilosorunum.com\/habercim\/wp-content\/uploads\/2026\/03\/1-7.jpg","_links":{"self":[{"href":"https:\/\/kilosorunum.com\/habercim\/wp-json\/wp\/v2\/media\/44414"}],"collection":[{"href":"https:\/\/kilosorunum.com\/habercim\/wp-json\/wp\/v2\/media"}],"about":[{"href":"https:\/\/kilosorunum.com\/habercim\/wp-json\/wp\/v2\/types\/attachment"}],"author":[{"embeddable":true,"href":"https:\/\/kilosorunum.com\/habercim\/wp-json\/wp\/v2\/users\/2"}],"replies":[{"embeddable":true,"href":"https:\/\/kilosorunum.com\/habercim\/wp-json\/wp\/v2\/comments?post=44414"}]}}