{"id":44478,"date":"2026-03-07T17:53:57","date_gmt":"2026-03-07T14:53:57","guid":{"rendered":"https:\/\/kilosorunum.com\/habercim\/wp-content\/uploads\/2026\/03\/1-11.jpg"},"modified":"2026-03-07T17:56:15","modified_gmt":"2026-03-07T14:56:15","slug":"1-5496","status":"inherit","type":"attachment","link":"https:\/\/kilosorunum.com\/habercim\/genel\/23-ilde\/attachment\/1-5496\/","title":{"rendered":"23 \u0130lde"},"author":2,"comment_status":"open","ping_status":"closed","template":"","meta":[],"description":{"rendered":"<p class=\"attachment\"><a href='https:\/\/kilosorunum.com\/habercim\/wp-content\/uploads\/2026\/03\/1-11.jpg'><img width=\"300\" height=\"169\" src=\"https:\/\/kilosorunum.com\/habercim\/wp-content\/uploads\/2026\/03\/1-11-300x169.jpg\" class=\"attachment-medium size-medium\" alt=\"\" loading=\"lazy\" srcset=\"https:\/\/kilosorunum.com\/habercim\/wp-content\/uploads\/2026\/03\/1-11-300x169.jpg 300w, https:\/\/kilosorunum.com\/habercim\/wp-content\/uploads\/2026\/03\/1-11-1024x576.jpg 1024w, https:\/\/kilosorunum.com\/habercim\/wp-content\/uploads\/2026\/03\/1-11-768x432.jpg 768w, https:\/\/kilosorunum.com\/habercim\/wp-content\/uploads\/2026\/03\/1-11.jpg 1200w\" sizes=\"(max-width: 300px) 100vw, 300px\" \/><\/a><\/p>\n"},"caption":{"rendered":"<p>Yurt genelinde hava s\u0131cakl\u0131\u011f\u0131 4 derece birden d\u00fc\u015fece\u011fi tahmin ediliyor. R\u00fczgar\u0131n ise genellikle kuzey y\u00f6nlerden hafif, ara s\u0131ra orta kuvvette, Akdeniz\u2019in i\u00e7 kesimleri ile \u0130\u00e7 Anadolu\u2019nun g\u00fcneyinde kuvvetli (40-60 km\/saat) olarak esmesi bekleniyor. Meteoroloji Genel M\u00fcd\u00fcrl\u00fc\u011f\u00fc Bitlis, Hakkari, Mu\u015f, Siirt, Van ve \u015e\u0131rnak illeri i\u00e7in sar\u0131 kodlu uyar\u0131da bulundu.<br \/>\nMeteoroloji Genel M\u00fcd\u00fcrl\u00fc\u011f\u00fcnden yap\u0131lan a\u00e7\u0131klamaya g\u00f6re, hava s\u0131cakl\u0131klar\u0131 do\u011fu kesimlerde mevsim normalleri alt\u0131nda, i\u00e7 ve bat\u0131 b\u00f6lgelerde mevsim normalleri civar\u0131nda seyredecek. Yurt genelinin par\u00e7al\u0131 ve \u00e7ok bulutlu; Karadeniz k\u0131y\u0131lar\u0131, Gaziantep ve Kilis hari\u00e7 G\u00fcneydo\u011fu Anadolu ile Mersin&#8217;in do\u011fusu, Adana&#8217;n\u0131n kuzeyi ve Kahramanmara\u015f \u00e7evrelerinin ya\u011fmur ve sa\u011fanak; Karadeniz&#8217;in i\u00e7 kesimleri, Do\u011fu Anadolu ile Ni\u011fde, Kayseri ve Sivas \u00e7evrelerinin ise karla kar\u0131\u015f\u0131k ya\u011fmur ve kar ya\u011f\u0131\u015fl\u0131 ge\u00e7ece\u011fi tahmin ediliyor.<br \/>\nYa\u011f\u0131\u015flar\u0131n Bing\u00f6l, Mu\u015f, Bitlis, \u015e\u0131rnak, Hakkari, Diyarbak\u0131r, Batman ve Siirt \u00e7evrelerinde yer yer kuvvetli olmas\u0131 bekleniyor. R\u00fczgar\u0131n ise Akdeniz&#8217;in i\u00e7 kesimleri, \u0130\u00e7 Anadolu&#8217;nun g\u00fcneyi ile Malatya \u00e7evrelerinde kuzeyli y\u00f6nlerden kuvvetli esece\u011fi tahmin ediliyor. \u00d6te yandan, sabah ve gece saatlerinde i\u00e7 ve do\u011fu b\u00f6lgelerde buzlanma ve don olay\u0131 bekleniyor.<br \/>\nPazar g\u00fcn\u00fc ise yurdun kuzey, i\u00e7 ve do\u011fu kesimlerinin par\u00e7al\u0131 ve \u00e7ok bulutlu; Orta ve Do\u011fu Karadeniz k\u0131y\u0131lar\u0131 ile Batman, Mardin ve Siirt \u00e7evrelerinin ya\u011fmur ve sa\u011fanak ya\u011f\u0131\u015fl\u0131; Do\u011fu Anadolu&#8217;nun g\u00fcneydo\u011fusu ile Ardahan \u00e7evrelerinin karla kar\u0131\u015f\u0131k ya\u011fmur ve kar ya\u011f\u0131\u015fl\u0131; di\u011fer yerlerin ise az bulutlu ve a\u00e7\u0131k ge\u00e7ece\u011fi tahmin ediliyor.<br \/>\nYa\u011f\u0131\u015flar\u0131n Van, Hakkari, \u015e\u0131rnak, Siirt \u00e7evrelerinde yer yer kuvvetli olmas\u0131 bekleniyor. R\u00fczgar, Marmara&#8217;n\u0131n g\u00fcneybat\u0131s\u0131nda kuzeyli y\u00f6nlerden kuvvetli olarak esecek.<br \/>\nSabah ve gece saatlerinde i\u00e7 ve do\u011fu b\u00f6lgelerde buzlanma ve don olay\u0131 beklenirken, Marmara ile i\u00e7 ve do\u011fu kesimlerde pus ve yer yer sis g\u00f6r\u00fclece\u011fi tahmin ediliyor. Do\u011fu Karadeniz&#8217;in i\u00e7 kesimlerinin y\u00fcksekleri ile Do\u011fu Anadolu&#8217;nun y\u00fcksek kar \u00f6rt\u00fcs\u00fcne sahip e\u011fimli kesimlerinde \u00e7\u0131\u011f riski ile kar erimesi tehlikesi bulunuyor. Vatanda\u015flar\u0131n dikkatli ve tedbirli olmas\u0131 gerekiyor.<br \/>\nMeteoroloji uzman\u0131 Prof. Dr. Orhan \u015een yeni so\u011fuk havan\u0131n etkili olaca\u011f\u0131n\u0131 duyurarak sosyal medya hesab\u0131ndan \u015fu a\u00e7\u0131klamay\u0131 yapt\u0131;<br \/>\n&#8220;Bat\u0131 Karadeniz ve Orta Karadeniz\u2019in i\u00e7 kesimlerine kar ya\u011f\u0131\u015f\u0131 geliyor. So\u011fuk havan\u0131n gelmesiyle birlikte kar ya\u011f\u0131\u015f\u0131 etkili olacak. Hafta sonu Anadolu\u2019ya do\u011fru gidecek. Karadeniz\u2019in i\u00e7 kesimlerinde Do\u011fu Anadolu\u2019nun do\u011fusunda ve kuzeyinde kar ya\u011f\u0131\u015flar\u0131 etkili olacak. Ya\u011f\u0131\u015flar az devam edecek. Bat\u0131 b\u00f6lge ve Ege b\u00f6lgelerinde ya\u011f\u0131\u015flar kesildi. \u00d6n\u00fcm\u00fczdeki g\u00fcnlerde de ya\u011f\u0131\u015f beklemiyoruz. Bat\u0131 b\u00f6lgelerinde ya\u011f\u0131\u015flar \u00f6n\u00fcm\u00fczdeki g\u00fcnlerde az olacak. S\u0131cakl\u0131klar Bat\u0131\u2019da \u0130stanbul\u2019da 9 derece civar\u0131na inecek. Do\u011fudaki s\u0131cakl\u0131klar 2 derece alt\u0131na inecek hava sonu gelecek so\u011fuk hava ile birlikte\u2026&#8221;<br \/>\nYa\u011f\u0131\u015flar\u0131n, Do\u011fu Anadolu&#8217;nun g\u00fcneydo\u011fusu ile Mardin, Batman ve Siirt \u00e7evrelerinde yer yer kuvvetli olmas\u0131 beklendi\u011finden ya\u015fanabilecek olumsuzluklara kar\u015f\u0131 dikkatli ve tedbirli olunmas\u0131 gerekmektedir.<\/p>\n<p>R\u00fczgar\u0131n, Akdeniz\u2019in i\u00e7 kesimleri ile \u0130\u00e7 Anadolu\u2019nun g\u00fcneyinde kuzey y\u00f6nlerden kuvvetli (40-60 km\/saat) olarak esmesi beklendi\u011finden ya\u015fanabilecek olumsuzluklara kar\u015f\u0131 dikkatli ve tedbirli olunmas\u0131 gerekmektedir.<\/p>\n<p>DEN\u0130ZLER\u0130M\u0130ZDE FIRTINA <\/p>\n<p>Bat\u0131 Akdeniz&#8217;de r\u00fczgar\u0131n, Cumartesi ilk saatlerden itibaren kuzey ve kuzeydo\u011fu y\u00f6nlerden 6 ila 8 kuvvetinde (50-75 km\/saat) f\u0131rt\u0131na \u015feklinde esece\u011fi tahmin ediliyor. F\u0131rt\u0131nan\u0131n, ayn\u0131 g\u00fcn ak\u015fam saatlerinde etkisini kaybetmesi beklenmektedir. Do\u011fu Akdeniz&#8217;de r\u00fczgar\u0131n, Cumartesi sabah saatlerinde bat\u0131s\u0131nda, \u00f6\u011fle saatlerinden itibaren do\u011fusunda kuzey ve kuzeydo\u011fudan 6 ila 8 kuvvetinde (50-75 km\/saat) f\u0131rt\u0131na \u015feklinde esece\u011fi tahmin ediliyor. F\u0131rt\u0131nan\u0131n, \u00f6\u011fle saatlerinden sonra bat\u0131s\u0131nda, 08.03.2026 g\u00fcn\u00fc (Pazar) \u00f6\u011fle saatlerinde do\u011fusunda etkisini kaybetmesi beklenmektedir. <\/p>\n<p>Kaynak : hurriyet.com.tr<\/p>\n"},"alt_text":"","media_type":"image","mime_type":"image\/jpeg","media_details":{"width":1200,"height":675,"file":"2026\/03\/1-11.jpg","sizes":{"medium":{"file":"1-11-300x169.jpg","width":300,"height":169,"mime_type":"image\/jpeg","source_url":"https:\/\/kilosorunum.com\/habercim\/wp-content\/uploads\/2026\/03\/1-11-300x169.jpg"},"large":{"file":"1-11-1024x576.jpg","width":1024,"height":576,"mime_type":"image\/jpeg","source_url":"https:\/\/kilosorunum.com\/habercim\/wp-content\/uploads\/2026\/03\/1-11-1024x576.jpg"},"thumbnail":{"file":"1-11-150x150.jpg","width":150,"height":150,"mime_type":"image\/jpeg","source_url":"https:\/\/kilosorunum.com\/habercim\/wp-content\/uploads\/2026\/03\/1-11-150x150.jpg"},"medium_large":{"file":"1-11-768x432.jpg","width":768,"height":432,"mime_type":"image\/jpeg","source_url":"https:\/\/kilosorunum.com\/habercim\/wp-content\/uploads\/2026\/03\/1-11-768x432.jpg"},"kucukResim":{"file":"1-11-80x50.jpg","width":80,"height":50,"mime_type":"image\/jpeg","source_url":"https:\/\/kilosorunum.com\/habercim\/wp-content\/uploads\/2026\/03\/1-11-80x50.jpg"},"sliderResim":{"file":"1-11-670x330.jpg","width":670,"height":330,"mime_type":"image\/jpeg","source_url":"https:\/\/kilosorunum.com\/habercim\/wp-content\/uploads\/2026\/03\/1-11-670x330.jpg"},"resim1":{"file":"1-11-184x140.jpg","width":184,"height":140,"mime_type":"image\/jpeg","source_url":"https:\/\/kilosorunum.com\/habercim\/wp-content\/uploads\/2026\/03\/1-11-184x140.jpg"},"resim2":{"file":"1-11-216x103.jpg","width":216,"height":103,"mime_type":"image\/jpeg","source_url":"https:\/\/kilosorunum.com\/habercim\/wp-content\/uploads\/2026\/03\/1-11-216x103.jpg"},"resim3":{"file":"1-11-145x70.jpg","width":145,"height":70,"mime_type":"image\/jpeg","source_url":"https:\/\/kilosorunum.com\/habercim\/wp-content\/uploads\/2026\/03\/1-11-145x70.jpg"},"sagSlider":{"file":"1-11-300x150.jpg","width":300,"height":150,"mime_type":"image\/jpeg","source_url":"https:\/\/kilosorunum.com\/habercim\/wp-content\/uploads\/2026\/03\/1-11-300x150.jpg"},"yeniSlider":{"file":"1-11-500x290.jpg","width":500,"height":290,"mime_type":"image\/jpeg","source_url":"https:\/\/kilosorunum.com\/habercim\/wp-content\/uploads\/2026\/03\/1-11-500x290.jpg"},"full":{"file":"1-11.jpg","width":1200,"height":675,"mime_type":"image\/jpeg","source_url":"https:\/\/kilosorunum.com\/habercim\/wp-content\/uploads\/2026\/03\/1-11.jpg"}},"image_meta":{"aperture":"0","credit":"","camera":"","caption":"","created_timestamp":"0","copyright":"","focal_length":"0","iso":"0","shutter_speed":"0","title":"","orientation":"0","keywords":[]}},"post":44476,"source_url":"https:\/\/kilosorunum.com\/habercim\/wp-content\/uploads\/2026\/03\/1-11.jpg","_links":{"self":[{"href":"https:\/\/kilosorunum.com\/habercim\/wp-json\/wp\/v2\/media\/44478"}],"collection":[{"href":"https:\/\/kilosorunum.com\/habercim\/wp-json\/wp\/v2\/media"}],"about":[{"href":"https:\/\/kilosorunum.com\/habercim\/wp-json\/wp\/v2\/types\/attachment"}],"author":[{"embeddable":true,"href":"https:\/\/kilosorunum.com\/habercim\/wp-json\/wp\/v2\/users\/2"}],"replies":[{"embeddable":true,"href":"https:\/\/kilosorunum.com\/habercim\/wp-json\/wp\/v2\/comments?post=44478"}]}}