{"id":44559,"date":"2026-03-09T12:24:33","date_gmt":"2026-03-09T09:24:33","guid":{"rendered":"https:\/\/kilosorunum.com\/habercim\/wp-content\/uploads\/2026\/03\/1-15-768x201-128.jpg"},"modified":"2026-03-09T12:25:34","modified_gmt":"2026-03-09T09:25:34","slug":"1-15-768x201-2171","status":"inherit","type":"attachment","link":"https:\/\/kilosorunum.com\/habercim\/genel\/tekrar-zelzele-7-il-sallandi\/attachment\/1-15-768x201-2171\/","title":{"rendered":"Tekrar zelzele 7 il salland\u0131"},"author":2,"comment_status":"open","ping_status":"closed","template":"","meta":[],"description":{"rendered":"<p class=\"attachment\"><a href='https:\/\/kilosorunum.com\/habercim\/wp-content\/uploads\/2026\/03\/1-15-768x201-128.jpg'><img width=\"300\" height=\"79\" src=\"https:\/\/kilosorunum.com\/habercim\/wp-content\/uploads\/2026\/03\/1-15-768x201-128-300x79.jpg\" class=\"attachment-medium size-medium\" alt=\"\" loading=\"lazy\" srcset=\"https:\/\/kilosorunum.com\/habercim\/wp-content\/uploads\/2026\/03\/1-15-768x201-128-300x79.jpg 300w, https:\/\/kilosorunum.com\/habercim\/wp-content\/uploads\/2026\/03\/1-15-768x201-128.jpg 768w\" sizes=\"(max-width: 300px) 100vw, 300px\" \/><\/a><\/p>\n"},"caption":{"rendered":"<p>Denizli&#8217;nin Buldan il\u00e7esinde 5,1 b\u00fcy\u00fckl\u00fc\u011f\u00fcnde deprem meydana geldi.<br \/>\nAfet ve Acil Durum Y\u00f6netimi Ba\u015fkanl\u0131\u011f\u0131n\u0131n (AFAD) internet sitesinde yer alan bilgiye g\u00f6re, Denizli&#8217;nin Buldan il\u00e7esinde saat 09.21&#8217;de 5,1 b\u00fcy\u00fckl\u00fc\u011f\u00fcnde deprem kaydedildi.<\/p>\n<p>Deprem, yerin yakla\u015f\u0131k 7 kilometre derinli\u011finde ger\u00e7ekle\u015fti.<\/p>\n<p>\u00c7evre, \u015eehircilik ve \u0130klim De\u011fi\u015fikli\u011fi Bakan\u0131 Murat Kurum, sosyal medya hesab\u0131ndan yapt\u0131\u011f\u0131 a\u00e7\u0131klamada, &#8220;Ge\u00e7mi\u015f olsun Denizli. Buldan&#8217;da meydana gelen ve \u00e7evre illerde de hissedilen 5,1 b\u00fcy\u00fckl\u00fc\u011f\u00fcndeki depremden etkilenen t\u00fcm vatanda\u015flar\u0131m\u0131za ge\u00e7mi\u015f olsun. \u015eu ana kadar gelen olumsuz bir durum olmamakla birlikte, olas\u0131 ihbarlara g\u00f6re \u0130l M\u00fcd\u00fcrl\u00fc\u011f\u00fc ekiplerimiz hasar tespit \u00e7al\u0131\u015fmalar\u0131na ba\u015flayacak.&#8221; ifadelerini kulland\u0131.<\/p>\n<p>&#8220;Ekiplerimiz teyakkuz halinde&#8221;<br \/>\nDenizli Valisi Yavuz Selim K\u00f6\u015fger, TRT Haber&#8217;e yapt\u0131\u011f\u0131 a\u00e7\u0131klamada AFAD ekiplerinin teyakkuz halinde oldu\u011funu ve an itibar\u0131yla birimlere intikal eden bir olumsuzluk bulunmad\u0131\u011f\u0131n\u0131 bildirdi.<\/p>\n<p>Kaynak : trthaber.com<\/p>\n"},"alt_text":"","media_type":"image","mime_type":"image\/jpeg","media_details":{"width":768,"height":201,"file":"2026\/03\/1-15-768x201-128.jpg","sizes":{"medium":{"file":"1-15-768x201-128-300x79.jpg","width":300,"height":79,"mime_type":"image\/jpeg","source_url":"https:\/\/kilosorunum.com\/habercim\/wp-content\/uploads\/2026\/03\/1-15-768x201-128-300x79.jpg"},"thumbnail":{"file":"1-15-768x201-128-150x150.jpg","width":150,"height":150,"mime_type":"image\/jpeg","source_url":"https:\/\/kilosorunum.com\/habercim\/wp-content\/uploads\/2026\/03\/1-15-768x201-128-150x150.jpg"},"kucukResim":{"file":"1-15-768x201-128-80x50.jpg","width":80,"height":50,"mime_type":"image\/jpeg","source_url":"https:\/\/kilosorunum.com\/habercim\/wp-content\/uploads\/2026\/03\/1-15-768x201-128-80x50.jpg"},"sliderResim":{"file":"1-15-768x201-128-670x201.jpg","width":670,"height":201,"mime_type":"image\/jpeg","source_url":"https:\/\/kilosorunum.com\/habercim\/wp-content\/uploads\/2026\/03\/1-15-768x201-128-670x201.jpg"},"resim1":{"file":"1-15-768x201-128-184x140.jpg","width":184,"height":140,"mime_type":"image\/jpeg","source_url":"https:\/\/kilosorunum.com\/habercim\/wp-content\/uploads\/2026\/03\/1-15-768x201-128-184x140.jpg"},"resim2":{"file":"1-15-768x201-128-216x103.jpg","width":216,"height":103,"mime_type":"image\/jpeg","source_url":"https:\/\/kilosorunum.com\/habercim\/wp-content\/uploads\/2026\/03\/1-15-768x201-128-216x103.jpg"},"resim3":{"file":"1-15-768x201-128-145x70.jpg","width":145,"height":70,"mime_type":"image\/jpeg","source_url":"https:\/\/kilosorunum.com\/habercim\/wp-content\/uploads\/2026\/03\/1-15-768x201-128-145x70.jpg"},"sagSlider":{"file":"1-15-768x201-128-300x150.jpg","width":300,"height":150,"mime_type":"image\/jpeg","source_url":"https:\/\/kilosorunum.com\/habercim\/wp-content\/uploads\/2026\/03\/1-15-768x201-128-300x150.jpg"},"yeniSlider":{"file":"1-15-768x201-128-500x201.jpg","width":500,"height":201,"mime_type":"image\/jpeg","source_url":"https:\/\/kilosorunum.com\/habercim\/wp-content\/uploads\/2026\/03\/1-15-768x201-128-500x201.jpg"},"full":{"file":"1-15-768x201-128.jpg","width":768,"height":201,"mime_type":"image\/jpeg","source_url":"https:\/\/kilosorunum.com\/habercim\/wp-content\/uploads\/2026\/03\/1-15-768x201-128.jpg"}},"image_meta":{"aperture":"0","credit":"","camera":"","caption":"","created_timestamp":"0","copyright":"","focal_length":"0","iso":"0","shutter_speed":"0","title":"","orientation":"0","keywords":[]}},"post":44557,"source_url":"https:\/\/kilosorunum.com\/habercim\/wp-content\/uploads\/2026\/03\/1-15-768x201-128.jpg","_links":{"self":[{"href":"https:\/\/kilosorunum.com\/habercim\/wp-json\/wp\/v2\/media\/44559"}],"collection":[{"href":"https:\/\/kilosorunum.com\/habercim\/wp-json\/wp\/v2\/media"}],"about":[{"href":"https:\/\/kilosorunum.com\/habercim\/wp-json\/wp\/v2\/types\/attachment"}],"author":[{"embeddable":true,"href":"https:\/\/kilosorunum.com\/habercim\/wp-json\/wp\/v2\/users\/2"}],"replies":[{"embeddable":true,"href":"https:\/\/kilosorunum.com\/habercim\/wp-json\/wp\/v2\/comments?post=44559"}]}}