{"id":44574,"date":"2026-03-10T02:38:04","date_gmt":"2026-03-09T23:38:04","guid":{"rendered":"https:\/\/kilosorunum.com\/habercim\/wp-content\/uploads\/2026\/03\/1-15-768x201-133.jpg"},"modified":"2026-03-10T02:39:26","modified_gmt":"2026-03-09T23:39:26","slug":"1-15-768x201-2176","status":"inherit","type":"attachment","link":"https:\/\/kilosorunum.com\/habercim\/foto-galeri\/emekli-uzgun\/attachment\/1-15-768x201-2176\/","title":{"rendered":"Emekli \u00fczg\u00fcn"},"author":2,"comment_status":"open","ping_status":"closed","template":"","meta":[],"description":{"rendered":"<p class=\"attachment\"><a href='https:\/\/kilosorunum.com\/habercim\/wp-content\/uploads\/2026\/03\/1-15-768x201-133.jpg'><img width=\"300\" height=\"79\" src=\"https:\/\/kilosorunum.com\/habercim\/wp-content\/uploads\/2026\/03\/1-15-768x201-133-300x79.jpg\" class=\"attachment-medium size-medium\" alt=\"\" loading=\"lazy\" srcset=\"https:\/\/kilosorunum.com\/habercim\/wp-content\/uploads\/2026\/03\/1-15-768x201-133-300x79.jpg 300w, https:\/\/kilosorunum.com\/habercim\/wp-content\/uploads\/2026\/03\/1-15-768x201-133.jpg 768w\" sizes=\"(max-width: 300px) 100vw, 300px\" \/><\/a><\/p>\n"},"caption":{"rendered":"<p>EMEKL\u0130 BAYRAM \u0130KRAM\u0130YES\u0130NE ZAM YAPILACAK MI?<br \/>\n5 bin lira olmas\u0131 beklenen emekliye bayram ikramiyesi bu y\u0131l artmayacak. AK Parti Grup Ba\u015fkan\u0131 Abdullah G\u00fcler emekli bayram ikramiyelerine beklenen zamma ili\u015fkin olarak \u015funlar\u0131 s\u00f6yledi:<\/p>\n<p>&#8220;Teklifte emeklilerin bayram ikramiyesine y\u00f6nelik bir d\u00fczenleme bulunmuyor. Bir \u00e7al\u0131\u015fmam\u0131z yok. Bayram ikramiyesinde art\u0131\u015f i\u00e7in \u00f6zel kaynak yaratmam\u0131z gerekiyor. B\u00f6lgemizde sava\u015f durumu var, tedarik zincirinden dolay\u0131 s\u0131k\u0131nt\u0131lar var, b\u00fct\u00e7e disiplinine dikkat etmek gerekiyor.&#8221;<\/p>\n<p>Buna g\u00f6re; 2026 Ramazan Bayram\u0131 emekli ikramiyelerine bu y\u0131l zam yap\u0131lmayacak. Emekli bayram ikramiyesi \u00f6demeleri ge\u00e7ti\u011fimiz y\u0131l bayramdan 1 hafta \u00f6nce emeklilerin hesaplar\u0131na yat\u0131r\u0131lmaya ba\u015flam\u0131\u015ft\u0131.<\/p>\n<p>2026 Ramazan Bayram\u0131 \u00f6ncesinde ise 9-18 Mart 2026 tarihleri aras\u0131nda t\u00fcm SSK, Ba\u011f-Kur ve Emekli Sand\u0131\u011f\u0131 emeklilerinin ikramiye \u00f6demelerinin tamamlanmas\u0131 bekleniyor.<\/p>\n<p>\u0130kramiyeler, emeklilerin tahsis numaras\u0131n\u0131n son hanesine g\u00f6re maa\u015f ald\u0131klar\u0131 bankalar arac\u0131l\u0131\u011f\u0131yla hesaplara aktar\u0131lacak.<\/p>\n<p>Kaynak : ntv.com.tr<\/p>\n"},"alt_text":"","media_type":"image","mime_type":"image\/jpeg","media_details":{"width":768,"height":201,"file":"2026\/03\/1-15-768x201-133.jpg","sizes":{"medium":{"file":"1-15-768x201-133-300x79.jpg","width":300,"height":79,"mime_type":"image\/jpeg","source_url":"https:\/\/kilosorunum.com\/habercim\/wp-content\/uploads\/2026\/03\/1-15-768x201-133-300x79.jpg"},"thumbnail":{"file":"1-15-768x201-133-150x150.jpg","width":150,"height":150,"mime_type":"image\/jpeg","source_url":"https:\/\/kilosorunum.com\/habercim\/wp-content\/uploads\/2026\/03\/1-15-768x201-133-150x150.jpg"},"kucukResim":{"file":"1-15-768x201-133-80x50.jpg","width":80,"height":50,"mime_type":"image\/jpeg","source_url":"https:\/\/kilosorunum.com\/habercim\/wp-content\/uploads\/2026\/03\/1-15-768x201-133-80x50.jpg"},"sliderResim":{"file":"1-15-768x201-133-670x201.jpg","width":670,"height":201,"mime_type":"image\/jpeg","source_url":"https:\/\/kilosorunum.com\/habercim\/wp-content\/uploads\/2026\/03\/1-15-768x201-133-670x201.jpg"},"resim1":{"file":"1-15-768x201-133-184x140.jpg","width":184,"height":140,"mime_type":"image\/jpeg","source_url":"https:\/\/kilosorunum.com\/habercim\/wp-content\/uploads\/2026\/03\/1-15-768x201-133-184x140.jpg"},"resim2":{"file":"1-15-768x201-133-216x103.jpg","width":216,"height":103,"mime_type":"image\/jpeg","source_url":"https:\/\/kilosorunum.com\/habercim\/wp-content\/uploads\/2026\/03\/1-15-768x201-133-216x103.jpg"},"resim3":{"file":"1-15-768x201-133-145x70.jpg","width":145,"height":70,"mime_type":"image\/jpeg","source_url":"https:\/\/kilosorunum.com\/habercim\/wp-content\/uploads\/2026\/03\/1-15-768x201-133-145x70.jpg"},"sagSlider":{"file":"1-15-768x201-133-300x150.jpg","width":300,"height":150,"mime_type":"image\/jpeg","source_url":"https:\/\/kilosorunum.com\/habercim\/wp-content\/uploads\/2026\/03\/1-15-768x201-133-300x150.jpg"},"yeniSlider":{"file":"1-15-768x201-133-500x201.jpg","width":500,"height":201,"mime_type":"image\/jpeg","source_url":"https:\/\/kilosorunum.com\/habercim\/wp-content\/uploads\/2026\/03\/1-15-768x201-133-500x201.jpg"},"full":{"file":"1-15-768x201-133.jpg","width":768,"height":201,"mime_type":"image\/jpeg","source_url":"https:\/\/kilosorunum.com\/habercim\/wp-content\/uploads\/2026\/03\/1-15-768x201-133.jpg"}},"image_meta":{"aperture":"0","credit":"","camera":"","caption":"","created_timestamp":"0","copyright":"","focal_length":"0","iso":"0","shutter_speed":"0","title":"","orientation":"0","keywords":[]}},"post":44572,"source_url":"https:\/\/kilosorunum.com\/habercim\/wp-content\/uploads\/2026\/03\/1-15-768x201-133.jpg","_links":{"self":[{"href":"https:\/\/kilosorunum.com\/habercim\/wp-json\/wp\/v2\/media\/44574"}],"collection":[{"href":"https:\/\/kilosorunum.com\/habercim\/wp-json\/wp\/v2\/media"}],"about":[{"href":"https:\/\/kilosorunum.com\/habercim\/wp-json\/wp\/v2\/types\/attachment"}],"author":[{"embeddable":true,"href":"https:\/\/kilosorunum.com\/habercim\/wp-json\/wp\/v2\/users\/2"}],"replies":[{"embeddable":true,"href":"https:\/\/kilosorunum.com\/habercim\/wp-json\/wp\/v2\/comments?post=44574"}]}}