{"id":44623,"date":"2026-03-11T02:49:06","date_gmt":"2026-03-10T23:49:06","guid":{"rendered":"https:\/\/kilosorunum.com\/habercim\/wp-content\/uploads\/2026\/03\/1-29.jpg"},"modified":"2026-03-11T02:51:05","modified_gmt":"2026-03-10T23:51:05","slug":"1-5514","status":"inherit","type":"attachment","link":"https:\/\/kilosorunum.com\/habercim\/genel\/yunan-bakan-turkiyeyi\/attachment\/1-5514\/","title":{"rendered":"Yunan Bakan T\u00fcrkiye&#8217;yi"},"author":2,"comment_status":"open","ping_status":"closed","template":"","meta":[],"description":{"rendered":"<p class=\"attachment\"><a href='https:\/\/kilosorunum.com\/habercim\/wp-content\/uploads\/2026\/03\/1-29.jpg'><img width=\"300\" height=\"169\" src=\"https:\/\/kilosorunum.com\/habercim\/wp-content\/uploads\/2026\/03\/1-29-300x169.jpg\" class=\"attachment-medium size-medium\" alt=\"\" loading=\"lazy\" srcset=\"https:\/\/kilosorunum.com\/habercim\/wp-content\/uploads\/2026\/03\/1-29-300x169.jpg 300w, https:\/\/kilosorunum.com\/habercim\/wp-content\/uploads\/2026\/03\/1-29-1024x576.jpg 1024w, https:\/\/kilosorunum.com\/habercim\/wp-content\/uploads\/2026\/03\/1-29-768x432.jpg 768w, https:\/\/kilosorunum.com\/habercim\/wp-content\/uploads\/2026\/03\/1-29.jpg 1200w\" sizes=\"(max-width: 300px) 100vw, 300px\" \/><\/a><\/p>\n"},"caption":{"rendered":"<p>T\u00fcrkiye\u2019nin uzatt\u0131\u011f\u0131 zeytin dal\u0131n\u0131 her defas\u0131nda reddeden Yunanistan\u2019dan k\u00fcstah bir a\u00e7\u0131klama geldi.<\/p>\n<p>\u0130ran sava\u015f\u0131n\u0131n ya\u015fand\u0131\u011f\u0131 ortamda Yunanistan Savunma Bakan\u0131 Nikos Dendias, T\u00fcrk d\u00fc\u015fmanl\u0131\u011f\u0131n\u0131 bir kez daha kustu.<\/p>\n<p>\u0130ran&#8217;\u0131n G\u00fcney K\u0131br\u0131s&#8217;ta bulunan \u0130ngiliz \u00fcslerine y\u00f6nelik f\u00fcze sald\u0131r\u0131lar\u0131n\u0131n ard\u0131ndan Yunanistan, b\u00f6lgeye 2 F-16 sava\u015f u\u00e7a\u011f\u0131 ve 2 tane de f\u0131rkateyn g\u00f6nderdi\u011fini duyurmu\u015ftu.<\/p>\n<p>Ya\u015fanan geli\u015fmelere dair Yunanistan&#8217;da bir televizyona konu\u015fan Dendias, T\u00fcrkiye\u2019ye y\u00f6nelik al\u00e7ak s\u00f6zler kulland\u0131.<\/p>\n<p>\u201cT\u00dcRK\u0130YE ADADAN \u00c7EKMEK \u0130\u00c7\u0130N \u0130Y\u0130 B\u0130R FIRSAT\u201d<\/p>\n<p>Kuzey K\u0131br\u0131s T\u00fcrk Cumhuriyeti&#8217;ndeki T\u00fcrk askerlerini &#8216;i\u015fgalci&#8217; olarak niteleyen Dendias, &#8220;T\u00fcrkiye&#8217;nin i\u015fgal alt\u0131ndaki Kuzey K\u0131br\u0131s topraklar\u0131nda \u00e7ok b\u00fcy\u00fck askeri kuvveti var. Orada \u015fu anda 40 binin \u00fczerinde asker bulunuyor. Belki de bu ya\u015fananlar onlar\u0131 adadan geri \u00e7ekmek i\u00e7in iyi bir f\u0131rsat olabilir.\u201d dedi.<\/p>\n<p>DI\u015e\u0130\u015eLER\u0130 S\u00d6ZC\u00dcS\u00dc KE\u00c7EL\u0130&#8217;DEN &#8216;EGE ADALARI&#8217; A\u00c7IKLAMASI<\/p>\n<p>Yunan Bakan Dendias\u2019\u0131n al\u00e7ak \u00e7\u0131k\u0131\u015f\u0131na D\u0131\u015fi\u015fleri Bakanl\u0131\u011f\u0131 S\u00f6zc\u00fcs\u00fc \u00d6nc\u00fc Ke\u00e7eli\u2019den yan\u0131t gecikmedi. Ke\u00e7eli, &#8220;Son g\u00fcnlerde Ege Adalar\u0131n\u0131n Silahs\u0131zland\u0131r\u0131lm\u0131\u015f Stat\u00fcs\u00fc hilaf\u0131na yap\u0131lan a\u00e7\u0131klamalar\u0131 gayriciddi, talihsiz ve zamans\u0131z buluyoruz&#8221; dedi.<br \/>\nSosyal medyadan a\u00e7\u0131klamada bulunan Ke\u00e7eli, &#8220;Son g\u00fcnlerde Ege Adalar\u0131n\u0131n Silahs\u0131zland\u0131r\u0131lm\u0131\u015f Stat\u00fcs\u00fc hilaf\u0131na yap\u0131lan a\u00e7\u0131klamalar\u0131 gayriciddi, talihsiz ve zamans\u0131z buluyoruz. 1923 tarihli Lozan Bar\u0131\u015f Antla\u015fmas\u0131 ve 1947 tarihli Paris Bar\u0131\u015f Antla\u015fmas\u0131 \u00e7er\u00e7evesinde gayriaskeri stat\u00fc alt\u0131na al\u0131nan Do\u011fu Ege Adalar\u0131 ve Oniki Adalar\u0131n objektif hukuki stat\u00fcs\u00fcnde tart\u0131\u015fmaya a\u00e7\u0131k bir husus bulunmamaktad\u0131r. Hal b\u00f6yleyken, b\u00f6lgemizde ya\u015fanan son geli\u015fmeleri f\u0131rsata \u00e7evirmek isteyen ve her vesileyle NATO m\u00fcttefikimiz Yunanistan&#8217;la ikili ili\u015fkilerimizi zehirlemeye gayret g\u00f6steren baz\u0131 \u00e7evrelerin yeni bir oldubitti te\u015febb\u00fcs\u00fcnde bulunmalar\u0131 esasen \u015fa\u015f\u0131rt\u0131c\u0131 de\u011fildir. T\u00fcrkiye\u2019yi revizyonizmle su\u00e7layan bu \u00e7evrelerin uluslararas\u0131 hukuk hilaf\u0131na atacaklar\u0131 her ad\u0131m yok h\u00fckm\u00fcndedir. Daha da ibret verici olan husus ise bu zihniyetin ge\u00e7mi\u015fte K\u0131br\u0131s Adas\u0131n\u0131n ortak sahibi olan K\u0131br\u0131sl\u0131 T\u00fcrkleri toplu halde yok etmek isterken bug\u00fcn onlar\u0131 da koruyacaklar\u0131n\u0131 iddia etmeleridir. Bilinmesini isteriz ki, K\u0131br\u0131sl\u0131 T\u00fcrkler ve Kuzey K\u0131br\u0131s T\u00fcrk Cumhuriyeti, Anavatan ve Garant\u00f6r T\u00fcrkiye\u2019nin de deste\u011fiyle kendi g\u00fcvenli\u011fini sa\u011flamaya muktedir olup, ba\u015fka hi\u00e7 kimseye muhta\u00e7 de\u011fildir. B\u00f6lgemizde ya\u015fanan geli\u015fmeler bar\u0131\u015f ve istikrara olan samimi ba\u011fl\u0131l\u0131\u011f\u0131n \u00f6nemini bir kez daha ortaya koymaktad\u0131r. \u0130\u00e7 politikaya y\u00f6nelik saiklerle mesnetsiz iddialarda bulunmay\u0131 ve \u00fclkemiz aleyhine dezenformasyon yapmay\u0131 adet haline getiren \u00e7evrelere, oldubittilere izin vermeyece\u011fimizi bu vesileyle tekrar hat\u0131rlat\u0131yor ve kendilerini sa\u011fduyuya davet ediyoruz&#8221; ifadelerini kulland\u0131.<br \/>\n\u201cRUMLAR ADA&#8217;DA YA\u015eAYAN HERKES\u0130 R\u0130SK ALTINA SOKTU\u201d<\/p>\n<p>Cumhurba\u015fkan\u0131 Yard\u0131mc\u0131s\u0131 Cevdet Y\u0131lmaz, Lefko\u015fa&#8217;da KKTC Ba\u015fbakan\u0131 \u00dcnal \u00dcstel ile bas\u0131n toplant\u0131s\u0131 d\u00fczenledi.<\/p>\n<p>Y\u0131lmaz, Rum taraf\u0131na tepki g\u00f6stererek &#8220;Rum y\u00f6netiminin Ada&#8217;daki askeri \u00fcslerde \u00fc\u00e7\u00fcnc\u00fc \u00fclkelere kullan\u0131m ayr\u0131cal\u0131klar\u0131 tan\u0131mas\u0131 Ada&#8217;da ya\u015fayan herkesi risk alt\u0131na sokmu\u015ftur. Ada&#8217;n\u0131n Orta Do\u011fu&#8217;ya y\u00f6nelik operasyonlar i\u00e7in kullan\u0131l\u0131yor olmas\u0131 b\u00f6lge \u00fclkeleri i\u00e7in risk te\u015fkil etmektedir&#8221; dedi. <\/p>\n<p>Kaynak : ulketv.com<\/p>\n"},"alt_text":"","media_type":"image","mime_type":"image\/jpeg","media_details":{"width":1200,"height":675,"file":"2026\/03\/1-29.jpg","sizes":{"medium":{"file":"1-29-300x169.jpg","width":300,"height":169,"mime_type":"image\/jpeg","source_url":"https:\/\/kilosorunum.com\/habercim\/wp-content\/uploads\/2026\/03\/1-29-300x169.jpg"},"large":{"file":"1-29-1024x576.jpg","width":1024,"height":576,"mime_type":"image\/jpeg","source_url":"https:\/\/kilosorunum.com\/habercim\/wp-content\/uploads\/2026\/03\/1-29-1024x576.jpg"},"thumbnail":{"file":"1-29-150x150.jpg","width":150,"height":150,"mime_type":"image\/jpeg","source_url":"https:\/\/kilosorunum.com\/habercim\/wp-content\/uploads\/2026\/03\/1-29-150x150.jpg"},"medium_large":{"file":"1-29-768x432.jpg","width":768,"height":432,"mime_type":"image\/jpeg","source_url":"https:\/\/kilosorunum.com\/habercim\/wp-content\/uploads\/2026\/03\/1-29-768x432.jpg"},"kucukResim":{"file":"1-29-80x50.jpg","width":80,"height":50,"mime_type":"image\/jpeg","source_url":"https:\/\/kilosorunum.com\/habercim\/wp-content\/uploads\/2026\/03\/1-29-80x50.jpg"},"sliderResim":{"file":"1-29-670x330.jpg","width":670,"height":330,"mime_type":"image\/jpeg","source_url":"https:\/\/kilosorunum.com\/habercim\/wp-content\/uploads\/2026\/03\/1-29-670x330.jpg"},"resim1":{"file":"1-29-184x140.jpg","width":184,"height":140,"mime_type":"image\/jpeg","source_url":"https:\/\/kilosorunum.com\/habercim\/wp-content\/uploads\/2026\/03\/1-29-184x140.jpg"},"resim2":{"file":"1-29-216x103.jpg","width":216,"height":103,"mime_type":"image\/jpeg","source_url":"https:\/\/kilosorunum.com\/habercim\/wp-content\/uploads\/2026\/03\/1-29-216x103.jpg"},"resim3":{"file":"1-29-145x70.jpg","width":145,"height":70,"mime_type":"image\/jpeg","source_url":"https:\/\/kilosorunum.com\/habercim\/wp-content\/uploads\/2026\/03\/1-29-145x70.jpg"},"sagSlider":{"file":"1-29-300x150.jpg","width":300,"height":150,"mime_type":"image\/jpeg","source_url":"https:\/\/kilosorunum.com\/habercim\/wp-content\/uploads\/2026\/03\/1-29-300x150.jpg"},"yeniSlider":{"file":"1-29-500x290.jpg","width":500,"height":290,"mime_type":"image\/jpeg","source_url":"https:\/\/kilosorunum.com\/habercim\/wp-content\/uploads\/2026\/03\/1-29-500x290.jpg"},"full":{"file":"1-29.jpg","width":1200,"height":675,"mime_type":"image\/jpeg","source_url":"https:\/\/kilosorunum.com\/habercim\/wp-content\/uploads\/2026\/03\/1-29.jpg"}},"image_meta":{"aperture":"0","credit":"","camera":"","caption":"","created_timestamp":"0","copyright":"","focal_length":"0","iso":"0","shutter_speed":"0","title":"","orientation":"0","keywords":[]}},"post":44621,"source_url":"https:\/\/kilosorunum.com\/habercim\/wp-content\/uploads\/2026\/03\/1-29.jpg","_links":{"self":[{"href":"https:\/\/kilosorunum.com\/habercim\/wp-json\/wp\/v2\/media\/44623"}],"collection":[{"href":"https:\/\/kilosorunum.com\/habercim\/wp-json\/wp\/v2\/media"}],"about":[{"href":"https:\/\/kilosorunum.com\/habercim\/wp-json\/wp\/v2\/types\/attachment"}],"author":[{"embeddable":true,"href":"https:\/\/kilosorunum.com\/habercim\/wp-json\/wp\/v2\/users\/2"}],"replies":[{"embeddable":true,"href":"https:\/\/kilosorunum.com\/habercim\/wp-json\/wp\/v2\/comments?post=44623"}]}}