{"id":44664,"date":"2026-03-12T15:52:45","date_gmt":"2026-03-12T12:52:45","guid":{"rendered":"https:\/\/kilosorunum.com\/habercim\/wp-content\/uploads\/2026\/03\/1-42.jpg"},"modified":"2026-03-12T15:54:05","modified_gmt":"2026-03-12T12:54:05","slug":"1-5527","status":"inherit","type":"attachment","link":"https:\/\/kilosorunum.com\/habercim\/genel\/iranin-yeni-dini-lideri\/attachment\/1-5527\/","title":{"rendered":"\u0130ran&#8217;\u0131n yeni dini lideri"},"author":2,"comment_status":"open","ping_status":"closed","template":"","meta":[],"description":{"rendered":"<p class=\"attachment\"><a href='https:\/\/kilosorunum.com\/habercim\/wp-content\/uploads\/2026\/03\/1-42.jpg'><img width=\"300\" height=\"169\" src=\"https:\/\/kilosorunum.com\/habercim\/wp-content\/uploads\/2026\/03\/1-42-300x169.jpg\" class=\"attachment-medium size-medium\" alt=\"\" loading=\"lazy\" srcset=\"https:\/\/kilosorunum.com\/habercim\/wp-content\/uploads\/2026\/03\/1-42-300x169.jpg 300w, https:\/\/kilosorunum.com\/habercim\/wp-content\/uploads\/2026\/03\/1-42-1024x576.jpg 1024w, https:\/\/kilosorunum.com\/habercim\/wp-content\/uploads\/2026\/03\/1-42-768x432.jpg 768w, https:\/\/kilosorunum.com\/habercim\/wp-content\/uploads\/2026\/03\/1-42.jpg 1200w\" sizes=\"(max-width: 300px) 100vw, 300px\" \/><\/a><\/p>\n"},"caption":{"rendered":"<p>\u0130ran&#8217;\u0131n yeni dini lideri belli oldu. 28 \u015eubat&#8217;ta ABD-\u0130srail ortak sald\u0131r\u0131s\u0131nda hayat\u0131n\u0131 kaybeden dini lider Ali Hamaney&#8217;in yerine o\u011flu M\u00fccteba Hamaney geldi. Uzmanlar Meclisi&#8217;nde oy \u00e7o\u011funlu\u011fuyla se\u00e7ildi. Peki, ABD ve \u0130srail&#8217;in onu da &#8220;\u00f6ld\u00fcr\u00fcr\u00fcz&#8221; dedi\u011fi M\u00fccteba Hamaney kim? \u0130\u015fte detaylar&#8230;<br \/>\n56 YA\u015eINDAK\u0130 M\u00dcCTEBA HAMANEY, \u0130RAN&#8217;IN 3. D\u0130N\u0130 L\u0130DER\u0130<\/p>\n<p>Peki, ABD ve \u0130srail&#8217;in &#8220;Onu da \u00f6ld\u00fcrece\u011fiz&#8221; tehdidinde bulundu\u011fu M\u00fccteba Hamaney kimdir? M\u00fccteba Hamaney, \u0130ran&#8217;\u0131n Me\u015fhed kentinde \u0130ran \u0130slam Cumhuriyeti kurulmadan 10 y\u0131l \u00f6nce, 1969&#8217;da do\u011fdu. \u015eimdilerde 56 ya\u015f\u0131nda. M\u00fccteba Hamaney, \u0130ran&#8217;\u0131n \u00fc\u00e7\u00fcnc\u00fc dini lideri oldu.<\/p>\n<p>DEVR\u0130M MUHAFIZLARININ DESTE\u011e\u0130N\u0130 ALDI\u011eI B\u0130L\u0130N\u0130YOR<\/p>\n<p>Ali Hamaney&#8217;in alt\u0131 \u00e7ocu\u011fundan ikincisi olan M\u00fccteba Hamaney, \u0130ran&#8217;\u0131n Kum kentinde dini e\u011fitim ve ileri d\u00fczeyde f\u0131k\u0131h e\u011fitimi ald\u0131. M\u00fccteba Hamaney&#8217;in Devrim Muhaf\u0131zlar\u0131 ile yak\u0131n ili\u015fkileri oldu\u011fu biliniyor.<\/p>\n<p>Babas\u0131n\u0131n aksine, M\u00fccteba pek \u00f6ne \u00e7\u0131kan bir isim olmad\u0131. Herhangi bir resmi g\u00f6revde bulunmad\u0131. Kamuoyuna konu\u015fmalar yapmad\u0131, r\u00f6portaj vermedi. S\u0131n\u0131rl\u0131 say\u0131da foto\u011fraf ve videosu yay\u0131nland\u0131. M\u00fccteba Hamaney, babas\u0131n\u0131n \u00f6ld\u00fcr\u00fcld\u00fc\u011f\u00fc sald\u0131r\u0131da e\u015fini, annesini ve o\u011flu da kaybetmi\u015fti.<\/p>\n<p>\u0130ran Cumhurba\u015fkan\u0131 Peze\u015fkiyan, &#8220;M\u00fccteba Hameney&#8217;in se\u00e7ilmesi yeni d\u00f6nemin ba\u015flang\u0131c\u0131n\u0131 m\u00fcjdeliyor.&#8221; yorumunu yapt\u0131.<\/p>\n<p>Kaynak : hurriyet.com.tr<\/p>\n"},"alt_text":"","media_type":"image","mime_type":"image\/jpeg","media_details":{"width":1200,"height":675,"file":"2026\/03\/1-42.jpg","sizes":{"medium":{"file":"1-42-300x169.jpg","width":300,"height":169,"mime_type":"image\/jpeg","source_url":"https:\/\/kilosorunum.com\/habercim\/wp-content\/uploads\/2026\/03\/1-42-300x169.jpg"},"large":{"file":"1-42-1024x576.jpg","width":1024,"height":576,"mime_type":"image\/jpeg","source_url":"https:\/\/kilosorunum.com\/habercim\/wp-content\/uploads\/2026\/03\/1-42-1024x576.jpg"},"thumbnail":{"file":"1-42-150x150.jpg","width":150,"height":150,"mime_type":"image\/jpeg","source_url":"https:\/\/kilosorunum.com\/habercim\/wp-content\/uploads\/2026\/03\/1-42-150x150.jpg"},"medium_large":{"file":"1-42-768x432.jpg","width":768,"height":432,"mime_type":"image\/jpeg","source_url":"https:\/\/kilosorunum.com\/habercim\/wp-content\/uploads\/2026\/03\/1-42-768x432.jpg"},"kucukResim":{"file":"1-42-80x50.jpg","width":80,"height":50,"mime_type":"image\/jpeg","source_url":"https:\/\/kilosorunum.com\/habercim\/wp-content\/uploads\/2026\/03\/1-42-80x50.jpg"},"sliderResim":{"file":"1-42-670x330.jpg","width":670,"height":330,"mime_type":"image\/jpeg","source_url":"https:\/\/kilosorunum.com\/habercim\/wp-content\/uploads\/2026\/03\/1-42-670x330.jpg"},"resim1":{"file":"1-42-184x140.jpg","width":184,"height":140,"mime_type":"image\/jpeg","source_url":"https:\/\/kilosorunum.com\/habercim\/wp-content\/uploads\/2026\/03\/1-42-184x140.jpg"},"resim2":{"file":"1-42-216x103.jpg","width":216,"height":103,"mime_type":"image\/jpeg","source_url":"https:\/\/kilosorunum.com\/habercim\/wp-content\/uploads\/2026\/03\/1-42-216x103.jpg"},"resim3":{"file":"1-42-145x70.jpg","width":145,"height":70,"mime_type":"image\/jpeg","source_url":"https:\/\/kilosorunum.com\/habercim\/wp-content\/uploads\/2026\/03\/1-42-145x70.jpg"},"sagSlider":{"file":"1-42-300x150.jpg","width":300,"height":150,"mime_type":"image\/jpeg","source_url":"https:\/\/kilosorunum.com\/habercim\/wp-content\/uploads\/2026\/03\/1-42-300x150.jpg"},"yeniSlider":{"file":"1-42-500x290.jpg","width":500,"height":290,"mime_type":"image\/jpeg","source_url":"https:\/\/kilosorunum.com\/habercim\/wp-content\/uploads\/2026\/03\/1-42-500x290.jpg"},"full":{"file":"1-42.jpg","width":1200,"height":675,"mime_type":"image\/jpeg","source_url":"https:\/\/kilosorunum.com\/habercim\/wp-content\/uploads\/2026\/03\/1-42.jpg"}},"image_meta":{"aperture":"0","credit":"","camera":"","caption":"","created_timestamp":"0","copyright":"","focal_length":"0","iso":"0","shutter_speed":"0","title":"","orientation":"0","keywords":[]}},"post":44662,"source_url":"https:\/\/kilosorunum.com\/habercim\/wp-content\/uploads\/2026\/03\/1-42.jpg","_links":{"self":[{"href":"https:\/\/kilosorunum.com\/habercim\/wp-json\/wp\/v2\/media\/44664"}],"collection":[{"href":"https:\/\/kilosorunum.com\/habercim\/wp-json\/wp\/v2\/media"}],"about":[{"href":"https:\/\/kilosorunum.com\/habercim\/wp-json\/wp\/v2\/types\/attachment"}],"author":[{"embeddable":true,"href":"https:\/\/kilosorunum.com\/habercim\/wp-json\/wp\/v2\/users\/2"}],"replies":[{"embeddable":true,"href":"https:\/\/kilosorunum.com\/habercim\/wp-json\/wp\/v2\/comments?post=44664"}]}}