{"id":44669,"date":"2026-03-12T16:58:39","date_gmt":"2026-03-12T13:58:39","guid":{"rendered":"https:\/\/kilosorunum.com\/habercim\/wp-content\/uploads\/2026\/03\/1-44.jpg"},"modified":"2026-03-12T17:00:29","modified_gmt":"2026-03-12T14:00:29","slug":"1-5529","status":"inherit","type":"attachment","link":"https:\/\/kilosorunum.com\/habercim\/foto-galeri\/dul-ve-yetim-2\/attachment\/1-5529\/","title":{"rendered":"DUL VE YET\u0130M"},"author":2,"comment_status":"open","ping_status":"closed","template":"","meta":[],"description":{"rendered":"<p class=\"attachment\"><a href='https:\/\/kilosorunum.com\/habercim\/wp-content\/uploads\/2026\/03\/1-44.jpg'><img width=\"300\" height=\"169\" src=\"https:\/\/kilosorunum.com\/habercim\/wp-content\/uploads\/2026\/03\/1-44-300x169.jpg\" class=\"attachment-medium size-medium\" alt=\"\" loading=\"lazy\" srcset=\"https:\/\/kilosorunum.com\/habercim\/wp-content\/uploads\/2026\/03\/1-44-300x169.jpg 300w, https:\/\/kilosorunum.com\/habercim\/wp-content\/uploads\/2026\/03\/1-44-1024x576.jpg 1024w, https:\/\/kilosorunum.com\/habercim\/wp-content\/uploads\/2026\/03\/1-44-768x432.jpg 768w, https:\/\/kilosorunum.com\/habercim\/wp-content\/uploads\/2026\/03\/1-44.jpg 1200w\" sizes=\"(max-width: 300px) 100vw, 300px\" \/><\/a><\/p>\n"},"caption":{"rendered":"<p>Cumhurba\u015fkan\u0131 Erdo\u011fan, emekli maa\u015flar\u0131 ve bayram ikramiyelerinin Ramazan Bayram\u0131 \u00f6ncesi \u00f6denece\u011fini a\u00e7\u0131klad\u0131. Bu kapsamda dul ve yetim maa\u015flar\u0131 ile ikramiyelerinin de bayramdan \u00f6nce hesaplara yat\u0131r\u0131lmas\u0131 bekleniyor. Ba\u015fkan Erdo\u011fan, emekli maa\u015flar\u0131n\u0131n 14 Mart&#8217;tan itibaren \u00f6denmeye ba\u015flanaca\u011f\u0131n\u0131 duyurdu. Konuyla ilgili Cumhurba\u015fkan\u0131 Erdo\u011fan a\u00e7\u0131klamas\u0131nda &#8220;Son olarak emeklilerimize bir m\u00fcjde vermek istiyoruz. Emeklilerimizin bayram ikramiyelerini her zaman oldu\u011fu gibi bayram \u00f6ncesinde hesaplara yat\u0131r\u0131yoruz. Ayr\u0131ca emeklilerimizin bu ayki emekli maa\u015f \u00f6demelerini de \u00f6ne \u00e7ekerek 14 Mart&#8217;tan itibaren \u00f6demeye ba\u015fl\u0131yoruz.&#8221; ifadelerini kulland\u0131.<br \/>\nRamazan Bayram\u0131 kapsam\u0131nda SSK, Ba\u011f-Kur ve Emekli Sand\u0131\u011f\u0131 emeklilerine 4 bin TL bayram ikramiyesi \u00f6denecek. Emekli ayl\u0131\u011f\u0131 alan vatanda\u015flar, belirlenen \u00f6deme takvimi do\u011frultusunda ikramiyelerini maa\u015flar\u0131n\u0131n yat\u0131r\u0131ld\u0131\u011f\u0131 banka hesaplar\u0131 \u00fczerinden alabilecek. Ayr\u0131ca dul ve yetim ayl\u0131\u011f\u0131 alan hak sahiplerine yap\u0131lacak \u00f6demeler ise hisse oranlar\u0131na g\u00f6re hesaplanarak yat\u0131r\u0131lacak.<\/p>\n<p>Kaynak : sabah.com.tr<\/p>\n"},"alt_text":"","media_type":"image","mime_type":"image\/jpeg","media_details":{"width":1200,"height":675,"file":"2026\/03\/1-44.jpg","sizes":{"medium":{"file":"1-44-300x169.jpg","width":300,"height":169,"mime_type":"image\/jpeg","source_url":"https:\/\/kilosorunum.com\/habercim\/wp-content\/uploads\/2026\/03\/1-44-300x169.jpg"},"large":{"file":"1-44-1024x576.jpg","width":1024,"height":576,"mime_type":"image\/jpeg","source_url":"https:\/\/kilosorunum.com\/habercim\/wp-content\/uploads\/2026\/03\/1-44-1024x576.jpg"},"thumbnail":{"file":"1-44-150x150.jpg","width":150,"height":150,"mime_type":"image\/jpeg","source_url":"https:\/\/kilosorunum.com\/habercim\/wp-content\/uploads\/2026\/03\/1-44-150x150.jpg"},"medium_large":{"file":"1-44-768x432.jpg","width":768,"height":432,"mime_type":"image\/jpeg","source_url":"https:\/\/kilosorunum.com\/habercim\/wp-content\/uploads\/2026\/03\/1-44-768x432.jpg"},"kucukResim":{"file":"1-44-80x50.jpg","width":80,"height":50,"mime_type":"image\/jpeg","source_url":"https:\/\/kilosorunum.com\/habercim\/wp-content\/uploads\/2026\/03\/1-44-80x50.jpg"},"sliderResim":{"file":"1-44-670x330.jpg","width":670,"height":330,"mime_type":"image\/jpeg","source_url":"https:\/\/kilosorunum.com\/habercim\/wp-content\/uploads\/2026\/03\/1-44-670x330.jpg"},"resim1":{"file":"1-44-184x140.jpg","width":184,"height":140,"mime_type":"image\/jpeg","source_url":"https:\/\/kilosorunum.com\/habercim\/wp-content\/uploads\/2026\/03\/1-44-184x140.jpg"},"resim2":{"file":"1-44-216x103.jpg","width":216,"height":103,"mime_type":"image\/jpeg","source_url":"https:\/\/kilosorunum.com\/habercim\/wp-content\/uploads\/2026\/03\/1-44-216x103.jpg"},"resim3":{"file":"1-44-145x70.jpg","width":145,"height":70,"mime_type":"image\/jpeg","source_url":"https:\/\/kilosorunum.com\/habercim\/wp-content\/uploads\/2026\/03\/1-44-145x70.jpg"},"sagSlider":{"file":"1-44-300x150.jpg","width":300,"height":150,"mime_type":"image\/jpeg","source_url":"https:\/\/kilosorunum.com\/habercim\/wp-content\/uploads\/2026\/03\/1-44-300x150.jpg"},"yeniSlider":{"file":"1-44-500x290.jpg","width":500,"height":290,"mime_type":"image\/jpeg","source_url":"https:\/\/kilosorunum.com\/habercim\/wp-content\/uploads\/2026\/03\/1-44-500x290.jpg"},"full":{"file":"1-44.jpg","width":1200,"height":675,"mime_type":"image\/jpeg","source_url":"https:\/\/kilosorunum.com\/habercim\/wp-content\/uploads\/2026\/03\/1-44.jpg"}},"image_meta":{"aperture":"0","credit":"","camera":"","caption":"","created_timestamp":"0","copyright":"","focal_length":"0","iso":"0","shutter_speed":"0","title":"","orientation":"0","keywords":[]}},"post":44667,"source_url":"https:\/\/kilosorunum.com\/habercim\/wp-content\/uploads\/2026\/03\/1-44.jpg","_links":{"self":[{"href":"https:\/\/kilosorunum.com\/habercim\/wp-json\/wp\/v2\/media\/44669"}],"collection":[{"href":"https:\/\/kilosorunum.com\/habercim\/wp-json\/wp\/v2\/media"}],"about":[{"href":"https:\/\/kilosorunum.com\/habercim\/wp-json\/wp\/v2\/types\/attachment"}],"author":[{"embeddable":true,"href":"https:\/\/kilosorunum.com\/habercim\/wp-json\/wp\/v2\/users\/2"}],"replies":[{"embeddable":true,"href":"https:\/\/kilosorunum.com\/habercim\/wp-json\/wp\/v2\/comments?post=44669"}]}}