{"id":44706,"date":"2026-03-13T16:21:45","date_gmt":"2026-03-13T13:21:45","guid":{"rendered":"https:\/\/kilosorunum.com\/habercim\/wp-content\/uploads\/2026\/03\/1-15-768x201-147.jpg"},"modified":"2026-03-13T16:22:45","modified_gmt":"2026-03-13T13:22:45","slug":"1-15-768x201-2190","status":"inherit","type":"attachment","link":"https:\/\/kilosorunum.com\/habercim\/foto-galeri\/deprem-oldu-uzman-uyardi\/attachment\/1-15-768x201-2190\/","title":{"rendered":"Deprem oldu uzman uyard\u0131"},"author":2,"comment_status":"open","ping_status":"closed","template":"","meta":[],"description":{"rendered":"<p class=\"attachment\"><a href='https:\/\/kilosorunum.com\/habercim\/wp-content\/uploads\/2026\/03\/1-15-768x201-147.jpg'><img width=\"300\" height=\"79\" src=\"https:\/\/kilosorunum.com\/habercim\/wp-content\/uploads\/2026\/03\/1-15-768x201-147-300x79.jpg\" class=\"attachment-medium size-medium\" alt=\"\" loading=\"lazy\" srcset=\"https:\/\/kilosorunum.com\/habercim\/wp-content\/uploads\/2026\/03\/1-15-768x201-147-300x79.jpg 300w, https:\/\/kilosorunum.com\/habercim\/wp-content\/uploads\/2026\/03\/1-15-768x201-147.jpg 768w\" sizes=\"(max-width: 300px) 100vw, 300px\" \/><\/a><\/p>\n"},"caption":{"rendered":"<p>Tokat\u2019\u0131n Niksar il\u00e7esinde sabah saatlerinde meydana gelen 5,5 b\u00fcy\u00fckl\u00fc\u011f\u00fcndeki deprem \u00e7evre illerde de hissedildi. Yerbilimci Prof. Dr. Naci G\u00f6r\u00fcr, deprem sonras\u0131 yapt\u0131\u011f\u0131 a\u00e7\u0131klamada daha b\u00fcy\u00fck bir sars\u0131nt\u0131 beklemedi\u011fini belirtti.<\/p>\n<p>Tokat\u2019\u0131n Niksar il\u00e7esinde saat 03.35\u2019te 5,5 b\u00fcy\u00fckl\u00fc\u011f\u00fcnde deprem meydana geldi.<\/p>\n<p>Afet ve Acil Durum Y\u00f6netimi Ba\u015fkanl\u0131\u011f\u0131 (AFAD) verilerine g\u00f6re depremin merkez \u00fcss\u00fc Niksar olarak kaydedildi. Sars\u0131nt\u0131n\u0131n 6,37 kilometre derinlikte ger\u00e7ekle\u015fti\u011fi bildirildi.<\/p>\n<p>Deprem Tokat\u2019\u0131n yan\u0131 s\u0131ra Samsun, \u00c7orum, Amasya ve Sinop ba\u015fta olmak \u00fczere \u00e7evre illerde de hissedildi.<\/p>\n<p>Naci G\u00f6r\u00fcr\u2019den a\u00e7\u0131klama<br \/>\nDepremin ard\u0131ndan sosyal medya hesab\u0131ndan de\u011ferlendirmede bulunan yerbilimci Naci G\u00f6r\u00fcr, b\u00f6lge halk\u0131n\u0131 rahatlatan a\u00e7\u0131klamalarda bulundu.<\/p>\n<p>G\u00f6r\u00fcr, b\u00f6lgede daha b\u00fcy\u00fck bir deprem beklemedi\u011fini belirterek \u015fu ifadeleri kulland\u0131:<\/p>\n<p>\u201c1942\u2019de burada b\u00fcy\u00fck bir deprem olmu\u015ftu. Bu nedenle daha b\u00fcy\u00fck bir deprem beklemiyorum. Faylar paralel \u015fekilde dallan\u0131yor, k\u00fc\u00e7\u00fck bir kol k\u0131r\u0131lm\u0131\u015f olabilir. Daha b\u00fcy\u00fck deprem olmayacak. 5,0\u2019dan k\u00fc\u00e7\u00fck art\u00e7\u0131lar olabilir. Ar\u0131zal\u0131 yerlerden uzak durun.\u201d<\/p>\n<p>(Haber Merkezi)<br \/>\nKaynak : evrensel.net<\/p>\n"},"alt_text":"","media_type":"image","mime_type":"image\/jpeg","media_details":{"width":768,"height":201,"file":"2026\/03\/1-15-768x201-147.jpg","sizes":{"medium":{"file":"1-15-768x201-147-300x79.jpg","width":300,"height":79,"mime_type":"image\/jpeg","source_url":"https:\/\/kilosorunum.com\/habercim\/wp-content\/uploads\/2026\/03\/1-15-768x201-147-300x79.jpg"},"thumbnail":{"file":"1-15-768x201-147-150x150.jpg","width":150,"height":150,"mime_type":"image\/jpeg","source_url":"https:\/\/kilosorunum.com\/habercim\/wp-content\/uploads\/2026\/03\/1-15-768x201-147-150x150.jpg"},"kucukResim":{"file":"1-15-768x201-147-80x50.jpg","width":80,"height":50,"mime_type":"image\/jpeg","source_url":"https:\/\/kilosorunum.com\/habercim\/wp-content\/uploads\/2026\/03\/1-15-768x201-147-80x50.jpg"},"sliderResim":{"file":"1-15-768x201-147-670x201.jpg","width":670,"height":201,"mime_type":"image\/jpeg","source_url":"https:\/\/kilosorunum.com\/habercim\/wp-content\/uploads\/2026\/03\/1-15-768x201-147-670x201.jpg"},"resim1":{"file":"1-15-768x201-147-184x140.jpg","width":184,"height":140,"mime_type":"image\/jpeg","source_url":"https:\/\/kilosorunum.com\/habercim\/wp-content\/uploads\/2026\/03\/1-15-768x201-147-184x140.jpg"},"resim2":{"file":"1-15-768x201-147-216x103.jpg","width":216,"height":103,"mime_type":"image\/jpeg","source_url":"https:\/\/kilosorunum.com\/habercim\/wp-content\/uploads\/2026\/03\/1-15-768x201-147-216x103.jpg"},"resim3":{"file":"1-15-768x201-147-145x70.jpg","width":145,"height":70,"mime_type":"image\/jpeg","source_url":"https:\/\/kilosorunum.com\/habercim\/wp-content\/uploads\/2026\/03\/1-15-768x201-147-145x70.jpg"},"sagSlider":{"file":"1-15-768x201-147-300x150.jpg","width":300,"height":150,"mime_type":"image\/jpeg","source_url":"https:\/\/kilosorunum.com\/habercim\/wp-content\/uploads\/2026\/03\/1-15-768x201-147-300x150.jpg"},"yeniSlider":{"file":"1-15-768x201-147-500x201.jpg","width":500,"height":201,"mime_type":"image\/jpeg","source_url":"https:\/\/kilosorunum.com\/habercim\/wp-content\/uploads\/2026\/03\/1-15-768x201-147-500x201.jpg"},"full":{"file":"1-15-768x201-147.jpg","width":768,"height":201,"mime_type":"image\/jpeg","source_url":"https:\/\/kilosorunum.com\/habercim\/wp-content\/uploads\/2026\/03\/1-15-768x201-147.jpg"}},"image_meta":{"aperture":"0","credit":"","camera":"","caption":"","created_timestamp":"0","copyright":"","focal_length":"0","iso":"0","shutter_speed":"0","title":"","orientation":"0","keywords":[]}},"post":44704,"source_url":"https:\/\/kilosorunum.com\/habercim\/wp-content\/uploads\/2026\/03\/1-15-768x201-147.jpg","_links":{"self":[{"href":"https:\/\/kilosorunum.com\/habercim\/wp-json\/wp\/v2\/media\/44706"}],"collection":[{"href":"https:\/\/kilosorunum.com\/habercim\/wp-json\/wp\/v2\/media"}],"about":[{"href":"https:\/\/kilosorunum.com\/habercim\/wp-json\/wp\/v2\/types\/attachment"}],"author":[{"embeddable":true,"href":"https:\/\/kilosorunum.com\/habercim\/wp-json\/wp\/v2\/users\/2"}],"replies":[{"embeddable":true,"href":"https:\/\/kilosorunum.com\/habercim\/wp-json\/wp\/v2\/comments?post=44706"}]}}