{"id":44752,"date":"2026-03-14T01:48:01","date_gmt":"2026-03-13T22:48:01","guid":{"rendered":"https:\/\/kilosorunum.com\/habercim\/wp-content\/uploads\/2026\/03\/1-67.jpg"},"modified":"2026-03-14T01:50:14","modified_gmt":"2026-03-13T22:50:14","slug":"1-5552","status":"inherit","type":"attachment","link":"https:\/\/kilosorunum.com\/habercim\/foto-galeri\/ilber-ortayli-gundem\/attachment\/1-5552\/","title":{"rendered":"\u0130lber Ortayl\u0131 G\u00fcndem"},"author":2,"comment_status":"open","ping_status":"closed","template":"","meta":[],"description":{"rendered":"<p class=\"attachment\"><a href='https:\/\/kilosorunum.com\/habercim\/wp-content\/uploads\/2026\/03\/1-67.jpg'><img width=\"300\" height=\"169\" src=\"https:\/\/kilosorunum.com\/habercim\/wp-content\/uploads\/2026\/03\/1-67-300x169.jpg\" class=\"attachment-medium size-medium\" alt=\"\" loading=\"lazy\" srcset=\"https:\/\/kilosorunum.com\/habercim\/wp-content\/uploads\/2026\/03\/1-67-300x169.jpg 300w, https:\/\/kilosorunum.com\/habercim\/wp-content\/uploads\/2026\/03\/1-67-1024x576.jpg 1024w, https:\/\/kilosorunum.com\/habercim\/wp-content\/uploads\/2026\/03\/1-67-768x432.jpg 768w, https:\/\/kilosorunum.com\/habercim\/wp-content\/uploads\/2026\/03\/1-67.jpg 1200w\" sizes=\"(max-width: 300px) 100vw, 300px\" \/><\/a><\/p>\n"},"caption":{"rendered":"<p>&#8216;Ne sulh sulha benzer ne sava\u015f sava\u015fa&#8217; Prof. Dr. \u0130lber Ortayl\u0131\u2019n\u0131n sosyal medya hesab\u0131ndan yapt\u0131\u011f\u0131 son payla\u015f\u0131m Orta Do\u011fu\u2019da y\u0131llard\u0131r skandal eylemlerde bulunan \u0130srail ile ilgiliydi. Ortayl\u0131, s\u00f6z konusu payla\u015f\u0131m\u0131nda \u0130ran\u2019da d\u00fczenlenen ABD-\u0130srail sald\u0131r\u0131s\u0131nda \u00f6len 3. s\u0131n\u0131f \u00f6\u011frencisinin foto\u011fraf\u0131n\u0131 kullanarak, eski \u0130srail Ba\u015fbakan\u0131 Naftali Bennett\u2019in \u201cT\u00fcrkiye yeni \u0130ran\u2019d\u0131r; \u0130ran\u2019dan sonra s\u0131ra T\u00fcrkiye\u2019dedir\u201d s\u00f6zlerine tepki g\u00f6sterdi.<br \/>\n&#8216;NE SULH SULHA BENZER, NE SAVA\u015e SAVA\u015eA&#8230;&#8217;<\/p>\n<p>Ortayl\u0131, \u201c\u0130sraillilere tavsiyemiz \u015fudur: Ba\u015fta ba\u015fbakanlar\u0131 olmak \u00fczere maliye bakanlar\u0131 Bezalel Smotrich denen adam\u0131n, Golda Meir kabinesindeki Dr. Yisrael Katz ile isim benzerli\u011finden ba\u015fka hi\u00e7bir ilgisi bulunmayan Doktor Katz\u2019lar\u0131n ve nihayet eski siyaset\u00e7i Bennett\u2019in \u00e7enesini k\u0131ss\u0131nlar. Yoksa ne sulh sulha benzer, ne sava\u015f sava\u015fa\u2026&#8221; ifadelerini kulland\u0131.<\/p>\n<p>TRUMP VE NETANYAHU\u2019YU DA ELE\u015eT\u0130RM\u0130T\u015e\u0130: D\u00dcNYADAN HABERDAR DE\u011e\u0130LLER<\/p>\n<p>\u00dcnl\u00fc tarih\u00e7i, ABD Ba\u015fkan\u0131 Donald Trump ve \u0130srail Ba\u015fbakan\u0131 Binyamin Netanyahu hakk\u0131nda da a\u00e7\u0131klamada bulundu: Talihsiz olan \u015fudur ki Trump ile Netanyahu, Amerika\u2019n\u0131n do\u011fu sahillerinin ayn\u0131 tip mahallelerinden \u00e7\u0131kma yan \u00fcr\u00fcnlerdir. Diplomalar\u0131 olabilir; fakat genel k\u00fclt\u00fcrleri ve davran\u0131\u015f bi\u00e7imleri son derece d\u00fc\u015f\u00fckt\u00fcr. D\u00fcnyadan haberdar olduklar\u0131 da s\u00f6ylenemez. Do\u011fu sahillerinin bu tip zevzekleri, Avrupal\u0131 devlet adamlar\u0131yla k\u0131yasland\u0131\u011f\u0131nda olduk\u00e7a d\u00fc\u015f\u00fck bir entelekt\u00fcel seviyededir. Chirac\u2019\u0131, Boris Johnson\u2019\u0131 bir kenara b\u0131rak\u0131n; kasabal\u0131 bir belediye ba\u015fkan\u0131yla bile mukayese edilemezler. Chirac, devlet adamlar\u0131n\u0131n kalitesindeki d\u00fc\u015f\u00fc\u015f\u00fc Fransa\u2019daki lise e\u011fitiminin gerilemesine ba\u011flam\u0131\u015ft\u0131.<br \/>\n\u2018H\u0130\u00c7B\u0130R YERDE MASUM \u00c7OCUKLARIN \u00d6LMES\u0130NE TAHAMM\u00dcL EDEMEY\u0130Z\u2019<\/p>\n<p>Ortayl\u0131, sava\u015fta masum \u00e7ocuklar\u0131n \u00f6ld\u00fcr\u00fclmesine de payla\u015f\u0131m\u0131nda yer vererek \u015fu ifadeleri kulland\u0131: \u0130nsan\u0131z; i\u00e7imizde k\u00f6t\u00fcl\u00fck de var, iyilik de. Fakat hi\u00e7bir yerin bombalanmas\u0131na, hi\u00e7bir yerde masum \u00e7ocuklar\u0131n \u00f6lmesine tahamm\u00fcl edemeyiz. Baz\u0131 yerlerde insanlar\u0131n duygular\u0131 ister istemez kabar\u0131r; tahamm\u00fcller t\u00fckenir. \u0130nsanlara yap\u0131lan vandall\u0131\u011f\u0131 s\u00fck\u00fbnetle kar\u015f\u0131lamak m\u00fcmk\u00fcn de\u011fildir.<\/p>\n<p>\u00dcnl\u00fc tarih\u00e7i, \u0130spanya ve T\u00fcrkiye gibi akil \u00fclkelerin uluslararas\u0131 i\u015f birli\u011fiyle sald\u0131rganl\u0131\u011fa dur demesi gerekti\u011fini vurgulad\u0131.<\/p>\n<p>Ayr\u0131ca Ortayl\u0131, son r\u00f6portaj\u0131n\u0131 CNN T\u00fcrk\u2019e vermi\u015fti.<\/p>\n<p>Ortayl\u0131\u2019n\u0131n canl\u0131 yay\u0131ndaki s\u00f6zlerinin bir k\u0131sm\u0131 \u015fu \u015fekildeydi:<\/p>\n<p>\u2018B\u0130R HAR\u0130TA \u00c7\u0130Z\u0130L\u0130RSE B\u0130Z \u00c7\u0130ZER\u0130Z\u2019<\/p>\n<p>Orta Do\u011fu\u2019da bir harita \u00e7izilecekse biz \u00e7izeriz. Biz burada ya\u015f\u0131yoruz. Gidecek ba\u015fka bir yerimiz yok. Denize buradan \u00e7\u0131kt\u0131k. Uzaya da buradan \u00e7\u0131kar\u0131z. Biz burada oldu\u011fumuz s\u00fcrece de bizden ba\u015fkas\u0131 \u00e7izemez<\/p>\n<p>Kaynak : milliyet.com.tr<\/p>\n"},"alt_text":"","media_type":"image","mime_type":"image\/jpeg","media_details":{"width":1200,"height":675,"file":"2026\/03\/1-67.jpg","sizes":{"medium":{"file":"1-67-300x169.jpg","width":300,"height":169,"mime_type":"image\/jpeg","source_url":"https:\/\/kilosorunum.com\/habercim\/wp-content\/uploads\/2026\/03\/1-67-300x169.jpg"},"large":{"file":"1-67-1024x576.jpg","width":1024,"height":576,"mime_type":"image\/jpeg","source_url":"https:\/\/kilosorunum.com\/habercim\/wp-content\/uploads\/2026\/03\/1-67-1024x576.jpg"},"thumbnail":{"file":"1-67-150x150.jpg","width":150,"height":150,"mime_type":"image\/jpeg","source_url":"https:\/\/kilosorunum.com\/habercim\/wp-content\/uploads\/2026\/03\/1-67-150x150.jpg"},"medium_large":{"file":"1-67-768x432.jpg","width":768,"height":432,"mime_type":"image\/jpeg","source_url":"https:\/\/kilosorunum.com\/habercim\/wp-content\/uploads\/2026\/03\/1-67-768x432.jpg"},"kucukResim":{"file":"1-67-80x50.jpg","width":80,"height":50,"mime_type":"image\/jpeg","source_url":"https:\/\/kilosorunum.com\/habercim\/wp-content\/uploads\/2026\/03\/1-67-80x50.jpg"},"sliderResim":{"file":"1-67-670x330.jpg","width":670,"height":330,"mime_type":"image\/jpeg","source_url":"https:\/\/kilosorunum.com\/habercim\/wp-content\/uploads\/2026\/03\/1-67-670x330.jpg"},"resim1":{"file":"1-67-184x140.jpg","width":184,"height":140,"mime_type":"image\/jpeg","source_url":"https:\/\/kilosorunum.com\/habercim\/wp-content\/uploads\/2026\/03\/1-67-184x140.jpg"},"resim2":{"file":"1-67-216x103.jpg","width":216,"height":103,"mime_type":"image\/jpeg","source_url":"https:\/\/kilosorunum.com\/habercim\/wp-content\/uploads\/2026\/03\/1-67-216x103.jpg"},"resim3":{"file":"1-67-145x70.jpg","width":145,"height":70,"mime_type":"image\/jpeg","source_url":"https:\/\/kilosorunum.com\/habercim\/wp-content\/uploads\/2026\/03\/1-67-145x70.jpg"},"sagSlider":{"file":"1-67-300x150.jpg","width":300,"height":150,"mime_type":"image\/jpeg","source_url":"https:\/\/kilosorunum.com\/habercim\/wp-content\/uploads\/2026\/03\/1-67-300x150.jpg"},"yeniSlider":{"file":"1-67-500x290.jpg","width":500,"height":290,"mime_type":"image\/jpeg","source_url":"https:\/\/kilosorunum.com\/habercim\/wp-content\/uploads\/2026\/03\/1-67-500x290.jpg"},"full":{"file":"1-67.jpg","width":1200,"height":675,"mime_type":"image\/jpeg","source_url":"https:\/\/kilosorunum.com\/habercim\/wp-content\/uploads\/2026\/03\/1-67.jpg"}},"image_meta":{"aperture":"0","credit":"","camera":"","caption":"","created_timestamp":"0","copyright":"","focal_length":"0","iso":"0","shutter_speed":"0","title":"","orientation":"0","keywords":[]}},"post":44750,"source_url":"https:\/\/kilosorunum.com\/habercim\/wp-content\/uploads\/2026\/03\/1-67.jpg","_links":{"self":[{"href":"https:\/\/kilosorunum.com\/habercim\/wp-json\/wp\/v2\/media\/44752"}],"collection":[{"href":"https:\/\/kilosorunum.com\/habercim\/wp-json\/wp\/v2\/media"}],"about":[{"href":"https:\/\/kilosorunum.com\/habercim\/wp-json\/wp\/v2\/types\/attachment"}],"author":[{"embeddable":true,"href":"https:\/\/kilosorunum.com\/habercim\/wp-json\/wp\/v2\/users\/2"}],"replies":[{"embeddable":true,"href":"https:\/\/kilosorunum.com\/habercim\/wp-json\/wp\/v2\/comments?post=44752"}]}}