{"id":44814,"date":"2026-03-14T22:31:15","date_gmt":"2026-03-14T19:31:15","guid":{"rendered":"https:\/\/kilosorunum.com\/habercim\/wp-content\/uploads\/2026\/03\/1-87.jpg"},"modified":"2026-03-14T22:32:45","modified_gmt":"2026-03-14T19:32:45","slug":"1-5572","status":"inherit","type":"attachment","link":"https:\/\/kilosorunum.com\/habercim\/foto-galeri\/ozgur-ozelden-2\/attachment\/1-5572\/","title":{"rendered":"\u00d6zg\u00fcr \u00d6zel&#8217;den"},"author":2,"comment_status":"open","ping_status":"closed","template":"","meta":[],"description":{"rendered":"<p class=\"attachment\"><a href='https:\/\/kilosorunum.com\/habercim\/wp-content\/uploads\/2026\/03\/1-87.jpg'><img width=\"300\" height=\"169\" src=\"https:\/\/kilosorunum.com\/habercim\/wp-content\/uploads\/2026\/03\/1-87-300x169.jpg\" class=\"attachment-medium size-medium\" alt=\"\" loading=\"lazy\" srcset=\"https:\/\/kilosorunum.com\/habercim\/wp-content\/uploads\/2026\/03\/1-87-300x169.jpg 300w, https:\/\/kilosorunum.com\/habercim\/wp-content\/uploads\/2026\/03\/1-87-1024x576.jpg 1024w, https:\/\/kilosorunum.com\/habercim\/wp-content\/uploads\/2026\/03\/1-87-768x432.jpg 768w, https:\/\/kilosorunum.com\/habercim\/wp-content\/uploads\/2026\/03\/1-87.jpg 1200w\" sizes=\"(max-width: 300px) 100vw, 300px\" \/><\/a><\/p>\n"},"caption":{"rendered":"<p>CHP Genel Ba\u015fkan\u0131 \u00d6zg\u00fcr \u00d6zel, tutuklu cumhurba\u015fkan\u0131 aday\u0131 Ekrem \u0130mamo\u011flu hakk\u0131nda, &#8220;E\u011fer Ekrem Bey\u2019den \u00e7ok korkuyorlarsa, sokak performans\u0131ndan \u00e7ok korkuyorlarsa hi\u00e7 de\u011filse ev hapsi versinler&#8221; dedi.<br \/>\nCHP Genel Ba\u015fkan\u0131 \u00d6zg\u00fcr \u00d6zel, 9 Mart g\u00fcn\u00fc g\u00f6r\u00fclmeye ba\u015flanan \u0130BB davas\u0131 hakk\u0131nda \u00f6nemli a\u00e7\u0131klamalarda bulundu.<br \/>\nYarg\u0131lamalar\u0131n tutuksuz olmas\u0131 gerekti\u011fini ifade eden \u00d6zel, &#8220;Tepkimiz yarg\u0131lamaya de\u011fil, gereksiz yere tutuklu yarg\u0131lamaya. Bir de yok gizli tan\u0131k, itiraf\u00e7\u0131 kaynakl\u0131 iddialar\u0131n iftiralar\u0131n mutlak ger\u00e7eklermi\u015f, hatta kesinle\u015fmi\u015f h\u00e2kim karar\u0131ym\u0131\u015f gibi yans\u0131t\u0131lmas\u0131nda&#8221; dedi.<br \/>\n&#8220;\u0130\u00c7 CEPHE&#8221; S\u00d6YLEM\u0130<br \/>\nYetkinReport i\u00e7in gazeteci Murat Yetkin&#8217;in sorular\u0131n\u0131 yan\u0131tlayan CHP lideri \u00d6zel, iktidar\u0131n &#8216;i\u00e7 cephe tahkimi&#8217; s\u00f6ylemlerine dikkat \u00e7ekti ve \u015funlar\u0131 aktad\u0131:<\/p>\n<p>&#8220;Tutukluluk incelemesinde, sorgular\u0131 yap\u0131lan arkada\u015flar\u0131n tutuksuz yarg\u0131lanmas\u0131 karar\u0131 \u00e7\u0131karsa, bu siyasi iklimi de\u011fi\u015ftirebilir, tansiyonu d\u00fc\u015f\u00fcr\u00fcr. Kimse \u2018Beni yarg\u0131lamay\u0131n\u2019 demiyor ki\u2026 Adil ve \u015feffaf yarg\u0131lama istiyor ve en \u00f6nemli hakk\u0131 oldu\u011fu \u015fekilde &#8216;Beni tutuksuz yarg\u0131lay\u0131n&#8217; diyor. \u00c7\u00fcnk\u00fc tutuklu yarg\u0131lama ko\u015fullar\u0131 art\u0131k ortadan kalkt\u0131. Tutuksuz yarg\u0131lama ba\u015flad\u0131\u011f\u0131nda tansiyon kendili\u011finden d\u00fc\u015fer.&#8221;<\/p>\n<p>\u00d6zel, &#8220;\u0130ktidar kulislerinde &#8216;Tahliye olursa \u0130mamo\u011flu da \u00e7\u0131kar otob\u00fcs\u00fcn \u00fcst\u00fcne. Zafer kazand\u0131k derler, sonra bir daha alamay\u0131z&#8217; gibi s\u00f6ylemler de duyuluyor. Size de geliyordur. Buna ne diyorsunuz?&#8221; sorusuna \u015fu yan\u0131t\u0131 verdi:<\/p>\n<p>&#8220;Evet, geliyor. Ama zaten buradan da davan\u0131n siyasi oldu\u011fu belli. Bir insan\u0131n tutuklulu\u011funun gerek\u00e7esi \u2018serbest kal\u0131rsa siyasi kampanya yapar\u2019 olabilir mi? Hadi onlar\u0131n hukuk tan\u0131maz zeminine ben de ineyim, onlar gibi d\u00fc\u015f\u00fcneyim: e\u011fer Ekrem Bey\u2019den \u00e7ok korkuyorlarsa, sokak performans\u0131ndan \u00e7ok korkuyorlarsa hi\u00e7 de\u011filse ev hapsi versinler.&#8221;<\/p>\n<p>&#8220;EKREM BEY&#8217;\u0130N \u00d6ZG\u00dcRL\u00dc\u011e\u00dcN\u00dc \u0130STEMES\u0130 DO\u011eAL&#8221;<br \/>\n\u00d6zel, \u015f\u00f6yle devam etti:<\/p>\n<p>&#8220;Ekrem Bey\u2019in hemen \u00f6zg\u00fcrl\u00fc\u011f\u00fcn\u00fc istemesi kadar do\u011fal bir \u015fey yok. Ancak inan\u0131yorum ki o da bunu kabul eder. Biz b\u00fct\u00fcn arkada\u015flar\u0131m\u0131z\u0131n tutuksuz yarg\u0131lanmas\u0131n\u0131 istiyoruz, tabii Ekrem Bey\u2019in de. Madem ki soka\u011fa \u00e7\u0131kar diye korkuyorlar, ev hapsi versinler. Hi\u00e7 de\u011filse y\u00fcksek g\u00fcvenlikli cezaevinde, tecrit ortam\u0131ndaki i\u015fkence son bulur. Tutukluluklar\u0131n uzamas\u0131yla Ekrem Bey\u2019i sevenlerde \u00f6fke birikti\u011fi gibi, iktidardakiler de bu kadar uzun tutuklulu\u011fu savunamaz hale geldiler. Tahliyeler genel olarak tansiyonu d\u00fc\u015f\u00fcr\u00fcr. Bu, ailelere de iyi gelir, bize de iyi gelir ve asl\u0131nda iktidar fark\u0131nda de\u011fil ama T\u00fcrkiye\u2019ye de iyi gelir. Ben inan\u0131yorum ki Ekrem Bey ve arkada\u015flar\u0131n\u0131n tahliyesiyle Borsa rekorlar k\u0131rar, T\u00fcrkiye\u2019nin risk primi d\u00fc\u015fer, t\u00fcm d\u00fcnyadan olumlu yank\u0131lar gelir.&#8221;<\/p>\n<p>&#8220;KARAMAN&#8217;DAK\u0130 AMCAYI \u0130KNA ETMEK LAZIM&#8221;<br \/>\n\u00c7\u00f6z\u00fcm s\u00fcreci kapsam\u0131nda Meclis&#8217;te haz\u0131rlanan Komisyon Raporu&#8217;ndan da bahseden \u00d6zel, &#8220;Meclis\u2019ten ge\u00e7ti. Orada parti gruplar\u0131n\u0131n, milletvekillerinin deste\u011fi \u00f6nemliydi. Bundan sonra kamuoyu deste\u011fi \u00f6nemli. Bak\u0131n ben sokakta rakiplerinin be\u015f kat\u0131 halkla temas eden bir parti genel ba\u015fkan\u0131y\u0131m. Muhalefetin en \u00f6nemli isimlerinden birisinin hapiste tutuldu\u011fu bir s\u00fcre\u00e7te, Ter\u00f6rs\u00fcz T\u00fcrkiye alan\u0131nda at\u0131lacak baz\u0131 ad\u0131mlar\u0131n tart\u0131\u015fmaya yol a\u00e7mas\u0131ndan endi\u015fe duyar\u0131m. Ge\u00e7enlerde Karaman mitingimizde, konu\u015fma \u00f6ncesinde ya\u015fl\u0131ca bir vatanda\u015f yan\u0131ma geldi. Ter\u00f6rs\u00fcz T\u00fcrkiye\u2019yle ter\u00f6r \u00f6rg\u00fct\u00fc \u00fcyeleri serbest kal\u0131rken bizim Ekrem i\u00e7eride mi kalacak? Bunu da s\u00f6yle dedi. Sonu\u00e7ta bir Ter\u00f6rs\u00fcz T\u00fcrkiye s\u00fcrecinde \u00fczerinize d\u00fc\u015feni yapt\u0131k, yap\u0131yoruz; Karaman\u2019daki amcay\u0131 da ikna etmek laz\u0131m&#8221; dedi.<\/p>\n<p>Kaynak : birgun.net<\/p>\n"},"alt_text":"","media_type":"image","mime_type":"image\/jpeg","media_details":{"width":1200,"height":675,"file":"2026\/03\/1-87.jpg","sizes":{"medium":{"file":"1-87-300x169.jpg","width":300,"height":169,"mime_type":"image\/jpeg","source_url":"https:\/\/kilosorunum.com\/habercim\/wp-content\/uploads\/2026\/03\/1-87-300x169.jpg"},"large":{"file":"1-87-1024x576.jpg","width":1024,"height":576,"mime_type":"image\/jpeg","source_url":"https:\/\/kilosorunum.com\/habercim\/wp-content\/uploads\/2026\/03\/1-87-1024x576.jpg"},"thumbnail":{"file":"1-87-150x150.jpg","width":150,"height":150,"mime_type":"image\/jpeg","source_url":"https:\/\/kilosorunum.com\/habercim\/wp-content\/uploads\/2026\/03\/1-87-150x150.jpg"},"medium_large":{"file":"1-87-768x432.jpg","width":768,"height":432,"mime_type":"image\/jpeg","source_url":"https:\/\/kilosorunum.com\/habercim\/wp-content\/uploads\/2026\/03\/1-87-768x432.jpg"},"kucukResim":{"file":"1-87-80x50.jpg","width":80,"height":50,"mime_type":"image\/jpeg","source_url":"https:\/\/kilosorunum.com\/habercim\/wp-content\/uploads\/2026\/03\/1-87-80x50.jpg"},"sliderResim":{"file":"1-87-670x330.jpg","width":670,"height":330,"mime_type":"image\/jpeg","source_url":"https:\/\/kilosorunum.com\/habercim\/wp-content\/uploads\/2026\/03\/1-87-670x330.jpg"},"resim1":{"file":"1-87-184x140.jpg","width":184,"height":140,"mime_type":"image\/jpeg","source_url":"https:\/\/kilosorunum.com\/habercim\/wp-content\/uploads\/2026\/03\/1-87-184x140.jpg"},"resim2":{"file":"1-87-216x103.jpg","width":216,"height":103,"mime_type":"image\/jpeg","source_url":"https:\/\/kilosorunum.com\/habercim\/wp-content\/uploads\/2026\/03\/1-87-216x103.jpg"},"resim3":{"file":"1-87-145x70.jpg","width":145,"height":70,"mime_type":"image\/jpeg","source_url":"https:\/\/kilosorunum.com\/habercim\/wp-content\/uploads\/2026\/03\/1-87-145x70.jpg"},"sagSlider":{"file":"1-87-300x150.jpg","width":300,"height":150,"mime_type":"image\/jpeg","source_url":"https:\/\/kilosorunum.com\/habercim\/wp-content\/uploads\/2026\/03\/1-87-300x150.jpg"},"yeniSlider":{"file":"1-87-500x290.jpg","width":500,"height":290,"mime_type":"image\/jpeg","source_url":"https:\/\/kilosorunum.com\/habercim\/wp-content\/uploads\/2026\/03\/1-87-500x290.jpg"},"full":{"file":"1-87.jpg","width":1200,"height":675,"mime_type":"image\/jpeg","source_url":"https:\/\/kilosorunum.com\/habercim\/wp-content\/uploads\/2026\/03\/1-87.jpg"}},"image_meta":{"aperture":"0","credit":"","camera":"","caption":"","created_timestamp":"0","copyright":"","focal_length":"0","iso":"0","shutter_speed":"0","title":"","orientation":"0","keywords":[]}},"post":44812,"source_url":"https:\/\/kilosorunum.com\/habercim\/wp-content\/uploads\/2026\/03\/1-87.jpg","_links":{"self":[{"href":"https:\/\/kilosorunum.com\/habercim\/wp-json\/wp\/v2\/media\/44814"}],"collection":[{"href":"https:\/\/kilosorunum.com\/habercim\/wp-json\/wp\/v2\/media"}],"about":[{"href":"https:\/\/kilosorunum.com\/habercim\/wp-json\/wp\/v2\/types\/attachment"}],"author":[{"embeddable":true,"href":"https:\/\/kilosorunum.com\/habercim\/wp-json\/wp\/v2\/users\/2"}],"replies":[{"embeddable":true,"href":"https:\/\/kilosorunum.com\/habercim\/wp-json\/wp\/v2\/comments?post=44814"}]}}