{"id":44828,"date":"2026-03-15T03:29:51","date_gmt":"2026-03-15T00:29:51","guid":{"rendered":"https:\/\/kilosorunum.com\/habercim\/wp-content\/uploads\/2026\/03\/images-2-4.jpg"},"modified":"2026-03-15T03:30:08","modified_gmt":"2026-03-15T00:30:08","slug":"images-2-4-2","status":"inherit","type":"attachment","link":"https:\/\/kilosorunum.com\/habercim\/foto-galeri\/mhp-lideri-bahceli\/attachment\/images-2-4-2\/","title":{"rendered":"MHP lideri Bah\u00e7eli"},"author":2,"comment_status":"open","ping_status":"closed","template":"","meta":[],"description":{"rendered":"<p class=\"attachment\"><a href='https:\/\/kilosorunum.com\/habercim\/wp-content\/uploads\/2026\/03\/images-2-4.jpg'><img width=\"300\" height=\"168\" src=\"https:\/\/kilosorunum.com\/habercim\/wp-content\/uploads\/2026\/03\/images-2-4.jpg\" class=\"attachment-medium size-medium\" alt=\"\" loading=\"lazy\" \/><\/a><\/p>\n"},"caption":{"rendered":"<p>Emekli maa\u015flar\u0131yla ilgili MHP Genel Ba\u015fkan\u0131 Devlet Bah\u00e7eli\u2019den dikkat \u00e7eken bir a\u00e7\u0131klama geldi. Partisinin grup toplant\u0131s\u0131nda konu\u015fan MHP lideri Bah\u00e7eli\u2019nin k\u00fcrs\u00fcden inmeden hemen \u00f6nce emekli maa\u015flar\u0131 ve emekli zamlar\u0131yla ilgili kulland\u0131\u011f\u0131 ifadeler\u2026<\/p>\n<p>devam\u0131 sonraki sayfada\u2026 g\u00f6rsel \u00fczerinden do2\u2019kununuz ge\u00e7ebilirsiniz\u2026<\/p>\n"},"alt_text":"","media_type":"image","mime_type":"image\/jpeg","media_details":{"width":300,"height":168,"file":"2026\/03\/images-2-4.jpg","sizes":{"thumbnail":{"file":"images-2-4-150x150.jpg","width":150,"height":150,"mime_type":"image\/jpeg","source_url":"https:\/\/kilosorunum.com\/habercim\/wp-content\/uploads\/2026\/03\/images-2-4-150x150.jpg"},"kucukResim":{"file":"images-2-4-80x50.jpg","width":80,"height":50,"mime_type":"image\/jpeg","source_url":"https:\/\/kilosorunum.com\/habercim\/wp-content\/uploads\/2026\/03\/images-2-4-80x50.jpg"},"resim1":{"file":"images-2-4-184x140.jpg","width":184,"height":140,"mime_type":"image\/jpeg","source_url":"https:\/\/kilosorunum.com\/habercim\/wp-content\/uploads\/2026\/03\/images-2-4-184x140.jpg"},"resim2":{"file":"images-2-4-216x103.jpg","width":216,"height":103,"mime_type":"image\/jpeg","source_url":"https:\/\/kilosorunum.com\/habercim\/wp-content\/uploads\/2026\/03\/images-2-4-216x103.jpg"},"resim3":{"file":"images-2-4-145x70.jpg","width":145,"height":70,"mime_type":"image\/jpeg","source_url":"https:\/\/kilosorunum.com\/habercim\/wp-content\/uploads\/2026\/03\/images-2-4-145x70.jpg"},"sagSlider":{"file":"images-2-4-300x150.jpg","width":300,"height":150,"mime_type":"image\/jpeg","source_url":"https:\/\/kilosorunum.com\/habercim\/wp-content\/uploads\/2026\/03\/images-2-4-300x150.jpg"},"full":{"file":"images-2-4.jpg","width":300,"height":168,"mime_type":"image\/jpeg","source_url":"https:\/\/kilosorunum.com\/habercim\/wp-content\/uploads\/2026\/03\/images-2-4.jpg"}},"image_meta":{"aperture":"0","credit":"","camera":"","caption":"","created_timestamp":"0","copyright":"","focal_length":"0","iso":"0","shutter_speed":"0","title":"","orientation":"0","keywords":[]}},"post":44827,"source_url":"https:\/\/kilosorunum.com\/habercim\/wp-content\/uploads\/2026\/03\/images-2-4.jpg","_links":{"self":[{"href":"https:\/\/kilosorunum.com\/habercim\/wp-json\/wp\/v2\/media\/44828"}],"collection":[{"href":"https:\/\/kilosorunum.com\/habercim\/wp-json\/wp\/v2\/media"}],"about":[{"href":"https:\/\/kilosorunum.com\/habercim\/wp-json\/wp\/v2\/types\/attachment"}],"author":[{"embeddable":true,"href":"https:\/\/kilosorunum.com\/habercim\/wp-json\/wp\/v2\/users\/2"}],"replies":[{"embeddable":true,"href":"https:\/\/kilosorunum.com\/habercim\/wp-json\/wp\/v2\/comments?post=44828"}]}}