{"id":44834,"date":"2026-03-15T03:34:51","date_gmt":"2026-03-15T00:34:51","guid":{"rendered":"https:\/\/kilosorunum.com\/habercim\/wp-content\/uploads\/2026\/03\/1-92.jpg"},"modified":"2026-03-15T03:36:22","modified_gmt":"2026-03-15T00:36:22","slug":"1-5577","status":"inherit","type":"attachment","link":"https:\/\/kilosorunum.com\/habercim\/foto-galeri\/5-ile-uyarilar\/attachment\/1-5577\/","title":{"rendered":"5 ile uyar\u0131lar"},"author":2,"comment_status":"open","ping_status":"closed","template":"","meta":[],"description":{"rendered":"<p class=\"attachment\"><a href='https:\/\/kilosorunum.com\/habercim\/wp-content\/uploads\/2026\/03\/1-92.jpg'><img width=\"300\" height=\"169\" src=\"https:\/\/kilosorunum.com\/habercim\/wp-content\/uploads\/2026\/03\/1-92-300x169.jpg\" class=\"attachment-medium size-medium\" alt=\"\" loading=\"lazy\" srcset=\"https:\/\/kilosorunum.com\/habercim\/wp-content\/uploads\/2026\/03\/1-92-300x169.jpg 300w, https:\/\/kilosorunum.com\/habercim\/wp-content\/uploads\/2026\/03\/1-92-1024x576.jpg 1024w, https:\/\/kilosorunum.com\/habercim\/wp-content\/uploads\/2026\/03\/1-92-768x432.jpg 768w, https:\/\/kilosorunum.com\/habercim\/wp-content\/uploads\/2026\/03\/1-92.jpg 1200w\" sizes=\"(max-width: 300px) 100vw, 300px\" \/><\/a><\/p>\n"},"caption":{"rendered":"<p>Meteoroloji Genel M\u00fcd\u00fcrl\u00fc\u011f\u00fc olarak yap\u0131lan de\u011ferlendirmelere g\u00f6re, \u00fclkemiz genelinin par\u00e7al\u0131 ve \u00e7ok bulutlu, Orta ve Do\u011fu Akdeniz, \u0130\u00e7 Anadolu\u2019nun g\u00fcney ve do\u011fusu, Do\u011fu ve G\u00fcneydo\u011fu Anadolu ile Antalya&#8217;n\u0131n do\u011fusu, Samsun, Tokat ve Amasya \u00e7evrelerinin ya\u011f\u0131\u015fl\u0131 ge\u00e7ece\u011fi tahmin ediliyor. Ya\u011f\u0131\u015flar\u0131n, G\u00fcneydo\u011fu Anadolu, Do\u011fu Akdeniz, Bing\u00f6l, Bitlis, Mu\u015f, Hakkari ve \u015e\u0131rnak \u00e7evrelerinde kuvvetli olmak \u00fczere ya\u011fmur ve sa\u011fanak, y\u00fcksek kesimlerde kuvvetli karla kar\u0131\u015f\u0131k ya\u011fmur ve kar ya\u011f\u0131\u015f\u0131 \u015feklinde olmas\u0131 bekleniyor. R\u00fczgar\u0131n Hatay\u2019da bat\u0131 ve g\u00fcneybat\u0131 y\u00f6nlerden f\u0131rt\u0131na \u015feklinde esmesi bekleniyor. Gece ve sabah saatlerinde i\u00e7 ve do\u011fu b\u00f6lgelerde buzlanma ve don ile Marmara ve i\u00e7 kesimlerde pus ve yer yer sis bekleniyor. Do\u011fu Karadeniz\u2019in i\u00e7 kesimlerinin y\u00fcksekleri ile Do\u011fu Anadolu\u2019nun y\u00fcksek kar \u00f6rt\u00fcs\u00fcne sahip e\u011fimli kesimlerinde \u00e7\u0131\u011f tehlikesi ile kar erimesi tehlikesi bulunmaktad\u0131r.<br \/>\n\u00c7evre, \u015eehircilik ve \u0130klim De\u011fi\u015fikli\u011fi Bakanl\u0131\u011f\u0131 Meteoroloji Genel M\u00fcd\u00fcrl\u00fc\u011f\u00fc Hava Tahmin Uzman\u0131 Cengiz \u00c7elik, AA muhabirine, yurtta beklenen hava durumuna ili\u015fkin de\u011ferlendirmede bulundu.<\/p>\n<p>\u00dc\u00e7 b\u00fcy\u00fck\u015fehirde hafta sonu boyunca par\u00e7al\u0131 bulutlu bir hava beklendi\u011fini s\u00f6yleyen \u00c7elik, &#8220;Ankara&#8217;daki en y\u00fcksek s\u0131cakl\u0131klar 15 ila 16 derece, \u0130stanbul&#8217;da 12 ila 13 derece, \u0130zmir&#8217;de ise 17 ila 18 derece civar\u0131nda seyredecek.&#8221; diye konu\u015ftu.<br \/>\nKaynak : hurriyet.com.tr<\/p>\n"},"alt_text":"","media_type":"image","mime_type":"image\/jpeg","media_details":{"width":1200,"height":675,"file":"2026\/03\/1-92.jpg","sizes":{"medium":{"file":"1-92-300x169.jpg","width":300,"height":169,"mime_type":"image\/jpeg","source_url":"https:\/\/kilosorunum.com\/habercim\/wp-content\/uploads\/2026\/03\/1-92-300x169.jpg"},"large":{"file":"1-92-1024x576.jpg","width":1024,"height":576,"mime_type":"image\/jpeg","source_url":"https:\/\/kilosorunum.com\/habercim\/wp-content\/uploads\/2026\/03\/1-92-1024x576.jpg"},"thumbnail":{"file":"1-92-150x150.jpg","width":150,"height":150,"mime_type":"image\/jpeg","source_url":"https:\/\/kilosorunum.com\/habercim\/wp-content\/uploads\/2026\/03\/1-92-150x150.jpg"},"medium_large":{"file":"1-92-768x432.jpg","width":768,"height":432,"mime_type":"image\/jpeg","source_url":"https:\/\/kilosorunum.com\/habercim\/wp-content\/uploads\/2026\/03\/1-92-768x432.jpg"},"kucukResim":{"file":"1-92-80x50.jpg","width":80,"height":50,"mime_type":"image\/jpeg","source_url":"https:\/\/kilosorunum.com\/habercim\/wp-content\/uploads\/2026\/03\/1-92-80x50.jpg"},"sliderResim":{"file":"1-92-670x330.jpg","width":670,"height":330,"mime_type":"image\/jpeg","source_url":"https:\/\/kilosorunum.com\/habercim\/wp-content\/uploads\/2026\/03\/1-92-670x330.jpg"},"resim1":{"file":"1-92-184x140.jpg","width":184,"height":140,"mime_type":"image\/jpeg","source_url":"https:\/\/kilosorunum.com\/habercim\/wp-content\/uploads\/2026\/03\/1-92-184x140.jpg"},"resim2":{"file":"1-92-216x103.jpg","width":216,"height":103,"mime_type":"image\/jpeg","source_url":"https:\/\/kilosorunum.com\/habercim\/wp-content\/uploads\/2026\/03\/1-92-216x103.jpg"},"resim3":{"file":"1-92-145x70.jpg","width":145,"height":70,"mime_type":"image\/jpeg","source_url":"https:\/\/kilosorunum.com\/habercim\/wp-content\/uploads\/2026\/03\/1-92-145x70.jpg"},"sagSlider":{"file":"1-92-300x150.jpg","width":300,"height":150,"mime_type":"image\/jpeg","source_url":"https:\/\/kilosorunum.com\/habercim\/wp-content\/uploads\/2026\/03\/1-92-300x150.jpg"},"yeniSlider":{"file":"1-92-500x290.jpg","width":500,"height":290,"mime_type":"image\/jpeg","source_url":"https:\/\/kilosorunum.com\/habercim\/wp-content\/uploads\/2026\/03\/1-92-500x290.jpg"},"full":{"file":"1-92.jpg","width":1200,"height":675,"mime_type":"image\/jpeg","source_url":"https:\/\/kilosorunum.com\/habercim\/wp-content\/uploads\/2026\/03\/1-92.jpg"}},"image_meta":{"aperture":"0","credit":"","camera":"","caption":"","created_timestamp":"0","copyright":"","focal_length":"0","iso":"0","shutter_speed":"0","title":"","orientation":"0","keywords":[]}},"post":44832,"source_url":"https:\/\/kilosorunum.com\/habercim\/wp-content\/uploads\/2026\/03\/1-92.jpg","_links":{"self":[{"href":"https:\/\/kilosorunum.com\/habercim\/wp-json\/wp\/v2\/media\/44834"}],"collection":[{"href":"https:\/\/kilosorunum.com\/habercim\/wp-json\/wp\/v2\/media"}],"about":[{"href":"https:\/\/kilosorunum.com\/habercim\/wp-json\/wp\/v2\/types\/attachment"}],"author":[{"embeddable":true,"href":"https:\/\/kilosorunum.com\/habercim\/wp-json\/wp\/v2\/users\/2"}],"replies":[{"embeddable":true,"href":"https:\/\/kilosorunum.com\/habercim\/wp-json\/wp\/v2\/comments?post=44834"}]}}