{"id":44839,"date":"2026-03-15T03:45:42","date_gmt":"2026-03-15T00:45:42","guid":{"rendered":"https:\/\/kilosorunum.com\/habercim\/wp-content\/uploads\/2026\/03\/1-94.jpg"},"modified":"2026-03-15T03:46:13","modified_gmt":"2026-03-15T00:46:13","slug":"1-5579","status":"inherit","type":"attachment","link":"https:\/\/kilosorunum.com\/habercim\/foto-galeri\/umran\/attachment\/1-5579\/","title":{"rendered":"\u00dcmran"},"author":2,"comment_status":"open","ping_status":"closed","template":"","meta":[],"description":{"rendered":"<p class=\"attachment\"><a href='https:\/\/kilosorunum.com\/habercim\/wp-content\/uploads\/2026\/03\/1-94.jpg'><img width=\"300\" height=\"169\" src=\"https:\/\/kilosorunum.com\/habercim\/wp-content\/uploads\/2026\/03\/1-94-300x169.jpg\" class=\"attachment-medium size-medium\" alt=\"\" loading=\"lazy\" srcset=\"https:\/\/kilosorunum.com\/habercim\/wp-content\/uploads\/2026\/03\/1-94-300x169.jpg 300w, https:\/\/kilosorunum.com\/habercim\/wp-content\/uploads\/2026\/03\/1-94-1024x576.jpg 1024w, https:\/\/kilosorunum.com\/habercim\/wp-content\/uploads\/2026\/03\/1-94-768x432.jpg 768w, https:\/\/kilosorunum.com\/habercim\/wp-content\/uploads\/2026\/03\/1-94.jpg 1200w\" sizes=\"(max-width: 300px) 100vw, 300px\" \/><\/a><\/p>\n"},"caption":{"rendered":"<p>Isparta\u2019da arac\u0131 yak\u0131lm\u0131\u015f, ba\u015f\u0131 bedeninden ayr\u0131lm\u0131\u015f halde bulunan Ferdi \u00d6zdemir cinayetine ili\u015fkin soru\u015fturma derinle\u015firken, yeni detaylar g\u00fcn y\u00fcz\u00fcne \u00e7\u0131kmaya devam ediyor. T\u00fcrkiye\u2019nin g\u00fcndemine oturan korkun\u00e7 olayda, \u015f\u00fcphe oklar\u0131n\u0131n \u00e7evrildi\u011fi e\u015f \u00dcmran \u00d6zdemir, hakk\u0131nda \u00e7\u0131kan ihanet iddialar\u0131yla ilgili itiraflarda bulundu.<br \/>\nIsparta\u2019da 5 Aral\u0131k Pazartesi g\u00fcn\u00fc ya\u015fanan Ferdi \u00d6zdemir cinayetine ili\u015fkin yeni detaylar ortaya \u00e7\u0131kmaya devam ediyor.<br \/>\n2 \u00e7ocuk babas\u0131 \u00e7oban Ferdi \u00d6zdemir, arac\u0131 yak\u0131lm\u0131\u015f, bedeni par\u00e7alanm\u0131\u015f halde \u00f6l\u00fc bulunmu\u015ftu. Yap\u0131lan incelemelerde \u00d6zdemir\u2019in ba\u015f\u0131n\u0131n olay yerinde olmad\u0131\u011f\u0131, ba\u015fka bir noktaya g\u00f6t\u00fcr\u00fcld\u00fc\u011f\u00fc tespit edilmi\u015fti. Kamuoyunun yak\u0131ndan takip etti\u011fi cinayet dosyas\u0131, 8 Ocak 2026 tarihinde M\u00fcge Anl\u0131 ile Tatl\u0131 Sert program\u0131nda konu\u015fulmaya devam ediyor. Canl\u0131 yay\u0131nda konu\u015fan e\u015fi \u00dcmran \u00d6zdemir, yay\u0131n sonras\u0131 yapt\u0131\u011f\u0131 a\u00e7\u0131klamalarla dikkatleri \u00fczerine \u00e7ekti. \u00dcmran \u00d6zdemir, bir uygulama \u00fczerinden biriyle tan\u0131\u015ft\u0131\u011f\u0131n\u0131 ve konu\u015ftu\u011funu kabul etti. Tan\u0131\u015fman\u0131n bir oyun arac\u0131l\u0131\u011f\u0131yla ger\u00e7ekle\u015fti\u011fini belirten \u00d6zdemir, g\u00f6r\u00fc\u015ft\u00fc\u011f\u00fc ki\u015finin t\u0131r \u015fof\u00f6r\u00fc oldu\u011funu s\u00f6yledi.<br \/>\nYakla\u015f\u0131k 3 ayd\u0131r yaz\u0131\u015ft\u0131klar\u0131n\u0131 ifade eden \u00d6zdemir, s\u00f6z konusu ki\u015finin Isparta\u2019ya hi\u00e7 gelmedi\u011fini, aralar\u0131nda yaln\u0131zca mesajla\u015fma yoluyla ileti\u015fim kuruldu\u011funu dile getirdi. Yakla\u015f\u0131k 3 ayd\u0131r yaz\u0131\u015ft\u0131klar\u0131n\u0131 ifade eden \u00d6zdemir, s\u00f6z konusu ki\u015finin Isparta\u2019ya hi\u00e7 gelmedi\u011fini, aralar\u0131nda yaln\u0131zca mesajla\u015fma yoluyla ileti\u015fim kuruldu\u011funu dile getirdi.<br \/>\nProgramda en \u00e7ok dikkat \u00e7eken sorulardan biri ise silinen telefon mesajlar\u0131 oldu. Ferdi \u00d6zdemir\u2019in hayat\u0131n\u0131 kaybetti\u011fi g\u00fcn, \u00dcmran \u00d6zdemir\u2019in jandarmaya g\u00f6t\u00fcr\u00fcl\u00fcrken cep telefonundaki mesajlar\u0131 neden sildi\u011fi soruldu. \u00dcmran \u00d6zdemir, mesajlar\u0131 d\u00fczenli olarak sildi\u011fini, bunun kendisi i\u00e7in bir al\u0131\u015fkanl\u0131k oldu\u011funu savundu.<br \/>\n\u00d6te yandan \u00dcmran \u00d6zdemir, e\u015finden uzun s\u00fcredir \u015fiddet g\u00f6rd\u00fc\u011f\u00fcn\u00fc iddia etti. Bu a\u00e7\u0131klamaya kar\u015f\u0131l\u0131k Ferdi \u00d6zdemir\u2019in ailesi, kendilerine bu y\u00f6nde daha \u00f6nce hi\u00e7bir bilgi ula\u015fmad\u0131\u011f\u0131n\u0131, iddialardan haberlerinin olmad\u0131\u011f\u0131n\u0131 \u00f6ne s\u00fcrd\u00fc.<\/p>\n<p>Kaynak: ATV ahaber.com.tr<\/p>\n"},"alt_text":"","media_type":"image","mime_type":"image\/jpeg","media_details":{"width":1200,"height":675,"file":"2026\/03\/1-94.jpg","sizes":{"medium":{"file":"1-94-300x169.jpg","width":300,"height":169,"mime_type":"image\/jpeg","source_url":"https:\/\/kilosorunum.com\/habercim\/wp-content\/uploads\/2026\/03\/1-94-300x169.jpg"},"large":{"file":"1-94-1024x576.jpg","width":1024,"height":576,"mime_type":"image\/jpeg","source_url":"https:\/\/kilosorunum.com\/habercim\/wp-content\/uploads\/2026\/03\/1-94-1024x576.jpg"},"thumbnail":{"file":"1-94-150x150.jpg","width":150,"height":150,"mime_type":"image\/jpeg","source_url":"https:\/\/kilosorunum.com\/habercim\/wp-content\/uploads\/2026\/03\/1-94-150x150.jpg"},"medium_large":{"file":"1-94-768x432.jpg","width":768,"height":432,"mime_type":"image\/jpeg","source_url":"https:\/\/kilosorunum.com\/habercim\/wp-content\/uploads\/2026\/03\/1-94-768x432.jpg"},"kucukResim":{"file":"1-94-80x50.jpg","width":80,"height":50,"mime_type":"image\/jpeg","source_url":"https:\/\/kilosorunum.com\/habercim\/wp-content\/uploads\/2026\/03\/1-94-80x50.jpg"},"sliderResim":{"file":"1-94-670x330.jpg","width":670,"height":330,"mime_type":"image\/jpeg","source_url":"https:\/\/kilosorunum.com\/habercim\/wp-content\/uploads\/2026\/03\/1-94-670x330.jpg"},"resim1":{"file":"1-94-184x140.jpg","width":184,"height":140,"mime_type":"image\/jpeg","source_url":"https:\/\/kilosorunum.com\/habercim\/wp-content\/uploads\/2026\/03\/1-94-184x140.jpg"},"resim2":{"file":"1-94-216x103.jpg","width":216,"height":103,"mime_type":"image\/jpeg","source_url":"https:\/\/kilosorunum.com\/habercim\/wp-content\/uploads\/2026\/03\/1-94-216x103.jpg"},"resim3":{"file":"1-94-145x70.jpg","width":145,"height":70,"mime_type":"image\/jpeg","source_url":"https:\/\/kilosorunum.com\/habercim\/wp-content\/uploads\/2026\/03\/1-94-145x70.jpg"},"sagSlider":{"file":"1-94-300x150.jpg","width":300,"height":150,"mime_type":"image\/jpeg","source_url":"https:\/\/kilosorunum.com\/habercim\/wp-content\/uploads\/2026\/03\/1-94-300x150.jpg"},"yeniSlider":{"file":"1-94-500x290.jpg","width":500,"height":290,"mime_type":"image\/jpeg","source_url":"https:\/\/kilosorunum.com\/habercim\/wp-content\/uploads\/2026\/03\/1-94-500x290.jpg"},"full":{"file":"1-94.jpg","width":1200,"height":675,"mime_type":"image\/jpeg","source_url":"https:\/\/kilosorunum.com\/habercim\/wp-content\/uploads\/2026\/03\/1-94.jpg"}},"image_meta":{"aperture":"0","credit":"","camera":"","caption":"","created_timestamp":"0","copyright":"","focal_length":"0","iso":"0","shutter_speed":"0","title":"","orientation":"0","keywords":[]}},"post":44837,"source_url":"https:\/\/kilosorunum.com\/habercim\/wp-content\/uploads\/2026\/03\/1-94.jpg","_links":{"self":[{"href":"https:\/\/kilosorunum.com\/habercim\/wp-json\/wp\/v2\/media\/44839"}],"collection":[{"href":"https:\/\/kilosorunum.com\/habercim\/wp-json\/wp\/v2\/media"}],"about":[{"href":"https:\/\/kilosorunum.com\/habercim\/wp-json\/wp\/v2\/types\/attachment"}],"author":[{"embeddable":true,"href":"https:\/\/kilosorunum.com\/habercim\/wp-json\/wp\/v2\/users\/2"}],"replies":[{"embeddable":true,"href":"https:\/\/kilosorunum.com\/habercim\/wp-json\/wp\/v2\/comments?post=44839"}]}}