{"id":44956,"date":"2026-03-18T02:02:34","date_gmt":"2026-03-17T23:02:34","guid":{"rendered":"https:\/\/kilosorunum.com\/habercim\/wp-content\/uploads\/2026\/03\/1-15-768x201-170.jpg"},"modified":"2026-03-18T02:03:13","modified_gmt":"2026-03-17T23:03:13","slug":"1-15-768x201-2213","status":"inherit","type":"attachment","link":"https:\/\/kilosorunum.com\/habercim\/foto-galeri\/celal-karature-kim\/attachment\/1-15-768x201-2213\/","title":{"rendered":"Celal Karat\u00fcre kim"},"author":2,"comment_status":"open","ping_status":"closed","template":"","meta":[],"description":{"rendered":"<p class=\"attachment\"><a href='https:\/\/kilosorunum.com\/habercim\/wp-content\/uploads\/2026\/03\/1-15-768x201-170.jpg'><img width=\"300\" height=\"79\" src=\"https:\/\/kilosorunum.com\/habercim\/wp-content\/uploads\/2026\/03\/1-15-768x201-170-300x79.jpg\" class=\"attachment-medium size-medium\" alt=\"\" loading=\"lazy\" srcset=\"https:\/\/kilosorunum.com\/habercim\/wp-content\/uploads\/2026\/03\/1-15-768x201-170-300x79.jpg 300w, https:\/\/kilosorunum.com\/habercim\/wp-content\/uploads\/2026\/03\/1-15-768x201-170.jpg 768w\" sizes=\"(max-width: 300px) 100vw, 300px\" \/><\/a><\/p>\n"},"caption":{"rendered":"<p>Celal Karat\u00fcre, aslen Samsunlu olup hayat\u0131n\u0131 bu \u015fehirde s\u00fcrd\u00fcrmektedir. Roman k\u00f6kenli bir aileden gelen Karat\u00fcre, k\u00f6klerinden ald\u0131\u011f\u0131 m\u00fczikal miras\u0131 kendine has yorumuyla harmanlayarak dinleyicilerine sunmaktad\u0131r. \u00d6zellikle Samsun\u2019un Canik il\u00e7esi Mezbane Mahallesi ile an\u0131lan Karat\u00fcre, Roman k\u00fclt\u00fcr\u00fcn\u00fcn samimiyetini ilahilerine yans\u0131tmaktad\u0131r. Seslendirdi\u011fi di\u011fer bilinen eserler aras\u0131nda \u201cAl Eline Kalemi\u201d, \u201cKoy Bizi de Cennetine\u201d ve zikirli\/defli \u00e7e\u015fitli ilahiler bulunmaktad\u0131r.<\/p>\n<p>KABEDE HACILAR S\u00d6ZLER\u0130<br \/>\nKabe de hac\u0131lar hu der Allah<br \/>\nYer g\u00f6k inim inim iniler Allah<br \/>\nMelekler defteri yeniler Allah<\/p>\n<p>\u0130zin ver de Kabeni g\u00f6relim Allah<br \/>\n\u0130zin ver de yolun da \u00f6lelim Allah<br \/>\nG\u00f6ster cemalini g\u00f6relim Allah<\/p>\n<p>Kabenin yollar\u0131 ta\u015fl\u0131d\u0131r Allah<br \/>\nKad\u0131lar\u0131n g\u00f6zlerin ya\u015fl\u0131d\u0131r Allah<br \/>\nDervi\u015flerin ci\u011feri ate\u015flidir Allah<\/p>\n<p>\u0130zin ver de Kabeni g\u00f6relim Allah<br \/>\n\u0130zin ver de yolun da \u00f6lelim Allah<br \/>\nG\u00f6ster cemalini g\u00f6relim Allah<\/p>\n<p>Kabenin yollar\u0131 \u00e7ukudur Allah<br \/>\nKad\u0131lar\u0131n i\u015fleri zikirdir Allah<br \/>\nMevlas\u0131na her dem \u015f\u00fck\u00fcd\u00fcr Allah<\/p>\n<p>\u0130zin ver de Kabeni g\u00f6relim Allah<br \/>\n\u0130zin ver de yolun da \u00f6lelim Allah<br \/>\nG\u00f6ster cemalini g\u00f6relim Allah<\/p>\n<p>Kabenin \u00f6rt\u00fcs\u00fc ye\u015fil Allah<br \/>\nG\u00fcn do\u011fmadan \u0131\u015f\u0131r Allah<br \/>\nHepimizi Kabene \u00e7a\u011f\u0131r Allah<\/p>\n<p>\u0130zin ver de Kabeni g\u00f6relim Allah<br \/>\n\u0130zin ver de yolun da \u00f6lelim Allah<br \/>\nG\u00f6ster cemalini g\u00f6relim Allah<\/p>\n<p>Instagram hesab\u0131nda k\u0131sa s\u00fcrede 1.5 milyon takip\u00e7iye ula\u015fan Celal Karat\u00fcre, Youtube hesab\u0131nda ise 9 video olmas\u0131na ra\u011fmen 22 bin aboneye sahiptir.<\/p>\n"},"alt_text":"","media_type":"image","mime_type":"image\/jpeg","media_details":{"width":768,"height":201,"file":"2026\/03\/1-15-768x201-170.jpg","sizes":{"medium":{"file":"1-15-768x201-170-300x79.jpg","width":300,"height":79,"mime_type":"image\/jpeg","source_url":"https:\/\/kilosorunum.com\/habercim\/wp-content\/uploads\/2026\/03\/1-15-768x201-170-300x79.jpg"},"thumbnail":{"file":"1-15-768x201-170-150x150.jpg","width":150,"height":150,"mime_type":"image\/jpeg","source_url":"https:\/\/kilosorunum.com\/habercim\/wp-content\/uploads\/2026\/03\/1-15-768x201-170-150x150.jpg"},"kucukResim":{"file":"1-15-768x201-170-80x50.jpg","width":80,"height":50,"mime_type":"image\/jpeg","source_url":"https:\/\/kilosorunum.com\/habercim\/wp-content\/uploads\/2026\/03\/1-15-768x201-170-80x50.jpg"},"sliderResim":{"file":"1-15-768x201-170-670x201.jpg","width":670,"height":201,"mime_type":"image\/jpeg","source_url":"https:\/\/kilosorunum.com\/habercim\/wp-content\/uploads\/2026\/03\/1-15-768x201-170-670x201.jpg"},"resim1":{"file":"1-15-768x201-170-184x140.jpg","width":184,"height":140,"mime_type":"image\/jpeg","source_url":"https:\/\/kilosorunum.com\/habercim\/wp-content\/uploads\/2026\/03\/1-15-768x201-170-184x140.jpg"},"resim2":{"file":"1-15-768x201-170-216x103.jpg","width":216,"height":103,"mime_type":"image\/jpeg","source_url":"https:\/\/kilosorunum.com\/habercim\/wp-content\/uploads\/2026\/03\/1-15-768x201-170-216x103.jpg"},"resim3":{"file":"1-15-768x201-170-145x70.jpg","width":145,"height":70,"mime_type":"image\/jpeg","source_url":"https:\/\/kilosorunum.com\/habercim\/wp-content\/uploads\/2026\/03\/1-15-768x201-170-145x70.jpg"},"sagSlider":{"file":"1-15-768x201-170-300x150.jpg","width":300,"height":150,"mime_type":"image\/jpeg","source_url":"https:\/\/kilosorunum.com\/habercim\/wp-content\/uploads\/2026\/03\/1-15-768x201-170-300x150.jpg"},"yeniSlider":{"file":"1-15-768x201-170-500x201.jpg","width":500,"height":201,"mime_type":"image\/jpeg","source_url":"https:\/\/kilosorunum.com\/habercim\/wp-content\/uploads\/2026\/03\/1-15-768x201-170-500x201.jpg"},"full":{"file":"1-15-768x201-170.jpg","width":768,"height":201,"mime_type":"image\/jpeg","source_url":"https:\/\/kilosorunum.com\/habercim\/wp-content\/uploads\/2026\/03\/1-15-768x201-170.jpg"}},"image_meta":{"aperture":"0","credit":"","camera":"","caption":"","created_timestamp":"0","copyright":"","focal_length":"0","iso":"0","shutter_speed":"0","title":"","orientation":"0","keywords":[]}},"post":44954,"source_url":"https:\/\/kilosorunum.com\/habercim\/wp-content\/uploads\/2026\/03\/1-15-768x201-170.jpg","_links":{"self":[{"href":"https:\/\/kilosorunum.com\/habercim\/wp-json\/wp\/v2\/media\/44956"}],"collection":[{"href":"https:\/\/kilosorunum.com\/habercim\/wp-json\/wp\/v2\/media"}],"about":[{"href":"https:\/\/kilosorunum.com\/habercim\/wp-json\/wp\/v2\/types\/attachment"}],"author":[{"embeddable":true,"href":"https:\/\/kilosorunum.com\/habercim\/wp-json\/wp\/v2\/users\/2"}],"replies":[{"embeddable":true,"href":"https:\/\/kilosorunum.com\/habercim\/wp-json\/wp\/v2\/comments?post=44956"}]}}