{"id":44996,"date":"2026-03-19T01:40:49","date_gmt":"2026-03-18T22:40:49","guid":{"rendered":"https:\/\/kilosorunum.com\/habercim\/wp-content\/uploads\/2026\/03\/1-15-768x201-176.jpg"},"modified":"2026-03-19T01:42:40","modified_gmt":"2026-03-18T22:42:40","slug":"1-15-768x201-2219","status":"inherit","type":"attachment","link":"https:\/\/kilosorunum.com\/habercim\/foto-galeri\/yeni-bolgeler-bunlar\/attachment\/1-15-768x201-2219\/","title":{"rendered":"Yeni b\u00f6lgeler bunlar"},"author":2,"comment_status":"open","ping_status":"closed","template":"","meta":[],"description":{"rendered":"<p class=\"attachment\"><a href='https:\/\/kilosorunum.com\/habercim\/wp-content\/uploads\/2026\/03\/1-15-768x201-176.jpg'><img width=\"300\" height=\"79\" src=\"https:\/\/kilosorunum.com\/habercim\/wp-content\/uploads\/2026\/03\/1-15-768x201-176-300x79.jpg\" class=\"attachment-medium size-medium\" alt=\"\" loading=\"lazy\" srcset=\"https:\/\/kilosorunum.com\/habercim\/wp-content\/uploads\/2026\/03\/1-15-768x201-176-300x79.jpg 300w, https:\/\/kilosorunum.com\/habercim\/wp-content\/uploads\/2026\/03\/1-15-768x201-176.jpg 768w\" sizes=\"(max-width: 300px) 100vw, 300px\" \/><\/a><\/p>\n"},"caption":{"rendered":"<p>Naci G\u00f6r\u00fcr&#8217;den \u0130zmir i\u00e7in 7 \u00fczeri deprem, 2 kente ise tsunami uyar\u0131s\u0131!<br \/>\nEge Denizi&#8217;ndeki deprem hareketlili\u011fi devam ederken, Yer Bilimci Prof. Dr. Naci G\u00f6r\u00fcr, \u201c\u0130zmir\u2019de fay hatlar\u0131 \u00fczerinde olan binalar var&#8221; diyerek uyar\u0131larda bulundu. G\u00f6r\u00fcr ayr\u0131ca, 2 kent aras\u0131ndaki k\u0131y\u0131lar\u0131n tehdit alt\u0131nda oldu\u011funu, tsunami riskini kaydetti. &#8220;\u0130ZM\u0130R DEPREM \u00dcRETEN KAYNAKLARA SAH\u0130P&#8221;<br \/>\nNaci G\u00f6r\u00fcr, DHA ve Kafa TV&#8217;ye yapt\u0131\u011f\u0131 de\u011ferlendirmede bir dizi uyar\u0131da bulundu. &#8220;\u0130zmir\u2019in \u00e7ok say\u0131da deprem \u00fcreten kaynaklara sahip oldu\u011funu s\u00f6yleyen G\u00f6r\u00fcr &#8220;Ege\u2019de olan depremlerin t\u00fcm\u00fc \u0130zmir\u2019i etkiler, \u00f6zellikle K\u0131br\u0131s Helen yay\u0131nda olan yani Do\u011fu Akdeniz\u2019de olan depremler \u0130zmir\u2019i etkiler, Manisa\u2019da olan depremler \u0130zmir\u2019i etkiler, Gediz grabeni \u0130zmir\u2019i etkiler, Bal\u0131kesir\u2019de olan \u0130zmir\u2019i etkiler&#8221; dedi.<\/p>\n<p>Prof. Dr. G\u00f6r\u00fcr \u015funlar\u0131 kaydetti:<\/p>\n<p>&#8220;\u0130zmir&#8217;de \u00fczerinde fay hatlar\u0131 olan binalar var! \u00dczerinden bu kadar y\u0131k\u0131c\u0131 fay hatt\u0131 ge\u00e7en ba\u015fka bir \u015fehir yok i\u015fin k\u00f6t\u00fc yan\u0131 biz bunun fark\u0131nda de\u011filiz. \u0130zmir milletvekillerinin de ben bu durumdan haberdar olduklar\u0131n\u0131 hi\u00e7 zannetmiyorum. \u0130zmir \u00e7ok enteresan bir yer, deprem \u00fcreten \u00e7ok kayna\u011f\u0131 var. \u0130zmir&#8217;in tarihi depremlerine bakarsan\u0131z hep \u0130zmir depremi diye \u00e7ok say\u0131da deprem \u00e7\u0131kar. \u0130zmir&#8217;de 7.0 b\u00fcy\u00fckl\u00fc\u011f\u00fcnden fazla fay hatt\u0131 riski olan en az 15 fay hatt\u0131 var. Bu kesin. Deprem gelir ondan sonra bakar\u0131z mant\u0131\u011f\u0131 var. Bu faylar nerede? Faylar hareketlenirse \u015fehrim nas\u0131l zarar g\u00f6r\u00fcr? \u0130zmir B\u00fcy\u00fck\u015fehir Belediye Ba\u015fkan\u0131&#8217;n\u0131n bunu d\u00fc\u015f\u00fcnmesi laz\u0131m, ama \u00f6nemsemiyoruz maalesef. \u0130zmir&#8217;de \u00fczerinde bina olan fay hatlar\u0131 var, bunlar beni hi\u00e7 \u015fa\u015f\u0131rtmaz. \u0130zmir bir fay hatt\u0131n\u0131n \u00fczerine b\u00fcy\u00fcd\u00fc.&#8221;<\/p>\n<p>2 KENT \u0130\u00c7\u0130N TSUNAM\u0130 UYARISI!<br \/>\nG\u00f6r\u00fcr, meydana gelen depremler hakk\u0131nda Ayd\u0131n ve Mu\u011fla&#8217;n\u0131n k\u0131y\u0131 kesimlerinde ya\u015fayanlara uyar\u0131larda bulunarak tsunami riskine dikkat \u00e7ekti. Bu depremleri daha \u00f6nceden s\u0131kla\u015fabilece\u011fini \u00f6ng\u00f6rd\u00fc\u011f\u00fcn\u00fc s\u00f6yleyen G\u00f6r\u00fcr, &#8220;Ben ilk twit att\u011f\u0131m zaman Santorini\u2019de depremler ba\u015flam\u0131\u015ft\u0131. Bu depremlerin daha s\u0131kla\u015faca\u011f\u0131n\u0131, s\u0131kla\u015fabilece\u011fini \u00f6ng\u00f6rd\u00fcm. D\u00fc\u015f\u00fcnmedi\u011fimiz \u015fekilde geli\u015firse T\u00fcrkiye\u2019nin Ege k\u0131y\u0131lar\u0131n\u0131n zarar g\u00f6rebilece\u011fi konusunda da halk\u0131 uyard\u0131m. Halen de bu uyar\u0131y\u0131 yap\u0131yorum. Santorini\u2019de olan depremler daha b\u00fcy\u00fck bir depreme neden olur ve T\u00fcrkiye k\u0131y\u0131lar\u0131na yak\u0131nla\u015f\u0131rsa hem tsunami hem de g\u00fcney alanlar\u0131m\u0131zda \u00f6zellikle Ayd\u0131n ile Mu\u011fla aras\u0131nda belli \u00f6l\u00e7\u00fcde y\u0131k\u0131ma neden olabilir. Bu bak\u0131mdan yerel y\u00f6netimlerin, merkezi y\u00f6netimin dikkatli olmas\u0131 gerekti\u011fini s\u00f6yl\u00fcyorum&#8221; dedi.<\/p>\n<p>&#8220;BU DEPREM FIRTINASI 5-10 G\u00dcN \u0130\u00c7ER\u0130S\u0130NDE AZALIP YOK OLACAKTIR&#8221;<br \/>\nDeprem f\u0131rt\u0131nas\u0131n\u0131n bir s\u00fcre sonra sona erece\u011fini s\u00f6yleyen Prof. Dr. G\u00f6r\u00fcr, &#8220;Belki de hi\u00e7bir \u015fey olmayacak. Afet boyutunda bir hareket olmayacak. Bu deprem f\u0131rt\u0131nas\u0131 5 &#8211; 10 g\u00fcn i\u00e7erisinde azal\u0131p yok olacakt\u0131r. \u00c7\u00fcnk\u00fc deprem f\u0131rt\u0131nalar\u0131n\u0131n b\u00f6yle bir \u00f6zelli\u011fi de var. Genellikle b\u00fcy\u00fck bir y\u0131k\u0131ma neden olmadan, b\u00fcy\u00fck bir depreme neden olmadan, gerekli hareketleri son buldurabiliyor. S\u0131k s\u0131k olmas\u0131 o gerilmenin devam etti\u011fini, etkin oldu\u011funu g\u00f6steriyor. Hi\u00e7 azalan bir \u015fey yok. Aksine gittik\u00e7e \u00e7o\u011fal\u0131yor. Gittik\u00e7e geli\u015fip, b\u00fcy\u00fck faylar olu\u015fturacak, deprem olu\u015fturacak evreye gelirse, o zaman daha zararl\u0131 olabilir. T\u00fcrkiye&#8217;yi de etkileyebilir. Ama aksi halde bug\u00fcn dalma-batma hareketine ba\u011fl\u0131 olarak lokal bir b\u00f6lgede k\u0131r\u0131lma, gerilme, normal faylanma ve belli \u00f6l\u00e7\u00fcde volkanik faaliyetler sonucu bug\u00fcnk\u00fc depremler olu\u015fuyor. B\u00fcy\u00fck bir deprem olu\u015fturmas\u0131 i\u00e7in daha fazla y\u0131rt\u0131lman\u0131n, k\u0131r\u0131lman\u0131n olmas\u0131 laz\u0131m&#8221; ifadelerini kulland\u0131. <\/p>\n<p>Kaynak : birgun.net<\/p>\n"},"alt_text":"","media_type":"image","mime_type":"image\/jpeg","media_details":{"width":768,"height":201,"file":"2026\/03\/1-15-768x201-176.jpg","sizes":{"medium":{"file":"1-15-768x201-176-300x79.jpg","width":300,"height":79,"mime_type":"image\/jpeg","source_url":"https:\/\/kilosorunum.com\/habercim\/wp-content\/uploads\/2026\/03\/1-15-768x201-176-300x79.jpg"},"thumbnail":{"file":"1-15-768x201-176-150x150.jpg","width":150,"height":150,"mime_type":"image\/jpeg","source_url":"https:\/\/kilosorunum.com\/habercim\/wp-content\/uploads\/2026\/03\/1-15-768x201-176-150x150.jpg"},"kucukResim":{"file":"1-15-768x201-176-80x50.jpg","width":80,"height":50,"mime_type":"image\/jpeg","source_url":"https:\/\/kilosorunum.com\/habercim\/wp-content\/uploads\/2026\/03\/1-15-768x201-176-80x50.jpg"},"sliderResim":{"file":"1-15-768x201-176-670x201.jpg","width":670,"height":201,"mime_type":"image\/jpeg","source_url":"https:\/\/kilosorunum.com\/habercim\/wp-content\/uploads\/2026\/03\/1-15-768x201-176-670x201.jpg"},"resim1":{"file":"1-15-768x201-176-184x140.jpg","width":184,"height":140,"mime_type":"image\/jpeg","source_url":"https:\/\/kilosorunum.com\/habercim\/wp-content\/uploads\/2026\/03\/1-15-768x201-176-184x140.jpg"},"resim2":{"file":"1-15-768x201-176-216x103.jpg","width":216,"height":103,"mime_type":"image\/jpeg","source_url":"https:\/\/kilosorunum.com\/habercim\/wp-content\/uploads\/2026\/03\/1-15-768x201-176-216x103.jpg"},"resim3":{"file":"1-15-768x201-176-145x70.jpg","width":145,"height":70,"mime_type":"image\/jpeg","source_url":"https:\/\/kilosorunum.com\/habercim\/wp-content\/uploads\/2026\/03\/1-15-768x201-176-145x70.jpg"},"sagSlider":{"file":"1-15-768x201-176-300x150.jpg","width":300,"height":150,"mime_type":"image\/jpeg","source_url":"https:\/\/kilosorunum.com\/habercim\/wp-content\/uploads\/2026\/03\/1-15-768x201-176-300x150.jpg"},"yeniSlider":{"file":"1-15-768x201-176-500x201.jpg","width":500,"height":201,"mime_type":"image\/jpeg","source_url":"https:\/\/kilosorunum.com\/habercim\/wp-content\/uploads\/2026\/03\/1-15-768x201-176-500x201.jpg"},"full":{"file":"1-15-768x201-176.jpg","width":768,"height":201,"mime_type":"image\/jpeg","source_url":"https:\/\/kilosorunum.com\/habercim\/wp-content\/uploads\/2026\/03\/1-15-768x201-176.jpg"}},"image_meta":{"aperture":"0","credit":"","camera":"","caption":"","created_timestamp":"0","copyright":"","focal_length":"0","iso":"0","shutter_speed":"0","title":"","orientation":"0","keywords":[]}},"post":44994,"source_url":"https:\/\/kilosorunum.com\/habercim\/wp-content\/uploads\/2026\/03\/1-15-768x201-176.jpg","_links":{"self":[{"href":"https:\/\/kilosorunum.com\/habercim\/wp-json\/wp\/v2\/media\/44996"}],"collection":[{"href":"https:\/\/kilosorunum.com\/habercim\/wp-json\/wp\/v2\/media"}],"about":[{"href":"https:\/\/kilosorunum.com\/habercim\/wp-json\/wp\/v2\/types\/attachment"}],"author":[{"embeddable":true,"href":"https:\/\/kilosorunum.com\/habercim\/wp-json\/wp\/v2\/users\/2"}],"replies":[{"embeddable":true,"href":"https:\/\/kilosorunum.com\/habercim\/wp-json\/wp\/v2\/comments?post=44996"}]}}