{"id":45103,"date":"2026-03-21T17:54:49","date_gmt":"2026-03-21T14:54:49","guid":{"rendered":"https:\/\/kilosorunum.com\/habercim\/wp-content\/uploads\/2026\/03\/1-159.jpg"},"modified":"2026-03-21T17:56:20","modified_gmt":"2026-03-21T14:56:20","slug":"1-5644","status":"inherit","type":"attachment","link":"https:\/\/kilosorunum.com\/habercim\/foto-galeri\/iranda-asgari-ucret\/attachment\/1-5644\/","title":{"rendered":"\u0130ran&#8217;da asgari \u00fccret"},"author":2,"comment_status":"open","ping_status":"closed","template":"","meta":[],"description":{"rendered":"<p class=\"attachment\"><a href='https:\/\/kilosorunum.com\/habercim\/wp-content\/uploads\/2026\/03\/1-159.jpg'><img width=\"300\" height=\"169\" src=\"https:\/\/kilosorunum.com\/habercim\/wp-content\/uploads\/2026\/03\/1-159-300x169.jpg\" class=\"attachment-medium size-medium\" alt=\"\" loading=\"lazy\" srcset=\"https:\/\/kilosorunum.com\/habercim\/wp-content\/uploads\/2026\/03\/1-159-300x169.jpg 300w, https:\/\/kilosorunum.com\/habercim\/wp-content\/uploads\/2026\/03\/1-159-1024x576.jpg 1024w, https:\/\/kilosorunum.com\/habercim\/wp-content\/uploads\/2026\/03\/1-159-768x432.jpg 768w, https:\/\/kilosorunum.com\/habercim\/wp-content\/uploads\/2026\/03\/1-159.jpg 1200w\" sizes=\"(max-width: 300px) 100vw, 300px\" \/><\/a><\/p>\n"},"caption":{"rendered":"<p>\u0130ran \u00c7al\u0131\u015fma Bakan\u0131 Ahmed Meydari, \u00fclkede asgari \u00fccretin y\u00fczde 60 oran\u0131nda art\u0131r\u0131larak 166 milyon riyale \u00e7\u0131kar\u0131ld\u0131\u011f\u0131n\u0131 duyurdu. H\u00fck\u00fcmet, y\u00fckselen hayat pahal\u0131l\u0131\u011f\u0131na kar\u015f\u0131 ad\u0131m atsa da y\u00fcksek enflasyon zam etkisini s\u0131n\u0131rl\u0131yor.<br \/>\n\u0130ran \u00c7al\u0131\u015fma Bakan\u0131 Ahmed Meydari, \u00fclkede asgari \u00fccrete pazartesi g\u00fcn\u00fc y\u00fczde 60 zam yap\u0131ld\u0131\u011f\u0131n\u0131 a\u00e7\u0131klad\u0131. B\u00f6ylece ayl\u0131k taban \u00fccret 103 milyon riyalden (67,5 Euro) 166 milyon riyale (109 Euro) y\u00fckseldi.<\/p>\n<p>Art\u0131\u015f, hayat pahal\u0131l\u0131\u011f\u0131ndaki sert y\u00fckseli\u015fi k\u0131smen dengelemeyi ama\u00e7larken, ekonomik s\u0131k\u0131nt\u0131lar\u0131n tetikledi\u011fi protestolardan birka\u00e7 ay sonra ve \u0130srail ile ABD ile s\u00fcren sava\u015f\u0131n etkisiyle a\u011f\u0131rla\u015fan yapt\u0131r\u0131mlar\u0131n g\u00f6lgesinde geldi.<\/p>\n<p>ZAM KARARI VE SOSYAL DESTEKLER<br \/>\nAsgari \u00fccrete yap\u0131lan art\u0131\u015f, i\u015f\u00e7i \u00f6rg\u00fctlerinin bask\u0131s\u0131na yan\u0131t olarak de\u011ferlendirilirken, yetkililerin toplumsal istikrar\u0131 sa\u011flama \u00e7abas\u0131n\u0131 da yans\u0131t\u0131yor.<\/p>\n<p>Riyalin dolar kar\u015f\u0131s\u0131nda yakla\u015f\u0131k 1,35 milyon seviyesinde i\u015flem g\u00f6rd\u00fc\u011f\u00fc ortamda, \u0130ran \u0130\u015f Kanunu kapsam\u0131ndaki bir\u00e7ok \u00e7al\u0131\u015fan i\u00e7in temel ihtiya\u00e7lar\u0131n kar\u015f\u0131lanmas\u0131 zorla\u015ft\u0131. Devrim Muhaf\u0131zlar\u0131 Ordusu\u2019nun (IRGC) a\u00e7\u0131klad\u0131\u011f\u0131 paket kapsam\u0131nda aile ve \u00e7ocuk yard\u0131mlar\u0131nda da art\u0131\u015fa gidildi.<\/p>\n<p>NEVRUZ \u0130LE Y\u00dcR\u00dcRL\u00dc\u011eE G\u0130RECEK<br \/>\nD\u00fczenlemenin, G\u00fcne\u015f Hicri takvimine g\u00f6re 1405 y\u0131l\u0131n\u0131n ba\u015flang\u0131c\u0131n\u0131 ifade eden ve Fars yeni y\u0131l\u0131 Nevruz\u2019un kutland\u0131\u011f\u0131 20 Mart\u2019ta y\u00fcr\u00fcrl\u00fc\u011fe girmesi planlan\u0131yor.<\/p>\n<p>Fars takvimi, \u0130ran ve Afganistan\u2019da resmi olarak kullan\u0131lan ve miladi 622 y\u0131l\u0131n\u0131 ba\u015flang\u0131\u00e7 kabul eden bir g\u00fcne\u015f takvimi olarak biliniyor.<\/p>\n<p>REKOR ENFLASYON VE EKONOM\u0130K BASKI<br \/>\n\u0130ran\u2019da asgari \u00fccret her y\u0131l enflasyona g\u00f6re yeniden belirleniyor. Ancak sava\u015f ve uluslararas\u0131 yapt\u0131r\u0131mlar, bu politikan\u0131n etkisini s\u0131n\u0131rl\u0131yor. Tedarik zincirlerinde ya\u015fanan bozulma ve riyaldeki de\u011fer kayb\u0131na ra\u011fmen y\u00fczde 60\u2019l\u0131k art\u0131\u015f y\u00fcr\u00fcrl\u00fc\u011fe al\u0131nd\u0131.<\/p>\n<p>Yeni \u00fccret art\u0131\u015f\u0131 dikkat \u00e7ekici olsa da, temel bir ailenin ge\u00e7im maliyeti olarak hesaplanan ayl\u0131k 580 milyon riyalin (380 Euro) olduk\u00e7a alt\u0131nda kald\u0131. \u0130\u015f\u00e7i \u00f6rg\u00fctleri en az 600 milyon riyal (393 Euro) talep etmi\u015fti.<\/p>\n<p>GIDA F\u0130YATLARINDA SERT ARTI\u015e<br \/>\nG\u0131da enflasyonu y\u00fczde 90\u2019a yakla\u015f\u0131rken, 2025 y\u0131l\u0131nda genel t\u00fcketici fiyatlar\u0131 y\u00fczde 44,6 oran\u0131nda artt\u0131. Bu durum, \u00fccret art\u0131\u015flar\u0131n\u0131n kal\u0131c\u0131 refah sa\u011flamas\u0131n\u0131 zorla\u015ft\u0131r\u0131yor.<\/p>\n<p>\u015eubat ay\u0131nda \u0130ran \u0130statistik Merkezi enflasyonu y\u00fczde 68,1 olarak a\u00e7\u0131klarken, \u0130ran Merkez Bankas\u0131 bu oran\u0131 y\u00fczde 62,2 olarak duyurdu. Ayl\u0131k enflasyon ise y\u00fczde 9,4 ile 2022\u2019den bu yana en y\u00fcksek seviyeye ula\u015ft\u0131.<\/p>\n<p>G\u0131da fiyatlar\u0131nda y\u0131ll\u0131k art\u0131\u015f y\u00fczde 110\u2019a ula\u015ft\u0131. Ekmek ve tah\u0131llarda y\u00fczde 142, ette y\u00fczde 117 ve yemeklik ya\u011fda y\u00fczde 207 oran\u0131nda art\u0131\u015f kaydedildi.<\/p>\n<p>ALIM G\u00dcC\u00dc GER\u0130L\u0130YOR<br \/>\nSon 10 y\u0131lda \u00fccretlerin ABD Dolar\u0131 kar\u015f\u0131s\u0131ndaki reel al\u0131m g\u00fcc\u00fc y\u00fczde 300\u2019\u00fcn \u00fczerinde geriledi. Haneler protein t\u00fcketimini ciddi \u015fekilde azalt\u0131rken, \u00f6zellikle d\u00fc\u015f\u00fck gelirli kesimlerde et t\u00fcketiminde belirgin d\u00fc\u015f\u00fc\u015f ya\u015fand\u0131.<\/p>\n<p>Y\u00fczde 60\u2019l\u0131k asgari \u00fccret art\u0131\u015f\u0131 k\u0131sa vadede bir rahatlama sa\u011flasa da, yapt\u0131r\u0131mlar ve para birimindeki de\u011fer kayb\u0131n\u0131 dengeleyecek yap\u0131sal ad\u0131mlar olmadan etkinin s\u0131n\u0131rl\u0131 kalaca\u011f\u0131 de\u011ferlendiriliyor.<\/p>\n<p>1 \u0130RAN R\u0130YAL\u0130 KA\u00c7 TL?<br \/>\n17 Mart 2026 saat 16.19 itibar\u0131yla 1 \u0130ran Riyali 0,000033 T\u00fcrk Liras\u0131 seviyesinde seyrediyor.<\/p>\n<p>Kaynak : cumhuriyet.com.tr<\/p>\n"},"alt_text":"","media_type":"image","mime_type":"image\/jpeg","media_details":{"width":1200,"height":675,"file":"2026\/03\/1-159.jpg","sizes":{"medium":{"file":"1-159-300x169.jpg","width":300,"height":169,"mime_type":"image\/jpeg","source_url":"https:\/\/kilosorunum.com\/habercim\/wp-content\/uploads\/2026\/03\/1-159-300x169.jpg"},"large":{"file":"1-159-1024x576.jpg","width":1024,"height":576,"mime_type":"image\/jpeg","source_url":"https:\/\/kilosorunum.com\/habercim\/wp-content\/uploads\/2026\/03\/1-159-1024x576.jpg"},"thumbnail":{"file":"1-159-150x150.jpg","width":150,"height":150,"mime_type":"image\/jpeg","source_url":"https:\/\/kilosorunum.com\/habercim\/wp-content\/uploads\/2026\/03\/1-159-150x150.jpg"},"medium_large":{"file":"1-159-768x432.jpg","width":768,"height":432,"mime_type":"image\/jpeg","source_url":"https:\/\/kilosorunum.com\/habercim\/wp-content\/uploads\/2026\/03\/1-159-768x432.jpg"},"kucukResim":{"file":"1-159-80x50.jpg","width":80,"height":50,"mime_type":"image\/jpeg","source_url":"https:\/\/kilosorunum.com\/habercim\/wp-content\/uploads\/2026\/03\/1-159-80x50.jpg"},"sliderResim":{"file":"1-159-670x330.jpg","width":670,"height":330,"mime_type":"image\/jpeg","source_url":"https:\/\/kilosorunum.com\/habercim\/wp-content\/uploads\/2026\/03\/1-159-670x330.jpg"},"resim1":{"file":"1-159-184x140.jpg","width":184,"height":140,"mime_type":"image\/jpeg","source_url":"https:\/\/kilosorunum.com\/habercim\/wp-content\/uploads\/2026\/03\/1-159-184x140.jpg"},"resim2":{"file":"1-159-216x103.jpg","width":216,"height":103,"mime_type":"image\/jpeg","source_url":"https:\/\/kilosorunum.com\/habercim\/wp-content\/uploads\/2026\/03\/1-159-216x103.jpg"},"resim3":{"file":"1-159-145x70.jpg","width":145,"height":70,"mime_type":"image\/jpeg","source_url":"https:\/\/kilosorunum.com\/habercim\/wp-content\/uploads\/2026\/03\/1-159-145x70.jpg"},"sagSlider":{"file":"1-159-300x150.jpg","width":300,"height":150,"mime_type":"image\/jpeg","source_url":"https:\/\/kilosorunum.com\/habercim\/wp-content\/uploads\/2026\/03\/1-159-300x150.jpg"},"yeniSlider":{"file":"1-159-500x290.jpg","width":500,"height":290,"mime_type":"image\/jpeg","source_url":"https:\/\/kilosorunum.com\/habercim\/wp-content\/uploads\/2026\/03\/1-159-500x290.jpg"},"full":{"file":"1-159.jpg","width":1200,"height":675,"mime_type":"image\/jpeg","source_url":"https:\/\/kilosorunum.com\/habercim\/wp-content\/uploads\/2026\/03\/1-159.jpg"}},"image_meta":{"aperture":"0","credit":"","camera":"","caption":"","created_timestamp":"0","copyright":"","focal_length":"0","iso":"0","shutter_speed":"0","title":"","orientation":"0","keywords":[]}},"post":45101,"source_url":"https:\/\/kilosorunum.com\/habercim\/wp-content\/uploads\/2026\/03\/1-159.jpg","_links":{"self":[{"href":"https:\/\/kilosorunum.com\/habercim\/wp-json\/wp\/v2\/media\/45103"}],"collection":[{"href":"https:\/\/kilosorunum.com\/habercim\/wp-json\/wp\/v2\/media"}],"about":[{"href":"https:\/\/kilosorunum.com\/habercim\/wp-json\/wp\/v2\/types\/attachment"}],"author":[{"embeddable":true,"href":"https:\/\/kilosorunum.com\/habercim\/wp-json\/wp\/v2\/users\/2"}],"replies":[{"embeddable":true,"href":"https:\/\/kilosorunum.com\/habercim\/wp-json\/wp\/v2\/comments?post=45103"}]}}