{"id":45113,"date":"2026-03-21T22:42:57","date_gmt":"2026-03-21T19:42:57","guid":{"rendered":"https:\/\/kilosorunum.com\/habercim\/wp-content\/uploads\/2026\/03\/1-15-768x201-198.jpg"},"modified":"2026-03-21T22:44:30","modified_gmt":"2026-03-21T19:44:30","slug":"1-15-768x201-2241","status":"inherit","type":"attachment","link":"https:\/\/kilosorunum.com\/habercim\/foto-galeri\/kudus-gucu\/attachment\/1-15-768x201-2241\/","title":{"rendered":"Kud\u00fcs G\u00fcc\u00fc"},"author":2,"comment_status":"open","ping_status":"closed","template":"","meta":[],"description":{"rendered":"<p class=\"attachment\"><a href='https:\/\/kilosorunum.com\/habercim\/wp-content\/uploads\/2026\/03\/1-15-768x201-198.jpg'><img width=\"300\" height=\"79\" src=\"https:\/\/kilosorunum.com\/habercim\/wp-content\/uploads\/2026\/03\/1-15-768x201-198-300x79.jpg\" class=\"attachment-medium size-medium\" alt=\"\" loading=\"lazy\" srcset=\"https:\/\/kilosorunum.com\/habercim\/wp-content\/uploads\/2026\/03\/1-15-768x201-198-300x79.jpg 300w, https:\/\/kilosorunum.com\/habercim\/wp-content\/uploads\/2026\/03\/1-15-768x201-198.jpg 768w\" sizes=\"(max-width: 300px) 100vw, 300px\" \/><\/a><\/p>\n"},"caption":{"rendered":"<p>\u0130ran Devrim Muhaf\u0131zlar\u0131&#8217;na ba\u011fl\u0131 Kud\u00fcs G\u00fcc\u00fc Komutan\u0131 \u0130smail Kaani\u2019nin \u0130srail ad\u0131na casusluk yapt\u0131\u011f\u0131 gerek\u00e7esiyle idam edildi\u011fi \u00f6ne s\u00fcr\u00fcld\u00fc. Tahran y\u00f6netimi s\u00f6z konusu iddialar\u0131 do\u011frulamazken, Kaani\u2019nin son d\u00f6nemde ya\u015fanan sald\u0131r\u0131lardan \u00f6nce bulundu\u011fu yerleri terk etmesi dikkat \u00e7ekti. \u0130ran\u2019daki \u00fcst d\u00fczey hedeflere y\u00f6nelik operasyonlar\u0131n ard\u0131ndan istihbarat s\u0131z\u0131nt\u0131s\u0131 ihtimali tart\u0131\u015fma konusu oldu.<br \/>\n\u0130ran\u2019\u0131n \u00fcst d\u00fczey askeri isimlerinden Kud\u00fcs G\u00fcc\u00fc Komutan\u0131 \u0130smail Kaani\u2019nin ak\u0131betine ili\u015fkin idam iddias\u0131 g\u00fcndeme geldi. Baz\u0131 Arap medya organlar\u0131nda yer alan do\u011frulanmam\u0131\u015f haberlerde, \u0130ran&#8217;\u0131n Kaani&#8217;yi \u0130srail casuslu\u011fundan su\u00e7lu bularak idam etti\u011fi iddia edildi.<\/p>\n<p>Tahran y\u00f6netimi ise bu y\u00f6ndeki haberleri do\u011frulayan resmi bir a\u00e7\u0131klama yay\u0131mlamad\u0131. \u0130ranl\u0131 yetkililer konuya ili\u015fkin ayr\u0131nt\u0131l\u0131 bilgi payla\u015fmazken, iddialar\u0131n kayna\u011f\u0131 ve do\u011frulu\u011fu konusunda belirsizlik devam ediyor.<\/p>\n<p>\u0130ran\u2019\u0131n dini lideri Ali Hamaney ve \u0130ranl\u0131 yetkililerin ABD-\u0130srail ortak sald\u0131r\u0131lar\u0131nda \u00f6ld\u00fcr\u00fclmesinin ard\u0131ndan istihbarat s\u0131z\u0131nt\u0131s\u0131 ihtimali g\u00fcndeme gelmi\u015fti. Sald\u0131r\u0131larda hedeflerin konumunun nas\u0131l belirlendi\u011fi sorusu \u0130ran\u2019da tart\u0131\u015fma konusu oldu. \u0130ran&#8217;\u0131n eski dini lideri Ali Hamaney&#8217;in \u00f6ld\u00fcr\u00fcld\u00fc\u011f\u00fc sald\u0131r\u0131dan son anda kurtulan Kaani&#8217;nin nerede oldu\u011fu bilinmiyor. \u0130ranl\u0131 komutan, \u0130srail ajan\u0131 oldu\u011fu iddialar\u0131n\u0131n medyada geni\u015f yer bulmas\u0131 \u00fczerine bir a\u00e7\u0131klama yaparak, su\u00e7lamalar\u0131 reddetmi\u015fti.<\/p>\n<p>Kaani, Hamaney&#8217;in \u00f6l\u00fcm\u00fcnden bu yana ba\u015fka bir a\u00e7\u0131klama yapmad\u0131. \u0130lk hafta ya\u015fanan sald\u0131r\u0131larda \u00e7ok say\u0131da \u0130ranl\u0131 komutan\u0131n hayat\u0131n\u0131 kaybetmesinin ard\u0131ndan Kaani&#8217;nin de \u00f6ld\u00fcr\u00fcld\u00fc\u011f\u00fc \u00f6ne s\u00fcr\u00fclm\u00fc\u015ft\u00fc. \u0130DAM \u0130DD\u0130ASI<\/p>\n<p>\u0130ran medyas\u0131, Kaani&#8217;nin hayatta oldu\u011funu do\u011frulam\u0131\u015ft\u0131. \u00d6te yandan, Kud\u00fcs G\u00fcc\u00fc Komutan\u0131&#8217;n\u0131n nerede oldu\u011funa ili\u015fkin bilgi payla\u015f\u0131lmam\u0131\u015ft\u0131. \u0130ran, Kaani&#8217;nin resmi olarak su\u00e7lan\u0131p su\u00e7lanmad\u0131\u011f\u0131na ili\u015fkin de a\u00e7\u0131klama yapmad\u0131.<\/p>\n<p>France24&#8217;\u00fcn haberinde, \u0130smail Kaani&#8217;nin \u0130ran&#8217;da casusluktan tutuklanarak sorguland\u0131ktan sonra idam edildi\u011fi iddias\u0131na yer verildi. \u0130ranl\u0131 yetkililer, Kaani&#8217;nin idam edildi\u011fi iddias\u0131na yan\u0131t vermedi. HER SALDIRIDA O VAR<\/p>\n<p>ABD\u2019nin, \u0130ran i\u00e7inden casuslar\u0131n yard\u0131m\u0131yla Hamaney ve ekibinin toplant\u0131 yeri ve zaman\u0131n\u0131 \u00f6\u011frendi\u011fi \u00f6ne s\u00fcr\u00fcld\u00fc. Hamaney\u2019i \u00f6ld\u00fcr\u00fcld\u00fc\u011f\u00fc sald\u0131r\u0131dan \u00f6nce son g\u00f6ren ki\u015filerden olan Kud\u00fcs G\u00fcc\u00fc komutan\u0131 \u0130smail Kaani, suikasttan hemen \u00f6nce olay yerinden ayr\u0131lmas\u0131yla dikkat \u00e7ekti. Benzer bir durumun daha \u00f6nce de ya\u015fand\u0131\u011f\u0131 belirtiliyor. Kaani\u2019nin, Suriye\u2019nin ba\u015fkenti \u015eam\u2019da Devrim Muhaf\u0131zlar\u0131 komutanlar\u0131n\u0131n hayat\u0131n\u0131 kaybetti\u011fi \u0130srail sald\u0131r\u0131s\u0131ndan k\u0131sa s\u00fcre \u00f6nce hedef al\u0131nan binadan ayr\u0131ld\u0131\u011f\u0131; L\u00fcbnan\u2019da Hizbullah lideri Hasan Nasrallah\u2019\u0131n \u00f6ld\u00fcr\u00fcld\u00fc\u011f\u00fc bombard\u0131mandan hemen \u00f6nce de vurulan noktadan \u00e7\u0131kt\u0131\u011f\u0131 belirtildi.<\/p>\n<p>Kaynak : hurriyet.com.tr<\/p>\n"},"alt_text":"","media_type":"image","mime_type":"image\/jpeg","media_details":{"width":768,"height":201,"file":"2026\/03\/1-15-768x201-198.jpg","sizes":{"medium":{"file":"1-15-768x201-198-300x79.jpg","width":300,"height":79,"mime_type":"image\/jpeg","source_url":"https:\/\/kilosorunum.com\/habercim\/wp-content\/uploads\/2026\/03\/1-15-768x201-198-300x79.jpg"},"thumbnail":{"file":"1-15-768x201-198-150x150.jpg","width":150,"height":150,"mime_type":"image\/jpeg","source_url":"https:\/\/kilosorunum.com\/habercim\/wp-content\/uploads\/2026\/03\/1-15-768x201-198-150x150.jpg"},"kucukResim":{"file":"1-15-768x201-198-80x50.jpg","width":80,"height":50,"mime_type":"image\/jpeg","source_url":"https:\/\/kilosorunum.com\/habercim\/wp-content\/uploads\/2026\/03\/1-15-768x201-198-80x50.jpg"},"sliderResim":{"file":"1-15-768x201-198-670x201.jpg","width":670,"height":201,"mime_type":"image\/jpeg","source_url":"https:\/\/kilosorunum.com\/habercim\/wp-content\/uploads\/2026\/03\/1-15-768x201-198-670x201.jpg"},"resim1":{"file":"1-15-768x201-198-184x140.jpg","width":184,"height":140,"mime_type":"image\/jpeg","source_url":"https:\/\/kilosorunum.com\/habercim\/wp-content\/uploads\/2026\/03\/1-15-768x201-198-184x140.jpg"},"resim2":{"file":"1-15-768x201-198-216x103.jpg","width":216,"height":103,"mime_type":"image\/jpeg","source_url":"https:\/\/kilosorunum.com\/habercim\/wp-content\/uploads\/2026\/03\/1-15-768x201-198-216x103.jpg"},"resim3":{"file":"1-15-768x201-198-145x70.jpg","width":145,"height":70,"mime_type":"image\/jpeg","source_url":"https:\/\/kilosorunum.com\/habercim\/wp-content\/uploads\/2026\/03\/1-15-768x201-198-145x70.jpg"},"sagSlider":{"file":"1-15-768x201-198-300x150.jpg","width":300,"height":150,"mime_type":"image\/jpeg","source_url":"https:\/\/kilosorunum.com\/habercim\/wp-content\/uploads\/2026\/03\/1-15-768x201-198-300x150.jpg"},"yeniSlider":{"file":"1-15-768x201-198-500x201.jpg","width":500,"height":201,"mime_type":"image\/jpeg","source_url":"https:\/\/kilosorunum.com\/habercim\/wp-content\/uploads\/2026\/03\/1-15-768x201-198-500x201.jpg"},"full":{"file":"1-15-768x201-198.jpg","width":768,"height":201,"mime_type":"image\/jpeg","source_url":"https:\/\/kilosorunum.com\/habercim\/wp-content\/uploads\/2026\/03\/1-15-768x201-198.jpg"}},"image_meta":{"aperture":"0","credit":"","camera":"","caption":"","created_timestamp":"0","copyright":"","focal_length":"0","iso":"0","shutter_speed":"0","title":"","orientation":"0","keywords":[]}},"post":45111,"source_url":"https:\/\/kilosorunum.com\/habercim\/wp-content\/uploads\/2026\/03\/1-15-768x201-198.jpg","_links":{"self":[{"href":"https:\/\/kilosorunum.com\/habercim\/wp-json\/wp\/v2\/media\/45113"}],"collection":[{"href":"https:\/\/kilosorunum.com\/habercim\/wp-json\/wp\/v2\/media"}],"about":[{"href":"https:\/\/kilosorunum.com\/habercim\/wp-json\/wp\/v2\/types\/attachment"}],"author":[{"embeddable":true,"href":"https:\/\/kilosorunum.com\/habercim\/wp-json\/wp\/v2\/users\/2"}],"replies":[{"embeddable":true,"href":"https:\/\/kilosorunum.com\/habercim\/wp-json\/wp\/v2\/comments?post=45113"}]}}