{"id":45283,"date":"2026-03-26T03:37:28","date_gmt":"2026-03-26T00:37:28","guid":{"rendered":"https:\/\/kilosorunum.com\/habercim\/wp-content\/uploads\/2026\/03\/1-15-768x201-229.jpg"},"modified":"2026-03-26T03:38:07","modified_gmt":"2026-03-26T00:38:07","slug":"1-15-768x201-2272","status":"inherit","type":"attachment","link":"https:\/\/kilosorunum.com\/habercim\/foto-galeri\/unlu-sarkici-gullunun\/attachment\/1-15-768x201-2272\/","title":{"rendered":"\u00dcnl\u00fc \u015fark\u0131c\u0131 G\u00fcll\u00fc\u2019n\u00fcn"},"author":2,"comment_status":"open","ping_status":"closed","template":"","meta":[],"description":{"rendered":"<p class=\"attachment\"><a href='https:\/\/kilosorunum.com\/habercim\/wp-content\/uploads\/2026\/03\/1-15-768x201-229.jpg'><img width=\"300\" height=\"79\" src=\"https:\/\/kilosorunum.com\/habercim\/wp-content\/uploads\/2026\/03\/1-15-768x201-229-300x79.jpg\" class=\"attachment-medium size-medium\" alt=\"\" loading=\"lazy\" srcset=\"https:\/\/kilosorunum.com\/habercim\/wp-content\/uploads\/2026\/03\/1-15-768x201-229-300x79.jpg 300w, https:\/\/kilosorunum.com\/habercim\/wp-content\/uploads\/2026\/03\/1-15-768x201-229.jpg 768w\" sizes=\"(max-width: 300px) 100vw, 300px\" \/><\/a><\/p>\n"},"caption":{"rendered":"<p>\u00dcnl\u00fc \u015fark\u0131c\u0131 G\u00fcll\u00fc, 26 Eyl\u00fcl tarihinde evinin balkonundan d\u00fc\u015ferek hayat\u0131n\u0131 kaybetti. \u015eark\u0131c\u0131 G\u00fcll\u00fc\u2019n\u00fcn \u00f6l\u00fcm\u00fcn\u00fcn ard\u0131ndan ba\u015flat\u0131lan soru\u015fturma kapsam\u0131nda, k\u0131z\u0131 Tu\u011fyan \u00dclkem G\u00fclter \u2018tasarlayarak kasten yak\u0131n\u0131n\u0131 \u00f6ld\u00fcrme\u2019 su\u00e7lamas\u0131yla tutuklanm\u0131\u015ft\u0131. \u00dcnl\u00fc \u015fark\u0131c\u0131n\u0131n o\u011flu Tu\u011fberk, bug\u00fcn duygusal bir payla\u015f\u0131mla annesini and\u0131. \u0130\u015fte o payla\u015f\u0131m!<br \/>\nYalova\u2019daki evinin cam\u0131ndan d\u00fc\u015ferek \u015f\u00fcpheli \u015fekilde hayat\u0131n\u0131 kaybeden \u015fark\u0131c\u0131 G\u00fcll\u00fc\u2019n\u00fcn \u00f6l\u00fcm\u00fcne ili\u015fkin y\u00fcr\u00fct\u00fclen soru\u015fturma s\u00fcrerken, aile bireyleriyle ilgili geli\u015fmeler de kamuoyunun g\u00fcndeminde yer almaya devam ediyor.<br \/>\nOlayla ilgili farkl\u0131 iddialar ve spek\u00fclasyonlar konu\u015fulurken, bu kez G\u00fcll\u00fc\u2019n\u00fcn o\u011flu Tu\u011fberk Ya\u011f\u0131z G\u00fclter hakk\u0131nda yeni bir geli\u015fme ya\u015fanm\u0131\u015ft\u0131. \u015eark\u0131c\u0131 G\u00fcll\u00fc\u2019n\u00fcn \u00f6l\u00fcm\u00fcn\u00fcn ard\u0131ndan ba\u015flat\u0131lan soru\u015fturma kapsam\u0131nda, k\u0131z\u0131 Tu\u011fyan \u00dclkem G\u00fclter \u2018tasarlayarak kasten yak\u0131n\u0131n\u0131 \u00f6ld\u00fcrme\u2019 su\u00e7lamas\u0131yla tutuklanm\u0131\u015ft\u0131. Dosyada adli s\u00fcre\u00e7 devam ederken, G\u00fcll\u00fc\u2019n\u00fcn o\u011flu Tu\u011fberk Ya\u011f\u0131z G\u00fclter de hakk\u0131nda ortaya at\u0131lan iddialar nedeniyle g\u00fcndeme gelmi\u015fti. Ya\u015fanan geli\u015fmelerin ard\u0131ndan Tu\u011fberk Ya\u011f\u0131z G\u00fclter, yasakl\u0131 madde kullan\u0131m\u0131 iddialar\u0131na ili\u015fkin yapt\u0131rd\u0131\u011f\u0131 uyu\u015fturucu testinin sonucunu sosyal medya hesab\u0131ndan payla\u015fm\u0131\u015ft\u0131.<br \/>\n\u201cYASAKLI MADDEYE RASTLANMADI\u201d<\/p>\n<p>Ya\u011f\u0131z G\u00fclter avukat\u0131 arac\u0131l\u0131\u011f\u0131yla Instagram hesab\u0131ndan payla\u015f\u0131m yaparak, \u201c20 Aral\u0131k 2025 tarihinde, m\u00fcvekkilim Tu\u011fberk Ya\u011f\u0131z Hamza G\u00fclter ve k\u0131ymetli ailesine y\u00f6nelik ger\u00e7ekle\u015ftirilen, hi\u00e7bir mesnedi bulunmayan ve vicdan s\u0131n\u0131rlar\u0131n\u0131 zorlayan as\u0131ls\u0131z ihbarlar neticesinde i\u015fbu a\u00e7\u0131klaman\u0131n yap\u0131lmas\u0131 zarureti has\u0131l olmu\u015ftur.<\/p>\n<p>S\u00f6z konusu tarihte, emniyet te\u015fkilat\u0131m\u0131za ula\u015ft\u0131r\u0131lan karanl\u0131k bir elin \u00fcr\u00fcn\u00fc olan iddialarda; m\u00fcvekkilimin ve yak\u0131nlar\u0131n\u0131n gayriahlaki ve yasad\u0131\u015f\u0131 maddeler kulland\u0131\u011f\u0131, bunlar\u0131 ikametgahlar\u0131nda depolad\u0131klar\u0131, hatta daha da elim bir iftira ile merhume anneleri G\u00fcl Tut\u2019un aziz hat\u0131ras\u0131na ve miras b\u0131rakt\u0131\u011f\u0131 de\u011ferlere dil uzat\u0131larak, bu ac\u0131 kayb\u0131n ard\u0131nda \u015f\u00fcphe uyand\u0131r\u0131lmaya \u00e7al\u0131\u015f\u0131ld\u0131\u011f\u0131 esefle m\u00fc\u015fahede edilmi\u015ftir.<\/p>\n<p>Adli makamlarca titizlikle y\u00fcr\u00fct\u00fclen tahkikat ve m\u00fcvekkilimin hanesinde ger\u00e7ekle\u015ftirilen kapsaml\u0131 arama neticesinde: Herhangi bir su\u00e7 unsuruna veya yasakl\u0131 maddeye rastlanmam\u0131\u015f, M\u00fcvekkilime uygulanan ilk biyolojik tetkik ve testlerin neticeleri \u2018Negatif\u2019 \u00e7\u0131karak iddialar\u0131n as\u0131ls\u0131zl\u0131\u011f\u0131 bilimsel olarak tescillenmi\u015f, Merhume G\u00fcl Tut\u2019un vefat\u0131 \u00fczerinden kurgulanan menfur senaryolar\u0131n, yaln\u0131zca bir ailenin yas\u0131n\u0131 kirletmeye y\u00f6nelik beyhude bir \u00e7abadan ibaret oldu\u011fu g\u00fcn y\u00fcz\u00fcne \u00e7\u0131km\u0131\u015ft\u0131r. \u0130lgililerin tespiti y\u00f6n\u00fcnde \u00e7al\u0131\u015fmalar ba\u015flat\u0131lm\u0131\u015f olup gerekli hukuki giri\u015fimler ba\u015flat\u0131lm\u0131\u015ft\u0131r.\u201d ifadelerini kullanm\u0131\u015ft\u0131.<br \/>\nBUG\u00dcN PAYLA\u015eIM YAPTI<\/p>\n<p>\u015eark\u0131c\u0131 G\u00fcll\u00fc\u2019n\u00fcn vefat\u0131yla zor g\u00fcnler ge\u00e7iren Tu\u011fberk, bug\u00fcn annesini bir payla\u015f\u0131mla and\u0131.<br \/>\nDUYGUSAL PAYLA\u015eIMLA ANNES\u0130N\u0130 ANDI<br \/>\nTu\u011fberk duygusal bir payla\u015f\u0131m yapt\u0131. N\u0130\u015eANLANDI\u011eI O G\u00dcNDEN PAYLA\u015eIM\u2026<\/p>\n<p>Ni\u015fanland\u0131\u011f\u0131 o g\u00fcnden bir foto\u011fraf payla\u015fan Tu\u011fberk, alt\u0131na yazd\u0131\u011f\u0131 notla da dikkat \u00e7ekti. Tu\u011fberk o foto\u011fraf\u0131n\u0131n alt\u0131na, \u201cO\u011flan bizim , k\u0131z\u0131m bizim diye ba\u011f\u0131ra ba\u011f\u0131ra geldi o g\u00fcn benim mele\u011fim \ud83c\udf39En mutlu g\u00fcnlerdendi, heyecandan, duygudan oda ben de hem panik hem heyecanl\u0131 hemde mutlu hem duygusald\u0131k.\u201d ifadelerini kulland\u0131.<br \/>\n\u00d6te yandan Tu\u011fberk ge\u00e7ti\u011fimiz aylarda sosyal medya \u00fczerinden yapt\u0131\u011f\u0131 payla\u015f\u0131mda kendisine k\u00fcf\u00fcr ve iftiralar at\u0131ld\u0131\u011f\u0131n\u0131 dile getirmi\u015fti.<br \/>\nSosyal medyada video \u00e7eken Tu\u011fberk, \u201cUzun s\u00fcredir bir \u015fey payla\u015fm\u0131yorum. Zaman\u0131m\u0131n \u00e7o\u011fu bana at\u0131lan iftiralar\u0131, yorumlar\u0131, mesajlar\u0131, k\u00fcf\u00fcrleri ve yalanlar\u0131 not etmekle ge\u00e7iyor.\u201d demi\u015fti. Ayr\u0131ca Tu\u011fberk, \u201c\u015eunu s\u00f6ylemek i\u00e7in \u00e7ekiyorum videoyu. Aran\u0131zda o kadar g\u00fczel insanlar var ki. B\u00f6yle vicdan\u0131n\u0131 kaybetmemi\u015f. Kar\u015f\u0131s\u0131ndakinin ac\u0131s\u0131n\u0131 az \u00e7ok tahmin edebilen\u201d ifadelerini kullanm\u0131\u015ft\u0131. Tu\u011fberk kendi ki\u015fisel hesab\u0131ndan zehir zemberek a\u00e7\u0131klamalarda bulunmu\u015ftu.<br \/>\n\u201cPR\u0130M YAPMAYA \u00c7ALI\u015eTINIZ\u201d<\/p>\n<p>\u201cNe canl\u0131 yay\u0131ndan korktum ne de konu\u015fmaktan ya da sorulara cevap vermekten ka\u00e7\u0131nd\u0131m. Kimin o\u011flu oldu\u011fumu unutanlara a\u00e7\u0131k\u00e7a hat\u0131rlatmak isterim: Hayattayken aramad\u0131\u011f\u0131n\u0131z, zor g\u00fcnlerinde yan\u0131nda olmad\u0131\u011f\u0131n\u0131z; annem, iki \u00e7ocu\u011fuyla birlikte haciz sonras\u0131 on karton koliyle sokakta kald\u0131\u011f\u0131nda dahi destek olmad\u0131\u011f\u0131n\u0131z bir insan\u0131n ard\u0131ndan, \u00f6l\u00fcm\u00fcnden sonra sanki hep yan\u0131ndaym\u0131\u015f gibi davranarak prim yapmaya \u00e7al\u0131\u015ft\u0131n\u0131z. Kendinizi, s\u00f6zde annenizmi\u015f gibi; s\u00f6zde sizi \u00e7ok seven merhume sanat\u00e7\u0131 G\u00fcll\u00fc\u2019n\u00fcn \u00e7ocuklar\u0131 gibi tan\u0131tt\u0131n\u0131z.\u201d Ortaya at\u0131lan iddialar\u0131n tamam\u0131 i\u011fren\u00e7 iftiralard\u0131r. Kamuoyunu bilin\u00e7li \u015fekilde yan\u0131ltan; beni annesini sevmeyen bir evlat, ac\u0131 \u00fczerinden g\u00fc\u00e7 g\u00f6sterisi yapmaya \u00e7al\u0131\u015fan biri ya da annesinin \u00f6l\u00fcm\u00fcnde pay\u0131 olan biri gibi g\u00f6stermeye \u00e7al\u0131\u015fan herkesle hukuk \u00f6n\u00fcnde tek tek hesapla\u015faca\u011f\u0131m. \u015eahs\u0131ma y\u00f6nelik hakaret, k\u00fcf\u00fcr ve iftira i\u00e7eren t\u00fcm payla\u015f\u0131mlar hakk\u0131nda gerekli yasal ba\u015fvurular yap\u0131lacakt\u0131r. Bu yalanlar\u0131n kimler taraf\u0131ndan, hangi ama\u00e7larla ve neye dayanarak \u00fcretildi\u011fi de ortaya konacakt\u0131r.\u201d<br \/>\n\u201c\u0130N\u015eALLAH YAPMAMI\u015eTIR D\u00dc\u015e\u00dcNCES\u0130, ARTIK TAMAMEN KOPMU\u015eTUR\u201d<\/p>\n<p>\u201cBug\u00fcne kadar ortaya \u00e7\u0131kan mesajlar, ses kay\u0131tlar\u0131 ve savc\u0131l\u0131k makam\u0131n\u0131n de\u011ferlendirmelerine ra\u011fmen tutunmaya \u00e7al\u0131\u015ft\u0131\u011f\u0131m \u201cin\u015fallah yapmam\u0131\u015ft\u0131r\u201d d\u00fc\u015f\u00fcncesi, art\u0131k tamamen kopmu\u015ftur. \u201cBen yapmad\u0131m\u201d y\u00f6n\u00fcndeki beyan da benim nezdimde inand\u0131r\u0131c\u0131l\u0131\u011f\u0131n\u0131 yitirmi\u015ftir.<\/p>\n<p>Kaynak : sabah.com.tr<\/p>\n"},"alt_text":"","media_type":"image","mime_type":"image\/jpeg","media_details":{"width":768,"height":201,"file":"2026\/03\/1-15-768x201-229.jpg","sizes":{"medium":{"file":"1-15-768x201-229-300x79.jpg","width":300,"height":79,"mime_type":"image\/jpeg","source_url":"https:\/\/kilosorunum.com\/habercim\/wp-content\/uploads\/2026\/03\/1-15-768x201-229-300x79.jpg"},"thumbnail":{"file":"1-15-768x201-229-150x150.jpg","width":150,"height":150,"mime_type":"image\/jpeg","source_url":"https:\/\/kilosorunum.com\/habercim\/wp-content\/uploads\/2026\/03\/1-15-768x201-229-150x150.jpg"},"kucukResim":{"file":"1-15-768x201-229-80x50.jpg","width":80,"height":50,"mime_type":"image\/jpeg","source_url":"https:\/\/kilosorunum.com\/habercim\/wp-content\/uploads\/2026\/03\/1-15-768x201-229-80x50.jpg"},"sliderResim":{"file":"1-15-768x201-229-670x201.jpg","width":670,"height":201,"mime_type":"image\/jpeg","source_url":"https:\/\/kilosorunum.com\/habercim\/wp-content\/uploads\/2026\/03\/1-15-768x201-229-670x201.jpg"},"resim1":{"file":"1-15-768x201-229-184x140.jpg","width":184,"height":140,"mime_type":"image\/jpeg","source_url":"https:\/\/kilosorunum.com\/habercim\/wp-content\/uploads\/2026\/03\/1-15-768x201-229-184x140.jpg"},"resim2":{"file":"1-15-768x201-229-216x103.jpg","width":216,"height":103,"mime_type":"image\/jpeg","source_url":"https:\/\/kilosorunum.com\/habercim\/wp-content\/uploads\/2026\/03\/1-15-768x201-229-216x103.jpg"},"resim3":{"file":"1-15-768x201-229-145x70.jpg","width":145,"height":70,"mime_type":"image\/jpeg","source_url":"https:\/\/kilosorunum.com\/habercim\/wp-content\/uploads\/2026\/03\/1-15-768x201-229-145x70.jpg"},"sagSlider":{"file":"1-15-768x201-229-300x150.jpg","width":300,"height":150,"mime_type":"image\/jpeg","source_url":"https:\/\/kilosorunum.com\/habercim\/wp-content\/uploads\/2026\/03\/1-15-768x201-229-300x150.jpg"},"yeniSlider":{"file":"1-15-768x201-229-500x201.jpg","width":500,"height":201,"mime_type":"image\/jpeg","source_url":"https:\/\/kilosorunum.com\/habercim\/wp-content\/uploads\/2026\/03\/1-15-768x201-229-500x201.jpg"},"full":{"file":"1-15-768x201-229.jpg","width":768,"height":201,"mime_type":"image\/jpeg","source_url":"https:\/\/kilosorunum.com\/habercim\/wp-content\/uploads\/2026\/03\/1-15-768x201-229.jpg"}},"image_meta":{"aperture":"0","credit":"","camera":"","caption":"","created_timestamp":"0","copyright":"","focal_length":"0","iso":"0","shutter_speed":"0","title":"","orientation":"0","keywords":[]}},"post":45281,"source_url":"https:\/\/kilosorunum.com\/habercim\/wp-content\/uploads\/2026\/03\/1-15-768x201-229.jpg","_links":{"self":[{"href":"https:\/\/kilosorunum.com\/habercim\/wp-json\/wp\/v2\/media\/45283"}],"collection":[{"href":"https:\/\/kilosorunum.com\/habercim\/wp-json\/wp\/v2\/media"}],"about":[{"href":"https:\/\/kilosorunum.com\/habercim\/wp-json\/wp\/v2\/types\/attachment"}],"author":[{"embeddable":true,"href":"https:\/\/kilosorunum.com\/habercim\/wp-json\/wp\/v2\/users\/2"}],"replies":[{"embeddable":true,"href":"https:\/\/kilosorunum.com\/habercim\/wp-json\/wp\/v2\/comments?post=45283"}]}}