{"id":45303,"date":"2026-03-26T22:26:33","date_gmt":"2026-03-26T19:26:33","guid":{"rendered":"https:\/\/kilosorunum.com\/habercim\/wp-content\/uploads\/2026\/03\/1-203.jpg"},"modified":"2026-03-26T22:27:18","modified_gmt":"2026-03-26T19:27:18","slug":"1-5688","status":"inherit","type":"attachment","link":"https:\/\/kilosorunum.com\/habercim\/foto-galeri\/gecmis-olsun-2\/attachment\/1-5688\/","title":{"rendered":"Ge\u00e7mi\u015f olsun"},"author":2,"comment_status":"open","ping_status":"closed","template":"","meta":[],"description":{"rendered":"<p class=\"attachment\"><a href='https:\/\/kilosorunum.com\/habercim\/wp-content\/uploads\/2026\/03\/1-203.jpg'><img width=\"300\" height=\"169\" src=\"https:\/\/kilosorunum.com\/habercim\/wp-content\/uploads\/2026\/03\/1-203-300x169.jpg\" class=\"attachment-medium size-medium\" alt=\"\" loading=\"lazy\" srcset=\"https:\/\/kilosorunum.com\/habercim\/wp-content\/uploads\/2026\/03\/1-203-300x169.jpg 300w, https:\/\/kilosorunum.com\/habercim\/wp-content\/uploads\/2026\/03\/1-203-1024x576.jpg 1024w, https:\/\/kilosorunum.com\/habercim\/wp-content\/uploads\/2026\/03\/1-203-768x432.jpg 768w, https:\/\/kilosorunum.com\/habercim\/wp-content\/uploads\/2026\/03\/1-203.jpg 1200w\" sizes=\"(max-width: 300px) 100vw, 300px\" \/><\/a><\/p>\n"},"caption":{"rendered":"<p>AKP Grup Ba\u015fkan\u0131 Abdullah G\u00fcler, emekli bayram ikramiyesine zam gelip gelmeyece\u011fine y\u00f6nelik soruya, \u015fu an bir yasal d\u00fczenleme olmad\u0131\u011f\u0131 yan\u0131t\u0131n\u0131 verdi.<\/p>\n<p>AKP, mali d\u00fczenlemeleri de i\u00e7eren \u201cBaz\u0131 Kanunlarda De\u011fi\u015fiklik Yap\u0131lmas\u0131 Hakk\u0131nda Kanun Teklifi\u201dni TBMM Ba\u015fkanl\u0131\u011f\u0131\u2019na sundu.<\/p>\n<p>\u201c\u0130kramiyelerle ilgili Ramazan Bayram\u0131 ikramiyesi ne zaman yakla\u015f\u0131r ve bu teklifte mi yer al\u0131yor?\u201d sorusuna AKP\u2019li Abdullah G\u00fcler \u015f\u00f6yle yan\u0131t verdi:<\/p>\n<p>\u201cYok, bu teklifimizde yer alm\u0131yor arkada\u015flar. Biliyorsunuz 17 milyon civar\u0131nda emeklimiz var. Bu sene SGK b\u00fct\u00e7esine, Ramazan ay\u0131 ve Kurban Bayram\u0131 olmak \u00fczere d\u00f6rder bin liral\u0131k ikramiye i\u00e7in yakla\u015f\u0131k 150 milyar liral\u0131k kaynak aktar\u0131lacak arkada\u015flar. Yani bu sene i\u00e7in 150 milyar TL\u2019lik \u00f6zel bir kaynak b\u00fct\u00e7eden SGK\u2019ya ikramiye bedelleri olarak 17 milyon civar\u0131nda olan emeklimiz \u00f6denmek \u00fczere bu kaynaklar aktar\u0131l\u0131yor. Tabii \u015fu anda halihaz\u0131rda kanun teklifimizde buna y\u00f6nelik herhangi bir d\u00fczenleme bulunmuyor.\u201d<\/p>\n<p>Kaynak : t24.com.tr<\/p>\n"},"alt_text":"","media_type":"image","mime_type":"image\/jpeg","media_details":{"width":1200,"height":675,"file":"2026\/03\/1-203.jpg","sizes":{"medium":{"file":"1-203-300x169.jpg","width":300,"height":169,"mime_type":"image\/jpeg","source_url":"https:\/\/kilosorunum.com\/habercim\/wp-content\/uploads\/2026\/03\/1-203-300x169.jpg"},"large":{"file":"1-203-1024x576.jpg","width":1024,"height":576,"mime_type":"image\/jpeg","source_url":"https:\/\/kilosorunum.com\/habercim\/wp-content\/uploads\/2026\/03\/1-203-1024x576.jpg"},"thumbnail":{"file":"1-203-150x150.jpg","width":150,"height":150,"mime_type":"image\/jpeg","source_url":"https:\/\/kilosorunum.com\/habercim\/wp-content\/uploads\/2026\/03\/1-203-150x150.jpg"},"medium_large":{"file":"1-203-768x432.jpg","width":768,"height":432,"mime_type":"image\/jpeg","source_url":"https:\/\/kilosorunum.com\/habercim\/wp-content\/uploads\/2026\/03\/1-203-768x432.jpg"},"kucukResim":{"file":"1-203-80x50.jpg","width":80,"height":50,"mime_type":"image\/jpeg","source_url":"https:\/\/kilosorunum.com\/habercim\/wp-content\/uploads\/2026\/03\/1-203-80x50.jpg"},"sliderResim":{"file":"1-203-670x330.jpg","width":670,"height":330,"mime_type":"image\/jpeg","source_url":"https:\/\/kilosorunum.com\/habercim\/wp-content\/uploads\/2026\/03\/1-203-670x330.jpg"},"resim1":{"file":"1-203-184x140.jpg","width":184,"height":140,"mime_type":"image\/jpeg","source_url":"https:\/\/kilosorunum.com\/habercim\/wp-content\/uploads\/2026\/03\/1-203-184x140.jpg"},"resim2":{"file":"1-203-216x103.jpg","width":216,"height":103,"mime_type":"image\/jpeg","source_url":"https:\/\/kilosorunum.com\/habercim\/wp-content\/uploads\/2026\/03\/1-203-216x103.jpg"},"resim3":{"file":"1-203-145x70.jpg","width":145,"height":70,"mime_type":"image\/jpeg","source_url":"https:\/\/kilosorunum.com\/habercim\/wp-content\/uploads\/2026\/03\/1-203-145x70.jpg"},"sagSlider":{"file":"1-203-300x150.jpg","width":300,"height":150,"mime_type":"image\/jpeg","source_url":"https:\/\/kilosorunum.com\/habercim\/wp-content\/uploads\/2026\/03\/1-203-300x150.jpg"},"yeniSlider":{"file":"1-203-500x290.jpg","width":500,"height":290,"mime_type":"image\/jpeg","source_url":"https:\/\/kilosorunum.com\/habercim\/wp-content\/uploads\/2026\/03\/1-203-500x290.jpg"},"full":{"file":"1-203.jpg","width":1200,"height":675,"mime_type":"image\/jpeg","source_url":"https:\/\/kilosorunum.com\/habercim\/wp-content\/uploads\/2026\/03\/1-203.jpg"}},"image_meta":{"aperture":"0","credit":"","camera":"","caption":"","created_timestamp":"0","copyright":"","focal_length":"0","iso":"0","shutter_speed":"0","title":"","orientation":"0","keywords":[]}},"post":45301,"source_url":"https:\/\/kilosorunum.com\/habercim\/wp-content\/uploads\/2026\/03\/1-203.jpg","_links":{"self":[{"href":"https:\/\/kilosorunum.com\/habercim\/wp-json\/wp\/v2\/media\/45303"}],"collection":[{"href":"https:\/\/kilosorunum.com\/habercim\/wp-json\/wp\/v2\/media"}],"about":[{"href":"https:\/\/kilosorunum.com\/habercim\/wp-json\/wp\/v2\/types\/attachment"}],"author":[{"embeddable":true,"href":"https:\/\/kilosorunum.com\/habercim\/wp-json\/wp\/v2\/users\/2"}],"replies":[{"embeddable":true,"href":"https:\/\/kilosorunum.com\/habercim\/wp-json\/wp\/v2\/comments?post=45303"}]}}