{"id":45374,"date":"2026-03-28T01:54:09","date_gmt":"2026-03-27T22:54:09","guid":{"rendered":"https:\/\/kilosorunum.com\/habercim\/wp-content\/uploads\/2026\/03\/1-15-768x201-243.jpg"},"modified":"2026-03-28T01:55:47","modified_gmt":"2026-03-27T22:55:47","slug":"1-15-768x201-2286","status":"inherit","type":"attachment","link":"https:\/\/kilosorunum.com\/habercim\/foto-galeri\/7nin-uzeri\/attachment\/1-15-768x201-2286\/","title":{"rendered":"7\u2019nin \u00fczeri"},"author":2,"comment_status":"open","ping_status":"closed","template":"","meta":[],"description":{"rendered":"<p class=\"attachment\"><a href='https:\/\/kilosorunum.com\/habercim\/wp-content\/uploads\/2026\/03\/1-15-768x201-243.jpg'><img width=\"300\" height=\"79\" src=\"https:\/\/kilosorunum.com\/habercim\/wp-content\/uploads\/2026\/03\/1-15-768x201-243-300x79.jpg\" class=\"attachment-medium size-medium\" alt=\"\" loading=\"lazy\" srcset=\"https:\/\/kilosorunum.com\/habercim\/wp-content\/uploads\/2026\/03\/1-15-768x201-243-300x79.jpg 300w, https:\/\/kilosorunum.com\/habercim\/wp-content\/uploads\/2026\/03\/1-15-768x201-243.jpg 768w\" sizes=\"(max-width: 300px) 100vw, 300px\" \/><\/a><\/p>\n"},"caption":{"rendered":"<p>\u0130stanbul\u2019da olas\u0131 b\u00fcy\u00fck deprem senaryosu, iki deprem uzman\u0131 aras\u0131nda tart\u0131\u015fma konusu oldu. 23 Nisan\u2019da meydana gelen 6,2 b\u00fcy\u00fckl\u00fc\u011f\u00fcndeki depremin ard\u0131ndan Deprem Bilimci \u015eener \u00dc\u015f\u00fcmezsoy, \u201c\u0130stanbul i\u00e7in \u00f6ng\u00f6r\u00fclen 8 b\u00fcy\u00fckl\u00fc\u011f\u00fcnde deprem senaryosu ge\u00e7erli de\u011fil. \u0130stanbul\u2019da k\u0131r\u0131lacak uzun bir fay yok, 23 Nisan\u2019daki depremle zaten k\u0131r\u0131lm\u0131\u015f b\u00f6lge tamamland\u0131\u201d a\u00e7\u0131klamas\u0131n\u0131 yapm\u0131\u015ft\u0131. Ancak Prof. Dr. Naci G\u00f6r\u00fcr, kat\u0131ld\u0131\u011f\u0131 Habert\u00fcrk yay\u0131n\u0131nda \u00dc\u015f\u00fcmezsoy\u2019un bu g\u00f6r\u00fc\u015f\u00fcne kat\u0131lmad\u0131\u011f\u0131n\u0131 belirtti. G\u00f6r\u00fcr, ge\u00e7ti\u011fimiz g\u00fcnlerde Bal\u0131kesir\u2019in S\u0131nd\u0131rg\u0131 il\u00e7esinde meydana gelen 6,1 b\u00fcy\u00fckl\u00fc\u011f\u00fcndeki depremi de\u011ferlendirirken \u0130stanbul depremine dair uyar\u0131larda bulundu.<br \/>\n\u201c\u0130stanbul daha tehlikeli oldu\u201d<br \/>\nBal\u0131kesir depremi sonras\u0131 \u0130stanbul\u2019da \u201cdeprem bitti\u201d alg\u0131s\u0131n\u0131n yanl\u0131\u015f oldu\u011funu ifade eden G\u00f6r\u00fcr, \u201c\u0130stanbul\u2019da yak\u0131n zamanda olan 6,2 b\u00fcy\u00fckl\u00fc\u011f\u00fcndeki deprem Kumburgaz fay\u0131n\u0131n bat\u0131 ucunun ancak k\u00fc\u00e7\u00fck bir k\u0131sm\u0131n\u0131n k\u0131r\u0131lmas\u0131 anlam\u0131na geliyor. Geri kalan b\u00fcy\u00fck b\u00f6l\u00fcm k\u0131r\u0131lmad\u0131. K\u00f6rfezin i\u00e7ine giren Adalar fay\u0131n\u0131 da hesaba katarsak halka yanl\u0131\u015f bir mesaj verildi. B\u00f6yle gereksiz, bilime dayanmayan s\u00f6ylemler y\u00fcz\u00fcnden kamuoyunda bir rehavet olu\u015ftu. Dolay\u0131s\u0131yla \u0130stanbul daha tehlikeli hale geldi\u201d dedi.<\/p>\n<p>Kumburgaz fay\u0131 ve Adalar fay\u0131n\u0131n h\u00e2l\u00e2 k\u0131r\u0131lmam\u0131\u015f oldu\u011funu vurgulayan G\u00f6r\u00fcr, \u201cBunlar\u0131n k\u0131r\u0131lmas\u0131yla birlikte 7\u2019nin \u00fczerinde bir depremin olaca\u011f\u0131 kesin. 7\u2019nin \u00fczerinde olan bir depremle 6,1\u2019lik veya 6,2\u2019lik depremin olu\u015fturaca\u011f\u0131 hasar ayn\u0131 de\u011fildir. \u0130stanbul\u2019daki yap\u0131 sto\u011fu d\u00fc\u015f\u00fcn\u00fcld\u00fc\u011f\u00fcnde bu, \u00e7ok b\u00fcy\u00fck ac\u0131lara yol a\u00e7abilir\u201d diye konu\u015ftu. \u201cB\u00fcy\u00fck deprem senaryosu ger\u00e7ek de\u011fil\u201d<br \/>\n\u015eener \u00dc\u015f\u00fcmezsoy ise farkl\u0131 bir de\u011ferlendirme yaparak, \u201cRisk var diyenlerin iddialar\u0131na g\u00f6re 130 kilometrelik bir hat olmas\u0131 gerekir, ancak b\u00f6yle bir hat yok. Uzun y\u0131llar \u0130stanbul i\u00e7in \u00f6ng\u00f6r\u00fclen 8 b\u00fcy\u00fckl\u00fc\u011f\u00fcnde deprem senaryosu ge\u00e7erli de\u011fil. \u0130stanbul\u2019da k\u0131r\u0131lacak uzun bir fay yok, 23 Nisan\u2019daki depremle k\u0131r\u0131lm\u0131\u015f b\u00f6lge tamamland\u0131. B\u00fcy\u00fck\u00e7ekmece ile K\u00fc\u00e7\u00fck\u00e7ekmece aras\u0131nda k\u0131r\u0131k veya art\u00e7\u0131 yok, bu b\u00f6lgede fay bulunmuyor. Adalar\u0131n \u00fczerinde aktif fay hatt\u0131 yok, deprem enerjisi bu b\u00f6lgeye gelmiyor. Enerji Gemlik K\u00f6rfezi ve Orhangazi\u2019ye y\u00f6neliyor, \u0130stanbul\u2019a de\u011fil\u201d ifadelerini kulland\u0131. <\/p>\n<p>Kaynak : t24.com.tr<\/p>\n"},"alt_text":"","media_type":"image","mime_type":"image\/jpeg","media_details":{"width":768,"height":201,"file":"2026\/03\/1-15-768x201-243.jpg","sizes":{"medium":{"file":"1-15-768x201-243-300x79.jpg","width":300,"height":79,"mime_type":"image\/jpeg","source_url":"https:\/\/kilosorunum.com\/habercim\/wp-content\/uploads\/2026\/03\/1-15-768x201-243-300x79.jpg"},"thumbnail":{"file":"1-15-768x201-243-150x150.jpg","width":150,"height":150,"mime_type":"image\/jpeg","source_url":"https:\/\/kilosorunum.com\/habercim\/wp-content\/uploads\/2026\/03\/1-15-768x201-243-150x150.jpg"},"kucukResim":{"file":"1-15-768x201-243-80x50.jpg","width":80,"height":50,"mime_type":"image\/jpeg","source_url":"https:\/\/kilosorunum.com\/habercim\/wp-content\/uploads\/2026\/03\/1-15-768x201-243-80x50.jpg"},"sliderResim":{"file":"1-15-768x201-243-670x201.jpg","width":670,"height":201,"mime_type":"image\/jpeg","source_url":"https:\/\/kilosorunum.com\/habercim\/wp-content\/uploads\/2026\/03\/1-15-768x201-243-670x201.jpg"},"resim1":{"file":"1-15-768x201-243-184x140.jpg","width":184,"height":140,"mime_type":"image\/jpeg","source_url":"https:\/\/kilosorunum.com\/habercim\/wp-content\/uploads\/2026\/03\/1-15-768x201-243-184x140.jpg"},"resim2":{"file":"1-15-768x201-243-216x103.jpg","width":216,"height":103,"mime_type":"image\/jpeg","source_url":"https:\/\/kilosorunum.com\/habercim\/wp-content\/uploads\/2026\/03\/1-15-768x201-243-216x103.jpg"},"resim3":{"file":"1-15-768x201-243-145x70.jpg","width":145,"height":70,"mime_type":"image\/jpeg","source_url":"https:\/\/kilosorunum.com\/habercim\/wp-content\/uploads\/2026\/03\/1-15-768x201-243-145x70.jpg"},"sagSlider":{"file":"1-15-768x201-243-300x150.jpg","width":300,"height":150,"mime_type":"image\/jpeg","source_url":"https:\/\/kilosorunum.com\/habercim\/wp-content\/uploads\/2026\/03\/1-15-768x201-243-300x150.jpg"},"yeniSlider":{"file":"1-15-768x201-243-500x201.jpg","width":500,"height":201,"mime_type":"image\/jpeg","source_url":"https:\/\/kilosorunum.com\/habercim\/wp-content\/uploads\/2026\/03\/1-15-768x201-243-500x201.jpg"},"full":{"file":"1-15-768x201-243.jpg","width":768,"height":201,"mime_type":"image\/jpeg","source_url":"https:\/\/kilosorunum.com\/habercim\/wp-content\/uploads\/2026\/03\/1-15-768x201-243.jpg"}},"image_meta":{"aperture":"0","credit":"","camera":"","caption":"","created_timestamp":"0","copyright":"","focal_length":"0","iso":"0","shutter_speed":"0","title":"","orientation":"0","keywords":[]}},"post":45372,"source_url":"https:\/\/kilosorunum.com\/habercim\/wp-content\/uploads\/2026\/03\/1-15-768x201-243.jpg","_links":{"self":[{"href":"https:\/\/kilosorunum.com\/habercim\/wp-json\/wp\/v2\/media\/45374"}],"collection":[{"href":"https:\/\/kilosorunum.com\/habercim\/wp-json\/wp\/v2\/media"}],"about":[{"href":"https:\/\/kilosorunum.com\/habercim\/wp-json\/wp\/v2\/types\/attachment"}],"author":[{"embeddable":true,"href":"https:\/\/kilosorunum.com\/habercim\/wp-json\/wp\/v2\/users\/2"}],"replies":[{"embeddable":true,"href":"https:\/\/kilosorunum.com\/habercim\/wp-json\/wp\/v2\/comments?post=45374"}]}}