{"id":45384,"date":"2026-03-28T16:10:24","date_gmt":"2026-03-28T13:10:24","guid":{"rendered":"https:\/\/kilosorunum.com\/habercim\/wp-content\/uploads\/2026\/03\/1-222.jpg"},"modified":"2026-03-28T16:11:07","modified_gmt":"2026-03-28T13:11:07","slug":"1-5707","status":"inherit","type":"attachment","link":"https:\/\/kilosorunum.com\/habercim\/foto-galeri\/tekirdagdan\/attachment\/1-5707\/","title":{"rendered":"Tekirda\u011f\u2019dan"},"author":2,"comment_status":"open","ping_status":"closed","template":"","meta":[],"description":{"rendered":"<p class=\"attachment\"><a href='https:\/\/kilosorunum.com\/habercim\/wp-content\/uploads\/2026\/03\/1-222.jpg'><img width=\"300\" height=\"169\" src=\"https:\/\/kilosorunum.com\/habercim\/wp-content\/uploads\/2026\/03\/1-222-300x169.jpg\" class=\"attachment-medium size-medium\" alt=\"\" loading=\"lazy\" srcset=\"https:\/\/kilosorunum.com\/habercim\/wp-content\/uploads\/2026\/03\/1-222-300x169.jpg 300w, https:\/\/kilosorunum.com\/habercim\/wp-content\/uploads\/2026\/03\/1-222-1024x576.jpg 1024w, https:\/\/kilosorunum.com\/habercim\/wp-content\/uploads\/2026\/03\/1-222-768x432.jpg 768w, https:\/\/kilosorunum.com\/habercim\/wp-content\/uploads\/2026\/03\/1-222.jpg 1200w\" sizes=\"(max-width: 300px) 100vw, 300px\" \/><\/a><\/p>\n"},"caption":{"rendered":"<p>Tekirda\u011f\u2019da ya\u015fanan trafik kazas\u0131 k\u0131sa s\u00fcrede can pazar\u0131na d\u00f6n\u00fc\u015ft\u00fc. Ay\u00e7i\u00e7ek ya\u011f\u0131 ta\u015f\u0131yan t\u0131r\u0131yla yolda ilerleyen 37 ya\u015f\u0131ndaki s\u00fcr\u00fcc\u00fc, direksiyon kontrol\u00fcn\u00fc kaybedince ara\u00e7 savrularak kontrolden \u00e7\u0131kt\u0131. Bariyerlere \u00e7arpan t\u0131r\u0131n devrilmesi sonucu s\u00fcr\u00fcc\u00fc ya\u015fam\u0131n\u0131 yitirdi.<\/p>\n<p>Kaza, Tekirda\u011f\u2019\u0131n Malkara il\u00e7esine ba\u011fl\u0131 Izgar Mahallesi yak\u0131nlar\u0131nda, D-110 kara yolu \u00fczerinde meydana geldi. Edinilen bilgilere g\u00f6re, Adem \u00c7eliko\u011flu y\u00f6netimindeki 27 BBR 728 plakal\u0131 ay\u00e7i\u00e7ek ya\u011f\u0131 y\u00fckl\u00fc t\u0131r, Ke\u015fan y\u00f6n\u00fcnde ilerledi\u011fi s\u0131rada s\u00fcr\u00fcc\u00fcs\u00fcn\u00fcn direksiyon hakimiyetini kaybetmesi sonucu yoldan \u00e7\u0131kt\u0131. \u00d6nce sa\u011f taraftaki bariyerlere \u00e7arpan ara\u00e7, ard\u0131ndan savrularak devrildi.<\/p>\n<p>Meydana gelen kazada t\u0131r \u015fof\u00f6r\u00fc Adem \u00c7eliko\u011flu olay yerinde hayat\u0131n\u0131 kaybetti. \u0130hbar \u00fczerine b\u00f6lgeye itfaiye, sa\u011fl\u0131k ve jandarma ekipleri sevk edildi. Yap\u0131lan kontrollerde s\u00fcr\u00fcc\u00fcn\u00fcn ya\u015fam\u0131n\u0131 yitirdi\u011fi tespit edilirken, olayla ilgili soru\u015fturma ba\u015flat\u0131ld\u0131.<\/p>\n<p>Kaynak : macoyun.com<\/p>\n"},"alt_text":"","media_type":"image","mime_type":"image\/jpeg","media_details":{"width":1200,"height":675,"file":"2026\/03\/1-222.jpg","sizes":{"medium":{"file":"1-222-300x169.jpg","width":300,"height":169,"mime_type":"image\/jpeg","source_url":"https:\/\/kilosorunum.com\/habercim\/wp-content\/uploads\/2026\/03\/1-222-300x169.jpg"},"large":{"file":"1-222-1024x576.jpg","width":1024,"height":576,"mime_type":"image\/jpeg","source_url":"https:\/\/kilosorunum.com\/habercim\/wp-content\/uploads\/2026\/03\/1-222-1024x576.jpg"},"thumbnail":{"file":"1-222-150x150.jpg","width":150,"height":150,"mime_type":"image\/jpeg","source_url":"https:\/\/kilosorunum.com\/habercim\/wp-content\/uploads\/2026\/03\/1-222-150x150.jpg"},"medium_large":{"file":"1-222-768x432.jpg","width":768,"height":432,"mime_type":"image\/jpeg","source_url":"https:\/\/kilosorunum.com\/habercim\/wp-content\/uploads\/2026\/03\/1-222-768x432.jpg"},"kucukResim":{"file":"1-222-80x50.jpg","width":80,"height":50,"mime_type":"image\/jpeg","source_url":"https:\/\/kilosorunum.com\/habercim\/wp-content\/uploads\/2026\/03\/1-222-80x50.jpg"},"sliderResim":{"file":"1-222-670x330.jpg","width":670,"height":330,"mime_type":"image\/jpeg","source_url":"https:\/\/kilosorunum.com\/habercim\/wp-content\/uploads\/2026\/03\/1-222-670x330.jpg"},"resim1":{"file":"1-222-184x140.jpg","width":184,"height":140,"mime_type":"image\/jpeg","source_url":"https:\/\/kilosorunum.com\/habercim\/wp-content\/uploads\/2026\/03\/1-222-184x140.jpg"},"resim2":{"file":"1-222-216x103.jpg","width":216,"height":103,"mime_type":"image\/jpeg","source_url":"https:\/\/kilosorunum.com\/habercim\/wp-content\/uploads\/2026\/03\/1-222-216x103.jpg"},"resim3":{"file":"1-222-145x70.jpg","width":145,"height":70,"mime_type":"image\/jpeg","source_url":"https:\/\/kilosorunum.com\/habercim\/wp-content\/uploads\/2026\/03\/1-222-145x70.jpg"},"sagSlider":{"file":"1-222-300x150.jpg","width":300,"height":150,"mime_type":"image\/jpeg","source_url":"https:\/\/kilosorunum.com\/habercim\/wp-content\/uploads\/2026\/03\/1-222-300x150.jpg"},"yeniSlider":{"file":"1-222-500x290.jpg","width":500,"height":290,"mime_type":"image\/jpeg","source_url":"https:\/\/kilosorunum.com\/habercim\/wp-content\/uploads\/2026\/03\/1-222-500x290.jpg"},"full":{"file":"1-222.jpg","width":1200,"height":675,"mime_type":"image\/jpeg","source_url":"https:\/\/kilosorunum.com\/habercim\/wp-content\/uploads\/2026\/03\/1-222.jpg"}},"image_meta":{"aperture":"0","credit":"","camera":"","caption":"","created_timestamp":"0","copyright":"","focal_length":"0","iso":"0","shutter_speed":"0","title":"","orientation":"0","keywords":[]}},"post":45382,"source_url":"https:\/\/kilosorunum.com\/habercim\/wp-content\/uploads\/2026\/03\/1-222.jpg","_links":{"self":[{"href":"https:\/\/kilosorunum.com\/habercim\/wp-json\/wp\/v2\/media\/45384"}],"collection":[{"href":"https:\/\/kilosorunum.com\/habercim\/wp-json\/wp\/v2\/media"}],"about":[{"href":"https:\/\/kilosorunum.com\/habercim\/wp-json\/wp\/v2\/types\/attachment"}],"author":[{"embeddable":true,"href":"https:\/\/kilosorunum.com\/habercim\/wp-json\/wp\/v2\/users\/2"}],"replies":[{"embeddable":true,"href":"https:\/\/kilosorunum.com\/habercim\/wp-json\/wp\/v2\/comments?post=45384"}]}}