{"id":45394,"date":"2026-03-28T17:58:52","date_gmt":"2026-03-28T14:58:52","guid":{"rendered":"https:\/\/kilosorunum.com\/habercim\/wp-content\/uploads\/2026\/03\/1-224.jpg"},"modified":"2026-03-28T17:59:25","modified_gmt":"2026-03-28T14:59:25","slug":"1-5709","status":"inherit","type":"attachment","link":"https:\/\/kilosorunum.com\/habercim\/genel\/devlet-bahceliden-2\/attachment\/1-5709\/","title":{"rendered":"Devlet Bah\u00e7eli\u2019den"},"author":2,"comment_status":"open","ping_status":"closed","template":"","meta":[],"description":{"rendered":"<p class=\"attachment\"><a href='https:\/\/kilosorunum.com\/habercim\/wp-content\/uploads\/2026\/03\/1-224.jpg'><img width=\"300\" height=\"169\" src=\"https:\/\/kilosorunum.com\/habercim\/wp-content\/uploads\/2026\/03\/1-224-300x169.jpg\" class=\"attachment-medium size-medium\" alt=\"\" loading=\"lazy\" srcset=\"https:\/\/kilosorunum.com\/habercim\/wp-content\/uploads\/2026\/03\/1-224-300x169.jpg 300w, https:\/\/kilosorunum.com\/habercim\/wp-content\/uploads\/2026\/03\/1-224-1024x576.jpg 1024w, https:\/\/kilosorunum.com\/habercim\/wp-content\/uploads\/2026\/03\/1-224-768x432.jpg 768w, https:\/\/kilosorunum.com\/habercim\/wp-content\/uploads\/2026\/03\/1-224.jpg 1200w\" sizes=\"(max-width: 300px) 100vw, 300px\" \/><\/a><\/p>\n"},"caption":{"rendered":"<p>Emekli maa\u015flar\u0131yla ilgili MHP Genel Ba\u015fkan\u0131 Devlet Bah\u00e7eli\u2019den dikkat \u00e7eken bir a\u00e7\u0131klama geldi. Partisinin grup toplant\u0131s\u0131nda konu\u015fan MHP lideri Bah\u00e7eli\u2019nin k\u00fcrs\u00fcden inmeden hemen \u00f6nce emekli maa\u015flar\u0131 ve emekli zamlar\u0131yla ilgili kulland\u0131\u011f\u0131 ifadeler Ankara kulislerinde \u201czam mesaj\u0131\u201d olarak yorumland\u0131. G\u00f6zler bir anda iktidar cephesine \u00e7evrilirken, emekli maa\u015flar\u0131yla ilgili d\u00fczenleme ihtimalini g\u00fcndeme getirdi.<br \/>\nEmekli maa\u015flar\u0131na yeni zam m\u0131 geliyor? Seyyanen zam m\u0131 olacak? Milyonlar bir anda bu sorulara yan\u0131t aramaya ba\u015flad\u0131. MHP Genel Ba\u015fkan\u0131 Devlet Bah\u00e7eli\u2019nin canl\u0131 yay\u0131nda yapt\u0131\u011f\u0131 \u00e7a\u011fr\u0131 sonras\u0131 kulisler hareketlendi. Partisinin grup toplant\u0131s\u0131nda konu\u015fan MHP lideri Bah\u00e7eli, emekli maa\u015flar\u0131yla ilgili \u00e7arp\u0131c\u0131 ifadeler kulland\u0131. Bah\u00e7eli yapt\u0131\u011f\u0131 de\u011ferlendirmede, \u201cEmeklilerin derdi derdimizdir. Gerekirse g\u00f6vdemizi ta\u015f\u0131n alt\u0131na koymal\u0131y\u0131z. Onlar \u00fcz\u00fcl\u00fcrken biz rahat olamay\u0131z. Emeklilerimizin sonuna kadar yan\u0131nday\u0131z\u201d dedi.<br \/>\nBu s\u00f6zler, \u00f6zellikle enflasyon kar\u015f\u0131s\u0131nda al\u0131m g\u00fcc\u00fc eriyen emeklilerin durumuna y\u00f6nelik yeniden harekete ge\u00e7ebilece\u011fi \u015feklinde yorumland\u0131. Bah\u00e7eli\u2019nin \u00e7\u0131k\u0131\u015f\u0131 iktidar ortaklar\u0131 aras\u0131nda yeni bir zam veya iyile\u015ftirme form\u00fcl\u00fcn\u00fcn masaya gelebilece\u011fi beklentisini g\u00fc\u00e7lendirdi. Ankara kulislerinde, emeklilerin refah\u0131n\u0131 art\u0131rmaya y\u00f6nelik ek art\u0131\u015f, seyyanen zam ya da sosyal destek paketleri gibi farkl\u0131 se\u00e7eneklerin de\u011ferlendirildi\u011fi konu\u015fuluyor. Bah\u00e7eli\u2019nin bu \u00e7\u0131k\u0131\u015f\u0131n\u0131n, \u00f6n\u00fcm\u00fczdeki s\u00fcre\u00e7te h\u00fck\u00fcmetin ekonomi g\u00fcndeminde emeklilere y\u00f6nelik yeni bir ad\u0131m\u0131n habercisi olabilece\u011fi belirtiliyor.<br \/>\nMilyonlarca emekli ise g\u00f6z\u00fcn\u00fc \u015fimdi yap\u0131lacak resmi a\u00e7\u0131klamalara \u00e7evirmi\u015f durumda. Bah\u00e7eli\u2019nin \u201cg\u00f6vdemizi ta\u015f\u0131n alt\u0131na koymal\u0131y\u0131z\u201d s\u00f6zlerinin, emekli maa\u015flar\u0131nda yeni bir d\u00fczenlemenin kap\u0131s\u0131n\u0131 aralayabilece\u011fi konu\u015fuluyor.<\/p>\n<p>Kaynak : finans.mynet.com<\/p>\n"},"alt_text":"","media_type":"image","mime_type":"image\/jpeg","media_details":{"width":1200,"height":675,"file":"2026\/03\/1-224.jpg","sizes":{"medium":{"file":"1-224-300x169.jpg","width":300,"height":169,"mime_type":"image\/jpeg","source_url":"https:\/\/kilosorunum.com\/habercim\/wp-content\/uploads\/2026\/03\/1-224-300x169.jpg"},"large":{"file":"1-224-1024x576.jpg","width":1024,"height":576,"mime_type":"image\/jpeg","source_url":"https:\/\/kilosorunum.com\/habercim\/wp-content\/uploads\/2026\/03\/1-224-1024x576.jpg"},"thumbnail":{"file":"1-224-150x150.jpg","width":150,"height":150,"mime_type":"image\/jpeg","source_url":"https:\/\/kilosorunum.com\/habercim\/wp-content\/uploads\/2026\/03\/1-224-150x150.jpg"},"medium_large":{"file":"1-224-768x432.jpg","width":768,"height":432,"mime_type":"image\/jpeg","source_url":"https:\/\/kilosorunum.com\/habercim\/wp-content\/uploads\/2026\/03\/1-224-768x432.jpg"},"kucukResim":{"file":"1-224-80x50.jpg","width":80,"height":50,"mime_type":"image\/jpeg","source_url":"https:\/\/kilosorunum.com\/habercim\/wp-content\/uploads\/2026\/03\/1-224-80x50.jpg"},"sliderResim":{"file":"1-224-670x330.jpg","width":670,"height":330,"mime_type":"image\/jpeg","source_url":"https:\/\/kilosorunum.com\/habercim\/wp-content\/uploads\/2026\/03\/1-224-670x330.jpg"},"resim1":{"file":"1-224-184x140.jpg","width":184,"height":140,"mime_type":"image\/jpeg","source_url":"https:\/\/kilosorunum.com\/habercim\/wp-content\/uploads\/2026\/03\/1-224-184x140.jpg"},"resim2":{"file":"1-224-216x103.jpg","width":216,"height":103,"mime_type":"image\/jpeg","source_url":"https:\/\/kilosorunum.com\/habercim\/wp-content\/uploads\/2026\/03\/1-224-216x103.jpg"},"resim3":{"file":"1-224-145x70.jpg","width":145,"height":70,"mime_type":"image\/jpeg","source_url":"https:\/\/kilosorunum.com\/habercim\/wp-content\/uploads\/2026\/03\/1-224-145x70.jpg"},"sagSlider":{"file":"1-224-300x150.jpg","width":300,"height":150,"mime_type":"image\/jpeg","source_url":"https:\/\/kilosorunum.com\/habercim\/wp-content\/uploads\/2026\/03\/1-224-300x150.jpg"},"yeniSlider":{"file":"1-224-500x290.jpg","width":500,"height":290,"mime_type":"image\/jpeg","source_url":"https:\/\/kilosorunum.com\/habercim\/wp-content\/uploads\/2026\/03\/1-224-500x290.jpg"},"full":{"file":"1-224.jpg","width":1200,"height":675,"mime_type":"image\/jpeg","source_url":"https:\/\/kilosorunum.com\/habercim\/wp-content\/uploads\/2026\/03\/1-224.jpg"}},"image_meta":{"aperture":"0","credit":"","camera":"","caption":"","created_timestamp":"0","copyright":"","focal_length":"0","iso":"0","shutter_speed":"0","title":"","orientation":"0","keywords":[]}},"post":45392,"source_url":"https:\/\/kilosorunum.com\/habercim\/wp-content\/uploads\/2026\/03\/1-224.jpg","_links":{"self":[{"href":"https:\/\/kilosorunum.com\/habercim\/wp-json\/wp\/v2\/media\/45394"}],"collection":[{"href":"https:\/\/kilosorunum.com\/habercim\/wp-json\/wp\/v2\/media"}],"about":[{"href":"https:\/\/kilosorunum.com\/habercim\/wp-json\/wp\/v2\/types\/attachment"}],"author":[{"embeddable":true,"href":"https:\/\/kilosorunum.com\/habercim\/wp-json\/wp\/v2\/users\/2"}],"replies":[{"embeddable":true,"href":"https:\/\/kilosorunum.com\/habercim\/wp-json\/wp\/v2\/comments?post=45394"}]}}