{"id":45399,"date":"2026-03-28T21:36:57","date_gmt":"2026-03-28T18:36:57","guid":{"rendered":"https:\/\/kilosorunum.com\/habercim\/wp-content\/uploads\/2026\/03\/1-15-768x201-247.jpg"},"modified":"2026-03-28T21:37:35","modified_gmt":"2026-03-28T18:37:35","slug":"1-15-768x201-2290","status":"inherit","type":"attachment","link":"https:\/\/kilosorunum.com\/habercim\/foto-galeri\/otvsiz-arac\/attachment\/1-15-768x201-2290\/","title":{"rendered":"\u00d6TV\u2019siz Ara\u00e7"},"author":2,"comment_status":"open","ping_status":"closed","template":"","meta":[],"description":{"rendered":"<p class=\"attachment\"><a href='https:\/\/kilosorunum.com\/habercim\/wp-content\/uploads\/2026\/03\/1-15-768x201-247.jpg'><img width=\"300\" height=\"79\" src=\"https:\/\/kilosorunum.com\/habercim\/wp-content\/uploads\/2026\/03\/1-15-768x201-247-300x79.jpg\" class=\"attachment-medium size-medium\" alt=\"\" loading=\"lazy\" srcset=\"https:\/\/kilosorunum.com\/habercim\/wp-content\/uploads\/2026\/03\/1-15-768x201-247-300x79.jpg 300w, https:\/\/kilosorunum.com\/habercim\/wp-content\/uploads\/2026\/03\/1-15-768x201-247.jpg 768w\" sizes=\"(max-width: 300px) 100vw, 300px\" \/><\/a><\/p>\n"},"caption":{"rendered":"<p>\u201cEmekliye \u00d6TV\u2019siz ara\u00e7 ne zaman verilecek?\u201d sorusu, son g\u00fcnlerde baz\u0131 haber sitelerinde yer alan iddialar\u0131n ard\u0131ndan milyonlarca emeklinin g\u00fcndemine oturdu. \u00d6TV\u2019siz ara\u00e7 al\u0131m hakk\u0131na ili\u015fkin kanun teklifi TBMM\u2019ye sunulmu\u015f olsa da, d\u00fczenlemenin t\u00fcm emeklileri kapsamad\u0131\u011f\u0131 netle\u015fmi\u015f durumda. Teklife g\u00f6re SSK (4\/1-a) emeklileri ile memur emeklileri (Emekli Sand\u0131\u011f\u0131) kapsam d\u0131\u015f\u0131nda kal\u0131yor. \u00d6te yandan, 4760 say\u0131l\u0131 \u00d6zel T\u00fcketim Vergisi Kanunu\u2019nda de\u011fi\u015fiklik \u00f6ng\u00f6ren bu teklif hen\u00fcz Meclis\u2019te kabul edilmedi. TBMM Genel Kurulu\u2019ndan ge\u00e7mesi h\u00e2linde Komisyon\u2019da g\u00f6r\u00fc\u015f\u00fclmesi beklenirken, \u015fu ana kadar yeni bir geli\u015fme ya\u015fanmad\u0131\u011f\u0131 i\u00e7in emekliler d\u00fczenlemenin ak\u0131betini yak\u0131ndan takip etmeyi s\u00fcrd\u00fcr\u00fcyor.<br \/>\nBaz\u0131 haber sitelerinde emeklilere \u00d6TV\u2019siz otomobil imk\u00e2n\u0131 sa\u011flayan yasan\u0131n Meclis\u2019ten ge\u00e7ti\u011fine y\u00f6nelik iddialar dola\u015fsa da, d\u00fczenleme, CHP Tokat Milletvekili Kadim Durmaz taraf\u0131ndan haz\u0131rlanarak \u015eubat sonu \u2013 Mart ba\u015f\u0131nda TBMM Ba\u015fkanl\u0131\u011f\u0131\u2019na sunulmu\u015f, ancak hen\u00fcz genel kurulda kabul edilmemi\u015ftir. Bu nedenle teklif Resm\u00ee Gazete\u2019de yay\u0131mlanmam\u0131\u015f ve y\u00fcr\u00fcrl\u00fc\u011fe girmemi\u015ftir.<br \/>\nE\u011fer teklif yasala\u015f\u0131rsa, uygulaman\u0131n geni\u015f kapsaml\u0131 olmayaca\u011f\u0131 ve yaln\u0131zca belirli Ba\u011f-Kur emeklilerini kapsayaca\u011f\u0131 \u00f6ng\u00f6r\u00fclmektedir. Yasan\u0131n kabul edilmesi durumunda ise ba\u015fvuru \u015fartlar\u0131 ve uygulanacak kriterler, Maliye Bakanl\u0131\u011f\u0131 ya da ilgili kurumlar taraf\u0131ndan detayl\u0131 bi\u00e7imde duyurulacakt\u0131r.<br \/>\n\u0130ddialar\u0131n aksine haz\u0131rlanan d\u00fczenleme t\u00fcm emeklileri kapsam\u0131yor; teklifin hedef kitlesi olduk\u00e7a s\u0131n\u0131rl\u0131 tutuluyor. Tasla\u011fa g\u00f6re yaln\u0131zca 5362 say\u0131l\u0131 Esnaf ve Sanatk\u00e2rlar Meslek Kurulu\u015flar\u0131 Kanunu kapsam\u0131nda esnaf ya da sanatk\u00e2r stat\u00fcs\u00fcnde olanlar ile 5510 say\u0131l\u0131 Kanun\u2019un 4\/1-b maddesi kapsam\u0131nda Ba\u011f-Kur \u00fczerinden ya\u015fl\u0131l\u0131k ayl\u0131\u011f\u0131 alan emekliler bu d\u00fczenlemeden yararlanabilecek. Bu nedenle i\u015f\u00e7i emeklilerini kapsayan SSK (4\/1-a) grubu ile memur emeklilerinin d\u00e2hil oldu\u011fu Emekli Sand\u0131\u011f\u0131 kapsam\u0131 genel olarak d\u00fczenleme d\u0131\u015f\u0131nda b\u0131rak\u0131l\u0131yor. Buna ek olarak baz\u0131 haberlerde \u00e7ift\u00e7i ya da tar\u0131m Ba\u011f-Kur emeklilerinin (\u00c7KS\u2019ye en az 10 y\u0131l kay\u0131tl\u0131 olup yoksulluk s\u0131n\u0131r\u0131n\u0131n alt\u0131nda maa\u015f alanlar\u0131n) de kapsama al\u0131nabilece\u011fi \u00f6ne s\u00fcr\u00fclse de, teklifin as\u0131l oda\u011f\u0131n\u0131n esnaf ve sanatk\u00e2r niteli\u011findeki Ba\u011f-Kur emeklileri oldu\u011fu anla\u015f\u0131l\u0131yor. Teklif, bu grubun ara\u00e7 ediniminde vergi y\u00fck\u00fcn\u00fc hafifletmeyi ama\u00e7l\u0131yor ve kapsam\u0131n geni\u015fletilmesine dair herhangi bir ek ibare i\u00e7ermiyor.<\/p>\n<p>Kaynak : cnnturk.com<\/p>\n"},"alt_text":"","media_type":"image","mime_type":"image\/jpeg","media_details":{"width":768,"height":201,"file":"2026\/03\/1-15-768x201-247.jpg","sizes":{"medium":{"file":"1-15-768x201-247-300x79.jpg","width":300,"height":79,"mime_type":"image\/jpeg","source_url":"https:\/\/kilosorunum.com\/habercim\/wp-content\/uploads\/2026\/03\/1-15-768x201-247-300x79.jpg"},"thumbnail":{"file":"1-15-768x201-247-150x150.jpg","width":150,"height":150,"mime_type":"image\/jpeg","source_url":"https:\/\/kilosorunum.com\/habercim\/wp-content\/uploads\/2026\/03\/1-15-768x201-247-150x150.jpg"},"kucukResim":{"file":"1-15-768x201-247-80x50.jpg","width":80,"height":50,"mime_type":"image\/jpeg","source_url":"https:\/\/kilosorunum.com\/habercim\/wp-content\/uploads\/2026\/03\/1-15-768x201-247-80x50.jpg"},"sliderResim":{"file":"1-15-768x201-247-670x201.jpg","width":670,"height":201,"mime_type":"image\/jpeg","source_url":"https:\/\/kilosorunum.com\/habercim\/wp-content\/uploads\/2026\/03\/1-15-768x201-247-670x201.jpg"},"resim1":{"file":"1-15-768x201-247-184x140.jpg","width":184,"height":140,"mime_type":"image\/jpeg","source_url":"https:\/\/kilosorunum.com\/habercim\/wp-content\/uploads\/2026\/03\/1-15-768x201-247-184x140.jpg"},"resim2":{"file":"1-15-768x201-247-216x103.jpg","width":216,"height":103,"mime_type":"image\/jpeg","source_url":"https:\/\/kilosorunum.com\/habercim\/wp-content\/uploads\/2026\/03\/1-15-768x201-247-216x103.jpg"},"resim3":{"file":"1-15-768x201-247-145x70.jpg","width":145,"height":70,"mime_type":"image\/jpeg","source_url":"https:\/\/kilosorunum.com\/habercim\/wp-content\/uploads\/2026\/03\/1-15-768x201-247-145x70.jpg"},"sagSlider":{"file":"1-15-768x201-247-300x150.jpg","width":300,"height":150,"mime_type":"image\/jpeg","source_url":"https:\/\/kilosorunum.com\/habercim\/wp-content\/uploads\/2026\/03\/1-15-768x201-247-300x150.jpg"},"yeniSlider":{"file":"1-15-768x201-247-500x201.jpg","width":500,"height":201,"mime_type":"image\/jpeg","source_url":"https:\/\/kilosorunum.com\/habercim\/wp-content\/uploads\/2026\/03\/1-15-768x201-247-500x201.jpg"},"full":{"file":"1-15-768x201-247.jpg","width":768,"height":201,"mime_type":"image\/jpeg","source_url":"https:\/\/kilosorunum.com\/habercim\/wp-content\/uploads\/2026\/03\/1-15-768x201-247.jpg"}},"image_meta":{"aperture":"0","credit":"","camera":"","caption":"","created_timestamp":"0","copyright":"","focal_length":"0","iso":"0","shutter_speed":"0","title":"","orientation":"0","keywords":[]}},"post":45397,"source_url":"https:\/\/kilosorunum.com\/habercim\/wp-content\/uploads\/2026\/03\/1-15-768x201-247.jpg","_links":{"self":[{"href":"https:\/\/kilosorunum.com\/habercim\/wp-json\/wp\/v2\/media\/45399"}],"collection":[{"href":"https:\/\/kilosorunum.com\/habercim\/wp-json\/wp\/v2\/media"}],"about":[{"href":"https:\/\/kilosorunum.com\/habercim\/wp-json\/wp\/v2\/types\/attachment"}],"author":[{"embeddable":true,"href":"https:\/\/kilosorunum.com\/habercim\/wp-json\/wp\/v2\/users\/2"}],"replies":[{"embeddable":true,"href":"https:\/\/kilosorunum.com\/habercim\/wp-json\/wp\/v2\/comments?post=45399"}]}}