{"id":45444,"date":"2026-03-29T16:05:22","date_gmt":"2026-03-29T13:05:22","guid":{"rendered":"https:\/\/kilosorunum.com\/habercim\/wp-content\/uploads\/2026\/03\/1-230.jpg"},"modified":"2026-03-29T16:05:54","modified_gmt":"2026-03-29T13:05:54","slug":"1-5715","status":"inherit","type":"attachment","link":"https:\/\/kilosorunum.com\/habercim\/foto-galeri\/gullunun-yazdiklari\/attachment\/1-5715\/","title":{"rendered":"G\u00fcll\u00fc\u2019n\u00fcn Yazd\u0131klar\u0131"},"author":2,"comment_status":"open","ping_status":"closed","template":"","meta":[],"description":{"rendered":"<p class=\"attachment\"><a href='https:\/\/kilosorunum.com\/habercim\/wp-content\/uploads\/2026\/03\/1-230.jpg'><img width=\"300\" height=\"169\" src=\"https:\/\/kilosorunum.com\/habercim\/wp-content\/uploads\/2026\/03\/1-230-300x169.jpg\" class=\"attachment-medium size-medium\" alt=\"\" loading=\"lazy\" srcset=\"https:\/\/kilosorunum.com\/habercim\/wp-content\/uploads\/2026\/03\/1-230-300x169.jpg 300w, https:\/\/kilosorunum.com\/habercim\/wp-content\/uploads\/2026\/03\/1-230-1024x576.jpg 1024w, https:\/\/kilosorunum.com\/habercim\/wp-content\/uploads\/2026\/03\/1-230-768x432.jpg 768w, https:\/\/kilosorunum.com\/habercim\/wp-content\/uploads\/2026\/03\/1-230.jpg 1200w\" sizes=\"(max-width: 300px) 100vw, 300px\" \/><\/a><\/p>\n"},"caption":{"rendered":"<p>\u201cG\u00fcll\u00fc\u201d ad\u0131yla tan\u0131nan \u015fark\u0131c\u0131 G\u00fcl Tut, Yalova\u2019daki evinin balkonundan d\u00fc\u015ferek ya\u015fam\u0131n\u0131 yitirdi. 52 ya\u015f\u0131ndaki \u015fark\u0131c\u0131 G\u00fcll\u00fc\u2019n\u00fcn vefat\u0131 herkesi \u015foke etti. Durumu fark edenlerin ihbar\u0131 \u00fczerine b\u00f6lgeye sa\u011fl\u0131k ve emniyet ekipleri sevk edildi. Olay yerine gelen sa\u011fl\u0131k ekipleri, Tut\u2019un hayat\u0131n\u0131 kaybetti\u011fini belirledi. ACI HABER\u0130 O\u011eLU DUYURDU G\u00fcll\u00fc\u2019n\u00fcn o\u011flu Tu\u011fberk, ac\u0131 haberi sosyal medya hesab\u0131ndan \u201cG\u00fcll\u00fc\u2019y\u00fc bu gece ya\u015fanan elim bir kaza sonucu bu gece kaybetmi\u015f bulunmaktay\u0131z. Cenaze ile ilgili geli\u015fmeleri bu Instagram sayfas\u0131ndan payla\u015faca\u011f\u0131m, ba\u015f\u0131m\u0131z sa\u011f olsun.\u201d s\u00f6zleriyle duyurdu. G\u00fcll\u00fc\u2019n\u00fcn cenazesi otopsi i\u00e7in Yalova E\u011fitim ve Ara\u015ft\u0131rma Hastanesi\u2019ne kald\u0131r\u0131ld\u0131. K\u0131z\u0131 ve k\u0131z\u0131n\u0131n arkada\u015f\u0131 ile e\u011flendi\u011fi s\u0131rada dengesini kaybederek d\u00fc\u015fen G\u00fcll\u00fc\u2019n\u00fcn cenazesi ailesi taraf\u0131ndan teslim al\u0131narak \u0130stanbul\u2019a g\u00f6t\u00fcr\u00fcld\u00fc. G\u00fcl Tut\u2019un cenazesinin 27 Eyl\u00fcl Cumartesi g\u00fcn\u00fc \u00f6\u011fle namaz\u0131ndan sonra Tuzla il\u00e7esindeki Sultan 1. Ahmet Camisi\u2019nde d\u00fczenlenecek t\u00f6renin ard\u0131ndan defnedilece\u011fi \u00f6\u011frenildi. A\u00e7\u0131klamada, \u015funlar kaydedildi: \u201cAdrese gidildi\u011finde sanat\u00e7\u0131 \u2018G\u00fcll\u00fc\u2019 olarak bilinen G\u00fcl Tut\u2019un ikametinde k\u0131z\u0131 ve k\u0131z\u0131n\u0131n arkada\u015f\u0131yla e\u011flendi\u011fi s\u0131rada camdan d\u00fc\u015ft\u00fc\u011f\u00fc ve sa\u011fl\u0131k ekibinin yapt\u0131\u011f\u0131 kontrolde \u015fahs\u0131n hayat\u0131n\u0131 kaybetti\u011fi anla\u015f\u0131lm\u0131\u015ft\u0131r. Konu hakk\u0131nda Cumhuriyet Savc\u0131l\u0131\u011f\u0131ndan al\u0131nan talimatlar do\u011frultusunda, \u2018y\u00fcksekten d\u00fc\u015fme\u2019 konusundan \u00c7\u0131narc\u0131k \u0130l\u00e7e Emniyet M\u00fcd\u00fcrl\u00fc\u011f\u00fcm\u00fczce tahkikat ba\u015flat\u0131lm\u0131\u015ft\u0131r.\u201d G\u00d6RENLER\u0130 DUYGULANDIRDI Ailesine ve \u00e7ocuklar\u0131na d\u00fc\u015fk\u00fcnl\u00fc\u011f\u00fcyle bilinen \u00fcnl\u00fc sanat\u00e7\u0131n\u0131n o\u011flu Tu\u011fberk Ya\u011f\u0131z G\u00fclter\u2019in Instagram hesab\u0131ndan foto\u011fraf\u0131na yazd\u0131\u011f\u0131 yorum ortaya \u00e7\u0131kt\u0131. G\u00fcll\u00fc\u2019n\u00fcn o\u011flunun karesine \u201dBir tanecik o\u011flum\u201d notunu d\u00fc\u015ft\u00fc\u011f\u00fc g\u00f6r\u00fcld\u00fc. G\u00fcll\u00fc\u2019n\u00fcn o\u011fluna yazd\u0131\u011f\u0131 son yorumu g\u00f6ren takip\u00e7ileri duyguland\u0131. Hayat\u0131 boyunca bir kez evlenen G\u00fcll\u00fc, 1996 y\u0131l\u0131nda m\u00fczik sekt\u00f6r\u00fcnde yap\u0131mc\u0131 ve prod\u00fckt\u00f6r olarak tan\u0131nan G\u00fcrol G\u00fclter ile evlenmi\u015fti. \u00c7iftin evlili\u011fi 2002 y\u0131l\u0131nda bo\u015fanma ile sonu\u00e7lanm\u0131\u015ft\u0131. Sanat\u00e7\u0131, \u0130stanbul do\u011fumlu olmas\u0131na ra\u011fmen, k\u00f6kleri ve k\u00fclt\u00fcrel birikimiyle Anadolu\u2019nun m\u00fczik gelene\u011finden beslendi. Bu y\u00f6n\u00fcyle \u015fark\u0131lar\u0131nda her zaman halk\u0131n sesi olmay\u0131 ba\u015fard\u0131. \u0130ki \u00e7ocu\u011fu olan G\u00fcll\u00fc\u2019n\u00fcn 1998 y\u0131l\u0131nda k\u0131z\u0131 Tuyan \u00dclkem, 2000 y\u0131l\u0131nda ise o\u011flu Tu\u011fberk Yavuz d\u00fcnyaya gelmi\u015ftir.Ailesine ve \u00e7ocuklar\u0131na d\u00fc\u015fk\u00fcnl\u00fc\u011f\u00fcyle bilinen \u00fcnl\u00fc sanat\u00e7\u0131n\u0131n o\u011flu Tu\u011fberk Ya\u011f\u0131z G\u00fclter\u2019in Instagram hesab\u0131ndan foto\u011fraf\u0131na yazd\u0131\u011f\u0131 yorum ortaya \u00e7\u0131kt\u0131. G\u00fcll\u00fc\u2019n\u00fcn o\u011flunun karesine \u201dBir tanecik o\u011flum\u201d notunu d\u00fc\u015ft\u00fc\u011f\u00fc g\u00f6r\u00fcld\u00fc.<\/p>\n<p>Kaynak : haberzamani.com<\/p>\n"},"alt_text":"","media_type":"image","mime_type":"image\/jpeg","media_details":{"width":1200,"height":675,"file":"2026\/03\/1-230.jpg","sizes":{"medium":{"file":"1-230-300x169.jpg","width":300,"height":169,"mime_type":"image\/jpeg","source_url":"https:\/\/kilosorunum.com\/habercim\/wp-content\/uploads\/2026\/03\/1-230-300x169.jpg"},"large":{"file":"1-230-1024x576.jpg","width":1024,"height":576,"mime_type":"image\/jpeg","source_url":"https:\/\/kilosorunum.com\/habercim\/wp-content\/uploads\/2026\/03\/1-230-1024x576.jpg"},"thumbnail":{"file":"1-230-150x150.jpg","width":150,"height":150,"mime_type":"image\/jpeg","source_url":"https:\/\/kilosorunum.com\/habercim\/wp-content\/uploads\/2026\/03\/1-230-150x150.jpg"},"medium_large":{"file":"1-230-768x432.jpg","width":768,"height":432,"mime_type":"image\/jpeg","source_url":"https:\/\/kilosorunum.com\/habercim\/wp-content\/uploads\/2026\/03\/1-230-768x432.jpg"},"kucukResim":{"file":"1-230-80x50.jpg","width":80,"height":50,"mime_type":"image\/jpeg","source_url":"https:\/\/kilosorunum.com\/habercim\/wp-content\/uploads\/2026\/03\/1-230-80x50.jpg"},"sliderResim":{"file":"1-230-670x330.jpg","width":670,"height":330,"mime_type":"image\/jpeg","source_url":"https:\/\/kilosorunum.com\/habercim\/wp-content\/uploads\/2026\/03\/1-230-670x330.jpg"},"resim1":{"file":"1-230-184x140.jpg","width":184,"height":140,"mime_type":"image\/jpeg","source_url":"https:\/\/kilosorunum.com\/habercim\/wp-content\/uploads\/2026\/03\/1-230-184x140.jpg"},"resim2":{"file":"1-230-216x103.jpg","width":216,"height":103,"mime_type":"image\/jpeg","source_url":"https:\/\/kilosorunum.com\/habercim\/wp-content\/uploads\/2026\/03\/1-230-216x103.jpg"},"resim3":{"file":"1-230-145x70.jpg","width":145,"height":70,"mime_type":"image\/jpeg","source_url":"https:\/\/kilosorunum.com\/habercim\/wp-content\/uploads\/2026\/03\/1-230-145x70.jpg"},"sagSlider":{"file":"1-230-300x150.jpg","width":300,"height":150,"mime_type":"image\/jpeg","source_url":"https:\/\/kilosorunum.com\/habercim\/wp-content\/uploads\/2026\/03\/1-230-300x150.jpg"},"yeniSlider":{"file":"1-230-500x290.jpg","width":500,"height":290,"mime_type":"image\/jpeg","source_url":"https:\/\/kilosorunum.com\/habercim\/wp-content\/uploads\/2026\/03\/1-230-500x290.jpg"},"full":{"file":"1-230.jpg","width":1200,"height":675,"mime_type":"image\/jpeg","source_url":"https:\/\/kilosorunum.com\/habercim\/wp-content\/uploads\/2026\/03\/1-230.jpg"}},"image_meta":{"aperture":"0","credit":"","camera":"","caption":"","created_timestamp":"0","copyright":"","focal_length":"0","iso":"0","shutter_speed":"0","title":"","orientation":"0","keywords":[]}},"post":45442,"source_url":"https:\/\/kilosorunum.com\/habercim\/wp-content\/uploads\/2026\/03\/1-230.jpg","_links":{"self":[{"href":"https:\/\/kilosorunum.com\/habercim\/wp-json\/wp\/v2\/media\/45444"}],"collection":[{"href":"https:\/\/kilosorunum.com\/habercim\/wp-json\/wp\/v2\/media"}],"about":[{"href":"https:\/\/kilosorunum.com\/habercim\/wp-json\/wp\/v2\/types\/attachment"}],"author":[{"embeddable":true,"href":"https:\/\/kilosorunum.com\/habercim\/wp-json\/wp\/v2\/users\/2"}],"replies":[{"embeddable":true,"href":"https:\/\/kilosorunum.com\/habercim\/wp-json\/wp\/v2\/comments?post=45444"}]}}