{"id":45459,"date":"2026-03-29T22:37:05","date_gmt":"2026-03-29T19:37:05","guid":{"rendered":"https:\/\/kilosorunum.com\/habercim\/wp-content\/uploads\/2026\/03\/1-233.jpg"},"modified":"2026-03-29T22:39:37","modified_gmt":"2026-03-29T19:39:37","slug":"1-5718","status":"inherit","type":"attachment","link":"https:\/\/kilosorunum.com\/habercim\/foto-galeri\/12-yargi-paketi\/attachment\/1-5718\/","title":{"rendered":"12. Yarg\u0131 Paketi"},"author":2,"comment_status":"open","ping_status":"closed","template":"","meta":[],"description":{"rendered":"<p class=\"attachment\"><a href='https:\/\/kilosorunum.com\/habercim\/wp-content\/uploads\/2026\/03\/1-233.jpg'><img width=\"300\" height=\"169\" src=\"https:\/\/kilosorunum.com\/habercim\/wp-content\/uploads\/2026\/03\/1-233-300x169.jpg\" class=\"attachment-medium size-medium\" alt=\"\" loading=\"lazy\" srcset=\"https:\/\/kilosorunum.com\/habercim\/wp-content\/uploads\/2026\/03\/1-233-300x169.jpg 300w, https:\/\/kilosorunum.com\/habercim\/wp-content\/uploads\/2026\/03\/1-233-1024x576.jpg 1024w, https:\/\/kilosorunum.com\/habercim\/wp-content\/uploads\/2026\/03\/1-233-768x432.jpg 768w, https:\/\/kilosorunum.com\/habercim\/wp-content\/uploads\/2026\/03\/1-233.jpg 1200w\" sizes=\"(max-width: 300px) 100vw, 300px\" \/><\/a><\/p>\n"},"caption":{"rendered":"<p>Uzun s\u00fcredir kamuoyunun g\u00fcndeminde yer alan 12. Yarg\u0131 Paketi ile ilgili s\u00fcre\u00e7 h\u0131z kazand\u0131. H\u00fck\u00fcml\u00fcler ve ailelerinin yak\u0131ndan takip etti\u011fi d\u00fczenlemenin ne zaman Meclis\u2019e sunulaca\u011f\u0131 sorusu g\u00fcndemdeki yerini korurken, paketin i\u00e7eri\u011finde yer alacak maddelere dair beklentiler de art\u0131yor. Adalet Bakanl\u0131\u011f\u0131\u2019n\u0131n y\u00fcr\u00fctt\u00fc\u011f\u00fc \u00e7al\u0131\u015fmalar s\u00fcrerken, Bakan Ak\u0131n G\u00fcrlek\u2019in yapt\u0131\u011f\u0131 son de\u011ferlendirmeler, \u00f6zellikle infaz d\u00fczenlemeleri ve ceza indirimi gibi kritik ba\u015fl\u0131klara dikkat \u00e7ekiyor. \u0130\u015fte 12. Yarg\u0131 Paketi maddeleri ve i\u00e7eri\u011fi&#8230;<br \/>\n12. YARGI PAKET\u0130 \u0130LE AF \u00c7IKACAK MI?<\/p>\n<p>Adalet Bakan\u0131 Ak\u0131n G\u00fcrlek, 25 \u015eubat 2026 tarihinde TBMM\u2019de gazetecilerin sorular\u0131n\u0131 yan\u0131tlad\u0131, g\u00fcndeme ili\u015fkin a\u00e7\u0131klamalarda bulundu. Ter\u00f6rs\u00fcz T\u00fcrkiye s\u00fcrecinde nihai amac\u0131n ter\u00f6r \u00f6rg\u00fct\u00fcn\u00fcn tamamen silah b\u0131rakmas\u0131 oldu\u011funu vurgulayan Bakan G\u00fcrlek, sonraki s\u00fcre\u00e7lerin de Meclis\u2019in inisiyatifinde ilerleyece\u011fini kaydetti. Adalet Bakan\u0131 G\u00fcrlek, \u201cMeclis takdirinden sonra da art\u0131k gerekli yasal de\u011fi\u015fiklikler olacak.\u201d ifadelerini kulland\u0131. Bakan G\u00fcrlek genel af ya da \u015fahsa \u00f6zg\u00fc d\u00fczenlemenin kesinlikle olmayaca\u011f\u0131n\u0131 kaydetti.<br \/>\n12. YARGI PAKET\u0130 SON DURUM NED\u0130R?<\/p>\n<p>Adalet Bakan\u0131 Ak\u0131n G\u00fcrlek, T\u00fcrkiye Barolar Birli\u011fi Ba\u015fkan\u0131 Erin\u00e7 Sa\u011fkan ve beraberindeki heyeti Bakanl\u0131kta kabul etti. Bakan G\u00fcrlek, avukatlar\u0131n ya\u015fad\u0131klar\u0131 maddi s\u0131k\u0131nt\u0131lara da vurgu yaparak, bu s\u0131k\u0131nt\u0131lar\u0131 12. Yarg\u0131 Paketi ile \u00e7\u00f6z\u00fcme kavu\u015fturmay\u0131 hedeflediklerini ifade etti.<\/p>\n<p>Bakan G\u00fcrlek konu\u015fmas\u0131n\u0131 \u015f\u00f6yle s\u00fcrd\u00fcrd\u00fc:<\/p>\n<p>&#8220;12. Yarg\u0131 Paketinde avukatlar\u0131m\u0131za \u00f6zel d\u00fczenlemelerin \u00e7al\u0131\u015fmalar\u0131n\u0131 yap\u0131yoruz. Avukatlar\u0131m\u0131z\u0131n maddi anlamda zorluk ya\u015fad\u0131\u011f\u0131n\u0131 biliyoruz, bu hususla ilgili de pakette \u00e7al\u0131\u015fmalar olacak. \u00d6zellikle avukatlar\u0131m\u0131z\u0131n maddi anlamda onlar\u0131n hissedebilece\u011fi, onlara da bir fayda sa\u011flayabilecek d\u00fczenlemeler yapmak istiyoruz. Bu konuyu zaten kamuoyu ile de payla\u015ft\u0131k. Tapu i\u015flemlerinde 30 milyon \u00fcst\u00fc i\u015flemlerde iki taraf i\u00e7in avukat zorunlulu\u011fu getirilecek.&#8221; Adalet Bakan\u0131 Ak\u0131n G\u00fcrlek, yarg\u0131n\u0131n h\u0131zlanmas\u0131 i\u00e7in de gerekli ad\u0131mlar\u0131n at\u0131laca\u011f\u0131n\u0131 kaydetti. Bakan G\u00fcrlek, ayr\u0131ca noter yard\u0131mc\u0131l\u0131\u011f\u0131 konusuna da 12. Yarg\u0131 Paketi\u2019nde yer vermeyi hedeflediklerini s\u00f6yledi. 12. Yarg\u0131 Paketiyle ilgili bilgi veren G\u00fcrlek, &#8220;11. yarg\u0131 paketi yasala\u015ft\u0131, 25 Aral\u0131k&#8217;ta y\u00fcr\u00fcrl\u00fc\u011fe girdi. 12. Yarg\u0131 Paketi Meclis&#8217;teydi. Adalet Bakan\u0131 olarak atand\u0131ktan sonra bu paketi geri \u00e7ektik \u00e7\u00fcnk\u00fc bir k\u0131s\u0131m eksiklikler oldu\u011funu hissettim. &#8216;Adalete g\u00fcven neden eksik&#8217; deyince ilk soru \u015fu ortaya \u00e7\u0131k\u0131yor, yarg\u0131laman\u0131n uzun s\u00fcre s\u00fcrmesi noktas\u0131nda vatanda\u015flar\u0131m\u0131z\u0131n bir memnuniyetsizli\u011fi var. Bunun temeline indik. Direkt icraata ge\u00e7mek istiyorum. Burada \u00e7e\u015fitli arkada\u015flarla birlikte form\u00fcller \u00fczerinde \u00e7al\u0131\u015ft\u0131k.&#8221; diye konu\u015ftu. G\u00fcrlek, \u015fu an 12,5 milyon dosyan\u0131n oldu\u011funu bildirerek, &#8220;Bu dosya say\u0131s\u0131 \u00e7ok fazla. 12,5 milyon dosya d\u00fcnyada hi\u00e7bir yerde yok. \u00d6ncelikli olarak her dosyan\u0131n, her uyu\u015fmazl\u0131\u011f\u0131n yarg\u0131n\u0131n \u00f6n\u00fcne gitmemesi i\u00e7in gerekli ad\u0131mlar atmam\u0131z gerekiyor. Uzla\u015ft\u0131rma m\u00fcessesesi geni\u015fletildi, arabuluculuk m\u00fcessesesi geni\u015fletildi ama vatanda\u015f\u0131m\u0131z mutlaka hakim savc\u0131n\u0131n y\u00fcz\u00fcn\u00fc g\u00f6rmek istiyor. Bu konuda yeni d\u00fczenleyece\u011fimiz pakette de tekrardan uzla\u015fma ve arabuluculuk kapsam\u0131n\u0131 geni\u015fletmek istiyoruz.&#8221; ifadelerini kulland\u0131.<br \/>\nBo\u015fanma davalar\u0131n\u0131n \u00e7ok uzun s\u00fcre devam etti\u011fini belirten G\u00fcrlek, &#8220;Sekiz y\u0131l, on y\u0131l bu davalar s\u00fcr\u00fcyor. Bu s\u00fcre\u00e7te vatanda\u015flar\u0131m\u0131z nafaka \u00f6d\u00fcyor. Kendine yeni bir hayat kuram\u0131yor. \u0130n\u015fallah 12. Yarg\u0131 Paketinde \u00e7eki\u015fmeli bo\u015fanma davalar\u0131nda arabuluculuk h\u00fck\u00fcmlerinin uygulanmas\u0131 olarak getirmek istiyoruz. Birinci konumuz bu.&#8221; dedi. G\u00fcrlek, yarg\u0131lanmalar\u0131n h\u0131zlanmas\u0131yla ilgili, &#8220;Yarg\u0131lamalar\u0131n h\u0131zlanmas\u0131 konusunda bu konuda faaliyetlerimiz var. \u0130n\u015fallah 12. Yarg\u0131 Paketine koyaca\u011f\u0131z. Atlamal\u0131 temyiz m\u00fcessesesi var. Yani bir dosya hem istinafa hem Yarg\u0131tay&#8217;a gitmeyecek. Bunu da 12. Yarg\u0131 Paketinde yarg\u0131n\u0131n h\u0131zlanmas\u0131 i\u00e7in getirmeyi d\u00fc\u015f\u00fcn\u00fcyoruz. Hakim arkada\u015flar\u0131m\u0131z\u0131 biraz zorlayaca\u011f\u0131z. Atama, terfi de belirli bir karar ve o karar\u0131n Yarg\u0131tay&#8217;dan onanmas\u0131n\u0131 art\u0131k mutlak kriter olarak arayaca\u011f\u0131z.&#8221; a\u00e7\u0131klamas\u0131n\u0131 yapt\u0131.<br \/>\nSon zamanlarda \u00e7ocuklar\u0131n i\u015fledi\u011fi su\u00e7lar\u0131n artt\u0131\u011f\u0131na dikkati \u00e7eken G\u00fcrlek, &#8220;\u00c7ocuklarla ilgili cezalar\u0131 yetersiz buluyorum. \u00d6zellikle \u00e7ocuklar\u0131n adam \u00f6ld\u00fcrme ya da di\u011fer su\u00e7larda yeti\u015fkinler gibi a\u011f\u0131rla\u015fm\u0131\u015f m\u00fcebbet hapis cezas\u0131 gerekiyorsa onlar\u0131n almas\u0131n\u0131 sa\u011flayaca\u011f\u0131z. Bu d\u00fczenlemede Meclis&#8217;te bir komisyon kuruldu. O komisyonda da zaman zaman g\u00f6r\u00fc\u015f\u00fcyoruz. Bu d\u00fczenlemeyi de hayata ge\u00e7irece\u011fiz.&#8221; bilgisini verdi. &#8220;\u00d6zellikle su\u00e7 \u00f6rg\u00fctlerinin, \u00f6rg\u00fct y\u00f6neticilerinin, \u00f6rg\u00fct \u00fcyelerinin, \u00e7ocuklar\u0131 su\u00e7larda kullanmas\u0131 durumunda verilecek cezalar\u0131 artt\u0131rd\u0131k. 12. Yarg\u0131 Paketinde bu cezalar\u0131 tekrar artt\u0131rmay\u0131 d\u00fc\u015f\u00fcn\u00fcyoruz. \u00c7\u00fcnk\u00fc \u00e7ocuklar bize emanet. Gelece\u011fini korumakla y\u00fck\u00fcml\u00fcy\u00fcz. Yani devlet sadece su\u00e7 i\u015flemeyi \u00f6nlemez. Ayn\u0131 zamanda ki\u015fiye sosyal anlamda bir gelecekte vaat eder. Biz de \u00e7ocuklar\u0131m\u0131z\u0131n gelece\u011fi i\u00e7in bu \u00f6nlemleri almam\u0131z gerekiyor. \u00c7ocuklarla ilgili de bu \u015fekilde d\u00fczenleme yapmak istiyoruz.&#8221;<\/p>\n<p>Kaynak : haberturk.com<\/p>\n"},"alt_text":"","media_type":"image","mime_type":"image\/jpeg","media_details":{"width":1200,"height":675,"file":"2026\/03\/1-233.jpg","sizes":{"medium":{"file":"1-233-300x169.jpg","width":300,"height":169,"mime_type":"image\/jpeg","source_url":"https:\/\/kilosorunum.com\/habercim\/wp-content\/uploads\/2026\/03\/1-233-300x169.jpg"},"large":{"file":"1-233-1024x576.jpg","width":1024,"height":576,"mime_type":"image\/jpeg","source_url":"https:\/\/kilosorunum.com\/habercim\/wp-content\/uploads\/2026\/03\/1-233-1024x576.jpg"},"thumbnail":{"file":"1-233-150x150.jpg","width":150,"height":150,"mime_type":"image\/jpeg","source_url":"https:\/\/kilosorunum.com\/habercim\/wp-content\/uploads\/2026\/03\/1-233-150x150.jpg"},"medium_large":{"file":"1-233-768x432.jpg","width":768,"height":432,"mime_type":"image\/jpeg","source_url":"https:\/\/kilosorunum.com\/habercim\/wp-content\/uploads\/2026\/03\/1-233-768x432.jpg"},"kucukResim":{"file":"1-233-80x50.jpg","width":80,"height":50,"mime_type":"image\/jpeg","source_url":"https:\/\/kilosorunum.com\/habercim\/wp-content\/uploads\/2026\/03\/1-233-80x50.jpg"},"sliderResim":{"file":"1-233-670x330.jpg","width":670,"height":330,"mime_type":"image\/jpeg","source_url":"https:\/\/kilosorunum.com\/habercim\/wp-content\/uploads\/2026\/03\/1-233-670x330.jpg"},"resim1":{"file":"1-233-184x140.jpg","width":184,"height":140,"mime_type":"image\/jpeg","source_url":"https:\/\/kilosorunum.com\/habercim\/wp-content\/uploads\/2026\/03\/1-233-184x140.jpg"},"resim2":{"file":"1-233-216x103.jpg","width":216,"height":103,"mime_type":"image\/jpeg","source_url":"https:\/\/kilosorunum.com\/habercim\/wp-content\/uploads\/2026\/03\/1-233-216x103.jpg"},"resim3":{"file":"1-233-145x70.jpg","width":145,"height":70,"mime_type":"image\/jpeg","source_url":"https:\/\/kilosorunum.com\/habercim\/wp-content\/uploads\/2026\/03\/1-233-145x70.jpg"},"sagSlider":{"file":"1-233-300x150.jpg","width":300,"height":150,"mime_type":"image\/jpeg","source_url":"https:\/\/kilosorunum.com\/habercim\/wp-content\/uploads\/2026\/03\/1-233-300x150.jpg"},"yeniSlider":{"file":"1-233-500x290.jpg","width":500,"height":290,"mime_type":"image\/jpeg","source_url":"https:\/\/kilosorunum.com\/habercim\/wp-content\/uploads\/2026\/03\/1-233-500x290.jpg"},"full":{"file":"1-233.jpg","width":1200,"height":675,"mime_type":"image\/jpeg","source_url":"https:\/\/kilosorunum.com\/habercim\/wp-content\/uploads\/2026\/03\/1-233.jpg"}},"image_meta":{"aperture":"0","credit":"","camera":"","caption":"","created_timestamp":"0","copyright":"","focal_length":"0","iso":"0","shutter_speed":"0","title":"","orientation":"0","keywords":[]}},"post":45457,"source_url":"https:\/\/kilosorunum.com\/habercim\/wp-content\/uploads\/2026\/03\/1-233.jpg","_links":{"self":[{"href":"https:\/\/kilosorunum.com\/habercim\/wp-json\/wp\/v2\/media\/45459"}],"collection":[{"href":"https:\/\/kilosorunum.com\/habercim\/wp-json\/wp\/v2\/media"}],"about":[{"href":"https:\/\/kilosorunum.com\/habercim\/wp-json\/wp\/v2\/types\/attachment"}],"author":[{"embeddable":true,"href":"https:\/\/kilosorunum.com\/habercim\/wp-json\/wp\/v2\/users\/2"}],"replies":[{"embeddable":true,"href":"https:\/\/kilosorunum.com\/habercim\/wp-json\/wp\/v2\/comments?post=45459"}]}}