{"id":45520,"date":"2026-03-31T01:46:01","date_gmt":"2026-03-30T22:46:01","guid":{"rendered":"https:\/\/kilosorunum.com\/habercim\/wp-content\/uploads\/2026\/03\/1-246.jpg"},"modified":"2026-03-31T01:46:27","modified_gmt":"2026-03-30T22:46:27","slug":"1-5731","status":"inherit","type":"attachment","link":"https:\/\/kilosorunum.com\/habercim\/foto-galeri\/kore-lideri-kimden\/attachment\/1-5731\/","title":{"rendered":"Kore Lideri Kim\u2019den"},"author":2,"comment_status":"open","ping_status":"closed","template":"","meta":[],"description":{"rendered":"<p class=\"attachment\"><a href='https:\/\/kilosorunum.com\/habercim\/wp-content\/uploads\/2026\/03\/1-246.jpg'><img width=\"300\" height=\"169\" src=\"https:\/\/kilosorunum.com\/habercim\/wp-content\/uploads\/2026\/03\/1-246-300x169.jpg\" class=\"attachment-medium size-medium\" alt=\"\" loading=\"lazy\" srcset=\"https:\/\/kilosorunum.com\/habercim\/wp-content\/uploads\/2026\/03\/1-246-300x169.jpg 300w, https:\/\/kilosorunum.com\/habercim\/wp-content\/uploads\/2026\/03\/1-246-1024x576.jpg 1024w, https:\/\/kilosorunum.com\/habercim\/wp-content\/uploads\/2026\/03\/1-246-768x432.jpg 768w, https:\/\/kilosorunum.com\/habercim\/wp-content\/uploads\/2026\/03\/1-246.jpg 1200w\" sizes=\"(max-width: 300px) 100vw, 300px\" \/><\/a><\/p>\n"},"caption":{"rendered":"<p>Kuzey Kore lideri, iki \u00fclke aras\u0131ndaki ili\u015fkilerin gidi\u015fat\u0131n\u0131n tamamen ABD\u2019nin tavr\u0131na ba\u011fl\u0131 oldu\u011funu vurgulayarak \u201c\u0130ster bar\u0131\u015f i\u00e7inde bir arada var olma olsun ister sonsuz bir \u00e7at\u0131\u015fma, biz her \u015feye haz\u0131r\u0131z ve bu tercih bize ait de\u011fil.\u201d ifadesini kulland\u0131.<\/p>\n<p>\u201cEn tehlikeli varl\u0131k\u201d olarak nitelendirdi\u011fi G\u00fcney Kore ile g\u00f6r\u00fc\u015fecek hi\u00e7bir konunun bulunmad\u0131\u011f\u0131n\u0131 aktaran Kim, bu \u00fclkeyi daima \u201csoyda\u015f kategorisinin\u201d d\u0131\u015f\u0131nda tutacaklar\u0131n\u0131 belirtti.<\/p>\n<p>ABD D\u0131\u015fi\u015fleri Bakan\u0131 Marco Rubio, \u00fclkesinin Pyongyang ile diyalo\u011fa a\u00e7\u0131k oldu\u011funa i\u015faret ederek \u201cDile getirilen bak\u0131\u015f a\u00e7\u0131lar\u0131n\u0131 dinlemeye haz\u0131r\u0131z.\u201d demi\u015fti. Kuzey Kore Merkezi Haber Ajans\u0131n\u0131n (KCNA) haberine g\u00f6re, \u00fclke lideri Kim, Kore \u0130\u015f\u00e7i Partisinin 9. Kongresi\u2019nde yapt\u0131\u011f\u0131 konu\u015fmada, ABD-Kuzey Kore ili\u015fkilerini de\u011ferlendirdi. Kim, Kuzey Kore anayasas\u0131nda belirtilen mevcut n\u00fckleer stat\u00fcye sayg\u0131 g\u00f6sterir ve Pyongyang\u2019a kar\u015f\u0131 \u201cd\u00fc\u015fmanca politikas\u0131n\u0131\u201d geri \u00e7ekerse ABD ile iyi ge\u00e7inmemelerine dair hi\u00e7bir neden bulunmad\u0131\u011f\u0131n\u0131 s\u00f6yledi.<\/p>\n<p>Kaynak : aa.com.tr<\/p>\n"},"alt_text":"","media_type":"image","mime_type":"image\/jpeg","media_details":{"width":1200,"height":675,"file":"2026\/03\/1-246.jpg","sizes":{"medium":{"file":"1-246-300x169.jpg","width":300,"height":169,"mime_type":"image\/jpeg","source_url":"https:\/\/kilosorunum.com\/habercim\/wp-content\/uploads\/2026\/03\/1-246-300x169.jpg"},"large":{"file":"1-246-1024x576.jpg","width":1024,"height":576,"mime_type":"image\/jpeg","source_url":"https:\/\/kilosorunum.com\/habercim\/wp-content\/uploads\/2026\/03\/1-246-1024x576.jpg"},"thumbnail":{"file":"1-246-150x150.jpg","width":150,"height":150,"mime_type":"image\/jpeg","source_url":"https:\/\/kilosorunum.com\/habercim\/wp-content\/uploads\/2026\/03\/1-246-150x150.jpg"},"medium_large":{"file":"1-246-768x432.jpg","width":768,"height":432,"mime_type":"image\/jpeg","source_url":"https:\/\/kilosorunum.com\/habercim\/wp-content\/uploads\/2026\/03\/1-246-768x432.jpg"},"kucukResim":{"file":"1-246-80x50.jpg","width":80,"height":50,"mime_type":"image\/jpeg","source_url":"https:\/\/kilosorunum.com\/habercim\/wp-content\/uploads\/2026\/03\/1-246-80x50.jpg"},"sliderResim":{"file":"1-246-670x330.jpg","width":670,"height":330,"mime_type":"image\/jpeg","source_url":"https:\/\/kilosorunum.com\/habercim\/wp-content\/uploads\/2026\/03\/1-246-670x330.jpg"},"resim1":{"file":"1-246-184x140.jpg","width":184,"height":140,"mime_type":"image\/jpeg","source_url":"https:\/\/kilosorunum.com\/habercim\/wp-content\/uploads\/2026\/03\/1-246-184x140.jpg"},"resim2":{"file":"1-246-216x103.jpg","width":216,"height":103,"mime_type":"image\/jpeg","source_url":"https:\/\/kilosorunum.com\/habercim\/wp-content\/uploads\/2026\/03\/1-246-216x103.jpg"},"resim3":{"file":"1-246-145x70.jpg","width":145,"height":70,"mime_type":"image\/jpeg","source_url":"https:\/\/kilosorunum.com\/habercim\/wp-content\/uploads\/2026\/03\/1-246-145x70.jpg"},"sagSlider":{"file":"1-246-300x150.jpg","width":300,"height":150,"mime_type":"image\/jpeg","source_url":"https:\/\/kilosorunum.com\/habercim\/wp-content\/uploads\/2026\/03\/1-246-300x150.jpg"},"yeniSlider":{"file":"1-246-500x290.jpg","width":500,"height":290,"mime_type":"image\/jpeg","source_url":"https:\/\/kilosorunum.com\/habercim\/wp-content\/uploads\/2026\/03\/1-246-500x290.jpg"},"full":{"file":"1-246.jpg","width":1200,"height":675,"mime_type":"image\/jpeg","source_url":"https:\/\/kilosorunum.com\/habercim\/wp-content\/uploads\/2026\/03\/1-246.jpg"}},"image_meta":{"aperture":"0","credit":"","camera":"","caption":"","created_timestamp":"0","copyright":"","focal_length":"0","iso":"0","shutter_speed":"0","title":"","orientation":"0","keywords":[]}},"post":45518,"source_url":"https:\/\/kilosorunum.com\/habercim\/wp-content\/uploads\/2026\/03\/1-246.jpg","_links":{"self":[{"href":"https:\/\/kilosorunum.com\/habercim\/wp-json\/wp\/v2\/media\/45520"}],"collection":[{"href":"https:\/\/kilosorunum.com\/habercim\/wp-json\/wp\/v2\/media"}],"about":[{"href":"https:\/\/kilosorunum.com\/habercim\/wp-json\/wp\/v2\/types\/attachment"}],"author":[{"embeddable":true,"href":"https:\/\/kilosorunum.com\/habercim\/wp-json\/wp\/v2\/users\/2"}],"replies":[{"embeddable":true,"href":"https:\/\/kilosorunum.com\/habercim\/wp-json\/wp\/v2\/comments?post=45520"}]}}